{"id":1246,"date":"2014-11-05T13:47:42","date_gmt":"2014-11-05T13:47:42","guid":{"rendered":"http:\/\/waterlat.org\/es\/?page_id=1246"},"modified":"2017-09-05T19:54:31","modified_gmt":"2017-09-05T19:54:31","slug":"premio-waterlat-gobacit-2014","status":"publish","type":"page","link":"https:\/\/waterlat.org\/es\/premio-waterlat-para-estudiantes\/premio-waterlat-gobacit-2014\/","title":{"rendered":"Premio WATERLAT-GOBACIT 2014"},"content":{"rendered":"<p>La primera llamada a postulaciones para el Premio WATERLAT-GOBACIT fue\u00a0para tesis aprobadas entre el 1 de enero de 2012 y el 31 de diciembre de 2013 y cerr\u00f3 el 31 de enero de 2014. Se presentaron 12 postulantes, 5 al Premio de Maestr\u00eda y 7 al Premio de Doctorado.<\/p>\n<p>Se convoc\u00f3 a una Comisi\u00f3n Evaluadora compuesta de 15 acad\u00e9micas y acad\u00e9micos, que incluyeron miembros externos a la Red. Al final de esta p\u00e1gina suministramos los detalles de la Comisi\u00f3n Evaluadora.<\/p>\n<p>Hubo dos ganadores, cuyas tesis ser\u00e1n publicadas en forma de libro por un consorcio liderado por la Editora de la Universidad Estatal de Para\u00edba (UEPB), Para\u00edba, Brasil. El anuncio de las tesis premiadas se realiz\u00f3 durante la <a href=\"https:\/\/waterlat.org\/es\/encuentros\/public-meetings\/waterlat-2014\/\">VI Reuni\u00f3n Anual de la Red WATERLAT-GOBACIT<\/a> que tuvo lugar del 27 al 31 de octubre de 2014 en Manizales, Colombia.<\/p>\n<p>Dado que tuvimos candidatos excelentes, la <a href=\"https:\/\/waterlat.org\/es\/publicaciones\/comision-de-publicaciones\/\">Comisi\u00f3n Editorial<\/a> decidi\u00f3 invitar al resto de los candidatos a enviar un art\u00edculo basado en las tesis para su publicaci\u00f3n en la Serie Premio para Estudiantes (SPREMIO) de los <a href=\"https:\/\/waterlat.org\/es\/publicaciones\/cuadernos-de-trabajo\/\">Cuadernos de Trabajo<\/a> de la Red. Los art\u00edculos fueron publicados en Antonio Rodr\u00edguez S\u00e1nchez (Ed.), Cuadernos de Trabajo de la Red WATERLAT-GOBACIT, Vol. 2, No 5, diciembre de 2015, <a href=\"http:\/\/waterlat.org\/WPapers\/WPSPREMIO25.pdf\">disponible aqu\u00ed<\/a>.<\/p>\n<p>&nbsp;<\/p>\n<hr \/>\n<p>&nbsp;<\/p>\n<h3>El Premio<\/h3>\n<p><span style=\"text-decoration: underline;\">Premio Doctoral 2014<\/span><\/p>\n<p><strong>Alice Poma<\/strong>. T\u00edtulo de la tesis: \u201cConflictos ambientales y cambio cultural. Un an\u00e1lisis desde la perspectiva de los afectados\u201d. Doctorado en Ciencias Sociales, Universidad Pablo de Olavide, Sevilla, Espa\u00f1a, 2012. <a href=\"http:\/\/waterlat.org\/Thesis\/TESIS_POMA.pdf\">Accesible aqu\u00ed<\/a>.<\/p>\n<p><strong><a href=\"https:\/\/waterlat.org\/es\/publicaciones\/libros\/defendiendo\/\">Baje aqu\u00ed<\/a> <\/strong>el libro correspondiente al premio, el cual fue publicado como <span style=\"text-decoration: underline;\">Defendiendo Territorio y Dignidad. Emociones y Cambio Cultural en las Luchas contra Represas en Espa\u00f1a y M\u00e9xico<\/span>.<\/p>\n<p>&nbsp;<\/p>\n<p><span style=\"text-decoration: underline;\">Premio de Maestr\u00eda 2014<\/span><\/p>\n<p><strong>Alexandre S\u00e1vio Pereira Ramos<\/strong>. T\u00edtulo de la tesis: \u201cO Racionamento de \u00c1gua no Abastecimento Rural na Zona Da Mata De Pernambuco\u201d. Mestrado Profissional em Tecnologia Ambiental, Associa\u00e7\u00e3o Instituto de Tecnologia de Pernambuco, Recife, Brasil, 2012. <a href=\"https:\/\/waterlat.org\/es\/equipo\/publicaciones-de-miembros\/tesis\/documents\/dissertacaoalexandre.pdf\">Accesible aqu\u00ed<\/a>.<\/p>\n<p>&nbsp;<\/p>\n<hr \/>\n<p>&nbsp;<\/p>\n<h3>Lista completa de los candidatos participantes<\/h3>\n<p><span style=\"text-decoration: underline;\">Premio Doctoral 2014<\/span><br \/>\n<strong>Mar\u00eda Ang\u00e9lica Maciel Costa<\/strong>. T\u00edtulo de la tesis: \u201cOs Fluxos da \u00c1gua na Metr\u00f3pole. Usos M\u00faltiplos e Gest\u00e3o Participativa na Ba\u00eda de Guanabara (RJ), Brasil\u201d. Doctorado em Planificaci\u00f3n Urbana y Regional, Universidad Federal de R\u00edo de Janeiro, R\u00edo de Janeiro, Brasil, 2013. <a href=\"http:\/\/waterlat.org\/Thesis\/MAMacielCosta.pdf\">Accesible aqu\u00ed<\/a>.<\/p>\n<p><strong>Uende Aparecida Figueiredo Gomes<\/strong>. T\u00edtulo de la tesis: \u201c\u00c1gua em Situa\u00e7\u00e3o de Escassez: \u00c1gua de Chuva para Quem?\u201d. Doctorado em Agua y Saneamiento, Medio Ambiente y Recursos H\u00eddricos, Universidad Federal de Minas Gerais, Belo Horizonte, Brasil, 2012. <a href=\"http:\/\/waterlat.org\/Thesis\/Gomes.pdf\">Accesible aqu\u00ed<\/a>.<\/p>\n<p><strong>Cicera Maria dos Santos Gomes<\/strong>. T\u00edtulo de la tesis: \u201cNa Trilha da Ecologia Pol\u00edtica: a Constru\u00e7\u00e3o da Barragem de Pirapama e a Associa\u00e7\u00e3o Vanguarda Ecol\u00f3gica no munic\u00edpio do Cabo de Santo Agostinho\u201d. Doctorado en Servicio Social, Universidad Federal de Pernambuco, Recife, Brasil, 2012. <a href=\"http:\/\/waterlat.org\/Thesis\/CiceraGomes.pdf\">Accesible aqu\u00ed<\/a>.<\/p>\n<p><strong>Fernanda Mello Sant\u2019Anna<\/strong>. T\u00edtulo de la tesis: \u201cGovernan\u00e7a Multi-Escalar dos Recursos H\u00eddricos Transfronteiri\u00e7os na Amaz\u00f4nia\u201d. Doctorado em Geograf\u00eda Humana, Universidad de San Pablo, San Pablo, Brasil, 2013. <a href=\"http:\/\/www.teses.usp.br\/teses\/disponiveis\/8\/8136\/tde-07012014-102610\/pt-br.php\">Accesible aqu\u00ed<\/a>.<\/p>\n<p><strong>Alice Poma<\/strong>. T\u00edtulo de la tesis: \u201cConflictos ambientales y cambio cultural. Un an\u00e1lisis desde la perspectiva de los afectados\u201d. Doctorado en Ciencias Sociales, Universidad Pablo de Olavide, Sevilla, Espa\u00f1a, 2012. <a href=\"http:\/\/waterlat.org\/Thesis\/TESIS_POMA.pdf\">Accesible aqu\u00ed<\/a>.<\/p>\n<p><strong>Pilar Carolina Villar<\/strong>. T\u00edtulo de la tesis: \u201cA Busca Pela Governan\u00e7a dos Aqu\u00edferos Transfronteiri\u00e7os e o Caso do Aqu\u00edfero Guarani\u201d. Doctorado en Ciencia Ambiental, Universidad de San Pablo, San Pablo, Brasil, 2012. <a href=\"http:\/\/waterlat.org\/Thesis\/Villar.pdf\">Accesible aqu\u00ed<\/a>.<\/p>\n<p><strong>Itzkuauhtli Zamora<\/strong>. T\u00edtulo de la tesis: \u201cLos Puentes Rotos de la Acci\u00f3n Colectiva. Participaci\u00f3n Social en la Recuperaci\u00f3n de R\u00edos Urbanos. El Caso del R\u00edo Magdalena en la Ciudad de M\u00e9xico\u201d. Doctorado en Sociolog\u00eda, Facultad Latinoamericana de Ciencias Sociales (FLACSO), Sede Acad\u00e9mica M\u00e9xico, M\u00e9xico DF, M\u00e9xico, 2013. <a href=\"http:\/\/waterlat.org\/Thesis\/Tesis_DCS_IZamora.pdf\">Accesible aqu\u00ed<\/a>.<\/p>\n<p>&nbsp;<\/p>\n<p><span style=\"text-decoration: underline;\">Premio de Maestr\u00eda 2014<\/span><\/p>\n<p><strong>Mari Ximena Celis Barquera<\/strong>. T\u00edtulo de la tesis: \u201cLa Gobernanza del Agua en M\u00e9xico y la Cooperaci\u00f3n Internacional. Caso de Estudio en Xalapa y Tuxtla Guti\u00e9rrez 2009-2011\u201d. Maestr\u00eda en Cooperaci\u00f3n Internacional para el Desarrollo, Instituto de Investigaciones Dr. Jos\u00e9 Mar\u00eda Luis Mora, M\u00e9xico DF, M\u00e9xico, 2012. <a href=\"http:\/\/waterlat.org\/Thesis\/XimenaCelis.pdf\">Accesible aqu\u00ed<\/a>.<\/p>\n<p><strong>Alexandre S\u00e1vio Pereira Ramos<\/strong>. T\u00edtulo de la tesis: \u201cO Racionamento de \u00c1gua no Abastecimento Rural na Zona Da Mata De Pernambuco\u201d. Maestr\u00eda Profesional en Tecnolog\u00eda Ambiental, Asociaci\u00f3n Instituto de Tecnolog\u00eda de Pernambuco, Recife, Brasil, 2012. <a href=\"https:\/\/waterlat.org\/es\/equipo\/publicaciones-de-miembros\/tesis\/documents\/dissertacaoalexandre.pdf\">Accesible aqu\u00ed<\/a>.<\/p>\n<p><strong>Hermelinda Maria Rocha Ferreira<\/strong>. T\u00edtulo de la tesis: \u201cInova\u00e7\u00f5es Sociot\u00e9cnicas do Saneamento Integrado em \u00c1reas Prec\u00e1rias da Cidade do Recife, Pernambuco\u201d. Maestr\u00eda Profesional en Tecnolog\u00eda Ambiental, Asociaci\u00f3n Instituto de Tecnolog\u00eda de Pernambuco, Recife, Brasil, 2012. <a href=\"http:\/\/waterlat.org\/Thesis\/Rocha.pdf\">Accesible aqu\u00ed<\/a><\/p>\n<p><strong>Dem\u00e9trius Rodrigues de Freitas Ferreira<\/strong>. T\u00edtulo de la tesis: \u201cPossibilidades e Limites da Gest\u00e3o Municipal do Saneamento no Recife Durante o Governo do PT (2001-2012)\u201d. Maestr\u00eda em Desarrollo Urbano. Universidad Federal de Pernambuco, Recife, Brasil, 2012. <a href=\"http:\/\/waterlat.org\/Thesis\/DemetriusRodrigues.pdf\">Accesible aqu\u00ed<\/a>.<\/p>\n<p><strong>Mar\u00eda de los \u00c1ngeles Sol\u00e1 \u00c1lvarez<\/strong>. T\u00edtulo de la Tesis: \u201cConflictos Socioambientales en Torno a La Megaminer\u00eda Metal\u00edfera a Cielo Abierto. El caso de Famatina, La Rioja, Argentina\u201d. Maestr\u00eda en Sociolog\u00eda. Universidad de Buenos Aires, Buenos Aires, Argentina, 2012. <a href=\"http:\/\/waterlat.org\/Thesis\/Sola Alvarez.pdf\">Accesible aqu\u00ed<\/a><\/p>\n<hr \/>\n<p>&nbsp;<\/p>\n<h3>Comisi\u00f3n Evaluadora de la Edici\u00f3n 2014 del Premio WATERLAT-GOBACIT para Estudiantes<\/h3>\n<p>Dra. Ana L\u00facia Britto, Universidad Federal de R\u00edo de Janeiro (UFRJ), Brasil<br \/>\nDr. Alex Caldera, Universidad de Guanajuato, Le\u00f3n, Guanajuato, M\u00e9xico<br \/>\nDr. Pa\u00fal Cisneros, Instituto de Altos Estudios Nacionales (IAEN), Quito, Ecuador<br \/>\nDr. Luis Henrique Cunha, Universidad Federal de Campina Grande (UFCG), Para\u00edba, Brasil<br \/>\nDra. Marcionila Fernandes, Universidad Estatal da Para\u00edba (UEPB), Brasil<br \/>\nDr. Javier Gonzaga, Universidad de Caldas, Manizales, Colombia<br \/>\nDr. Alex Latta, Universidad Wilfrid Laurier, Waterloo, Ontario, Canad\u00e1<br \/>\nDra. Telma Menicucci, Universidad Federal de Minas Gerais (UFMG), Belo Horizonte, Brasil<br \/>\nDr. Andr\u00e9 Monteiro, Centro de Investigaci\u00f3n Aggeu Magalh\u00e3es (CPqAM), Fundaci\u00f3n Oswaldo Cruz (Fiocruz), Recife, Brasil<br \/>\nDra. Helo\u00edsa Moura, Universidad Federal de Minas Gerais (UFMG), Belo Horizonte, Brasil<br \/>\nDr. Ra\u00fal Navarro, Escuela de Estudios Hispanoamericanos, Consejo Superior de Investigaciones Cient\u00edficas (CSIC), Sevilla, Espa\u00f1a<br \/>\nDra. Sonaly Rezende, Universidad Federal de Minas Gerais (UFMG), Belo Horizonte, Brasil<br \/>\nDra. Helena Ribeiro, Universidad de San Pablo (USP), Brasil<br \/>\nDra. Em\u00edlia Wanda Rutkowski, Universidad Estatal de Campinas (UNICAMP), San Pablo, Brasil<br \/>\nDra. Norma Valencio, Universidad Federal de San Pablo (sede San Carlos), y Universidad Federal de San Carlos, San Pablo, Brasil<\/p>\n<p>&nbsp;<\/p>\n<hr \/>\n<p>Para consultas o comentarios referidos al Premio WATERLAT-GOBACIT para Estudiantes, por favor contactar la <a href=\"mailto:redwaterlat@gmail.com\">Secretar\u00eda<\/a> de la Red.<\/p>\n","protected":false},"excerpt":{"rendered":"<p>La primera llamada a postulaciones para el Premio WATERLAT-GOBACIT fue\u00a0para tesis aprobadas entre el 1 de enero de 2012 y el 31 de diciembre de 2013 y cerr\u00f3 el 31 de enero de 2014. Se presentaron 12 postulantes, 5 al Premio de Maestr\u00eda y 7 al Premio de Doctorado. Se convoc\u00f3 a una Comisi\u00f3n Evaluadora [&hellip;]<\/p>\n","protected":false},"author":3,"featured_media":0,"parent":339,"menu_order":0,"comment_status":"closed","ping_status":"closed","template":"page-templates\/full-width.php","meta":{"_acf_changed":false,"footnotes":""},"class_list":["post-1246","page","type-page","status-publish","hentry","wpautop"],"acf":[],"_links":{"self":[{"href":"https:\/\/waterlat.org\/es\/wp-json\/wp\/v2\/pages\/1246","targetHints":{"allow":["GET"]}}],"collection":[{"href":"https:\/\/waterlat.org\/es\/wp-json\/wp\/v2\/pages"}],"about":[{"href":"https:\/\/waterlat.org\/es\/wp-json\/wp\/v2\/types\/page"}],"author":[{"embeddable":true,"href":"https:\/\/waterlat.org\/es\/wp-json\/wp\/v2\/users\/3"}],"replies":[{"embeddable":true,"href":"https:\/\/waterlat.org\/es\/wp-json\/wp\/v2\/comments?post=1246"}],"version-history":[{"count":8,"href":"https:\/\/waterlat.org\/es\/wp-json\/wp\/v2\/pages\/1246\/revisions"}],"predecessor-version":[{"id":2633,"href":"https:\/\/waterlat.org\/es\/wp-json\/wp\/v2\/pages\/1246\/revisions\/2633"}],"up":[{"embeddable":true,"href":"https:\/\/waterlat.org\/es\/wp-json\/wp\/v2\/pages\/339"}],"wp:attachment":[{"href":"https:\/\/waterlat.org\/es\/wp-json\/wp\/v2\/media?parent=1246"}],"curies":[{"name":"wp","href":"https:\/\/api.w.org\/{rel}","templated":true}]}}