{"id":13,"date":"2013-11-27T20:56:50","date_gmt":"2013-11-27T20:56:50","guid":{"rendered":"http:\/\/waterlat.org\/es\/?page_id=13"},"modified":"2017-05-21T18:12:33","modified_gmt":"2017-05-21T18:12:33","slug":"objetivos","status":"publish","type":"page","link":"https:\/\/waterlat.org\/es\/comienzo\/objetivos\/","title":{"rendered":"Objetivos"},"content":{"rendered":"<p>El plenario de la <a href=\"https:\/\/waterlat.org\/es\/encuentros\/public-meetings\/waterlat-2009\/\">I Reuni\u00f3n Internacional de la Red, titulada \u201cLa Ecolog\u00eda Pol\u00edtica del Agua en Am\u00e9rica Latina: definiendo una estrategia de investigaci\u00f3n\u201d<\/a>, discuti\u00f3 y aprob\u00f3 los Objetivos Estrat\u00e9gicos y Espec\u00edficos. La Reuni\u00f3n tuvo lugar en Barcelona del 14 al 16 de octubre de 2009. Los Objetivos han sido discutidos y confirmados durante los <a href=\"https:\/\/waterlat.org\/es\/encuentros\/internos\/\">Encuentros Internos de la Red<\/a> que tienen lugar regularmente.<\/p>\n<h2>Objetivos estrat\u00e9gicos<\/h2>\n<div>\n<ol>\n<li>Contribuir al debate te\u00f3rico y metodol\u00f3gico relacionados con la investigaci\u00f3n en temas del agua en los campos de la sociolog\u00eda ambiental y del desarrollo, la geograf\u00eda urbana, las pol\u00edticas p\u00fablicas, la econom\u00eda ecol\u00f3gica y la econom\u00eda de los servicios p\u00fablicos. Esto incluye el abordaje de los desaf\u00edos metodol\u00f3gicos involucrados en el estudio internacional comparativo de fen\u00f3menos multidimensionales y multiescalares en diferentes condiciones ecol\u00f3gicas, socio-econ\u00f3micas, pol\u00edticas, etno-culturales, y pol\u00edtico-institucionales.<\/li>\n<li>Consolidar una red internacional de investigaci\u00f3n dedicada al estudio de las condiciones y requisitos para el desarrollo de una gesti\u00f3n sustentable y democr\u00e1tica del agua. Esto incluye particularmente el reforzamiento de a) capacidades locales en las instituciones participantes y b) v\u00ednculos de cooperaci\u00f3n entre los miembros (especialmente intercambios acad\u00e9micos e iniciativas conjuntas de proyectos de investigaci\u00f3n y publicaciones). Esta red comprende especialistas en diversos campos del conocimiento.<\/li>\n<li>Contribuir al proceso de democratizaci\u00f3n substantiva de la pol\u00edtica y la gesti\u00f3n del agua, con \u00e9nfasis en el desarrollo de las comunidades humanas.<\/li>\n<\/ol>\n<h3>Objetivos espec\u00edficos<\/h3>\n<p>1) Desarrollar un marco te\u00f3rico y metodol\u00f3gico basado en las ciencias sociales pero considerando tambi\u00e9n los aspectos t\u00e9cnicos para el estudio de las interacciones entre la gesti\u00f3n del agua, la sustentabilidad de los ecosistemas, la organizaci\u00f3n de servicios p\u00fablicos de agua, y el impacto de estos aspectos sobre los procesos de salud y enfermedad humanos. Se dar\u00e1 especial \u00e9nfasis a los v\u00ednculos existentes entre los aspectos:<\/p>\n<ul>\n<li>socio-pol\u00edticos y culturales (ej.: agua y poder social; conflicto y cooperaci\u00f3n relacionados con el agua; \u00e9tica de la gesti\u00f3n del agua; desigualdad e injusticia relacionadas con el control de y el acceso al agua, etc.)<\/li>\n<li>econ\u00f3micos y financieros (ej.: la econom\u00eda de la gesti\u00f3n del agua, incluyendo los servicios de agua; el costo social de la insustentabilidad y la desigualdad e injusticia en relaci\u00f3n con el control de y el acceso al agua, etc.)<\/li>\n<li>pol\u00edtico-institucionales (ej.: planificaci\u00f3n, implementaci\u00f3n y gesti\u00f3n de pol\u00edticas de agua; marcos legales; pol\u00edticas de gesti\u00f3n integral del agua, etc.)<\/li>\n<li>socio-espaciales (ej.: patrones demo-geogr\u00e1ficos de uso del agua; dimensiones espaciales de la desigualdad e injusticia en relaci\u00f3n con el control de y el acceso al agua; agua, territorios e identidades sociales; etc.)<\/li>\n<\/ul>\n<p>Y c\u00f3mo estos aspectos se encuentran interrelacionados con las dimensiones de salud (ej.: salud p\u00fablica, salud ambiental, salud y enfermedad relacionadas con el agua) y ecol\u00f3gica (ej.: gesti\u00f3n sustentable de cuencas).<\/p>\n<p>2) Desarrollar proyectos de investigaci\u00f3n; presentar ponencias en conferencias internacionales y otros eventos acad\u00e9micos y no acad\u00e9micos; publicar resultados de investigaci\u00f3n en revistas, publicaciones peri\u00f3dicas y libros acad\u00e9micos y especializados relevantes al tema; diseminar los resultados de investigaci\u00f3n entre el p\u00fablico no especializado mediante la Internet y otros medios adecuados a ese fin.<\/p>\n<\/div>\n","protected":false},"excerpt":{"rendered":"<p>El plenario de la I Reuni\u00f3n Internacional de la Red, titulada \u201cLa Ecolog\u00eda Pol\u00edtica del Agua en Am\u00e9rica Latina: definiendo una estrategia de investigaci\u00f3n\u201d, discuti\u00f3 y aprob\u00f3 los Objetivos Estrat\u00e9gicos y Espec\u00edficos. La Reuni\u00f3n tuvo lugar en Barcelona del 14 al 16 de octubre de 2009. Los Objetivos han sido discutidos y confirmados durante los [&hellip;]<\/p>\n","protected":false},"author":1,"featured_media":0,"parent":3,"menu_order":0,"comment_status":"closed","ping_status":"open","template":"page-templates\/full-width.php","meta":{"_acf_changed":false,"footnotes":""},"class_list":["post-13","page","type-page","status-publish","hentry","wpautop"],"acf":[],"_links":{"self":[{"href":"https:\/\/waterlat.org\/es\/wp-json\/wp\/v2\/pages\/13","targetHints":{"allow":["GET"]}}],"collection":[{"href":"https:\/\/waterlat.org\/es\/wp-json\/wp\/v2\/pages"}],"about":[{"href":"https:\/\/waterlat.org\/es\/wp-json\/wp\/v2\/types\/page"}],"author":[{"embeddable":true,"href":"https:\/\/waterlat.org\/es\/wp-json\/wp\/v2\/users\/1"}],"replies":[{"embeddable":true,"href":"https:\/\/waterlat.org\/es\/wp-json\/wp\/v2\/comments?post=13"}],"version-history":[{"count":7,"href":"https:\/\/waterlat.org\/es\/wp-json\/wp\/v2\/pages\/13\/revisions"}],"predecessor-version":[{"id":2409,"href":"https:\/\/waterlat.org\/es\/wp-json\/wp\/v2\/pages\/13\/revisions\/2409"}],"up":[{"embeddable":true,"href":"https:\/\/waterlat.org\/es\/wp-json\/wp\/v2\/pages\/3"}],"wp:attachment":[{"href":"https:\/\/waterlat.org\/es\/wp-json\/wp\/v2\/media?parent=13"}],"curies":[{"name":"wp","href":"https:\/\/api.w.org\/{rel}","templated":true}]}}