{"id":1641,"date":"2016-03-29T14:21:58","date_gmt":"2016-03-29T14:21:58","guid":{"rendered":"http:\/\/waterlat.org\/es\/?page_id=1641"},"modified":"2023-05-26T19:32:56","modified_gmt":"2023-05-26T19:32:56","slug":"at6-cuadernos-de-trabajo","status":"publish","type":"page","link":"https:\/\/waterlat.org\/es\/areas-tematicas\/at6\/at6-cuadernos-de-trabajo\/","title":{"rendered":"AT6 &#8211; Cuadernos de Trabajo"},"content":{"rendered":"El AT6 tiene una Serie propia dentro de los Cuadernos de Trabajo de la Red WATERLAT-GOBACIT: Serie \u00c1reas Tem\u00e1ticas, AT6 Cuencas, Territorios y Espacios Hidrosociales.El AT tambi\u00e9n ha publicado n\u00fameros de los Cuadernos de Trabajo conjuntamente con otras \u00c1reas Tem\u00e1ticas sobre temas de inter\u00e9s com\u00fan.\r\n\r\n<h2><\/h2>\r\n<a href=\"https:\/\/waterlat.org\/wp-content\/uploads\/2023\/05\/Tapa-SATCTH21.jpg\"><img loading=\"lazy\" decoding=\"async\" class=\"alignnone size-medium wp-image-2717\" src=\"https:\/\/waterlat.org\/wp-content\/uploads\/2023\/05\/Tapa-SATCTH21.jpg\" alt=\"Tapa WPSATAM22\" width=\"212\" height=\"300\" \/><\/a>.\r\n<h2><\/h2>\r\n<b>Imposici\u00f3n, resistencia, y alternativas ante una crisis inter-regional del agua en M\u00e9xico: proyecto El Zapotillo.<\/b>. Editado  por H. Ochoa-Garcia, con art\u00edculos de  H. Ochoa-Garcia, Familia Ju\u00e1rez Garc\u00eda-Comit\u00e9 Salvemos Temacapul\u00edn, Acasico y Palmarejo, A. Copitzy G\u00f3mez Fuentes, C. G\u00f3mez Godoy, G. Espinoza Sauceda, A. Rodr\u00edguez S\u00e1nchez, A. R. Caldera Ortega, D. Tagle Zamora, A. Hern\u00e1ndez Garc\u00eda, A. Sandoval Moreno, A.Kachadourian Marras, J. J. Carrillo Rivera, M.Llano V\u00e1zquez Prada y R. Mart\u00ednez Velarde. \r\n\r\nVol. 2 No 1, julio de  2015. <a href=\"https:\/\/waterlat.org\/WPapers\/WPSATCTH21.pdf\">Bajar aqu\u00ed el n\u00famero<\/a>.\r\n<h2><\/h2>\r\n<a href=\"https:\/\/waterlat.org\/wp-content\/uploads\/2019\/12\/CoverVol6No1.jpg\"><img loading=\"lazy\" decoding=\"async\" class=\"alignnone size-medium wp-image-2717\" src=\"https:\/\/waterlat.org\/wp-content\/uploads\/2019\/12\/CoverVol6No1.jpg\" alt=\"Tapa WPSATAM22\" width=\"212\" height=\"300\" \/><\/a>.\r\n<h2><\/h2>\r\n<b>Pesca artesanal y patrimonio cultural: conflictos territoriales, resistencias y transformaci\u00f3n social en Colombia, Espa\u00f1a y M\u00e9xico<\/b>. Editado por J.E. Castro, Organizado por A. Sandoval Moreno y A. Rodr\u00edguez S\u00e1nchez, con art\u00edculos de D. Moreno-Mu\u00f1oz, R. Garc\u00eda-Mar\u00edn, A. Sandoval Moreno, A. Hern\u00e1ndez Garc\u00eda, M. D\u00edaz-Cano y E. A. L\u00f3pez-Barrera. \r\n\r\nVol. 6 No 1, marzo de 2019. <a href=\"https:\/\/waterlat.org\/working-papers-series\/volume-6-2019\/vol-6-no-1\/\">Bajar aqu\u00ed el n\u00famero<\/a>.\r\n<h2><\/h2>\r\n<a href=\"http:\/\/waterlat.org\/wp-content\/uploads\/2023\/05\/Tapa-9.2.jpg\"><img loading=\"lazy\" decoding=\"async\" class=\"alignnone size-medium wp-image-2717\" src=\"http:\/\/waterlat.org\/wp-content\/uploads\/2023\/05\/Tapa-9.2.jpg\" alt=\"Tapa WPSATAM22\" width=\"212\" height=\"300\" \/><\/a>.\r\n<h2><\/h2>\r\n<b>Transgresiones p\u00fablico-privadas en pol\u00edticas p\u00fablicas relacionadas con el agua y su impacto en espacios, territorios y cuencas hidrosociales. Lecciones de Argentina, Brasil y M\u00e9xico<\/b>.(en espa\u00f1ol y portugu\u00e9s)\r\nN\u00famero conjunto con <a href=\"https:\/\/waterlat.org\/es\/areas-tematicas\/at9-agua-y-produccion\/\">\u00c1reaTem\u00e1tica 9 AT9 &#8211; Agua y  Producci\u00f3n<\/a>. Editado por J.E. Castro, con art\u00edculos de L. Romero Navarrete, A. Rodr\u00edguez S\u00e1nchez, N. Dias Tadeu, A. C. Sanches Baptista, I. Penha de Oliveira Santos, y R. Larsimont. \r\n<h2><\/h2>\r\n\r\nVol. 9 No 2, junio de 2022. <a href=\"https:\/\/waterlat.org\/es\/working-papers-series\/volumen-9-2022\/vol9-no-2\/\">Bajar aqu\u00ed el n\u00famero<\/a>.\r\n\r\n<h2><\/h2>\r\n<h2><\/h2>\r\n\r\n<a href=\"https:\/\/waterlat.org\/es\/at6\/\">Volver a la Presentaci\u00f3n del AT6<\/a>","protected":false},"excerpt":{"rendered":"El AT6 tiene una Serie propia dentro de los Cuadernos de Trabajo de la Red WATERLAT-GOBACIT: Serie \u00c1reas Tem\u00e1ticas, AT6 Cuencas, Territorios y Espacios Hidrosociales.El AT tambi\u00e9n ha publicado n\u00fameros de los Cuadernos de Trabajo conjuntamente con otras \u00c1reas Tem\u00e1ticas sobre temas de inter\u00e9s com\u00fan. . Imposici\u00f3n, resistencia, y alternativas ante una crisis inter-regional del [&hellip;]","protected":false},"author":3,"featured_media":0,"parent":1637,"menu_order":0,"comment_status":"closed","ping_status":"closed","template":"page-templates\/full-width.php","meta":{"_acf_changed":false,"footnotes":""},"class_list":["post-1641","page","type-page","status-publish","hentry","no-wpautop"],"acf":[],"_links":{"self":[{"href":"https:\/\/waterlat.org\/es\/wp-json\/wp\/v2\/pages\/1641","targetHints":{"allow":["GET"]}}],"collection":[{"href":"https:\/\/waterlat.org\/es\/wp-json\/wp\/v2\/pages"}],"about":[{"href":"https:\/\/waterlat.org\/es\/wp-json\/wp\/v2\/types\/page"}],"author":[{"embeddable":true,"href":"https:\/\/waterlat.org\/es\/wp-json\/wp\/v2\/users\/3"}],"replies":[{"embeddable":true,"href":"https:\/\/waterlat.org\/es\/wp-json\/wp\/v2\/comments?post=1641"}],"version-history":[{"count":8,"href":"https:\/\/waterlat.org\/es\/wp-json\/wp\/v2\/pages\/1641\/revisions"}],"predecessor-version":[{"id":4186,"href":"https:\/\/waterlat.org\/es\/wp-json\/wp\/v2\/pages\/1641\/revisions\/4186"}],"up":[{"embeddable":true,"href":"https:\/\/waterlat.org\/es\/wp-json\/wp\/v2\/pages\/1637"}],"wp:attachment":[{"href":"https:\/\/waterlat.org\/es\/wp-json\/wp\/v2\/media?parent=1641"}],"curies":[{"name":"wp","href":"https:\/\/api.w.org\/{rel}","templated":true}]}}