{"id":1820,"date":"2016-07-06T17:29:35","date_gmt":"2016-07-06T17:29:35","guid":{"rendered":"http:\/\/waterlat.org\/es\/?page_id=1820"},"modified":"2020-01-12T22:22:05","modified_gmt":"2020-01-12T22:22:05","slug":"acuerdo-de-cooperacion-con-la-isp","status":"publish","type":"page","link":"https:\/\/waterlat.org\/es\/proyectos\/acuerdo-de-cooperacion-con-la-isp\/","title":{"rendered":"Acuerdo de Cooperaci\u00f3n con la ISP"},"content":{"rendered":"<p>La Red WATERLAT-GOBACIT firm\u00f3 un Acuerdo de Cooperaci\u00f3n en asuntos de inter\u00e9s com\u00fan con la <a href=\"https:\/\/publicservices.international\/\">Internacional de Servicios P\u00fablicos (ISP)<\/a>, una federaci\u00f3n global de sindicatos de trabajadores en servicios p\u00fablicos con miembros en m\u00e1s de 150 pa\u00edses. El Acuerdo de Cooperaci\u00f3n fue firmado por Rosa Pavanelli, Secretaria General de la ISP, y Jos\u00e9 Esteban Castro, Coordinador de la Red WATERLAT-GOBACIT, durante la <a href=\"http:\/\/www.world-psi.org\/en\/11th-psi-inter-american-regional-conference-iamrecon\">11ma Conferencia Regional Interamericana de la ISP (IAMRECON)<\/a> que tuvo lugar en la Ciudad de M\u00e9xico el 20 de abril de 2015. El mismo fue confirmado durante la <a href=\"http:\/\/www.world-psi.org\/es\/12a-conferencia-regional-interamericana-de-la-isp-iamrecon\">12ma Conferencia ISP IAMRECON<\/a> en la Ciudad Aut\u00f3noma de Buenos Aires, el 24 de junio de 2019.<\/p>\n<h3>Firma de la Extensi\u00f3n del Acuerdo de Cooperaci\u00f3n<\/h3>\n<p><a href=\"http:\/\/waterlat.org\/wp-content\/uploads\/2016\/07\/P1050119-copy.jpg\"><img loading=\"lazy\" decoding=\"async\" class=\"aligncenter size-large wp-image-5384\" src=\"http:\/\/waterlat.org\/wp-content\/uploads\/2016\/07\/P1050119-copy-1024x768.jpg\" alt=\"\" width=\"450\" height=\"300\" \/><\/a><\/p>\n<h3><a href=\"https:\/\/youtu.be\/RT9nBOdvwY8\">Ver aqu\u00ed el video<\/a><\/h3>\n<h3>Firma del Acuerdo de Cooperaci\u00f3n original; en abril de 2015<\/h3>\n<p><a href=\"http:\/\/waterlat.org\/wp-content\/uploads\/2016\/07\/IMG_4154web.jpg\"><img loading=\"lazy\" decoding=\"async\" class=\"wp-image-2678 aligncenter\" src=\"http:\/\/waterlat.org\/wp-content\/uploads\/2016\/07\/IMG_4154web-300x200.jpg\" alt=\"IMG_4154web\" width=\"462\" height=\"308\" \/><\/a><\/p>\n<p><a href=\"http:\/\/waterlat.org\/wp-content\/uploads\/2016\/07\/IMG_4156web.jpg\"><img loading=\"lazy\" decoding=\"async\" class=\"wp-image-2679 aligncenter\" src=\"http:\/\/waterlat.org\/wp-content\/uploads\/2016\/07\/IMG_4156web-300x200.jpg\" alt=\"IMG_4156web\" width=\"461\" height=\"307\" \/><\/a><\/p>\n<p>&nbsp;<\/p>\n<h3>Texto del Acuerdo de Cooperaci\u00f3n<\/h3>\n<p>ACUERDO DE COOPERACI\u00d3N ENTRE LA INTERNACIONAL DE SERVICIOS P\u00daBLICOS (ISP) Y LA RED WATERLAT-GOBACIT<\/p>\n<p>La Internacional de Servicios P\u00fablicos (ISP) y la Red WATERLAT-GOBACIT acuerdan cooperar en el desarrollo de proyectos de investigaci\u00f3n, docencia y entrenamiento, publicaciones, realizaci\u00f3n de eventos y otras actividades de mutuo inter\u00e9s conectadas con la <strong>pol\u00edtica y la gesti\u00f3n del agua y de los servicios esenciales de agua y saneamiento<\/strong>. Hemos identificado diversas <strong>\u00e1reas tem\u00e1ticas y problemas de inter\u00e9s com\u00fan<\/strong> en las cuales nos interesa consolidar y profundizar la relaci\u00f3n entre nuestras instituciones por medio de <strong>actividades concretas<\/strong>.<\/p>\n<p>AREAS TEM\u00c1TICAS Y PROBLEMAS DE INTER\u00c9S COM\u00daN<\/p>\n<ul>\n<li>La democratizaci\u00f3n de la pol\u00edtica y de la gesti\u00f3n del agua en todos sus aspectos.<\/li>\n<li>La lucha contra las pol\u00edticas de mercantilizaci\u00f3n y privatizaci\u00f3n de los recursos h\u00eddricos y de los servicios esenciales de agua y saneamiento.<\/li>\n<li>El desaf\u00edo de construir una \u00e9tica de defensa de lo p\u00fablico y lo comunitario al interior de las empresas de servicios p\u00fablicos, los sindicatos, las juntas de servicios de aguas comunitarias urbanas y rurales, las cooperativas y dem\u00e1s organizaciones relevantes dentro del sector p\u00fablico.<\/li>\n<li>La construcci\u00f3n de alternativas a las pol\u00edticas dominantes que propulsan la prolongaci\u00f3n y profundizaci\u00f3n de un modelo de desarrollo que privilegia el crecimiento econ\u00f3mico y la acumulaci\u00f3n privada de capital a costa de la destrucci\u00f3n de la base material de las sociedades y el despojo de las comunidades humanas de sus territorios, de sus tierras, de sus aguas y de sus condiciones de vida.<\/li>\n<li>La formulaci\u00f3n e implementaci\u00f3n de pol\u00edticas p\u00fablicas orientadas por los ideales de la igualdad, la solidaridad y la inclusi\u00f3n social en la Pol\u00edtica y la gesti\u00f3n de los servicios esenciales para la vida, como por ejemplo la universalizaci\u00f3n del acceso a servicios b\u00e1sicos de agua y saneamiento de calidad adecuada y disponibles a todos los sectores de la poblaci\u00f3n en forma asequible.<\/li>\n<li>La lucha por proteger al amplio rango de actores sociales, miembros de comunidades campesinas, afroamericanas e ind\u00edgenas, sindicalistas, activistas ambientales, acad\u00e9micos, periodistas y otros actores que enfrentan condiciones de amenaza a su integridad f\u00edsica por sus posiciones pol\u00edticas de defensa de lo p\u00fablico y de lo comunitario, de los derechos humanos, y por la protecci\u00f3n de las fuentes de agua que constituyen la base de la vida.<\/li>\n<\/ul>\n<p>ACTIVIDADES DE INVESTIGACI\u00d3N<\/p>\n<p>Esta es un \u00e1rea de actividad estrat\u00e9gica para la relaci\u00f3n entre la ISP y la Red WATERLAT-GOBACIT, ya que consideramos que la producci\u00f3n de conocimiento constituye la base para la acci\u00f3n efectiva en las \u00e1reas de inter\u00e9s com\u00fan identificadas. Nos proponemos:<\/p>\n<ul>\n<li>Realizar actividades de b\u00fasqueda de cofinanciaci\u00f3n para la realizaci\u00f3n de proyectos de investigaci\u00f3n en las \u00e1reas tem\u00e1ticas y sobre los problemas de inter\u00e9s com\u00fan.<\/li>\n<li>Perseguir el objetivo de constituir equipos de investigaci\u00f3n estables, en asociaci\u00f3n con las entidades acad\u00e9micas que constituyen la Red.<\/li>\n<li>Construir una agenda con prioridades de investigaci\u00f3n focalizadas dentro del marco de las \u00e1reas tem\u00e1ticas y problemas de inter\u00e9s com\u00fan, que permita tener objetivos claros y con metas temporales bien definidas.<\/li>\n<li>Desarrollar una estrategia de publicaciones orientada a incidir en distintos p\u00fablicos, adecuando el mensaje y el formato a ese prop\u00f3sito. Entre otros veh\u00edculos se proponen<\/li>\n<\/ul>\n<p style=\"padding-left: 30px;\">o Continuar la co-publicaci\u00f3n de art\u00edculos y dossiers dentro de la Serie de <a href=\"https:\/\/waterlat.org\/es\/publicaciones\/working-papers-series\/\">Cuadernos de Trabajo de la Red WATERLAT-GOBACIT<\/a>.<br \/>\no <a href=\"https:\/\/waterlat.org\/es\/breviarios-de-politica-publica\/\">Breviarios de Pol\u00edtica P\u00fablica.<\/a><br \/>\no Informes de prensa.<br \/>\no <a href=\"https:\/\/waterlat.org\/es\/declaraciones-publicas-2\/\">Declaraciones P\u00fablicas.<\/a><br \/>\no <a href=\"https:\/\/waterlat.org\/es\/publicaciones\/\">Publicaciones convencionales (libros, dossiers, etc.).<\/a><\/p>\n<ul>\n<li>Desarrollar una estrategia adicional de diseminaci\u00f3n e involucramiento con actores sociales, que incluya<\/li>\n<\/ul>\n<p style=\"padding-left: 30px;\">o Utilizaci\u00f3n de los sitios de internet y otros medios online (ej. Facebook) de ambas entidades<br \/>\no Utilizaci\u00f3n de plataformas multimedios (video, fotograf\u00eda, sonido, etc.), utilizando la infraestructura existente (ej. canal de Youtube y colecci\u00f3n fotogr\u00e1fica de Flickr de la Red)<\/p>\n<ul>\n<li>Continuar organizando eventos conjuntos, como los Conversatorios P\u00fablicos que forman parte de las <a href=\"https:\/\/waterlat.org\/es\/encuentros\/public-meetings\/\">Reuniones P\u00fablicas Regulares de la Red WATERLAT-GOBACIT<\/a><\/li>\n<li>Organizaci\u00f3n conjunta de eventos propios o participando en el marco de eventos generales (ej. congresos, foros, etc.), para diseminaci\u00f3n y debate.<\/li>\n<\/ul>\n<p>&nbsp;<\/p>\n<p>ACTIVIDADES DOCENTES Y DE FORMACI\u00d3N<\/p>\n<p>Estas actividades son tambi\u00e9n estrat\u00e9gicas y son complementarias de las actividades de investigaci\u00f3n. Incluir\u00e1n:<\/p>\n<ul>\n<li>Consolidaci\u00f3n del Curso de Especializaci\u00f3n en \u201cPol\u00edtica y gesti\u00f3n del agua y de los servicios b\u00e1sicos de agua y saneamiento\u201d<\/li>\n<li>Continuar con la b\u00fasqueda conjunta de financiamiento para la formaci\u00f3n de posgrado en distintos niveles, incluyendo maestr\u00edas, doctorados, y especializaciones, fomentando tanto la orientaci\u00f3n acad\u00e9mica como la profesional<\/li>\n<li>Consolidar los equipos de estudiantes que desarrollan proyectos de maestr\u00eda y doctorado sobre temas contemplados en el Acuerdo.<\/li>\n<li>Coordinaci\u00f3n de programas de investigaci\u00f3n y docencia con actividades relevantes a las instituciones sindicales representadas por la ISP, entre otros<\/li>\n<\/ul>\n<p>&nbsp;<\/p>\n","protected":false},"excerpt":{"rendered":"<p>La Red WATERLAT-GOBACIT firm\u00f3 un Acuerdo de Cooperaci\u00f3n en asuntos de inter\u00e9s com\u00fan con la Internacional de Servicios P\u00fablicos (ISP), una federaci\u00f3n global de sindicatos de trabajadores en servicios p\u00fablicos con miembros en m\u00e1s de 150 pa\u00edses. El Acuerdo de Cooperaci\u00f3n fue firmado por Rosa Pavanelli, Secretaria General de la ISP, y Jos\u00e9 Esteban Castro, [&hellip;]<\/p>\n","protected":false},"author":3,"featured_media":0,"parent":6,"menu_order":0,"comment_status":"closed","ping_status":"closed","template":"page-templates\/full-width.php","meta":{"_acf_changed":false,"footnotes":""},"class_list":["post-1820","page","type-page","status-publish","hentry","wpautop"],"acf":[],"_links":{"self":[{"href":"https:\/\/waterlat.org\/es\/wp-json\/wp\/v2\/pages\/1820","targetHints":{"allow":["GET"]}}],"collection":[{"href":"https:\/\/waterlat.org\/es\/wp-json\/wp\/v2\/pages"}],"about":[{"href":"https:\/\/waterlat.org\/es\/wp-json\/wp\/v2\/types\/page"}],"author":[{"embeddable":true,"href":"https:\/\/waterlat.org\/es\/wp-json\/wp\/v2\/users\/3"}],"replies":[{"embeddable":true,"href":"https:\/\/waterlat.org\/es\/wp-json\/wp\/v2\/comments?post=1820"}],"version-history":[{"count":10,"href":"https:\/\/waterlat.org\/es\/wp-json\/wp\/v2\/pages\/1820\/revisions"}],"predecessor-version":[{"id":3268,"href":"https:\/\/waterlat.org\/es\/wp-json\/wp\/v2\/pages\/1820\/revisions\/3268"}],"up":[{"embeddable":true,"href":"https:\/\/waterlat.org\/es\/wp-json\/wp\/v2\/pages\/6"}],"wp:attachment":[{"href":"https:\/\/waterlat.org\/es\/wp-json\/wp\/v2\/media?parent=1820"}],"curies":[{"name":"wp","href":"https:\/\/api.w.org\/{rel}","templated":true}]}}