{"id":1845,"date":"2016-07-27T13:21:01","date_gmt":"2016-07-27T13:21:01","guid":{"rendered":"http:\/\/waterlat.org\/es\/?page_id=1845"},"modified":"2017-04-24T20:09:08","modified_gmt":"2017-04-24T20:09:08","slug":"team","status":"publish","type":"page","link":"https:\/\/waterlat.org\/es\/encuentros\/public-meetings\/waterlat-gobacit-viii-san-jose-2017\/team\/","title":{"rendered":"Coordinaci\u00f3n y Organizaci\u00f3n del Programa"},"content":{"rendered":"<p>&nbsp;<\/p>\n<h3>Coordinaci\u00f3n Local de la Reuni\u00f3n<\/h3>\n<p><strong>Luis Paulino Vargas Sol\u00eds<\/strong>, Universidad Estatal a Distancia (UNED), San Jos\u00e9, Costa Rica<\/p>\n<p><strong>Rosibel V\u00edquez Abarca<\/strong>, Universidad Estatal a Distancia (UNED), San Jos\u00e9, Costa Rica<\/p>\n<p><strong>Orlando Amar\u00eds Cervantes<\/strong>, Universidad Estatal a Distancia (UNED), San Jos\u00e9, Costa Rica<\/p>\n<p><strong>Xinia Mar\u00eda Z\u00fa\u00f1iga Mu\u00f1oz<\/strong>, Universidad Estatal a Distancia (UNED), San Jos\u00e9, Costa Rica<\/p>\n<p><strong>Eva Carazo<\/strong>, Universidad Estatal a Distancia (UNED), San Jos\u00e9, Costa Rica<\/p>\n<p><strong>Andrey Pineda<\/strong>, Universidad Estatal a Distancia (UNED), San Jos\u00e9, Costa Rica<\/p>\n<p>&nbsp;<\/p>\n<h2>Grupo de Apoyo a la Coordinaci\u00f3n Local de la Reuni\u00f3n<\/h2>\n<p><strong>Mauricio Alvarez<\/strong>, Universidad de Costa Rica (UCR), San Jos\u00e9, Costa Rica<\/p>\n<p><strong>Felipe Alp\u00edzar<\/strong>, Universidad de Costa Rica (UCR), San Jos\u00e9, Costa Rica<\/p>\n<p><strong>Andr\u00e9s Araya<\/strong>, Universidad Tecnol\u00f3gica Nacional (UTN), San Jos\u00e9, Costa Rica<\/p>\n<p><strong>Alejandro Le\u00f3n<\/strong>, Universidad de Costa Rica (UCR), San Jos\u00e9, Costa Rica<\/p>\n<p><strong>Rolando Mar\u00edn<\/strong>, Universidad Tecnol\u00f3gica Nacional (UTN), San Jos\u00e9, Costa Rica<\/p>\n<p><strong>Sylvia Jim\u00e9nez<\/strong>, Universidad Nacional de Costa Rica (UNA), San Jos\u00e9, Costa Rica<\/p>\n<p><strong>Luis Bonilla Bonilla<\/strong>, Universidad Estatal a Distancia (UNED), San Jos\u00e9, Costa Rica<\/p>\n<p><strong>Wagner Pe\u00f1a Cordero<\/strong>, Universidad Estatal a Distancia (UNED), San Jos\u00e9, Costa Rica<\/p>\n<p><strong>Catalina Vargas Meneses<\/strong>, Universidad Estatal a Distancia (UNED), San Jos\u00e9, Costa Rica<\/p>\n<p><strong>Bayron Barillas<\/strong>, Universidad Estatal a Distancia (UNED), San Jos\u00e9, Costa Rica<\/p>\n<p><strong>Sandra Salazar<\/strong>, Acueductos y Alcantarilados (AyA), San Jos\u00e9, Costa Rica<\/p>\n<p>&nbsp;<\/p>\n<h3>Apoyo T\u00e9cnico a la Coordinaci\u00f3n de la Reuni\u00f3n<\/h3>\n<p><strong>Sebasti\u00e1n Fournier Artavia<\/strong>, Productor de Onda UNED, Encargado de Comunicaci\u00f3n, Universidad Estatal a Distancia (UNED), San Jos\u00e9, Costa Rica<\/p>\n<p><strong>Eugenio Guerrero<\/strong>, Comunicaci\u00f3n Period\u00edstica, Asociaci\u00f3n Nacional de Empleados P\u00fablicos y Privados de Costa Rica (ANEP), Costa Rica<\/p>\n<p><strong>Yariela Novo<\/strong>, Comunicaci\u00f3n Period\u00edstica, Asociaci\u00f3n Nacional de Empleados P\u00fablicos y Privados de Costa Rica (ANEP), Costa Rica<\/p>\n<p><strong>Damiano Tagliavini<\/strong>, Consejo Nacional de Investigaciones Cient\u00edficas y T\u00e9cnicas (CONICET), Argentina<\/p>\n<p>&nbsp;<\/p>\n<h3>Contrapartes Internacionales de la Coordinaci\u00f3n<\/h3>\n<p><strong>Oscar Rodr\u00edguez Le\u00f3n<\/strong>, Internacional de Servicios P\u00fablicos (ISP), Costa Rica<\/p>\n<p><strong>Albino Vargas<\/strong>, Secretario General, Asociaci\u00f3n Nacional de Empleados P\u00fablicos y Privados de Costa Rica (ANEP) <\/p>\n<p><strong>Rebeca C\u00e9spedes<\/strong>, Asociaci\u00f3n Nacional de Empleados P\u00fablicos y Privados de Costa Rica (ANEP) <\/p>\n<p><strong>Javier Bogantes<\/strong>, Tribunal Latinoamericano del Agua, Costa Rica <\/p>\n<p><strong>Jaime Antonio Preciado Coronado<\/strong>, Universidad de Guadalajara, Jalisco, M\u00e9xico. Coordinador, Red de Investigaci\u00f3n sobre la Integraci\u00f3n Latinoamericana y Caribe\u00f1a (REDIALC)<\/p>\n<p><strong>Mario Edgar L\u00f3pez Ram\u00edrez<\/strong>, Red de Investigaci\u00f3n sobre la Integraci\u00f3n Latinoamericana y Caribe\u00f1a (REDIALC), e ITESO, la Universidad Jesuita de Guadalajara, M\u00e9xico<\/p>\n<p>&nbsp;<\/p>\n<h3>Asesores de la Coordinaci\u00f3n<\/h3>\n<p>El grupo de asesores est\u00e1 compuesto por los coordinadores locales de otras reuniones de la Red.<\/p>\n<p><strong>Paul Cisneros<\/strong>, Instituto de Altos Estudios Nacionales (IAEN), Quito, Ecuador<\/p>\n<p><strong>Leandro del Moral<\/strong>, Universidad de Sevilla, Sevilla, Espa\u00f1a<\/p>\n<p><strong>Javier Gonzaga Valencia Hern\u00e1ndez<\/strong>, Universidad de Caldas, Colombia<\/p>\n<p><strong>Gustavo Kohan<\/strong>, Universidad Nacional de General Sarmiento (UNGS), Argentina<\/p>\n<p><strong>Mario Edgar L\u00f3pez Ram\u00edrez<\/strong>, ITESO, la Universidad Jesuita de Guadalajara, M\u00e9xico<\/p>\n<p><strong>Jes\u00fas Ra\u00fal Navarro Garc\u00eda<\/strong>, Escuela de Estudios Hispano Americanos (EEHA), Consejo Superior de Investigaciones Cient\u00edficas (CSIC), Sevilla, Espa\u00f1a<\/p>\n<p><strong>Wagner Costa Ribeiro<\/strong>, Universidad de San Pablo (USP), Brasil<\/p>\n<p><strong>David Saur\u00ed Pujol<\/strong>, Universidad Aut\u00f3noma de Barcelona (UAB), Espa\u00f1a<\/p>\n<p><strong>Mar\u00eda Luisa Torregrossa<\/strong>, Facultad Latinoamericana de Ciencias Sociales (FLACSO), M\u00e9xico<\/p>\n<p>&nbsp;<\/p>\n<h3>Coordinaci\u00f3n General<\/h3>\n<p><strong>Jos\u00e9 Esteban Castro<\/strong>, Consejo Nacional de Investigaciones Cient\u00edficas y T\u00e9cnicas (CONICET), Coordinador de la Red WATERLAT-GOBACIT<\/p>\n<p><strong>Ana Sof\u00eda Mac\u00edas Ascanio<\/strong>, ITESO, la Universidad Jesuita de Guadalajara, M\u00e9xico, Secretar\u00eda General. <a href=\"mailto:redwaterlat@gmail.com\">Env\u00ede un mensaje para requerir mayor informaci\u00f3n<\/a>.<\/p>\n<hr \/>\n<p>&nbsp;<\/p>\n<h3>Comisi\u00f3n Internacional del Programa<\/h3>\n<p>La Comisi\u00f3n Internacional del Programa est\u00e1 compuesta por los coordinadores de las \u00c1reas Tem\u00e1ticas de la Red WATERLAT-GOBACIT, y colegas invitados, por orden alfab\u00e9tico.<\/p>\n<p><strong>Jos\u00e9 Esteban Castro<\/strong>, Consejo Nacional de Investigaciones Cient\u00edficas y T\u00e9cnicas (CONICET), Argentina<\/p>\n<p><strong>Eliano de Souza Martins Freitas<\/strong>, Universidad Federal de Minas Gerais (UFMG), Brasil<\/p>\n<p><strong>Adriana Hern\u00e1ndez Garc\u00eda<\/strong>, Universidad de Guadalajara (UdG), M\u00e9xico<\/p>\n<p><strong>Karina Kloster<\/strong>, Universidad Aut\u00f3noma de la Ciudad de M\u00e9xico, Ciudad de M\u00e9xico, M\u00e9xico<\/p>\n<p><strong>Alex Latta<\/strong>, Universidad Wilfrid Laurier, Canad\u00e1<\/p>\n<p><strong>Mario Edgar L\u00f3pez Ram\u00edrez<\/strong>, ITESO, la Universidad Jesuita de Guadalajara, M\u00e9xico<\/p>\n<p><strong>Fabi\u00e1n Mendez<\/strong>, Universidad del Valle (UNIVALLE), Colombia<\/p>\n<p><strong>Andr\u00e9 Monteiro<\/strong>, Fundaci\u00f3n Oswaldo Cruz (Fiocruz), Brasil<\/p>\n<p><strong>Francisco Pe\u00f1a<\/strong>, El Colegio de san Luis Potos\u00ed, M\u00e9xico<\/p>\n<p><strong>Miguel Pe\u00f1a<\/strong>, Universidad del Valle (UNIVALLE), Colombia<\/p>\n<p><strong>S\u00e9rgio Portella<\/strong>, Fundaci\u00f3n Oswaldo Cruz (Fiocruz), Brasil<\/p>\n<p><strong>Nidia Pi\u00f1eyro<\/strong>, Universidad Nacional del Nordeste (UNNE), Argentina<\/p>\n<p><strong>Wagner Costa Ribeiro<\/strong>, Universidad de San Pablo (USP), Brasil<\/p>\n<p><strong>Edgar Talledos S\u00e1nchez<\/strong>, El Colegio de San Luis (COLSAN), San Luis Potos\u00ed, M\u00e9xico<\/p>\n<p><strong>Alicia Torres<\/strong>, Universidad de Guadalajara (UdG), Guadalajara, Jalisco, M\u00e9xico<\/p>\n<p><strong>Alejandro Torres-Abreu<\/strong>, Universidad de Puerto Rico, Puerto Rico<\/p>\n<p>&nbsp;<\/p>\n<hr \/>\n<h3><a href=\"https:\/\/waterlat.org\/es\/encuentros\/public-meetings\/waterlat-gobacit-viii-san-jose-2017\/\">Regresar a la p\u00e1gina principal de la VIII Reuni\u00f3n Internacional<\/a><\/h3>\n","protected":false},"excerpt":{"rendered":"<p>&nbsp; Coordinaci\u00f3n Local de la Reuni\u00f3n Luis Paulino Vargas Sol\u00eds, Universidad Estatal a Distancia (UNED), San Jos\u00e9, Costa Rica Rosibel V\u00edquez Abarca, Universidad Estatal a Distancia (UNED), San Jos\u00e9, Costa Rica Orlando Amar\u00eds Cervantes, Universidad Estatal a Distancia (UNED), San Jos\u00e9, Costa Rica Xinia Mar\u00eda Z\u00fa\u00f1iga Mu\u00f1oz, Universidad Estatal a Distancia (UNED), San Jos\u00e9, Costa [&hellip;]<\/p>\n","protected":false},"author":3,"featured_media":0,"parent":1542,"menu_order":0,"comment_status":"closed","ping_status":"closed","template":"page-templates\/full-width.php","meta":{"_acf_changed":false,"footnotes":""},"class_list":["post-1845","page","type-page","status-publish","hentry","wpautop"],"acf":[],"_links":{"self":[{"href":"https:\/\/waterlat.org\/es\/wp-json\/wp\/v2\/pages\/1845","targetHints":{"allow":["GET"]}}],"collection":[{"href":"https:\/\/waterlat.org\/es\/wp-json\/wp\/v2\/pages"}],"about":[{"href":"https:\/\/waterlat.org\/es\/wp-json\/wp\/v2\/types\/page"}],"author":[{"embeddable":true,"href":"https:\/\/waterlat.org\/es\/wp-json\/wp\/v2\/users\/3"}],"replies":[{"embeddable":true,"href":"https:\/\/waterlat.org\/es\/wp-json\/wp\/v2\/comments?post=1845"}],"version-history":[{"count":18,"href":"https:\/\/waterlat.org\/es\/wp-json\/wp\/v2\/pages\/1845\/revisions"}],"predecessor-version":[{"id":2368,"href":"https:\/\/waterlat.org\/es\/wp-json\/wp\/v2\/pages\/1845\/revisions\/2368"}],"up":[{"embeddable":true,"href":"https:\/\/waterlat.org\/es\/wp-json\/wp\/v2\/pages\/1542"}],"wp:attachment":[{"href":"https:\/\/waterlat.org\/es\/wp-json\/wp\/v2\/media?parent=1845"}],"curies":[{"name":"wp","href":"https:\/\/api.w.org\/{rel}","templated":true}]}}