{"id":22,"date":"2013-11-27T20:56:50","date_gmt":"2013-11-27T20:56:50","guid":{"rendered":"http:\/\/waterlat.org\/es\/?page_id=22"},"modified":"2025-01-25T20:40:48","modified_gmt":"2025-01-25T20:40:48","slug":"libros","status":"publish","type":"page","link":"https:\/\/waterlat.org\/es\/publicaciones\/libros\/","title":{"rendered":"Libros"},"content":{"rendered":"&nbsp;\r\n<h2>Publicados<\/h2>\r\n<h2><\/h2>\r\n<h2><\/h2>\r\n<a href=\"https:\/\/waterlat.org\/wp-content\/uploads\/2025\/01\/Cover-Castro-Palgrave-2024.jpg\"><img loading=\"lazy\" decoding=\"async\" class=\"alignnone size-medium wp-image-1938\" src=\"https:\/\/waterlat.org\/wp-content\/uploads\/2025\/01\/Cover-Castro-Palgrave-2024.jpg\" width=\"300\" height=\"138\" \/><\/a>\r\n\r\nJos\u00e9 Esteban Castro, <span style=\"text-decoration: underline;\"><a href=\"https:\/\/waterlat.org\/es\/publicaciones\/libros\/democracia-agua\/\"><b>Democracia y Pol\u00edticas Globales del Agua en Perspectiva Hist\u00f3rica. Contra la privatizaci\u00f3n del agua (en ingl\u00e9s)<\/b><\/a><\/span>. Londres: Palgrave-Macmillan, 2024. Hardcover ISBN 978-0-230-21210-7. eBook ISBN 978-1-137-31788-9 DOI:https:\/\/doi.org\/10.1057\/978-1-137-31788-9.\r\n<h2><\/h2>\r\n\r\n<h2><\/h2>\r\n\r\n<a href=\"https:\/\/waterlat.org\/wp-content\/uploads\/2024\/09\/Tapa-Org-Social-del-agua.jpg\"><img loading=\"lazy\" decoding=\"async\" class=\"alignnone size-medium wp-image-1938\" src=\"https:\/\/waterlat.org\/wp-content\/uploads\/2024\/09\/Tapa-Org-Social-del-agua.jpg\" width=\"300\" height=\"138\" \/><\/a>\r\n\r\nAntonio Rodr\u00edguez S\u00e1nchez (Coord.), <span style=\"text-decoration: underline;\"><a href=\" https:\/\/waterlat.org\/es\/publicaciones\/libros\/organizacion-agua-mexico\/\"><b>Organizaci\u00f3n Social, Gesti\u00f3n y Defensa del Agua en M\u00e9xico<\/b><\/a><\/span>, Zacatecas, M\u00e9xico y Newcastle upon Tyne, Reino Unido: Editora de la Universidad Aut\u00f3noma de Zacatecas (UAZ) y Red WATERLAT-GOBACIT, 2024. ISBN: 978-607-555-206-4.DOI:10.5281\/zenodo.13750251.\r\nEste libro procede de la primera fase  del proyecto de investigaci\u00f3n sobre el Sistema Unificado de Informaci\u00f3n sobre Agua y Cuencas de M\u00e9xico, con participaci\u00f3n de miembros mexicanos de la Red WATERLAT-GOBACIT y especialistas invitados. El libro es un  producto del <a href=\"https:\/\/waterlat.org\/es\/areas-tematicas\/at6\/\"><b> \u00c1rea Tem\u00e1tica 6 de la Red, Cuencas, Territorios y Espacios Hidrosociales<\/b><\/a>.\r\n\r\n\r\n\r\n<h2><\/h2>\r\n<a href=\"https:\/\/waterlat.org\/wp-content\/uploads\/2023\/12\/Cover-Ednilson-e-Simonne-scaled.jpg \"><img loading=\"lazy\" decoding=\"async\" class=\"alignnone size-medium wp-image-2744\" src=\"https:\/\/waterlat.org\/wp-content\/uploads\/2023\/12\/Cover-Ednilson-e-Simonne-scaled.jpg \" alt=\"\" width=\"207\" height=\"300\" \/><\/a>\r\n\r\nEdnilson Gomes y Simonne Texeira (Eds.),\r\n<span style=\"text-decoration: underline;\"><a href=\"https:\/\/waterlat.org\/es\/publicaciones\/libros\/pequenas-centrales-brasil\/\">Peque\u00f1as Centrales Hidroel\u00e9ctricas en Brasil. Legislaci\u00f3n, Conflictos e impactos (en portugu\u00e9s). ISBN: 978-65-87726-39-71,<\/a> Campos dos Goytacazes, R\u00edo de Janeiro, Brasil y Newcastle upon Tyne, Reino Unido: Editora de la Universidade Estadual do Norte Fluminense Darcy Ribeiro (UENF) y Red WATERLAT-GOBACIT.<\/span>\r\n\r\n\r\n<h2><\/h2>\r\n<a href=\"https:\/\/waterlat.org\/wp-content\/uploads\/2023\/03\/Cover-El-Derecho-al-Agua_BOOK.jpg\"><img loading=\"lazy\" decoding=\"async\" class=\"alignnone size-medium wp-image-2744\" src=\"https:\/\/waterlat.org\/wp-content\/uploads\/2023\/03\/Cover-El-Derecho-al-Agua_BOOK.jpg\" alt=\"\" width=\"207\" height=\"300\" \/><\/a>\r\n\r\n<h2><\/h2>\r\n\r\nJos\u00e9 Esteban Castro, L\u00e9o Heller, Mar\u00eda da Piedade Morais y Alex R. Caldera (Eds.),\r\n<span style=\"text-decoration: underline;\"><a href=\"https:\/\/waterlat.org\/es\/publicaciones\/libros\/el-derecho-al-ag\u2026orica-y-empirica\/\"> El Derecho Humano al Agua como Pol\u00edtica P\u00fablica en Am\u00e9rica Latina.Una exploraci\u00f3n te\u00f3rica y emp\u00edrica. ISBN: 978-65-5635-048-6,<\/a> Brasilia, Newcastle upon Tyne, UK, y Le\u00f3n, Guanajuato, M\u00e9xico: Instituto de Investigaci\u00f3n Econ\u00f3mica Aplicada (IPEA), Red WATERLAT-GOBACIT y Universidad de Guanajuato, Le\u00f3n, Guanajuato, M\u00e9xico, 2023.Versi\u00f3n extendida del original publicado en portugu\u00e9s en 2015.<\/span>\r\n<h2><\/h2>\r\n<a href=\"https:\/\/waterlat.org\/wp-content\/uploads\/2022\/06\/CoverPanez-scaled.jpg\"><img loading=\"lazy\" decoding=\"async\" class=\"alignnone size-medium wp-image-2744\" src=\"https:\/\/waterlat.org\/wp-content\/uploads\/2022\/06\/CoverPanez-scaled.jpg\" alt=\"\" width=\"207\" height=\"300\" \/><\/a>\r\n\r\nEste libro es un producto de la <a href=\"https:\/\/waterlat.org\/es\/premio-waterlat-para-estudiantes\/premio-2020\/\"> Edici\u00f3n 2020 del Premio de Estudiantes (Doctorado)<\/a> de la Red WATERLAT-GOBACIT.\r\n\r\nAlexander Panez Pinto, <a href=\"https:\/\/waterlat.org\/es\/publicaciones\/libros\/el-rio-recuperando-su-cauce-despojos-y-resistencias-en-los-conflictos-por-agua-tierra-territorio-bajo-el-neoliberalismo-en-chile\/\"> El R\u00edo Recuperando su Cauce. Despojos y resistencias en los conflictos por agua-tierra-territorio bajo el neoliberalismo en Chile. ISBN: 978-85-7879-690-7 (E-book). <\/a>DOI:10.5281\/zenodo.6647297.\r\nCo-publicado enn Newcastle upon Tyne (UK), y Campina Grande, Para\u00edba, Brasil, por Red WATERLAT-GOBACIT y Editora da Universidade Estadual daPara\u00edba (EDUEPB),con participaci\u00f3n del Consejo Latinoamericano de Ciencias Sociales(CLACSO), 2022.\r\n<h2><\/h2>\r\n&nbsp;\r\n\r\n&lt;<a href=\"https:\/\/waterlat.org\/wp-content\/uploads\/2021\/11\/capa-Marcos.jpg\"><img loading=\"lazy\" decoding=\"async\" class=\"alignnone size-medium wp-image-2744\" src=\"https:\/\/waterlat.org\/wp-content\/uploads\/2021\/11\/capa-Marcos.jpg\" alt=\"\" width=\"207\" height=\"300\" \/><\/a>\r\n\r\nEste libro es un producto de la <a href=\"https:\/\/waterlat.org\/es\/premio-waterlat-para-estudiantes\/premio-2019\/\"> Edici\u00f3n 2019 del Premio de Estudiantes (Doctorado)<\/a> de la Red WATERLAT-GOBACIT.\r\n\r\nMarcos Cristiano Zucarelli, <a href=\"https:\/\/waterlat.org\/es\/publicaciones\/libros\/alma-embarrada\/\"> La Matem\u00e1tica de la Gesti\u00f3n y el Alma embarrada: cr\u00edtica de la mediaci\u00f3n en el licenciamiento de proyectos y en los desastres dela miner\u00eda (en portugu\u00e9s)<\/a>. ISBN: 978-65-86221-49-7 (E-book). DOI: 10.5281 \/zenodo.5708641.\r\nCo-publicado en Newcastle upon Tyne, Reino Unido y Campina Grande, Para\u00edba, Brasil, por la Red WATERLAT-GOBACITy la <a href=\"http:\/\/eduepb.uepb.edu.br\/\"> Editora da Universidade Estadual da Para\u00edba (EDUEPB) <\/a> , 2021.\r\n<h3><\/h3>\r\n&nbsp;\r\n\r\n<a href=\"https:\/\/waterlat.org\/wp-content\/uploads\/2020\/12\/CoverBarranco-scaled.jpg\"><img loading=\"lazy\" decoding=\"async\" class=\"alignnone size-medium wp-image-2744\" src=\"https:\/\/waterlat.org\/wp-content\/uploads\/2020\/12\/CoverBarranco-scaled.jpg\" alt=\"\" width=\"207\" height=\"300\" \/><\/a>\r\n<h3><\/h3>\r\nEste libro es un producto de la <a href=\"https:\/\/waterlat.org\/es\/premio-waterlat-para-estudiantes\/premio-2018\/\"> Edici\u00f3n 2018 del Premio de Estudiantes (Maestr\u00eda)<\/a> de la Red WATERLAT-GOBACIT.\r\n\r\nAlma Rosa Barranco Salazar, <u> La Gesti\u00f3n Comunitaria del Agua. Un estudio a trav\u00e9s de las memorias, la organizaci\u00f3n social y los valores <\/u>. ISBN: 978-987-86-8052-1 (E-book). DOI: 10.5281\/zenodo.4408295.\r\n\r\nCo-publicado en Newcastle upon Tyne (UK), Campina Grande, Paraiba, Brazil, Buenos Aires, Argentina, and Alcala de Henares, Spain, by WATERLAT-GOBACIT Network y la Editora de , <a href=\"http:\/\/eduepb.uepb.edu.br\/\"> Universidade Estadual da Para\u00edba Press (EDUEPB)<\/a>, <a href=\"http:\/\/www.ciccus.org.ar\/\"> CICCUS Editions<\/a>, and <a href=\"https:\/\/ielat.com\">University Institute for Research on Latin America (IELAT), University of Alcal\u00e1<\/a>, 2020.\r\n<h2><\/h2>\r\n<a href=\"http:\/\/waterlat.org\/wp-content\/uploads\/2020\/06\/TapaTerritorialidades.jpg\"><img loading=\"lazy\" decoding=\"async\" class=\"alignnone size-medium wp-image-3109\" src=\"http:\/\/waterlat.org\/wp-content\/uploads\/2020\/06\/TapaTerritorialidades.jpg\" alt=\"\" width=\"207\" height=\"300\" \/><\/a>\r\n\r\nJos\u00e9 Esteban Castro, Gustavo Kohan, Alice Poma, y Carlos Ruggerio (Eds.), <a href=\"https:\/\/waterlat.org\/es\/publicaciones\/libros\/territorialidades-del-agua\/\"> Territorialidades del Agua. Conocimiento y acci\u00f3n para construir el futuro que queremos <\/a>. Co-publicado en Newcastle upon Tyne, Reino Unido, Buenos Aires, Argentina, Guadalajara, M\u00e9xico y Alcal\u00e1 de Henares, Espa\u00f1a, por la Red WATERLAT-GOBACIT (DOI: 10.5281\/zenodo.3948431), <a href=\"http:\/\/www.ciccus.org.ar\/\"> Ediciones CICCUS (ISBN de Argentina: 978-987-693-801-3 [E-book]<\/a>, <a href=\"https:\/\/www.iteso.mx\"> Instituto Tecnol\u00f3gico de Estudios Superiores de Occidente (ITESO)<\/a> e <a href=\"https:\/\/ielat.com\">Instituto Universitario de Investigaci\u00f3n en Estudios Latinoamericanos (IELAT), Universidad de Alcal\u00e1<\/a>, [2019] 2a ed., 2020.\r\n\r\n<a href=\"http:\/\/waterlat.org\/wp-content\/uploads\/2020\/05\/Tapa-1.jpg\"><img loading=\"lazy\" decoding=\"async\" class=\"alignnone size-medium wp-image-2744\" src=\"http:\/\/waterlat.org\/wp-content\/uploads\/2020\/05\/Tapa-1.jpg\" alt=\"\" width=\"207\" height=\"300\" \/><\/a>\r\n\r\nEste libro es un producto de la <a href=\"https:\/\/waterlat.org\/es\/premio-waterlat-para-estudiantes\/premio-2018\/\"> Edici\u00f3n 2018 del Premio de Estudiantes (Doctorado)<\/a> de la Red WATERLAT-GOBACIT.\r\n\r\nCindy McCulligh, <a href=\"https:\/\/waterlat.org\/es\/publicaciones\/libros\/alcantarilla-del-progreso\/\"> Alcantarilla del Progreso. Corporaciones, corrupci\u00f3n institucionalizada y la lucha por el r\u00edo Santiago <\/a>. ISBN: 978-987-864-564-3 (E-book). DOI: 10.5281\/zenodo.3948193. Co-publicado en Newcastle upon Tyne, Reino Unido, Campina Grande, Para\u00edba, Brasil, Buenos Aires, Argentina y Alcal\u00e1 de Henares, Espa\u00f1a, por la Red WATERLAT-GOBACIT, <a href=\"http:\/\/eduepb.uepb.edu.br\/\"> Editora da Universidade Estadual da Para\u00edba (EDUEPB) <\/a>, <a href=\"http:\/\/www.ciccus.org.ar\/\"> Ediciones CICCUS <\/a> e <a href=\"https:\/\/ielat.com\">Instituto Universitario de Investigaci\u00f3n en Estudios Latinoamericanos (IELAT), Universidad de Alcal\u00e1<\/a>, 2020.\r\n\r\n<a href=\" http:\/\/waterlat.org\/wp-content\/uploads\/2019\/09\/tapa.jpg\"><img loading=\"lazy\" decoding=\"async\" class=\"alignnone size-medium wp-image-2744\" src=\" http:\/\/waterlat.org\/wp-content\/uploads\/2019\/09\/tapa.jpg\" alt=\"\" width=\"207\" height=\"300\" \/><\/a>\r\n\r\nEste libro es un producto de la <a href=\" https:\/\/waterlat.org\/es\/premio-waterlat-para-estudiantes\/premio-2016\/\">Edici\u00f3n 2016 del Premio de Estudiantes (Maestr\u00eda)<\/a> de la Red WATERLAT-GOBACIT.\r\n\r\nAline Silveira Viana, <a href=\"https:\/\/waterlat.org\/es\/publicaciones\/libros\/el-desastre\/\">El Desastre y el Caos Velado: El enfrentamiento individual, interpersonal y colectivo de ancianos y familiares)<\/a> (en portugu\u00e9s) ( ISBN: 978-987-86-3795-2) [E-book] (DOI: 10.5281\/zenodo.3950539). Co-publicado en Newcastle upon Tyne, Reino Unido, Campina Grande, Para\u00edba, Brasil, Buenos Aires, Argentina y Alcal\u00e1 de Henares, Espa\u00f1a, por Red WATERLAT-GOBACIT, <a href=\"http:\/\/eduepb.uepb.edu.br\/\"> Editora de la Universidad Estatal de Para\u00edba (EDUEPB)&lt; <\/a><a href=\"https:\/\/ielat.com\">Instituto Universitario de Investigaci\u00f3n en Estudios Latinoamericanos (IELAT), Universidad de Alcal\u00e1<\/a><a href=\"http:\/\/eduepb.uepb.edu.br\/\">, [2020.<\/a>\r\n\r\n&nbsp;\r\n\r\n<a href=\"https:\/\/waterlat.org\/es\/wp-content\/uploads\/sites\/2\/2013\/11\/Tapa-Ivars.jpg\"><img loading=\"lazy\" decoding=\"async\" class=\"alignnone size-medium wp-image-3110\" src=\"https:\/\/waterlat.org\/es\/wp-content\/uploads\/sites\/2\/2013\/11\/Tapa-Ivars-207x300.jpg\" alt=\"\" width=\"207\" height=\"300\" srcset=\"https:\/\/waterlat.org\/es\/wp-content\/uploads\/sites\/2\/2013\/11\/Tapa-Ivars-207x300.jpg 207w, https:\/\/waterlat.org\/es\/wp-content\/uploads\/sites\/2\/2013\/11\/Tapa-Ivars-768x1114.jpg 768w, https:\/\/waterlat.org\/es\/wp-content\/uploads\/sites\/2\/2013\/11\/Tapa-Ivars-706x1024.jpg 706w, https:\/\/waterlat.org\/es\/wp-content\/uploads\/sites\/2\/2013\/11\/Tapa-Ivars-624x905.jpg 624w, https:\/\/waterlat.org\/es\/wp-content\/uploads\/sites\/2\/2013\/11\/Tapa-Ivars.jpg 1831w\" sizes=\"auto, (max-width: 207px) 100vw, 207px\" \/><\/a>\r\n\r\nEste libro es un producto de la <a href=\"https:\/\/waterlat.org\/es\/premio-waterlat-para-estudiantes\/premio-waterlat-gobacit-2015\/\"> Edici\u00f3n 2015 del Premio de Estudiantes (Doctorado)<\/a> de la Red WATERLAT-GOBACIT.\r\n\r\nJorge Daniel Ivars, <a href=\"https:\/\/waterlat.org\/es\/publicaciones\/libros\/agua-poder-y-racionalizacion\/\"> Agua, Poder, y Racionalizaci\u00f3n en la Provincia de Mendoza, Argentina <\/a>. Co-publicado en Newcastle upon Tyne, Reino Unido, Campina Grande, Para\u00edba, Brasil, Buenos Aires, Argentina, Guadalajara, M\u00e9xico y Alcal\u00e1 de Henares, Espa\u00f1a, por la Red WATERLAT-GOBACIT (DOI: 10.5281\/zenodo.3956624), <a href=\"http:\/\/eduepb.uepb.edu.br\/e-books\/\"> Editora da Universidade Estadual da Para\u00edba (EDUEPB) (ISBN de Brasil: 978-85-7879-391-3 [impreso] y 978-85-7879-392-0 [E-book]<\/a>, <a href=\"http:\/\/www.ciccus.org.ar\/\"> Ediciones CICCUS (ISBN de Argentina: 978-987-693-785-6 [E-book]<\/a>, y <a href=\"http:\/\/www.unq.edu.ar\/\"> Universidad Nacional de Quilmes (UNQ)<\/a>, <a href=\"https:\/\/www.iteso.mx\"> Instituto Tecnol\u00f3gico de Estudios Superiores de Occidente (ITESO)<\/a> e <a href=\"https:\/\/ielat.com\">Instituto Universitario de Investigaci\u00f3n en Estudios Latinoamericanos (IELAT), Universidad de Alcal\u00e1<\/a>, [2019] 2a ed., 2020.\r\n\r\n&nbsp;\r\n\r\n<a href=\"http:\/\/waterlat.org\/wp-content\/uploads\/2018\/05\/TapaDiazSantos.jpg\"><img loading=\"lazy\" decoding=\"async\" class=\"alignnone size-medium wp-image-4846\" src=\"http:\/\/waterlat.org\/wp-content\/uploads\/2018\/05\/TapaDiazSantos-203x300.jpg\" alt=\"\" width=\"203\" height=\"300\" \/><\/a>\r\n\r\n<strong>Este libro es un producto de la <a href=\"https:\/\/waterlat.org\/es\/premio-waterlat-para-estudiantes\/premio-waterlat-gobacit-2015\/\">Edici\u00f3n 2015 del Premio de Estudiantes (Maestr\u00eda)<\/a> de la Red WATERLAT-GOBACIT.<\/strong>\r\n\r\n<span style=\"line-height: 1.714285714; font-size: 1rem;\">D\u00edaz Santos, Mar\u00eda Guadalupe,<\/span> <span style=\"text-decoration: underline;\"> Relaciones de Poder en la Gesti\u00f3n Comunitaria del Agua. El Territorio y lo Social como Fuerzas<\/span><span style=\"line-height: 1.714285714; font-size: 1rem;\">. ISBN (Impreso): 978-85-7879-390-6 (E-book): 978-85-7879-389-0. Campina Grande, Para\u00edba, Brasil:<\/span> <a href=\"https:\/\/waterlat.org\/es\/publicaciones\/libros\/relaciones-fuerzas\/\">Editora da Universidade Estadual da Para\u00edba (EDUEPB)<span style=\"line-height: 1.714285714; font-size: 1rem;\"> y Red WATERLAT-GOBACIT, 2018. DOI: 10.5281\/zenodo.3955038.<\/span><\/a>\r\n\r\n&nbsp;\r\n\r\n<a href=\"http:\/\/waterlat.org\/wp-content\/uploads\/2018\/05\/9789876302869-144x200.jpg\"><img loading=\"lazy\" decoding=\"async\" class=\"alignnone size-full wp-image-4797\" src=\"http:\/\/waterlat.org\/wp-content\/uploads\/2018\/05\/9789876302869-144x200.jpg\" alt=\"\" width=\"144\" height=\"200\" \/><\/a>\r\n\r\n<strong>Este libro es un producto del <a href=\" http:\/\/waterlat.org\/projects\/latin-american-network-for-academic-collaboration-and-exchange-for-the-study-of-water-management\/ \">Proyecto LANACE<\/a> de la Red WATERLAT-GOBACIT.<\/strong>\r\n\r\n<span style=\"line-height: 1.714285714; font-size: 1rem;\">Lorena Bottaro y Marian Sol\u00e1 \u00c1ngeles (Eds.)<\/span> <span style=\"text-decoration: underline;\"> Agua y Megaproyectos Mineros en Am\u00e9rica Latina<\/span><span style=\"line-height: 1.714285714; font-size: 1rem;\"> (ISBN 978-987-630-286-9), Los Polvorines, Buenos Aires, Argentina: <\/span><a style=\"line-height: 1.714285714; font-size: 1rem;\" href=\"https:\/\/waterlat.org\/es\/publicaciones\/libros\/agua-y-megaproyectos\/\">Ediciones UNGS, Universidad Nacional de General Sarmiento (UNGS) <\/a><span style=\"line-height: 1.714285714; font-size: 1rem;\"> y Red WATERLAT-GOBACIT, 2018. DOI: 10.5072\/zenodo.217575.<\/span>\r\n\r\n&nbsp;\r\n\r\n<a href=\"http:\/\/waterlat.org\/wp-content\/uploads\/2017\/09\/capa-from-Poma_Defendiendo-territorioNUEVO.jpg\"><img loading=\"lazy\" decoding=\"async\" class=\"alignnone wp-image-3689\" src=\"http:\/\/waterlat.org\/wp-content\/uploads\/2017\/09\/capa-from-Poma_Defendiendo-territorioNUEVO.jpg\" alt=\"\" width=\"214\" height=\"298\" \/><\/a>\r\n\r\n<strong>Este libro corresponde al <a href=\"https:\/\/waterlat.org\/es\/premio-waterlat-para-estudiantes\/premio-waterlat-gobacit-2014\/\">Premio de Estudiantes WATERLAT-GOBACIT 2014.<\/a><\/strong>\r\n\r\n<a href=\"https:\/\/waterlat.org\/es\/publicaciones\/libros\/defendiendo\/\">Alice Poma, <span style=\"text-decoration: underline;\">Defendiendo Territorio y Dignidad. Emociones y Cambio Cultural en las Luchas contra Represas en Espa\u00f1a y M\u00e9xico<\/span><\/a>, Campina Grande, Para\u00edba, y Rio de Janeiro, Brasil: Editora da Universidade Estadual da Para\u00edba (EDUEPB), Red WATERLAT-GOBACIT, Escuela de Estudios Hispano Americanos (EEHA), Consejo Superior de Investigaciones Cient\u00edficas (CSIC), Espa\u00f1a, e Instituto Tecnol\u00f3gico y de Estudios Superiores de Occidente, Guadalajara, M\u00e9xico, 2017. DOI: 10.5281\/zenodo.3959169.\r\n\r\n&nbsp;\r\n\r\n<a href=\"http:\/\/waterlat.org\/wp-content\/uploads\/2017\/04\/Tapa-Tens\u00e3o.jpg\"><img loading=\"lazy\" decoding=\"async\" class=\"alignnone size-medium wp-image-3689\" src=\"http:\/\/waterlat.org\/wp-content\/uploads\/2017\/04\/Tapa-Tens\u00e3o-214x300.jpg\" alt=\"\" width=\"214\" height=\"300\" \/><\/a>\r\n\r\n<a href=\"https:\/\/waterlat.org\/es\/publicaciones\/libros\/tension\/\">Jos\u00e9 Esteban Castro, Luis Henrique Cunha, Marcionila Fernandes, y Cidoval Morais de Sousa (Eds.), <span style=\"text-decoration: underline;\">Tens\u00e3o entre Justi\u00e7a Ambiental e Justi\u00e7a Social na Am\u00e9rica Latina: o Caso da Gest\u00e3o da \u00c1gua<\/span> (La Tensi\u00f3n entre Justicia Ambiental y Justicia Social en Am\u00e9rica Latina: el Caso de la Gesti\u00f3n del Agua)<\/a> (en espa\u00f1ol y portugu\u00e9s), Campina Grande, Para\u00edba, y Rio de Janeiro, Brasil: Editora da Universidade Estadual da Para\u00edba (EDUEPB), Garamond Universit\u00e1ria, y WATERLAT-GOBACIT Network. 2017. 10.5281\/zenodo.3952929.\r\n\r\n&nbsp;\r\n\r\n<a href=\"https:\/\/waterlat.org\/es\/wp-content\/uploads\/sites\/2\/2013\/11\/Pages-from-\u00c1gua-e-Democracia-na-Am\u00e9rica-Latina.jpg\"><img loading=\"lazy\" decoding=\"async\" class=\"alignnone wp-image-1968\" src=\"https:\/\/waterlat.org\/es\/wp-content\/uploads\/sites\/2\/2013\/11\/Pages-from-\u00c1gua-e-Democracia-na-Am\u00e9rica-Latina-225x300.jpg\" alt=\"pages-from-agua-e-democracia-na-america-latina\" width=\"126\" height=\"168\" srcset=\"https:\/\/waterlat.org\/es\/wp-content\/uploads\/sites\/2\/2013\/11\/Pages-from-\u00c1gua-e-Democracia-na-Am\u00e9rica-Latina-225x300.jpg 225w, https:\/\/waterlat.org\/es\/wp-content\/uploads\/sites\/2\/2013\/11\/Pages-from-\u00c1gua-e-Democracia-na-Am\u00e9rica-Latina.jpg 589w\" sizes=\"auto, (max-width: 126px) 100vw, 126px\" \/><\/a>\r\n\r\n<a href=\"https:\/\/waterlat.org\/es\/publicaciones\/libros\/agua-y-democracia\/\">Jos\u00e9 Esteban Castro, <span style=\"text-decoration: underline;\">\u00c1gua e Democracia na Am\u00e9rica Latina<\/span><\/a>, Campina Grande, Para\u00edba, Brasil: Editora da Universidade Estadual da Para\u00edba (UEPB), y Red WATERLAT-GOBACIT. 2016. DOI: 10.5281\/zenodo.162107.\r\n\r\n&nbsp;\r\n\r\n<a href=\"https:\/\/waterlat.org\/es\/wp-content\/uploads\/sites\/2\/2013\/11\/Capa-O-Direito-\u00e0-\u00e1gua.jpg\"><img loading=\"lazy\" decoding=\"async\" class=\"alignnone size-medium wp-image-1382\" src=\"https:\/\/waterlat.org\/es\/wp-content\/uploads\/sites\/2\/2013\/11\/Capa-O-Direito-\u00e0-\u00e1gua-300x138.jpg\" alt=\"Capa - O Direito \u00e0 \u00e1gua\" width=\"300\" height=\"138\" srcset=\"https:\/\/waterlat.org\/es\/wp-content\/uploads\/sites\/2\/2013\/11\/Capa-O-Direito-\u00e0-\u00e1gua-300x138.jpg 300w, https:\/\/waterlat.org\/es\/wp-content\/uploads\/sites\/2\/2013\/11\/Capa-O-Direito-\u00e0-\u00e1gua-1024x471.jpg 1024w, https:\/\/waterlat.org\/es\/wp-content\/uploads\/sites\/2\/2013\/11\/Capa-O-Direito-\u00e0-\u00e1gua-624x287.jpg 624w\" sizes=\"auto, (max-width: 300px) 100vw, 300px\" \/><\/a>\r\n\r\n<a href=\"https:\/\/waterlat.org\/es\/publicaciones\/libros\/libro-o-direito-a-agua\/\">Jos\u00e9 Esteban Castro, L\u00e9o Heller, y Mar\u00eda da Piedade Morais (Eds.),\u00a0El Derecho al Agua Como Pol\u00edtica P\u00fablica en Am\u00e9rica Latina: una Exploraci\u00f3n Te\u00f3rica y Emp\u00edrica\u00a0[en portugu\u00e9s], Brasilia: Instituto de Pesquisa Econ\u00f4mica Aplicada (IPEA) &#8211; Red WATERLAT-GOBACIT, 2015.<\/a> DOI: 10.5281\/zenodo.55852.\r\n\r\n&nbsp;\r\n\r\n<a href=\"https:\/\/waterlat.org\/es\/wp-content\/uploads\/sites\/2\/2013\/11\/CAPA_PoliticasPublicasSaneamento_2013.jpg\"><img loading=\"lazy\" decoding=\"async\" class=\"alignnone size-medium wp-image-167\" src=\"https:\/\/waterlat.org\/es\/wp-content\/uploads\/sites\/2\/2013\/11\/CAPA_PoliticasPublicasSaneamento_2013-300x201.jpg\" alt=\"CAPA_PoliticasPublicasSaneamento_2013\" width=\"300\" height=\"201\" srcset=\"https:\/\/waterlat.org\/es\/wp-content\/uploads\/sites\/2\/2013\/11\/CAPA_PoliticasPublicasSaneamento_2013-300x201.jpg 300w, https:\/\/waterlat.org\/es\/wp-content\/uploads\/sites\/2\/2013\/11\/CAPA_PoliticasPublicasSaneamento_2013.jpg 497w\" sizes=\"auto, (max-width: 300px) 100vw, 300px\" \/><\/a>\r\n\r\n<a href=\"https:\/\/waterlat.org\/es\/publicaciones\/libros\/libro-politicas-publicas-e-gestao-de-servicos-de-saneamento\/\">L\u00e9o Heller y Jos\u00e9 Esteban Castro (Eds.),\u00a0Pol\u00edticas P\u00fablicas e Gest\u00e3o de Servi\u00e7os de Saneamento, Belo Horizonte y Rio de Janeiro:\u00a0Editora de la Universidade Federal de Minas Gerais (UFMG)\u00a0y\u00a0Editora Fiocruz, 2013.<\/a> DOI: 10.5281\/zenodo.55855.\r\n\r\n&nbsp;\r\n\r\n<img loading=\"lazy\" decoding=\"async\" class=\"alignnone size-medium wp-image-168\" style=\"font-size: 1rem; line-height: 1;\" src=\"https:\/\/waterlat.org\/es\/wp-content\/uploads\/sites\/2\/2013\/11\/CastroHeller-300x201.jpg\" alt=\"Castro&amp;Heller\" width=\"300\" height=\"201\" srcset=\"https:\/\/waterlat.org\/es\/wp-content\/uploads\/sites\/2\/2013\/11\/CastroHeller-300x201.jpg 300w, https:\/\/waterlat.org\/es\/wp-content\/uploads\/sites\/2\/2013\/11\/CastroHeller-1024x689.jpg 1024w, https:\/\/waterlat.org\/es\/wp-content\/uploads\/sites\/2\/2013\/11\/CastroHeller-624x419.jpg 624w, https:\/\/waterlat.org\/es\/wp-content\/uploads\/sites\/2\/2013\/11\/CastroHeller.jpg 1615w\" sizes=\"auto, (max-width: 300px) 100vw, 300px\" \/>\r\n\r\n<a href=\"https:\/\/waterlat.org\/es\/publicaciones\/libros\/livro-water-and-sanitation-services-public-policy-and-management\/\">Jos\u00e9 Esteban Castro y L\u00e9o Heller (eds.), Water and Sanitation Services: Public Policy and Management, Londres y Sterling, VA: Earthscan, 2009; Routledge, 2012<\/a>. DOI: 10.5281\/zenodo.55854.\r\n\r\n&nbsp;\r\n<h2>En prensa<\/h2>\r\nFabio Vladimir S\u00e1nchez Calder\u00f3n,\u00a0<span style=\"text-decoration: underline;\">Tunjuelo: un r\u00edo del sur: Desigualdad urbana en Bogot\u00e1 a mediados del siglo XX<\/span>, Bucaramanga, Colombia y Newcastle upon Tyne, Reino Unido: <a href=\"https:\/\/www.uis.edu.co\/webUIS\/es\/\">Universidad Industrial de Santander (UIS)<\/a> y Red WATERLAT-GOBACIT. Esperado en\u00a02020.\r\n<h2>En preparaci\u00f3n<\/h2>\r\nMar\u00eda Virginia Grosso Cepparo,\u00a0<span style=\"text-decoration: underline;\">La Escasez H\u00eddrica en Tierras Secas. Un Estudio Territorial sobre la Apropiaci\u00f3n, Gesti\u00f3n y Uso del Agua en la Cuenca del R\u00edo Mendoza, Argentina<\/span>, Newcastle upon Tyne, Reino Unido: Red WATERLAT-GOBACIT y otros.","protected":false},"excerpt":{"rendered":"&nbsp; Publicados Jos\u00e9 Esteban Castro, Democracia y Pol\u00edticas Globales del Agua en Perspectiva Hist\u00f3rica. Contra la privatizaci\u00f3n del agua (en ingl\u00e9s). Londres: Palgrave-Macmillan, 2024. Hardcover ISBN 978-0-230-21210-7. eBook ISBN 978-1-137-31788-9 DOI:https:\/\/doi.org\/10.1057\/978-1-137-31788-9. Antonio Rodr\u00edguez S\u00e1nchez (Coord.), Organizaci\u00f3n Social, Gesti\u00f3n y Defensa del Agua en M\u00e9xico, Zacatecas, M\u00e9xico y Newcastle upon Tyne, Reino Unido: Editora de la [&hellip;]","protected":false},"author":1,"featured_media":0,"parent":7,"menu_order":0,"comment_status":"closed","ping_status":"open","template":"page-templates\/full-width.php","meta":{"_acf_changed":false,"footnotes":""},"class_list":["post-22","page","type-page","status-publish","hentry","no-wpautop"],"acf":[],"_links":{"self":[{"href":"https:\/\/waterlat.org\/es\/wp-json\/wp\/v2\/pages\/22","targetHints":{"allow":["GET"]}}],"collection":[{"href":"https:\/\/waterlat.org\/es\/wp-json\/wp\/v2\/pages"}],"about":[{"href":"https:\/\/waterlat.org\/es\/wp-json\/wp\/v2\/types\/page"}],"author":[{"embeddable":true,"href":"https:\/\/waterlat.org\/es\/wp-json\/wp\/v2\/users\/1"}],"replies":[{"embeddable":true,"href":"https:\/\/waterlat.org\/es\/wp-json\/wp\/v2\/comments?post=22"}],"version-history":[{"count":101,"href":"https:\/\/waterlat.org\/es\/wp-json\/wp\/v2\/pages\/22\/revisions"}],"predecessor-version":[{"id":4335,"href":"https:\/\/waterlat.org\/es\/wp-json\/wp\/v2\/pages\/22\/revisions\/4335"}],"up":[{"embeddable":true,"href":"https:\/\/waterlat.org\/es\/wp-json\/wp\/v2\/pages\/7"}],"wp:attachment":[{"href":"https:\/\/waterlat.org\/es\/wp-json\/wp\/v2\/media?parent=22"}],"curies":[{"name":"wp","href":"https:\/\/api.w.org\/{rel}","templated":true}]}}