{"id":2268,"date":"2017-04-11T00:12:48","date_gmt":"2017-04-11T00:12:48","guid":{"rendered":"http:\/\/waterlat.org\/es\/?page_id=2268"},"modified":"2020-07-20T20:53:06","modified_gmt":"2020-07-20T20:53:06","slug":"tension","status":"publish","type":"page","link":"https:\/\/waterlat.org\/es\/publicaciones\/libros\/tension\/","title":{"rendered":"La Tensi\u00f3n entre Justicia Ambiental y Justicia Social en Am\u00e9rica Latina: el Caso de la Gesti\u00f3n del Agua [en espa\u00f1ol y portugu\u00e9s]"},"content":{"rendered":"<p><a href=\"http:\/\/waterlat.org\/wp-content\/uploads\/2017\/04\/Tapa-Tens\u00e3o.jpg\"><img loading=\"lazy\" decoding=\"async\" class=\"alignnone size-medium wp-image-3689\" src=\"http:\/\/waterlat.org\/wp-content\/uploads\/2017\/04\/Tapa-Tens\u00e3o-214x300.jpg\" alt=\"\" width=\"214\" height=\"300\" \/><\/a><\/p>\n<p><span style=\"line-height: 1.714285714; font-size: 1rem;\">Jos\u00e9 Esteban Castro, Luis Henrique Cunha, Marcionila Fernandes, y Cidoval Morais de Sousa (Eds.)\u00a0<\/span><span style=\"text-decoration: underline;\">La Tensi\u00f3n entre Justicia Ambiental y Justicia Social en Am\u00e9rica Latina: el Caso de la Gesti\u00f3n del Agua, <\/span><span style=\"line-height: 1.714285714; font-size: 1rem;\">\u00a0(en espa\u00f1ol y portugu\u00e9s) (ISBN 978-85-7879-355-5, E-book), Campina Grande, Para\u00edba, y Rio de Janeiro, Brasil:\u00a0<\/span><a style=\"line-height: 1.714285714; font-size: 1rem;\" href=\"http:\/\/eduepb.uepb.edu.br\">Editora da Universidade Estadual da Para\u00edba (EDUEPB)<\/a><span style=\"line-height: 1.714285714; font-size: 1rem;\">\u00a0Garamond Universit\u00e1ria, y Red WATERLAT-GOBACIT, 2017. DOI: 10.5281\/zenodo.3952929.<\/span><\/p>\n<p><a href=\"https:\/\/sandbox.zenodo.org\/record\/3952929#.WPI3YlKZMdU\">Baje aqu\u00ed la versi\u00f3n en pdf<\/a><br \/>\n<a href=\"http:\/\/waterlat.org\/GeneralPDFs\/LivroTensao.epub\">Baje aqu\u00ed la versi\u00f3n en ePub<\/a><\/p>\n","protected":false},"excerpt":{"rendered":"<p>Jos\u00e9 Esteban Castro, Luis Henrique Cunha, Marcionila Fernandes, y Cidoval Morais de Sousa (Eds.)\u00a0La Tensi\u00f3n entre Justicia Ambiental y Justicia Social en Am\u00e9rica Latina: el Caso de la Gesti\u00f3n del Agua, \u00a0(en espa\u00f1ol y portugu\u00e9s) (ISBN 978-85-7879-355-5, E-book), Campina Grande, Para\u00edba, y Rio de Janeiro, Brasil:\u00a0Editora da Universidade Estadual da Para\u00edba (EDUEPB)\u00a0Garamond Universit\u00e1ria, y Red [&hellip;]<\/p>\n","protected":false},"author":3,"featured_media":0,"parent":22,"menu_order":0,"comment_status":"closed","ping_status":"closed","template":"page-templates\/full-width.php","meta":{"_acf_changed":false,"footnotes":""},"class_list":["post-2268","page","type-page","status-publish","hentry","wpautop"],"acf":[],"_links":{"self":[{"href":"https:\/\/waterlat.org\/es\/wp-json\/wp\/v2\/pages\/2268","targetHints":{"allow":["GET"]}}],"collection":[{"href":"https:\/\/waterlat.org\/es\/wp-json\/wp\/v2\/pages"}],"about":[{"href":"https:\/\/waterlat.org\/es\/wp-json\/wp\/v2\/types\/page"}],"author":[{"embeddable":true,"href":"https:\/\/waterlat.org\/es\/wp-json\/wp\/v2\/users\/3"}],"replies":[{"embeddable":true,"href":"https:\/\/waterlat.org\/es\/wp-json\/wp\/v2\/comments?post=2268"}],"version-history":[{"count":4,"href":"https:\/\/waterlat.org\/es\/wp-json\/wp\/v2\/pages\/2268\/revisions"}],"predecessor-version":[{"id":3544,"href":"https:\/\/waterlat.org\/es\/wp-json\/wp\/v2\/pages\/2268\/revisions\/3544"}],"up":[{"embeddable":true,"href":"https:\/\/waterlat.org\/es\/wp-json\/wp\/v2\/pages\/22"}],"wp:attachment":[{"href":"https:\/\/waterlat.org\/es\/wp-json\/wp\/v2\/media?parent=2268"}],"curies":[{"name":"wp","href":"https:\/\/api.w.org\/{rel}","templated":true}]}}