{"id":255,"date":"2014-01-24T10:27:10","date_gmt":"2014-01-24T10:27:10","guid":{"rendered":"http:\/\/waterlat.org\/es\/?page_id=255"},"modified":"2017-06-13T13:08:46","modified_gmt":"2017-06-13T13:08:46","slug":"comision-de-publicaciones-old","status":"publish","type":"page","link":"https:\/\/waterlat.org\/es\/publicaciones\/comision-de-publicaciones-old\/","title":{"rendered":"Comisi\u00f3n Editorial old"},"content":{"rendered":"<h2>Editor General<\/h2>\n<p dir=\"LTR\" align=\"LEFT\">Jos\u00e9 Esteban Castro,\u00a0Investigador Principal, Consejo Nacional de Investigaciones Cient\u00edficas y T\u00e9cnicas (CONICET), Argentina. Profesor Em\u00e9rito en Sociolog\u00eda, Newcastle University, Reino Unido<\/p>\n<p>&nbsp;<\/p>\n<h2>Editores de \u00c1reas Tem\u00e1ticas y de Series<\/h2>\n<p dir=\"LTR\" align=\"LEFT\">Alex Ricardo Caldera Ortega,\u00a0Universidad de Guanajuato, Campus Le\u00f3n, Le\u00f3n, Guanajuato, M\u00e9xico<\/p>\n<p dir=\"LTR\" align=\"LEFT\">Andr\u00e9 Monteiro Costa, Centro de Investigaciones Aggeu Magalh\u00e3es, Fundaci\u00f3n Oswaldo Cruz (Fiocruz), Recife, Pernambuco, Brasil<\/p>\n<p dir=\"LTR\" align=\"LEFT\">Luis Henrique Cunha, Universidad Federal de Campina Grande (UFCG), Campina Grande, Para\u00edba, Brasil<\/p>\n<p dir=\"LTR\" align=\"LEFT\">Eliano de Souza Martins Freitas, Universidad Federal de Minas Gerais (UFMG), Belo Horizonte, Minas Gerais, Brasil<\/p>\n<p dir=\"LTR\" align=\"LEFT\">Susana Herrera Lima, ITESO, la Universidad Jesuita de Guadalajara, Tlaquepaque, Jalisco, M\u00e9xico<\/p>\n<p dir=\"LTR\" align=\"LEFT\">Karina Kloster, Universidad Aut\u00f3noma de la Ciudad de M\u00e9xico (UACM), M\u00e9xico<\/p>\n<p dir=\"LTR\" align=\"LEFT\">Alex Latta, Wilfrid Laurier University, Waterloo, Ontario, Canad\u00e1<\/p>\n<p dir=\"LTR\" align=\"LEFT\">Mario Edgar L\u00f3pez Ram\u00edrez, ITESO, la Universidad Jesuita de Guadalajara, Tlaquepaque, Jalisco, M\u00e9xico <\/p>\n<p dir=\"LTR\" align=\"LEFT\">Fabi\u00e1n M\u00e9ndez, Escuela de Salud P\u00fablica, Universidad del Valle (UNIVALLE), Cali, Colombia<\/p>\n<p dir=\"LTR\" align=\"LEFT\">Francisco Javier Pe\u00f1a de Paz, El Colegio de San Luis (COLSAN), San Luis Potos\u00ed, M\u00e9xico<\/p>\n<p dir=\"LTR\" align=\"LEFT\">Miguel Ricardo Pe\u00f1a Var\u00f3n, Instituto CINARA, Universidad del Valle (UNIVALLE), Cali, Colombia<\/p>\n<p dir=\"LTR\" align=\"LEFT\">Wagner Costa Ribeiro, Universidad de San Pablo, San Pablo, Brasil<\/p>\n<p dir=\"LTR\" align=\"LEFT\">Antonio Rodr\u00edguez S\u00e1nchez, Instituto Jos\u00e9 Luis Mar\u00eda Mora, Ciudad de M\u00e9xico, M\u00e9xico<\/p>\n<p dir=\"LTR\" align=\"LEFT\">Edgar Talledos S\u00e1nchez, El Colegio de San Luis (COLSAN), San Luis Potos\u00ed, Mexico<\/p>\n<p dir=\"LTR\" align=\"LEFT\">Alicia Torres Rodr\u00edguez, Universidad de Guadalajara, Guadalajara, Jalisco, M\u00e9xico<\/p>\n<p>&nbsp;<\/p>\n<h2>Junta Cient\u00edfica Asesora<\/h2>\n<p dir=\"LTR\" align=\"LEFT\">Cesaltina Abreu, Departamento de Sociolog\u00eda, Facultad de Ciencias Sociales, Universidad Agostinho Neto, Luanda, Angola.<\/p>\n<p dir=\"LTR\" align=\"LEFT\">Rais Akthar, Academia para el Estudio del Medio Ambiente y el Bienestar Social, Aligarth, India<\/p>\n<p dir=\"LTR\" align=\"LEFT\">Pa\u00fal Cisneros, Instituto de Altos Estudios Nacionales (IAEN), Quito, Ecuador<\/p>\n<p dir=\"LTR\" align=\"LEFT\">Armando Luis Fern\u00e1ndez Soriano, Foro de Ecolog\u00eda Pol\u00edtica, Fundaci\u00f3n Antonio N\u00fa\u00f1ez Jim\u00e9nez, La Habana, Cuba<\/p>\n<p dir=\"LTR\" align=\"LEFT\">Javier Gonzaga Valencia Hern\u00e1ndez, Universidad de Caldas,\u00a0Manizales, Colombia<\/p>\n<p dir=\"LTR\" align=\"LEFT\">L\u00e9o Heller, Centro de Investigaciones Ren\u00e9 Rachou (CPqRR), Fundaci\u00f3n Oswaldo Cruz, Belo Horizonte, Minas Gerais, Brasil<\/p>\n<p dir=\"LTR\" align=\"LEFT\">Tapio Katko, Universidad Tecnol\u00f3gica de Tampere (TUT), Tampere, Finlandia<\/p>\n<p dir=\"LTR\" align=\"LEFT\">Gustavo Kohan, Universidad Nacional de General Sarmiento (UNGS), Buenos Aires, Argentina<\/p>\n<p dir=\"LTR\" align=\"LEFT\">Luciano Louren\u00e7o, Facultad de Humanidades, Universidad de Co\u00edmbra, Co\u00edmbra, Portugal<\/p>\n<p dir=\"LTR\" align=\"LEFT\">Cidoval Morais de Sousa, Universidad Estatal de\u00a0Para\u00edba, Campina Grande, Para\u00edba, Brasil<\/p>\n<p dir=\"LTR\" align=\"LEFT\">Elma Monta\u00f1a, Consejo Nacional de Investigaciones Cient\u00edficas y T\u00e9cnicas\u00a0(CONICET) Argentina, Mendoza, Argentina<\/p>\n<p dir=\"LTR\" align=\"LEFT\">Leandro del Moral Ituarte, Universidad de Sevilla, Sevilla, Espa\u00f1a<\/p>\n<p dir=\"LTR\" align=\"LEFT\">Jesus Ra\u00fal Navarro Garc\u00eda, Escuela de Estudios Hispano Americanos (EEHA), Consejo Superior de Investigaciones Cient\u00edficas (CSIC), Sevilla, Espa\u00f1a <\/p>\n<p dir=\"LTR\" align=\"LEFT\">David Saur\u00ed Pujol, Universidad Aut\u00f3noma de Barcelona (UAB), Barcelona, Espa\u00f1a <\/p>\n<p dir=\"LTR\" align=\"LEFT\">Ezekiel Nyangeri Nyanchaga, Departamento de Ingenier\u00eda Civil y de Construcci\u00f3n, Universidad de Nairobi, Nairobi, Kenia<\/p>\n<p dir=\"LTR\" align=\"LEFT\">Jos\u00e9 Irivaldo Alves Oliveira Silva, Universidad Federal de Campina Grande (UFCG), Sum\u00e9, Para\u00edba, Brasil<\/p>\n<p dir=\"LTR\" align=\"LEFT\">Erik Swyngedouw, Manchester University, Manchester, Reino Unido<\/p>\n<p dir=\"LTR\" align=\"LEFT\">Mar\u00eda Luisa Torregrosa, Facultad Latinoamericana de Ciencias Sociales (FLACSO), Ciudad de M\u00e9xico, M\u00e9xico<\/p>\n<p dir=\"LTR\" align=\"LEFT\">Norma Valencio, Universidad de San Pablo, San Pablo, Brasil<\/p>\n<p>&nbsp;<\/p>\n<h2>Equipo Editorial<\/h2>\n<p dir=\"LTR\" align=\"LEFT\">Ana Mar\u00eda Attias, Facultad de Arquitectura y Urbanismo, Universidad Nacional del Nordeste (UNNE), Resistencia, Chaco, Argentina<\/p>\n<p dir=\"LTR\" align=\"LEFT\">Marcionila Fernandes, Universidad Estatal de Para\u00edba (UEPB), Campina Grande, Para\u00edba, Brasil<\/p>\n<p dir=\"LTR\" align=\"LEFT\">Adriana Hern\u00e1ndez Garc\u00eda, Centro Universitario La Ci\u00e9naga, Universidad de Guadalajara, Ocotl\u00e1n, Jalisco, M\u00e9xico<\/p>\n<p dir=\"LTR\" align=\"LEFT\">Ricardo Daniel Lombardo, Facultad de Arquitectura y Urbanismo, Universidad Nacional del Nordeste (UNNE), Resistencia, Chaco, Argentina<\/p>\n<p dir=\"LTR\" align=\"LEFT\">Cindy McCulligh, Centro de Investigaci\u00f3n y Estudios Superiores en Antropolog\u00eda Social (CIESAS), Guadalajara, Jalisco, M\u00e9xico<\/p>\n<p dir=\"LTR\" align=\"LEFT\">Heliodoro Ochoa Garc\u00eda, ITESO, la Universidad Jesuita de Guadalajara, Tlaquepaque, Jalisco, M\u00e9xico <\/p>\n<p dir=\"LTR\" align=\"LEFT\">Nidia Bibiana Pi\u00f1eyro, Facultad de Humanidades, Universidad Nacional del Nordeste (UNNE), Resistencia, Chaco, Argentina<\/p>\n<p dir=\"LTR\" align=\"LEFT\">Alice Poma,\u00a0Instituto de Investigaciones Sociales (IIE), Universidad Nacional Aut\u00f3noma de M\u00e9xico (UNAM)<\/a>, Ciudad de M\u00e9xico, M\u00e9xico<\/p>\n<p dir=\"LTR\" align=\"LEFT\">Carlos Ruggerio,\u00a0Universidad Nacional de General Sarmiento (UNGS), Buenos Aires, Argentina<\/p>\n<p dir=\"LTR\" align=\"LEFT\">Adriana Sandoval Moreno, Unidad Acad\u00e9mica de Estudios Regionales (UAER), Universidad Nacional Aut\u00f3noma de M\u00e9xico (UNAM), Jiquilpan, Michoac\u00e1n, M\u00e9xico<\/p>\n<p>&nbsp;<\/p>\n<h2>Equipo de Apoyo Editorial<\/h2>\n<p dir=\"LTR\" align=\"LEFT\">Alba Margarita Campos Buend\u00eda, Universidad Aut\u00f3noma de la Ciudad de M\u00e9xico (UAMC), Ciudad de M\u00e9xico, M\u00e9xico<\/p>\n<p dir=\"LTR\" align=\"LEFT\">Dem\u00e9trius Rodrigues de Freitas Ferreira, Universidad Federal de Pernambuco (UFPE), Recife, Pernambuco, Brasil<\/p>\n<p dir=\"LTR\" align=\"LEFT\">Carolina Filippon, Universidad Nacional del Litoral (UNL), Santa Fe, Argentina<\/p>\n<p dir=\"LTR\" align=\"LEFT\">Damiano Tagliavini, Consejo Nacional de Investigaciones Cient\u00edficas y T\u00e9cnicas (CONICET), Buenos Aires, Argentina<\/p>\n<p dir=\"LTR\" align=\"LEFT\">Hildelano Delanusse Theodoro, Universidad Federal de Minas Gerais (UFMG), Belo Horizonte, Minas Gerais, Brasil<\/p>\n<p dir=\"LTR\" align=\"LEFT\">Raquel Duarte Venturato Landmann, Universidad Federal de San Carlos (UFSCar), San Carlos, San Pablo, Brasil<\/p>\n<p>&nbsp;<\/p>\n<h2>Contacto<\/h2>\n<p><span style=\"text-decoration: underline;\">Secretar\u00eda<\/span>: Ana Sof\u00eda Mac\u00edas Ascanio. <a href=\"mailto: redwaterlat@gmail.com\">E-mail<\/a>.<\/p>\n<p>&nbsp;<\/p>\n<p><a href=\"https:\/\/waterlat.org\/es\/publicaciones\/\">Retorno a la P\u00e1gina de Publicaciones<\/a><\/p>\n<p><a href=\"https:\/\/waterlat.org\/es\/publicaciones\/cuadernos-de-trabajo\/\">Retorno a la P\u00e1gina de los Cuadernos de Trabajo WATERLAT-GOBACIT<\/a><\/p>\n","protected":false},"excerpt":{"rendered":"<p>Editor General Jos\u00e9 Esteban Castro,\u00a0Investigador Principal, Consejo Nacional de Investigaciones Cient\u00edficas y T\u00e9cnicas (CONICET), Argentina. Profesor Em\u00e9rito en Sociolog\u00eda, Newcastle University, Reino Unido &nbsp; Editores de \u00c1reas Tem\u00e1ticas y de Series Alex Ricardo Caldera Ortega,\u00a0Universidad de Guanajuato, Campus Le\u00f3n, Le\u00f3n, Guanajuato, M\u00e9xico Andr\u00e9 Monteiro Costa, Centro de Investigaciones Aggeu Magalh\u00e3es, Fundaci\u00f3n Oswaldo Cruz (Fiocruz), Recife, [&hellip;]<\/p>\n","protected":false},"author":3,"featured_media":0,"parent":7,"menu_order":0,"comment_status":"closed","ping_status":"open","template":"page-templates\/full-width.php","meta":{"_acf_changed":false,"footnotes":""},"class_list":["post-255","page","type-page","status-publish","hentry","wpautop"],"acf":[],"_links":{"self":[{"href":"https:\/\/waterlat.org\/es\/wp-json\/wp\/v2\/pages\/255","targetHints":{"allow":["GET"]}}],"collection":[{"href":"https:\/\/waterlat.org\/es\/wp-json\/wp\/v2\/pages"}],"about":[{"href":"https:\/\/waterlat.org\/es\/wp-json\/wp\/v2\/types\/page"}],"author":[{"embeddable":true,"href":"https:\/\/waterlat.org\/es\/wp-json\/wp\/v2\/users\/3"}],"replies":[{"embeddable":true,"href":"https:\/\/waterlat.org\/es\/wp-json\/wp\/v2\/comments?post=255"}],"version-history":[{"count":25,"href":"https:\/\/waterlat.org\/es\/wp-json\/wp\/v2\/pages\/255\/revisions"}],"predecessor-version":[{"id":2466,"href":"https:\/\/waterlat.org\/es\/wp-json\/wp\/v2\/pages\/255\/revisions\/2466"}],"up":[{"embeddable":true,"href":"https:\/\/waterlat.org\/es\/wp-json\/wp\/v2\/pages\/7"}],"wp:attachment":[{"href":"https:\/\/waterlat.org\/es\/wp-json\/wp\/v2\/media?parent=255"}],"curies":[{"name":"wp","href":"https:\/\/api.w.org\/{rel}","templated":true}]}}