{"id":2560,"date":"2017-07-28T18:17:17","date_gmt":"2017-07-28T18:17:17","guid":{"rendered":"http:\/\/waterlat.org\/es\/?page_id=2560"},"modified":"2018-12-17T22:20:14","modified_gmt":"2018-12-17T22:20:14","slug":"coordinacion2018","status":"publish","type":"page","link":"https:\/\/waterlat.org\/es\/encuentros\/public-meetings\/waterlat-gobacit-ix-joao-pessoa-2018\/coordinacion2018\/","title":{"rendered":"Coordinaci\u00f3n y Organizaci\u00f3n del Programa"},"content":{"rendered":"<p>&nbsp;<\/p>\n<h3>Coordinaci\u00f3n Local de la Reuni\u00f3n<\/h3>\n<p><strong>Marcionila Fernandes<\/strong>, Coordinadora del Equipo Local, Universidade Estadual da Para\u00edba (UEPB), Campina Grande, Para\u00edba, Brasil<\/p>\n<p><strong>Cidoval Morais de Sousa<\/strong>, Universidade Estadual da Para\u00edba (UEPB), Campina Grande, Para\u00edba, Brasil<\/p>\n<p>&nbsp;<\/p>\n<h2>Grupo de Apoyo a la Coordinaci\u00f3n Local de la Reuni\u00f3n<\/h2>\n<p><strong>Salom\u00e3o de Sousa Medeiros<\/strong>, Instituto Nacional del Semi\u00e1rido (INSA), Campina Grande, Para\u00edba, Brasil<\/p>\n<p><strong>Andr\u00e9 Monteiro<\/strong>, Fundaci\u00f3n Oswaldo Cruz (FIOCRUZ), Recife, Pernambuco, Brasil<\/p>\n<p><strong>Leonardo Tinoco<\/strong>, Universidade Estadual da Para\u00edba (UEPB), Campina Grande, Para\u00edba, Brasil<\/p>\n<p><strong>Ant\u00f4nio Roberto Faustino da Costa<\/strong>, Universidade Estadual da Para\u00edba (UEPB), Campina Grande, Para\u00edba, Brasil<\/p>\n<p><strong>Hermelinda Rocha Ferreira<\/strong>, Agencia Pernambucana de Agua y Clima (APAC), Recife, Pernambuco, Brasil<\/p>\n<p><strong>Glauce J\u00e1come<\/strong>, Universidade Estadual da Para\u00edba (UEPB), Campina Grande, Para\u00edba, Brasil<\/p>\n<p><strong>S\u00e9rgio Portella<\/strong>, Fundaci\u00f3n Oswaldo Cruz (FIOCRUZ), R\u00edo de Janeiro, Brasil<\/p>\n<p><strong>Simone Oliveira<\/strong>, Fundaci\u00f3n  Oswaldo Cruz  (FIOCRUZ), R\u00edo de Janeiro, Brasil<\/p>\n<p><strong>\u00c2ngela Maria Cavalcanti Ramalho<\/strong>, Universidade Estadual da Para\u00edba (UEPB), Campina Grande, Para\u00edba, Brasil<\/p>\n<p><strong>Rozeane Lima<\/strong>, Universidade Estadual da Para\u00edba (UEPB), Campina Grande, Para\u00edba, Brasil<\/p>\n<p>&nbsp;<\/p>\n<h3>Equipo de Apoyo T\u00e9cnico para la Coordinaci\u00f3n<\/h3>\n<p><strong>Maria Eduarda Brand\u00e3o C\u00e2mara<\/strong>, Universidade Estadual da Para\u00edba (UEPB), Jo\u00e3o Pessoa, Para\u00edba, Brasil<\/p>\n<p><strong>Nath\u00e1lia Souza de Morais<\/strong>, Universidade Estadual da Para\u00edba (UEPB), Jo\u00e3o Pessoa, Para\u00edba, Brasil<\/p>\n<p><strong>Cybele Morais Gomes<\/strong>, Universidade Federal da Para\u00edba, Jo\u00e3o Pessoa, Para\u00edba, Brasil<\/p>\n<p><strong>Elane Gomes da Silva Oliveira<\/strong>, Universidade Federal de Pernambuco (UFPE), Recife, Pernambuco, Brasil<\/p>\n<p><strong>Hallyson Angelo Cordeiro<\/strong>, Universidade Estadual da Para\u00edba (UEPB), Jo\u00e3o Pessoa, Para\u00edba, Brasil<\/p>\n<p><strong>Hip\u00f3lito Lucena<\/strong>, Universidade Estadual da Para\u00edba (UEPB), Campina Grande, Para\u00edba, Brasil<\/p>\n<p><strong>Mat\u00edas Kohan<\/strong>, Buenos Aires, Argentina<\/p>\n<p><strong>Damiano Tagliavini<\/strong>, Consejo Nacional de Investigaciones Cient\u00edficas y T\u00e9cnicas (CONICET), Buenos Aires, Argentina<\/p>\n<p>&nbsp;<\/p>\n<h3>Contrapartes Internacionales de la Coordinaci\u00f3n<\/h3>\n<p><strong>Oscar Rodr\u00edguez Le\u00f3n<\/strong>, Internacional de Servicios P\u00fablicos (ISP), Costa Rica<\/p>\n<p><strong>Javier Bogantes<\/strong>, Tribunal Latinoamericano del Agua, Costa Rica <\/p>\n<p><strong>Jaime Antonio Preciado Coronado<\/strong>, Universidad de Guadalajara, Jalisco, M\u00e9xico. Coordinador, Red de Investigaci\u00f3n sobre la Integraci\u00f3n Latinoamericana y Caribe\u00f1a (REDIALC)<\/p>\n<p>&nbsp;<\/p>\n<h3>Asesores de la Coordinaci\u00f3n<\/h3>\n<p>El grupo de asesores est\u00e1 compuesto por los coordinadores locales de otras reuniones de la Red.<\/p>\n<p><strong>Paul Cisneros<\/strong>, Instituto de Altos Estudios Nacionales (IAEN), Quito, Ecuador<\/p>\n<p><strong>Javier Gonzaga Valencia Hern\u00e1ndez<\/strong>, Universidad de Caldas, Colombia<\/p>\n<p><strong>Gustavo Kohan<\/strong>, Universidad Nacional de General Sarmiento (UNGS), Argentina<\/p>\n<p><strong>Mario Edgar L\u00f3pez Ram\u00edrez<\/strong>, ITESO, la Universidad Jesuita de Guadalajara, M\u00e9xico<\/p>\n<p><strong>Wagner Costa Ribeiro<\/strong>, Universidad de San Pablo (USP), Brasil<\/p>\n<p><strong>David Saur\u00ed Pujol<\/strong>, Universidad Aut\u00f3noma de Barcelona (UAB), Espa\u00f1a<\/p>\n<p><strong>Mar\u00eda Luisa Torregrosa Armentia<\/strong>, Facultad Latinoamericana de Ciencias Sociales (FLACSO), M\u00e9xico<\/p>\n<p>&nbsp;<\/p>\n<h3>Coordinaci\u00f3n General<\/h3>\n<p><strong>Jos\u00e9 Esteban Castro<\/strong>, Consejo Nacional de Investigaciones Cient\u00edficas y T\u00e9cnicas (CONICET), Universidad Nacional de General Sarmiento (UNGS), Argentina, y Catedr\u00e1tico Em\u00e9rito, Newcastle University, Reino Unido. Coordinador de la Red WATERLAT-GOBACIT<\/p>\n<p><strong>Ana Sof\u00eda Mac\u00edas Ascanio<\/strong>, ITESO, la Universidad Jesuita de Guadalajara, M\u00e9xico, Secretar\u00eda General. <a href=\"mailto:redwaterlat@gmail.com\">Env\u00ede un mensaje para requerir mayor informaci\u00f3n<\/a>.<\/p>\n<hr \/>\n<p>&nbsp;<\/p>\n<h3>Comisi\u00f3n Internacional del Programa<\/h3>\n<p>La Comisi\u00f3n Internacional del Programa est\u00e1 compuesta por los coordinadores de las \u00c1reas Tem\u00e1ticas de la Red WATERLAT-GOBACIT, y colegas invitados, por orden alfab\u00e9tico.<\/p>\n<p><strong>Jos\u00e9 Esteban Castro<\/strong>, Consejo Nacional de Investigaciones Cient\u00edficas y T\u00e9cnicas (CONICET), Universidad Nacional de General Sarmiento (UNGS), Argentina, y Catedr\u00e1tico Em\u00e9rito, Newcastle University, Reino Unido. Coordinador del <a href=\"https:\/\/waterlat.org\/es\/areas-tematicas\/at3\/\">\u00c1rea Tem\u00e1tica 3 &#8211; El Ciclo Urbano del Agua y los Servicios P\u00fablicos Esenciales<\/a><\/p>\n<p><strong>Eliano de Souza Martins Freitas<\/strong>, Universidad Federal de Minas Gerais (UFMG), Brasil. Co-coordinador del <a href=\"https:\/\/waterlat.org\/es\/areas-tematicas\/at7\/\">\u00c1rea Tem\u00e1tica 7 &#8211; Arte, Comunicaci\u00f3n, Cultura y Educaci\u00f3n<\/a><\/p>\n<p><strong>Susana Herrera<\/strong>, ITESO, la Universidad Jesuita de Guadalajara, M\u00e9xico. Co-coordinadora del <a href=\"https:\/\/waterlat.org\/es\/areas-tematicas\/at7\/\">\u00c1rea Tem\u00e1tica 7 &#8211; Arte, Comunicaci\u00f3n, Cultura y Educaci\u00f3n<\/a><\/p>\n<p><strong>Karina Kloster<\/strong>, Universidad Aut\u00f3noma de la Ciudad de M\u00e9xico, Ciudad de M\u00e9xico, M\u00e9xico. Coordinadora del <a href=\"https:\/\/waterlat.org\/es\/areas-tematicas\/at10\/\">\u00c1rea Tem\u00e1tica 10 &#8211; Agua y Violencia<\/a><\/p>\n<p><strong>Mario Edgar L\u00f3pez Ram\u00edrez<\/strong>, ITESO, la Universidad Jesuita de Guadalajara, M\u00e9xico. Coordinador del <a href=\"https:\/\/waterlat.org\/es\/areas-tematicas\/at1\/\">\u00c1rea Tem\u00e1tica 1 &#8211;  La x-disciplinaridad en la Investigaci\u00f3n y la Acci\u00f3n<\/a><\/p>\n<p><strong>Fabi\u00e1n Mendez<\/strong>, Universidad del Valle (UNIVALLE), Cali, Colombia. Co-coordinador del <a href=\"https:\/\/waterlat.org\/es\/areas-tematicas\/at5\/\">\u00c1rea Tem\u00e1tica 5 &#8211; Agua y Salud<\/a><\/p>\n<p><strong>Francisco Pe\u00f1a<\/strong>, El Colegio de san Luis Potos\u00ed, M\u00e9xico. Co-coordinador del <a href=\"https:\/\/waterlat.org\/es\/areas-tematicas\/at8\/\">\u00c1rea Tem\u00e1tica 8 &#8211; Desastres Relacionados con el Agua<\/a><\/p>\n<p><strong>Miguel Pe\u00f1a<\/strong>, Universidad del Valle (UNIVALLE), Cali, Colombia. Co-coordinador del <a href=\"https:\/\/waterlat.org\/es\/areas-tematicas\/at5\/\">\u00c1rea Tem\u00e1tica 5 &#8211; Agua y Salud<\/a><\/p>\n<p><strong>Wagner Costa Ribeiro<\/strong>, Universidad de San Pablo (USP), Brasil. Coordinador del <a href=\"https:\/\/waterlat.org\/es\/areas-tematicas\/at4\/\">\u00c1rea Tem\u00e1tica 4 &#8211; Aguas Transfronterizas<\/a><\/p>\n<p><strong>Antonio Rodr\u00edguez S\u00e1nchez<\/strong>, Instituto de Investigaciones Jos\u00e9 Mar\u00eda Luis Mora, Ciudad de M\u00e9xico, M\u00e9xico. Co-coordinador del <a href=\"https:\/\/waterlat.org\/es\/areas-tematicas\/at6\/\">\u00c1rea Tem\u00e1tica 6 &#8211; Cuencas, Territorios y Espacios Hidrosociales<\/a><\/p>\n<p><strong>Edgar Talledos S\u00e1nchez<\/strong>, El Colegio de San Luis (COLSAN), San Luis Potos\u00ed, M\u00e9xico. Co-coordinador del <a href=\"https:\/\/waterlat.org\/es\/areas-tematicas\/at8\/\">\u00c1rea Tem\u00e1tica 8 &#8211; Desastres Relacionados con el Agua<\/a><\/p>\n<p><strong>Alicia Torres<\/strong>, Universidad de Guadalajara (UdG), Guadalajara, Jalisco, M\u00e9xico. <strong>Antonio Rodr\u00edguez S\u00e1nchez<\/strong>, Instituto de Investigaciones Jos\u00e9 Mar\u00eda Luis Mora, Ciudad de M\u00e9xico, M\u00e9xico. Co-coordinador del <a href=\"https:\/\/waterlat.org\/es\/areas-tematicas\/at6\/\">\u00c1rea Tem\u00e1tica 6 &#8211; Cuencas, Territorios y Espacios Hidrosociales<\/a><\/p>\n<p>&nbsp;<\/p>\n<hr \/>\n<h3><a href=\"https:\/\/waterlat.org\/es\/encuentros\/public-meetings\/waterlat-gobacit-ix-joao-pessoa-2018\/coordinacion2018\/\">Regresar a la p\u00e1gina principal de la IX Reuni\u00f3n Internacional<\/a><\/h3>\n","protected":false},"excerpt":{"rendered":"<p>&nbsp; Coordinaci\u00f3n Local de la Reuni\u00f3n Marcionila Fernandes, Coordinadora del Equipo Local, Universidade Estadual da Para\u00edba (UEPB), Campina Grande, Para\u00edba, Brasil Cidoval Morais de Sousa, Universidade Estadual da Para\u00edba (UEPB), Campina Grande, Para\u00edba, Brasil &nbsp; Grupo de Apoyo a la Coordinaci\u00f3n Local de la Reuni\u00f3n Salom\u00e3o de Sousa Medeiros, Instituto Nacional del Semi\u00e1rido (INSA), Campina [&hellip;]<\/p>\n","protected":false},"author":3,"featured_media":0,"parent":2557,"menu_order":0,"comment_status":"closed","ping_status":"closed","template":"page-templates\/full-width.php","meta":{"_acf_changed":false,"footnotes":""},"class_list":["post-2560","page","type-page","status-publish","hentry","wpautop"],"acf":[],"_links":{"self":[{"href":"https:\/\/waterlat.org\/es\/wp-json\/wp\/v2\/pages\/2560","targetHints":{"allow":["GET"]}}],"collection":[{"href":"https:\/\/waterlat.org\/es\/wp-json\/wp\/v2\/pages"}],"about":[{"href":"https:\/\/waterlat.org\/es\/wp-json\/wp\/v2\/types\/page"}],"author":[{"embeddable":true,"href":"https:\/\/waterlat.org\/es\/wp-json\/wp\/v2\/users\/3"}],"replies":[{"embeddable":true,"href":"https:\/\/waterlat.org\/es\/wp-json\/wp\/v2\/comments?post=2560"}],"version-history":[{"count":16,"href":"https:\/\/waterlat.org\/es\/wp-json\/wp\/v2\/pages\/2560\/revisions"}],"predecessor-version":[{"id":3016,"href":"https:\/\/waterlat.org\/es\/wp-json\/wp\/v2\/pages\/2560\/revisions\/3016"}],"up":[{"embeddable":true,"href":"https:\/\/waterlat.org\/es\/wp-json\/wp\/v2\/pages\/2557"}],"wp:attachment":[{"href":"https:\/\/waterlat.org\/es\/wp-json\/wp\/v2\/media?parent=2560"}],"curies":[{"name":"wp","href":"https:\/\/api.w.org\/{rel}","templated":true}]}}