{"id":3094,"date":"2019-09-30T20:17:02","date_gmt":"2019-09-30T20:17:02","guid":{"rendered":"http:\/\/waterlat.org\/es\/?page_id=3094"},"modified":"2020-07-22T17:16:21","modified_gmt":"2020-07-22T17:16:21","slug":"agua-poder-y-racionalizacion","status":"publish","type":"page","link":"https:\/\/waterlat.org\/es\/publicaciones\/libros\/agua-poder-y-racionalizacion\/","title":{"rendered":"Agua, Poder, y Racionalizaci\u00f3n en la Provincia de Mendoza, Argentina"},"content":{"rendered":"<style>\n.dw_pdf-full {\n    background-color: rgba(251, 116, 116, 0);\n    padding: 8px 20px;\n    color: #b52335;\n    text-decoration: none;\n    border: 2px #b52335 solid;\n    transition: 0.2s all;\n    border-radius: 4px;\n    font-weight: 600;\nmargin:0px 5px;}\n.dw_pdf-full:hover{background-color: #b52335; color:white;}\n.dw_pdf-full i {font-size:25px; vertical-align: bottom; margin-right: 3px;}\n<\/style>\n<p><\/br><br \/>\n<a href=\"http:\/\/waterlat.org\/pt\/wp-content\/uploads\/sites\/3\/2019\/09\/Tapa-Ivarsweb.jpg\"><img loading=\"lazy\" decoding=\"async\" src=\"http:\/\/waterlat.org\/pt\/wp-content\/uploads\/sites\/3\/2019\/09\/Tapa-Ivarsweb.jpg\" alt=\"\" width=\"207\" height=\"300\" class=\"alignnone size-medium wp-image-2744\" \/><\/a><\/p>\n<p> Jorge Daniel Ivars, <u> Agua, Poder, y Racionalizaci\u00f3n en la Provincia de Mendoza, Argentina <\/u>. Co-publicado en Newcastle upon Tyne, Reino Unido, Campina Grande, Para\u00edba, Brasil, Buenos Aires, Argentina, Guadalajara, M\u00e9xico y Alcal\u00e1 de Henares, Espa\u00f1a, por la Red WATERLAT-GOBACIT  (DOI: 10.5281\/zenodo.3956624), <a href=\"http:\/\/eduepb.uepb.edu.br\/e-books\/\"> Editora da Universidade Estadual da Para\u00edba (EDUEPB) (ISBN de Brasil: 978-85-7879-391-3 [impreso] y 978-85-7879-392-0  [E-book]<\/a>, <a href=\"http:\/\/www.ciccus.org.ar\/\"> Ediciones CICCUS (ISBN de Argentina: 978-987-693-785-6 [E-book]<\/a>, y <a href=\"http:\/\/www.unq.edu.ar\/\"> Universidad Nacional de Quilmes (UNQ)<\/a>, <a href=\"https:\/\/www.iteso.mx\"> Instituto Tecnol\u00f3gico de Estudios Superiores de Occidente (ITESO)<\/a> e <a href=\"https:\/\/ielat.com\">Instituto Universitario de Investigaci\u00f3n en Estudios Latinoamericanos (IELAT), Universidad de Alcal\u00e1<\/a>, [2019] 2a ed., 2020. <\/p>\n<p> Este libro es un producto de la <a href=\"https:\/\/waterlat.org\/es\/premio-waterlat-para-estudiantes\/premio-waterlat-gobacit-2015\/\"> Edici\u00f3n 2015 del Premio de Estudiantes (Doctorado)<\/a> de la Red WATERLAT-GOBACIT.<\/p>\n<p><i><a href=\"https:\/\/zenodo.org\/record\/3956624#invenio-csl\" class=\"desar\" style=\"color:#9ad3f9;\">Exportar Cita<\/a><\/i><br \/>\n<\/br><\/p>\n<h3>Descargar<\/h3>\n<p><a href=\"https:\/\/zenodo.org\/record\/3956624#.XiXTby3MxQI\" class=\"dw_pdf-full\" target=\"_blank\" rel=\"noopener noreferrer\"><i class=\"fa fa-file-pdf-o\" aria-hidden=\"true\" fa-3x><\/i> PDF <\/a><\/p>\n<p><a href=\"https:\/\/www.amazon.com\/racionalizaci\u00f3n-provincia-Mendoza-Argentina-Spanish-ebook\/dp\/B08246H223\/ref=sr_1_1?s=digital-text&#038;ie=UTF8&#038;qid=1519056067&#038;sr=1-1\" class=\"dw_pdf-full\" target=\"_blank \" rel=\"noopener noreferrer\"><i class=\"fa fa-amazon\"><\/i>Amazon<\/a><\/p>\n<p><a href=\"https:\/\/books.apple.com\/us\/book\/agua-poder-y-racionalizaci\u00f3n-en-la-provincia-mendoza\/id1494373013?ls=1\" class=\"dw_pdf-full\" target=\"_blank\" rel=\"noopener noreferrer\"><i class=\"fa fa-music\"><\/i>iTunes<\/a><\/p>\n<p><a href=\"https:\/\/play.google.com\/store\/books\/details?id=F9rIDwAAQBAJ\" class=\"dw_pdf-full\" target=\"_blank\" rel=\"noopener noreferrer\"><i class=\"fa fa-google\"><\/i>Google Play<\/a><\/p>\n<p><a href=\"https:\/\/books.google.com.mx\/books\/about?id=F9rIDwAAQBAJ&#038;redir_esc=y\" class=\"dw_pdf-full\" target=\"_blank\" rel=\"noopener noreferrer\"><i class=\"fa fa-book\"><\/i>Google Books<\/a><br \/>\n<\/br><\/p>\n<h3>Presentaciones del libro<\/h3>\n<p><a href=\"https:\/\/waterlat.org\/es\/diseminacion\/podcasts\/\">Agua, Poder, y Racionalizaci\u00f3n, Podcast 2, Serie Voces por el Agua, Alex Caldera y Jos\u00e9 Esteban Castro, con Jorge Daniel Ivars, DOI: 10.5072\/zenodo.414115.<\/a><\/p>\n<p><\/br><\/p>\n","protected":false},"excerpt":{"rendered":"<p>Jorge Daniel Ivars, Agua, Poder, y Racionalizaci\u00f3n en la Provincia de Mendoza, Argentina . Co-publicado en Newcastle upon Tyne, Reino Unido, Campina Grande, Para\u00edba, Brasil, Buenos Aires, Argentina, Guadalajara, M\u00e9xico y Alcal\u00e1 de Henares, Espa\u00f1a, por la Red WATERLAT-GOBACIT (DOI: 10.5281\/zenodo.3956624), Editora da Universidade Estadual da Para\u00edba (EDUEPB) (ISBN de Brasil: 978-85-7879-391-3 [impreso] y 978-85-7879-392-0 [&hellip;]<\/p>\n","protected":false},"author":3,"featured_media":0,"parent":22,"menu_order":0,"comment_status":"closed","ping_status":"closed","template":"page-templates\/full-width.php","meta":{"_acf_changed":false,"footnotes":""},"class_list":["post-3094","page","type-page","status-publish","hentry","wpautop"],"acf":[],"_links":{"self":[{"href":"https:\/\/waterlat.org\/es\/wp-json\/wp\/v2\/pages\/3094","targetHints":{"allow":["GET"]}}],"collection":[{"href":"https:\/\/waterlat.org\/es\/wp-json\/wp\/v2\/pages"}],"about":[{"href":"https:\/\/waterlat.org\/es\/wp-json\/wp\/v2\/types\/page"}],"author":[{"embeddable":true,"href":"https:\/\/waterlat.org\/es\/wp-json\/wp\/v2\/users\/3"}],"replies":[{"embeddable":true,"href":"https:\/\/waterlat.org\/es\/wp-json\/wp\/v2\/comments?post=3094"}],"version-history":[{"count":22,"href":"https:\/\/waterlat.org\/es\/wp-json\/wp\/v2\/pages\/3094\/revisions"}],"predecessor-version":[{"id":3552,"href":"https:\/\/waterlat.org\/es\/wp-json\/wp\/v2\/pages\/3094\/revisions\/3552"}],"up":[{"embeddable":true,"href":"https:\/\/waterlat.org\/es\/wp-json\/wp\/v2\/pages\/22"}],"wp:attachment":[{"href":"https:\/\/waterlat.org\/es\/wp-json\/wp\/v2\/media?parent=3094"}],"curies":[{"name":"wp","href":"https:\/\/api.w.org\/{rel}","templated":true}]}}