{"id":318,"date":"2014-01-25T13:09:21","date_gmt":"2014-01-25T13:09:21","guid":{"rendered":"http:\/\/waterlat.org\/es\/?page_id=318"},"modified":"2017-03-24T16:42:21","modified_gmt":"2017-03-24T16:42:21","slug":"waterlat-2014","status":"publish","type":"page","link":"https:\/\/waterlat.org\/es\/encuentros\/public-meetings\/waterlat-2014\/","title":{"rendered":"WATERLAT-GOBACIT VI, Manizales, 2014"},"content":{"rendered":"<p><a href=\"https:\/\/waterlat.org\/es\/wp-content\/uploads\/sites\/2\/2014\/06\/VIWATERLAT-1-re.jpg\"><img loading=\"lazy\" decoding=\"async\" class=\"aligncenter size-medium wp-image-1085\" src=\"https:\/\/waterlat.org\/es\/wp-content\/uploads\/sites\/2\/2014\/06\/VIWATERLAT-1-re-260x300.jpg\" alt=\"Logo\" width=\"260\" height=\"300\" srcset=\"https:\/\/waterlat.org\/es\/wp-content\/uploads\/sites\/2\/2014\/06\/VIWATERLAT-1-re-260x300.jpg 260w, https:\/\/waterlat.org\/es\/wp-content\/uploads\/sites\/2\/2014\/06\/VIWATERLAT-1-re-888x1024.jpg 888w, https:\/\/waterlat.org\/es\/wp-content\/uploads\/sites\/2\/2014\/06\/VIWATERLAT-1-re-624x719.jpg 624w, https:\/\/waterlat.org\/es\/wp-content\/uploads\/sites\/2\/2014\/06\/VIWATERLAT-1-re.jpg 1903w\" sizes=\"auto, (max-width: 260px) 100vw, 260px\" \/><\/a><\/p>\n<h2>Reuni\u00f3n Internacional de la Red WATERLAT-GOBACIT: \u201cAgua, violencia y utop\u00edas en Am\u00e9rica Latina y el Caribe. \u00bfCu\u00e1les son las prioridades para construir una pol\u00edtica h\u00eddrica igualitaria?\u201d<\/h2>\n<p>Universidad de Caldas, Manizales, Colombia, 27-31 de octubre de\u00a02014<\/p>\n<p>&nbsp;<\/p>\n<h2><a href=\"http:\/\/waterlat.org\/GeneralPDFs\/Programa VI Reunion.pdf\">Baje aqu\u00ed el Programa de la VI Reuni\u00f3n<\/a><\/h2>\n<p>&nbsp;<\/p>\n<p>&nbsp;<\/p>\n<h2>La VI Reuni\u00f3n de la Red concluy\u00f3 con una Declaraci\u00f3n y una serie de manifestaciones de apoyo y denuncia relacionados con eventos que recibieron consideraci\u00f3n durante las deliberaciones, que incluyeron:<\/h2>\n<p>1) Declaraci\u00f3n Final del Plenario de la VI Reuni\u00f3n de la Red WATERLAT-GOBACIT \u201cAgua, Violencia y Utop\u00edas. \u00bfCu\u00e1les son las prioridades para construir una pol\u00edtica h\u00eddrica igualitaria?\u201d<\/p>\n<p>2) <strong>Decisiones Estrat\u00e9gicas<\/strong><br \/>\nLa Red WATERLAT-GOBACIT y la Internacional de Servicios P\u00fablicos (ISP) acordaron establecer una alianza estrat\u00e9gica para el fortalecimiento mutuo de sus capacidades para confrontar las amenazas que afectan al proceso de democratizaci\u00f3n de la pol\u00edtica y la gesti\u00f3n del agua. Principalmente, se busca fortalecer la interacci\u00f3n entre los acad\u00e9micos, las organizaciones de trabajadores, del sector p\u00fablico, de movimientos sociales urbanos campesinos, ind\u00edgenas, y de la sociedad civil en general, particularmente en relaci\u00f3n a la investigaci\u00f3n, la educaci\u00f3n, y la intervenci\u00f3n pr\u00e1ctica en el campo de los servicios esenciales de agua y saneamiento, incluyendo su dimensi\u00f3n ecol\u00f3gico-ambiental.<br \/>\n<strong><a href=\"http:\/\/www.world-psi.org\/es\/isp-y-red-waterlat-gobacit-firman-alianza-estrategica-en-defensa-del-agua\">Ver aqu\u00ed la declaraci\u00f3n de la ISP sobre la alianza.<\/a><\/strong><br \/>\n3) Principales prioridades identificadas en la VI Reuni\u00f3n para la construcci\u00f3n de una pol\u00edtica h\u00eddrica igualitaria<\/p>\n<p>4) Declaraci\u00f3n en apoyo a la defensa del agua como bien com\u00fan, como bien p\u00fablico y como derecho humano en Colombia.<\/p>\n<p>5) Declaraci\u00f3n de solidaridad con el pueblo mexicano por la muerte y desaparici\u00f3n de estudiantes en el municipio de Iguala, Guerrero.<\/p>\n<p>6) Pronunciamiento Sobre la Problem\u00e1tica del Agua en Jalisco, M\u00e9xico: El Zapotillo. Vulneraci\u00f3n de los ciclos h\u00eddricos y la violaci\u00f3n a Derechos Humanos <span style=\"color: #000080;\"><strong>*<\/strong><\/span><\/p>\n<p>7) Manifesta\u00e7\u00e3o sobre a crise h\u00eddrica que afeta a Regi\u00e3o Metropolitana de S\u00e3o Paulo, outras cidades atendidas pela Companhia de Saneamento B\u00e1sico do Estado de S\u00e3o Paulo (SABESP), e outras \u00e1reas que se abastecem das mesmas fontes de \u00e1gua, em Brasil.<\/p>\n<p><a href=\"http:\/\/waterlat.org\/GeneralPDFs\/Declaracionfinal.pdf\">Acceda aqu\u00ed a la Declaraci\u00f3n Final completa de la VI Reuni\u00f3n<\/a><\/p>\n<p><span style=\"color: #000080;\"><strong>*<\/strong><\/span><br \/>\nVea <a href=\"http:\/\/waterlat.org\/GeneralPDFs\/Desplegado Milenio.pdf\">aqu\u00ed<\/a> la publicaci\u00f3n del Pronunciamiento en el peri\u00f3dico mexicano Milenio el 12 de noviembre de 2014. La publicaci\u00f3n tuvo el apoyo de las siguientes organizaciones:<br \/>\nAmigos de la Barranca, A.C., Amigos del Lago, Asociaci\u00f3n de Abogados A.C., Asociaci\u00f3n de Alumnos de la Universidad de Guadalajara sede San Juan de los Lagos, Asociaci\u00f3n de Arquitectos e Ingenieros A.C., Asociaci\u00f3n de Hoteles y Moteles A.C., Asociaci\u00f3n Ganadera Local de Jalostotitl\u00e1n, Asociaci\u00f3n Ganadera Local de San Juan de los Lagos, C\u00e1mara de Comercio y Servicios Tur\u00edsticos de San Juan de los Lagos, Centro de Investigaci\u00f3n y Formaci\u00f3n Social (CIFS-ITESO), Ciudadanos por el Medio Ambiente, Colegio de M\u00e9dicos del Estado de Jalisco A.C., Comit\u00e9 Ciudadano Pro Defensa Ambiental del Salto, Comit\u00e9 Pro Defensa de Arcediano, A.C., Consejo Regional para el Desarrollo Sustentable (CONREDES) A.C., Coordinadora 28 de Mayo, Deseos del Coraz\u00f3n A.C., Foro Ganadero de Jalisco, Fundaci\u00f3n Cuenca Lerma Chapala-Santiago, A. C., Instituto Mexicano para el Desarrollo Comunitario, A. C. (IMDEC), Parlamento de Colonias de la Zona Metropolitana de Guadalajara, A.C., Red WaterLat Gobacit, San Juanenses Unidos por el bien de todos A.C., Siempre Puedes Ayudar A.C., Silvicultores de los Altos, A.C., Tierra Viva A.C., Unidos x San Juan, Uni\u00f3n Regional de Porcicultores de Jalisco (URPJ), Universidad de Guadalajara (UdeG), Universidad del Valle de Atemajac (Univa), VIDA, A.C.<\/p>\n<hr \/>\n<p>Entrevista con Jos\u00e9 Esteban Castro en Radio Caldas FM, Programa Civismo en Acci\u00f3n, de la Sociedad para Mejoras P\u00fablicas de Manizales, 29 de octubre de 2014.<br \/>\n<iframe loading=\"lazy\" src=\"\/\/www.youtube.com\/embed\/nOqCST8Ile4?list=PLx6qphzdSP6tBqHoEebngiVdgXt1UvWqt\" width=\"560\" height=\"315\" frameborder=\"0\" allowfullscreen=\"allowfullscreen\"><\/iframe><br \/>\n<a href=\"https:\/\/soundcloud.com\/dialogosaberesambientales\/primer-boletin-informativo-waterlat-manizales-2014\">Escuche aqu\u00ed un Podcast de nuestro equipo local en Manizales<\/a><br \/>\n<a href=\"https:\/\/www.youtube.com\/watch?v=F0oDvX6fb20\">Vea aqu\u00ed un video clip de nuestro equipo local en Manizales<\/a><\/p>\n<p>&nbsp;<\/p>\n<p>\u00c1lbum fotogr\u00e1fico de la VI Reuni\u00f3n:<br \/>\n<object style=\"width: 629px; height: 414px;\" width=\"400\" height=\"300\" classid=\"clsid:d27cdb6e-ae6d-11cf-96b8-444553540000\" codebase=\"http:\/\/download.macromedia.com\/pub\/shockwave\/cabs\/flash\/swflash.cab#version=6,0,40,0\"><param name=\"flashvars\" value=\"offsite=true&amp;lang=en-us&amp;page_show_url=%2Fphotos%2F125391306%40N03%2Fsets%2F72157645214297873%2Fshow%2F&amp;page_show_back_url=%2Fphotos%2F125391306%40N03%2Fsets%2F72157645214297873%2F&amp;set_id=72157645214297873&amp;jump_to=\" \/><param name=\"allowFullScreen\" value=\"true\" \/><param name=\"src\" value=\"https:\/\/www.flickr.com\/apps\/slideshow\/show.swf?v=143270\" \/><param name=\"allowfullscreen\" value=\"true\" \/><embed style=\"width: 629px; height: 414px;\" width=\"400\" height=\"300\" type=\"application\/x-shockwave-flash\" src=\"https:\/\/www.flickr.com\/apps\/slideshow\/show.swf?v=143270\" flashvars=\"offsite=true&amp;lang=en-us&amp;page_show_url=%2Fphotos%2F125391306%40N03%2Fsets%2F72157645214297873%2Fshow%2F&amp;page_show_back_url=%2Fphotos%2F125391306%40N03%2Fsets%2F72157645214297873%2F&amp;set_id=72157645214297873&amp;jump_to=\" allowfullscreen=\"allowfullscreen\" allowfullscreen=\"allowfullscreen\" \/><\/object><\/p>\n<p>&nbsp;<\/p>\n<h2><strong>Organizaci\u00f3n:<\/strong><\/h2>\n<p><a href=\"http:\/\/waterlat.org\/wp-content\/uploads\/2014\/01\/universidad-de-caldas-logo-300x279.jpg\"><img loading=\"lazy\" decoding=\"async\" class=\"alignnone wp-image-1576\" src=\"http:\/\/waterlat.org\/wp-content\/uploads\/2014\/01\/universidad-de-caldas-logo-300x279.jpg\" alt=\"universidad-de-caldas-logo-300x279\" width=\"114\" height=\"106\" \/><\/a>\u00a0\u00a0\u00a0\u00a0 \u00a0<a href=\"http:\/\/waterlat.org\/wp-content\/uploads\/2014\/01\/newcastle_master_col.jpg\"><img loading=\"lazy\" decoding=\"async\" class=\"alignnone wp-image-1578\" src=\"http:\/\/waterlat.org\/wp-content\/uploads\/2014\/01\/newcastle_master_col-300x105.jpg\" alt=\"newcastle_master_col\" width=\"240\" height=\"84\" \/><\/a>\u00a0\u00a0\u00a0\u00a0\u00a0 <a href=\"http:\/\/waterlat.org\/wp-content\/uploads\/2014\/01\/UNC-Logo.jpg\"><img loading=\"lazy\" decoding=\"async\" class=\"alignnone wp-image-1577\" src=\"http:\/\/waterlat.org\/wp-content\/uploads\/2014\/01\/UNC-Logo-300x153.jpg\" alt=\"UNC Logo\" width=\"209\" height=\"107\" \/><\/a><\/p>\n<p>&nbsp;<\/p>\n<h2><strong>Apoyo:<\/strong><\/h2>\n<p><a href=\"http:\/\/waterlat.org\/wp-content\/uploads\/2014\/01\/ISP-Logo.gif\"><img loading=\"lazy\" decoding=\"async\" class=\"alignnone wp-image-1579 \" src=\"http:\/\/waterlat.org\/wp-content\/uploads\/2014\/01\/ISP-Logo.gif\" alt=\"ISP Logo\" width=\"153\" height=\"82\" \/><\/a><a href=\"http:\/\/waterlat.org\/wp-content\/uploads\/2014\/10\/Corpoenea.jpg\"><img loading=\"lazy\" decoding=\"async\" class=\"alignnone wp-image-1626\" src=\"http:\/\/waterlat.org\/wp-content\/uploads\/2014\/10\/Corpoenea-300x242.jpg\" alt=\"Corpoenea\" width=\"112\" height=\"90\" \/><\/a><a href=\"http:\/\/waterlat.org\/wp-content\/uploads\/2014\/10\/ElPot.jpg\"><img loading=\"lazy\" decoding=\"async\" class=\"alignnone wp-image-1627\" src=\"http:\/\/waterlat.org\/wp-content\/uploads\/2014\/10\/ElPot.jpg\" alt=\"ElPot\" width=\"137\" height=\"89\" \/><\/a><a href=\"http:\/\/waterlat.org\/wp-content\/uploads\/2014\/10\/Museo-e1412954863213.jpg\"><img loading=\"lazy\" decoding=\"async\" class=\"alignnone wp-image-1628\" src=\"http:\/\/waterlat.org\/wp-content\/uploads\/2014\/10\/Museo-300x49.jpg\" alt=\"Museo\" width=\"221\" height=\"36\" \/><\/a><br \/>\n<strong>________________________________________________________________________________________________________________________________________<\/strong><\/p>\n<p>La Reuni\u00f3n apoy\u00f3 la Campa\u00f1a Octubre Azul contra el control y la mercantilizaci\u00f3n del agua por parte de corporaciones privadas.<\/p>\n<p><a href=\"http:\/\/waterlat.org\/wp-content\/uploads\/2014\/06\/Octubre-Azul.jpg\"><img loading=\"lazy\" decoding=\"async\" class=\"alignnone wp-image-1381\" src=\"http:\/\/waterlat.org\/wp-content\/uploads\/2014\/06\/Octubre-Azul-300x151.jpg\" alt=\"Octubre Azul\" width=\"258\" height=\"130\" \/><\/a><\/p>\n<p>__________________________________________________________________________________________________________________________________<\/p>\n<p>Puede contactar a nuestra\u00a0<a href=\"mailto:redwaterlat@gmail.com\">Secretar\u00eda<\/a>\u00a0para solicitar\u00a0informaci\u00f3n sobre la reuni\u00f3n.<\/p>\n","protected":false},"excerpt":{"rendered":"<p>Reuni\u00f3n Internacional de la Red WATERLAT-GOBACIT: \u201cAgua, violencia y utop\u00edas en Am\u00e9rica Latina y el Caribe. \u00bfCu\u00e1les son las prioridades para construir una pol\u00edtica h\u00eddrica igualitaria?\u201d Universidad de Caldas, Manizales, Colombia, 27-31 de octubre de\u00a02014 &nbsp; Baje aqu\u00ed el Programa de la VI Reuni\u00f3n &nbsp; &nbsp; La VI Reuni\u00f3n de la Red concluy\u00f3 con una [&hellip;]<\/p>\n","protected":false},"author":3,"featured_media":0,"parent":19,"menu_order":0,"comment_status":"closed","ping_status":"open","template":"page-templates\/full-width.php","meta":{"_acf_changed":false,"footnotes":""},"class_list":["post-318","page","type-page","status-publish","hentry","wpautop"],"acf":[],"_links":{"self":[{"href":"https:\/\/waterlat.org\/es\/wp-json\/wp\/v2\/pages\/318","targetHints":{"allow":["GET"]}}],"collection":[{"href":"https:\/\/waterlat.org\/es\/wp-json\/wp\/v2\/pages"}],"about":[{"href":"https:\/\/waterlat.org\/es\/wp-json\/wp\/v2\/types\/page"}],"author":[{"embeddable":true,"href":"https:\/\/waterlat.org\/es\/wp-json\/wp\/v2\/users\/3"}],"replies":[{"embeddable":true,"href":"https:\/\/waterlat.org\/es\/wp-json\/wp\/v2\/comments?post=318"}],"version-history":[{"count":41,"href":"https:\/\/waterlat.org\/es\/wp-json\/wp\/v2\/pages\/318\/revisions"}],"predecessor-version":[{"id":2246,"href":"https:\/\/waterlat.org\/es\/wp-json\/wp\/v2\/pages\/318\/revisions\/2246"}],"up":[{"embeddable":true,"href":"https:\/\/waterlat.org\/es\/wp-json\/wp\/v2\/pages\/19"}],"wp:attachment":[{"href":"https:\/\/waterlat.org\/es\/wp-json\/wp\/v2\/media?parent=318"}],"curies":[{"name":"wp","href":"https:\/\/api.w.org\/{rel}","templated":true}]}}