{"id":1107,"date":"2014-11-05T15:24:45","date_gmt":"2014-11-05T15:24:45","guid":{"rendered":"http:\/\/waterlat.org\/pt\/?page_id=1107"},"modified":"2017-09-05T19:54:30","modified_gmt":"2017-09-05T19:54:30","slug":"premio-waterlat-gobacit-2014","status":"publish","type":"page","link":"https:\/\/waterlat.org\/pt\/waterlat-student-prize\/premio-waterlat-gobacit-2014\/","title":{"rendered":"Pr\u00eamio WATERLAT-GOBACIT 2014"},"content":{"rendered":"<p>A primeira chamada a postula\u00e7\u00f5es para o Pr\u00eamio WATERLAT-GOBACIT foi para teses e disserta\u00e7\u00f5es aprovadas entre o 1 de janeiro de 2012 e o 31 de dezembro de 2013 e foi fechada o 31 de janeiro de 2014. Foram apresentadas 12 postula\u00e7\u00f5es, 5 ao Pr\u00eamio de Mestrado e 7 ao Pr\u00eamio de Doutorado.<\/p>\n<p>Foi convocada uma Comiss\u00e3o Avaliadora composta de 15 acad\u00e9micas e acad\u00e9micos, que inclu\u00edram membros externos a Rede. Ao final de esta p\u00e1gina entrara os detalhes da Comiss\u00e3o Avaliadora.<\/p>\n<p>Houve dois ganhadores, e os trabalhos premiados ser\u00e3o publicados em forma de livro por um consorcio liderado pela Editora da Universidade Estadual da Para\u00edba (UEPB), Para\u00edba, Brasil. O anuncio do resultado ocorreu durante a <a href=\" https:\/\/waterlat.org\/pt\/encontros\/encontros-abertos\/waterlat-2014\/\">VI Reuni\u00e3o Anual da Rede WATERLAT-GOBACIT<\/a> que teve lugar do 27 ao 31 de outubro de 2014 em Manizales, Col\u00f4mbia.<\/p>\n<p>Dado que tivemos candidatos excelentes, a <a href=\"http:\/\/waterlat.org\/es\/publicaciones\/comision-de-publicaciones\/\">Comissao Editorial<\/a> decidiu convidar ao resto dos candidatos a enviar um artigo baseado nas teses e disserta\u00e7\u00f5es para sua publica\u00e7\u00e3o na S\u00e9rie Pr\u00eamio de Estudantes (SPREMIO) dos <a href=\" https:\/\/waterlat.org\/pt\/publicacoes\/working-papers-series\/\">Cadernos de Trabalho<\/a> da Rede. Os artigos foram publicados em Antonio Rodr\u00edguez S\u00e1nchez (Ed.), Cadernos de Trabalho da Rede WATERLAT-GOBACIT, Vol. 2, No 5, dezembro de 2015, <a href=\"http:\/\/waterlat.org\/WPapers\/WPSPREMIO25.pdf\">dispon\u00edvel aqui<\/a>.<\/p>\n<hr \/>\n<p>&nbsp;<\/p>\n<h3>O Pr\u00eamio<\/h3>\n<p><span style=\"text-decoration: underline;\">Pr\u00eamio Doctoral 2014<\/span><\/p>\n<p><strong>Alice Poma<\/strong>. T\u00edtulo da tese: \u201cConflictos ambientales y cambio cultural. Un an\u00e1lisis desde la perspectiva de los afectados\u201d. Doutorado em Ci\u00eancias Sociais, Universidade Pablo de Olavide, Sevilha, Espanha, 2012. <a href=\"http:\/\/waterlat.org\/Thesis\/TESIS_POMA.pdf\">Acesse aqui<\/a>.<\/p>\n<p><strong><a href=\"https:\/\/waterlat.org\/pt\/publicacoes\/livros\/defendendo\/\">Baixe aqui<\/a> <\/strong>o livro correspondente ao pr\u00eamio, que foi publicado como <span style=\"text-decoration: underline;\">Defendendo Territ\u00f3rio e Dignidade. Emo\u00e7\u00f5es e Mudan\u00e7a Cultural nas Lutas contra Barragens na Espanha e no M\u00e9xico<\/span> [em espanhol].<\/p>\n<p>&nbsp;<\/p>\n<p><span style=\"text-decoration: underline;\">Pr\u00eamio de Mestrado 2014<\/span><\/p>\n<p><strong>Alexandre S\u00e1vio Pereira Ramos<\/strong>. T\u00edtulo da disserta\u00e7\u00e3o: \u201cO Racionamento de \u00c1gua no Abastecimento Rural na Zona Da Mata De Pernambuco\u201d. Mestrado Profissional em Tecnologia Ambiental, Associa\u00e7\u00e3o Instituto de Tecnologia de Pernambuco, Recife, Brasil, 2012. <a href=\"http:\/\/waterlat.org\/es\/equipo\/publicaciones-de-miembros\/tesis\/documents\/dissertacaoalexandre.pdf \">Acesse aqui<\/a>.<\/p>\n<p>&nbsp;<\/p>\n<hr \/>\n<p>&nbsp;<\/p>\n<h3>Lista completa dos candidatos participantes<\/h3>\n<p><span style=\"text-decoration: underline;\">Pr\u00eamio Doctoral<\/span><\/p>\n<p><strong>Mar\u00eda Ang\u00e9lica Maciel Costa<\/strong>. T\u00edtulo da Tese: \u201cOs Fluxos da \u00c1gua na Metr\u00f3pole. Usos M\u00faltiplos e Gest\u00e3o Participativa na Ba\u00eda de Guanabara (RJ), Brasil\u201d. Doutorado em Planejamento Urbano e Regional, Universidade Federal de Rio de Janeiro, Rio de Janeiro, Brasil, 2013. <a href=\"http:\/\/waterlat.org\/Thesis\/MAMacielCosta.pdf\">Acesse aqui<\/a>.<\/p>\n<p><strong>Uende Aparecida Figueiredo Gomes<\/strong>. T\u00edtulo da Tese: \u201c\u00c1gua em Situa\u00e7\u00e3o de Escassez: \u00c1gua de Chuva para Quem?\u201d. Doutorado em Saneamento, Meio Ambiente e Recursos H\u00eddricos, Universidade Federal de Minas Gerais, Belo Horizonte, Brasil, 2012. <a href=\"http:\/\/waterlat.org\/Thesis\/Gomes.pdf\">Acesse aqui<\/a>.<\/p>\n<p><strong>Cicera Maria dos Santos Gomes<\/strong>. T\u00edtulo da Tese: \u201cNa Trilha da Ecologia Pol\u00edtica: a Constru\u00e7\u00e3o da Barragem de Pirapama e a Associa\u00e7\u00e3o Vanguarda Ecol\u00f3gica no munic\u00edpio do Cabo de Santo Agostinho\u201d. Doutorado em Servi\u00e7o Social, Universidade Federal de Pernambuco, Recife, Brasil, 2012. <a href=\"http:\/\/waterlat.org\/Thesis\/CiceraGomes.pdf\">Acesse aqui<\/a>.<\/p>\n<p><strong>Fernanda Mello Sant\u2019Anna<\/strong>. T\u00edtulo da Tese: \u201cGovernan\u00e7a Multi-Escalar dos Recursos H\u00eddricos Transfronteiri\u00e7os na Amaz\u00f4nia\u201d. Doutorado em Geografia Humana, Universidade de S\u00e3o Paulo, S\u00e3o Paulo, Brasil, 2013. <a href=\"http:\/\/www.teses.usp.br\/teses\/disponiveis\/8\/8136\/tde-07012014-102610\/pt-br.php\">Acesse aqui<\/a>.<\/p>\n<p><strong>Alice Poma<\/strong>. T\u00edtulo da Tese: \u201cConflictos ambientales y cambio cultural. Un an\u00e1lisis desde la perspectiva de los afectados\u201d. Doutorado em Ci\u00eancias Sociais, Universidade Pablo de Olavide, Sevilha, Espanha, 2012. <a href=\"http:\/\/waterlat.org\/Thesis\/TESIS_POMA.pdf\">Acesse aqui<\/a>.<\/p>\n<p><strong>Pilar Carolina Villar<\/strong>. T\u00edtulo da Tese: \u201cA Busca Pela Governan\u00e7a dos Aqu\u00edferos Transfronteiri\u00e7os e o Caso do Aqu\u00edfero Guarani\u201d. Doutorado Em Ci\u00eancia Ambiental, Universidade de S\u00e3o Paulo, S\u00e3o Paulo, Brasil, 2012. <a href=\"http:\/\/waterlat.org\/Thesis\/Villar.pdf\">Acesse aqui<\/a>.<\/p>\n<p><strong>Itzkuauhtli Zamora<\/strong>. T\u00edtulo da Tese: \u201cLos Puentes Rotos de la Acci\u00f3n Colectiva. Participaci\u00f3n Social en la Recuperaci\u00f3n de R\u00edos Urbanos. El Caso del R\u00edo Magdalena en la Ciudad de M\u00e9xico\u201d. Doctorado en Sociolog\u00eda, Facultad Latinoamericana de Ciencias Sociales (FLACSO), Sede Acad\u00e9mica M\u00e9xico, M\u00e9xico DF, M\u00e9xico, 2013. <a href=\"http:\/\/waterlat.org\/Thesis\/Tesis_DCS_IZamora.pdf\">Acesse aqui<\/a>.<\/p>\n<p>&nbsp;<\/p>\n<p><span style=\"text-decoration: underline;\">Pr\u00eamio de Mestrado<\/span><\/p>\n<p><strong>Mari Ximena Celis Barquera<\/strong>. T\u00edtulo da disserta\u00e7\u00e3o: \u201cLa Gobernanza del Agua en M\u00e9xico y la Cooperaci\u00f3n Internacional. Caso de Estudio en Xalapa y Tuxtla Guti\u00e9rrez 2009-2011\u201d. Maestr\u00eda en Cooperaci\u00f3n Internacional para el Desarrollo, Instituto de Investigaciones Dr. Jos\u00e9 Mar\u00eda Luis Mora, M\u00e9xico DF, M\u00e9xico, 2012. <a href=\"http:\/\/waterlat.org\/Thesis\/XimenaCelis.pdf\">Acesse aqui<\/a>.<\/p>\n<p><strong>Alexandre S\u00e1vio Pereira Ramos<\/strong>. T\u00edtulo da disserta\u00e7\u00e3o: \u201cO Racionamento de \u00c1gua no Abastecimento Rural na Zona Da Mata De Pernambuco\u201d. Mestrado Profissional em Tecnologia Ambiental, Associa\u00e7\u00e3o Instituto de Tecnologia de Pernambuco, Recife, Brasil, 2012. <a href=\"http:\/\/waterlat.org\/Thesis\/Rocha.pdf\">Acesse aqui<\/a>.<\/p>\n<p><strong>Hermelinda Maria Rocha Ferreira<\/strong>. T\u00edtulo da disserta\u00e7\u00e3o: \u201cInova\u00e7\u00f5es Sociot\u00e9cnicas do Saneamento Integrado em \u00c1reas Prec\u00e1rias da Cidade do Recife, Pernambuco\u201d. Mestrado Profissional em Tecnologia Ambiental, Associa\u00e7\u00e3o Instituto de Tecnologia de Pernambuco, Recife, Brasil, 2012. <a href=\"http:\/\/waterlat.org\/Thesis\/Rocha.pdf\">Acesse aqui<\/a><\/p>\n<p><strong>Dem\u00e9trius Rodrigues de Freitas Ferreira<\/strong>. T\u00edtulo da disserta\u00e7\u00e3o: \u201cPossibilidades e Limites da Gest\u00e3o Municipal do Saneamento no Recife Durante o Governo do PT (2001-2012)\u201d. Mestrado em Desenvolvimento Urbano. Universidade Federal de Pernambuco, Recife, Brasil, 2012. <a href=\"http:\/\/waterlat.org\/Thesis\/DemetriusRodrigues.pdf\">Acesse aqui<\/a>.<\/p>\n<p><strong>Mar\u00eda de los \u00c1ngeles Sol\u00e1 \u00c1lvarez<\/strong>. T\u00edtulo da disserta\u00e7\u00e3o: \u201cConflictos Socioambientales en Torno a La Megaminer\u00eda Metal\u00edfera a Cielo Abierto. El caso de Famatina, La Rioja, Argentina\u201d. Maestr\u00eda en Sociolog\u00eda. Universidade de Buenos Aires, Buenos Aires, Argentina, 2012. <a href=\"http:\/\/waterlat.org\/Thesis\/Sola Alvarez.pdf\">Acesse aqui<\/a>.<\/p>\n<p>&nbsp;<\/p>\n<hr \/>\n<h3>Comiss\u00e3o Avaliadora da Edi\u00e7\u00e3o 2014 do Pr\u00eamio WATERLAT-GOBACIT para Estudantes<\/h3>\n<p>Dra. Ana L\u00facia Britto, Universidade Federal de Rio de Janeiro (UFRJ), Brasil<br \/>\nDr. Alex Caldera, Universidad de Guanajuato, Le\u00f3n, Guanajuato, M\u00e9xico<br \/>\nDr. Pa\u00fal Cisneros, Instituto de Altos Estudios Nacionales (IAEN), Quito, Ecuador<br \/>\nDr. Luis Henrique Cunha, Universidade Federal de Campina Grande (UFCG), Para\u00edba, Brasil<br \/>\nDra. Marcionila Fernandes, Universidade Estadual da Para\u00edba (UEPB), Brasil<br \/>\nDr. Javier Gonzaga, Universidad de Caldas, Manizales, Colombia<br \/>\nDr. Alex Latta, Wilfrid Laurier University, Waterloo, Ontario, Canad\u00e1<br \/>\nDra. Telma Menicucci, Universidade Federal de Minas Gerais (UFMG), Belo Horizonte, Brasil<br \/>\nDr. Andr\u00e9 Monteiro, Centro de Pesquisas Aggeu Magalh\u00e3es (CPqAM), Funda\u00e7\u00e3o Oswaldo Cruz (Fiocruz), Recife, Brasil<br \/>\nDra. Helo\u00edsa Moura, Universidade Federal de Minas Gerais (UFMG), Belo Horizonte, Brasil<br \/>\nDr. Ra\u00fal Navarro, Escuela de Estudios Hispanoamericanos, Consejo Superior de Investigaciones Cient\u00edficas (CSIC), Sevilla, Espa\u00f1a<br \/>\nDra. Sonaly Rezende, Universidade Federal de Minas Gerais (UFMG), Belo Horizonte, Brasil<br \/>\nDra. Helena Ribeiro, Universidade de S\u00e3o Paulo (USP), Brasil<br \/>\nDra. Em\u00edlia Wanda Rutkowski, Universidade Estadual de Campinas (UNICAMP), S\u00e3o Paulo, Brasil<br \/>\nDra. Norma Valencio, Universidade Federal de S\u00e3o Paulo (sede S\u00e3o Carlos), e Universidade Federal de S\u00e3o Carlos, Brasil<\/p>\n<p>&nbsp;<\/p>\n<hr \/>\n<p>Para consultas ou comentarios referidos ao Pr\u00eamio WATERLAT-GOBACIT para Estudantes, por favor contatar a <a href=\"mailto:redwaterlat@gmail.com\">Secretar\u00eda<\/a> da Rede.<\/p>\n","protected":false},"excerpt":{"rendered":"<p>A primeira chamada a postula\u00e7\u00f5es para o Pr\u00eamio WATERLAT-GOBACIT foi para teses e disserta\u00e7\u00f5es aprovadas entre o 1 de janeiro de 2012 e o 31 de dezembro de 2013 e foi fechada o 31 de janeiro de 2014. Foram apresentadas 12 postula\u00e7\u00f5es, 5 ao Pr\u00eamio de Mestrado e 7 ao Pr\u00eamio de Doutorado. Foi convocada [&hellip;]<\/p>\n","protected":false},"author":3,"featured_media":0,"parent":249,"menu_order":0,"comment_status":"closed","ping_status":"closed","template":"page-templates\/full-width.php","meta":{"_acf_changed":false,"footnotes":""},"class_list":["post-1107","page","type-page","status-publish","hentry","wpautop"],"acf":[],"_links":{"self":[{"href":"https:\/\/waterlat.org\/pt\/wp-json\/wp\/v2\/pages\/1107","targetHints":{"allow":["GET"]}}],"collection":[{"href":"https:\/\/waterlat.org\/pt\/wp-json\/wp\/v2\/pages"}],"about":[{"href":"https:\/\/waterlat.org\/pt\/wp-json\/wp\/v2\/types\/page"}],"author":[{"embeddable":true,"href":"https:\/\/waterlat.org\/pt\/wp-json\/wp\/v2\/users\/3"}],"replies":[{"embeddable":true,"href":"https:\/\/waterlat.org\/pt\/wp-json\/wp\/v2\/comments?post=1107"}],"version-history":[{"count":10,"href":"https:\/\/waterlat.org\/pt\/wp-json\/wp\/v2\/pages\/1107\/revisions"}],"predecessor-version":[{"id":2318,"href":"https:\/\/waterlat.org\/pt\/wp-json\/wp\/v2\/pages\/1107\/revisions\/2318"}],"up":[{"embeddable":true,"href":"https:\/\/waterlat.org\/pt\/wp-json\/wp\/v2\/pages\/249"}],"wp:attachment":[{"href":"https:\/\/waterlat.org\/pt\/wp-json\/wp\/v2\/media?parent=1107"}],"curies":[{"name":"wp","href":"https:\/\/api.w.org\/{rel}","templated":true}]}}