{"id":116,"date":"2014-01-25T13:34:39","date_gmt":"2014-01-25T13:34:39","guid":{"rendered":"http:\/\/waterlat.org\/pt\/?page_id=116"},"modified":"2016-12-17T18:50:07","modified_gmt":"2016-12-17T18:50:07","slug":"waterlat-2010","status":"publish","type":"page","link":"https:\/\/waterlat.org\/pt\/encontros\/encontros-abertos\/waterlat-2010\/","title":{"rendered":"WATERLAT II, S\u00e3o Paulo, 2010"},"content":{"rendered":"<h2>Confer\u00eancia Internacional da Rede WATERLAT<\/h2>\n<h3>\u201cA tens\u00e3o entre justi\u00e7a ambiental e social em Am\u00e9rica Latina: o caso da gest\u00e3o da \u00e1gua\u201d<\/h3>\n<p>Memorial de Am\u00e9rica Latina, S\u00e3o Paulo, 25-27 Outubro de 2010<\/p>\n<p>Baixe aqui o <a href=\"http:\/\/waterlat.org\/wp-content\/uploads\/2014\/03\/Programa-WATERLAT-2010.pdf\">Programa da Confer\u00eancia <\/a>.<\/p>\n<p>Galeria de fotos do II Encontro Anual:<br \/>\n<object style=\"width: 621px; height: 404px;\" width=\"400\" height=\"300\" classid=\"clsid:d27cdb6e-ae6d-11cf-96b8-444553540000\" codebase=\"http:\/\/download.macromedia.com\/pub\/shockwave\/cabs\/flash\/swflash.cab#version=6,0,40,0\"><param name=\"flashvars\" value=\"offsite=true&amp;lang=en-us&amp;page_show_url=%2Fphotos%2F125391306%40N03%2Fsets%2F72157645039464448%2Fshow%2F&amp;page_show_back_url=%2Fphotos%2F125391306%40N03%2Fsets%2F72157645039464448%2F&amp;set_id=72157645039464448&amp;jump_to=\" \/><param name=\"allowFullScreen\" value=\"true\" \/><param name=\"src\" value=\"https:\/\/www.flickr.com\/apps\/slideshow\/show.swf?v=143270\" \/><param name=\"allowfullscreen\" value=\"true\" \/><embed style=\"width: 621px; height: 404px;\" width=\"400\" height=\"300\" type=\"application\/x-shockwave-flash\" src=\"https:\/\/www.flickr.com\/apps\/slideshow\/show.swf?v=143270\" flashvars=\"offsite=true&amp;lang=en-us&amp;page_show_url=%2Fphotos%2F125391306%40N03%2Fsets%2F72157645039464448%2Fshow%2F&amp;page_show_back_url=%2Fphotos%2F125391306%40N03%2Fsets%2F72157645039464448%2F&amp;set_id=72157645039464448&amp;jump_to=\" allowfullscreen=\"allowfullscreen\" allowfullscreen=\"allowfullscreen\" \/><\/object><\/p>\n<p>&nbsp;<\/p>\n<p>A Confer\u00eancia foi uma atividade da Rede WATERLAT. Ela foi co-organizada pela <a href=\"http:\/\/www.ncl.ac.uk\/gps\/\">School of Geography, Politics and Sociology<\/a>, Newcastle University, o <a href=\"http:\/\/www.iea.usp.br\/iea\/\">Instituto de Estudos Avan\u00e7ados<\/a> da Universidade de S\u00e3o Paulo e o Centro de Estudos Brasileiros para Am\u00e9rica Latina da Funda\u00e7\u00e3o Memorial da Am\u00e9rica Latina, com o apoio da <a href=\"http:\/\/www.memorial.sp.gov.br\/memorial\/AgendaDetalhe.do?agendaId=792\">C\u00e1tedra Memorial da Am\u00e9rica Latina da UNESCO<\/a>. O evento teve lugar no <a href=\"http:\/\/www.memorial.org.br\/\">Memorial da Am\u00e9rica Latina<\/a> em S\u00e3o Paulo.<\/p>\n","protected":false},"excerpt":{"rendered":"<p>Confer\u00eancia Internacional da Rede WATERLAT \u201cA tens\u00e3o entre justi\u00e7a ambiental e social em Am\u00e9rica Latina: o caso da gest\u00e3o da \u00e1gua\u201d Memorial de Am\u00e9rica Latina, S\u00e3o Paulo, 25-27 Outubro de 2010 Baixe aqui o Programa da Confer\u00eancia . Galeria de fotos do II Encontro Anual: &nbsp; A Confer\u00eancia foi uma atividade da Rede WATERLAT. Ela [&hellip;]<\/p>\n","protected":false},"author":1,"featured_media":0,"parent":19,"menu_order":0,"comment_status":"closed","ping_status":"open","template":"page-templates\/full-width.php","meta":{"_acf_changed":false,"footnotes":""},"class_list":["post-116","page","type-page","status-publish","hentry","wpautop"],"acf":[],"_links":{"self":[{"href":"https:\/\/waterlat.org\/pt\/wp-json\/wp\/v2\/pages\/116","targetHints":{"allow":["GET"]}}],"collection":[{"href":"https:\/\/waterlat.org\/pt\/wp-json\/wp\/v2\/pages"}],"about":[{"href":"https:\/\/waterlat.org\/pt\/wp-json\/wp\/v2\/types\/page"}],"author":[{"embeddable":true,"href":"https:\/\/waterlat.org\/pt\/wp-json\/wp\/v2\/users\/1"}],"replies":[{"embeddable":true,"href":"https:\/\/waterlat.org\/pt\/wp-json\/wp\/v2\/comments?post=116"}],"version-history":[{"count":8,"href":"https:\/\/waterlat.org\/pt\/wp-json\/wp\/v2\/pages\/116\/revisions"}],"predecessor-version":[{"id":1782,"href":"https:\/\/waterlat.org\/pt\/wp-json\/wp\/v2\/pages\/116\/revisions\/1782"}],"up":[{"embeddable":true,"href":"https:\/\/waterlat.org\/pt\/wp-json\/wp\/v2\/pages\/19"}],"wp:attachment":[{"href":"https:\/\/waterlat.org\/pt\/wp-json\/wp\/v2\/media?parent=116"}],"curies":[{"name":"wp","href":"https:\/\/api.w.org\/{rel}","templated":true}]}}