{"id":1410,"date":"2015-12-11T17:44:17","date_gmt":"2015-12-11T17:44:17","guid":{"rendered":"http:\/\/waterlat.org\/pt\/?page_id=1410"},"modified":"2017-07-02T13:49:07","modified_gmt":"2017-07-02T13:49:07","slug":"waterlat-gobacit-viii-san-jose-2017","status":"publish","type":"page","link":"https:\/\/waterlat.org\/pt\/encontros\/encontros-abertos\/waterlat-gobacit-viii-san-jose-2017\/","title":{"rendered":"WATERLAT-GOBACIT VIII, San Jos\u00e9, 2017"},"content":{"rendered":"<p style=\"text-align: center;\"><a href=\"https:\/\/waterlat.org\/pt\/wp-content\/uploads\/sites\/3\/2015\/12\/LOGOSPt.jpg\"><img loading=\"lazy\" decoding=\"async\" class=\" wp-image-1638 aligncenter\" src=\"https:\/\/waterlat.org\/pt\/wp-content\/uploads\/sites\/3\/2015\/12\/LOGOSPt-300x168.jpg\" alt=\"LOGOSPt\" width=\"432\" height=\"242\" srcset=\"https:\/\/waterlat.org\/pt\/wp-content\/uploads\/sites\/3\/2015\/12\/LOGOSPt-300x168.jpg 300w, https:\/\/waterlat.org\/pt\/wp-content\/uploads\/sites\/3\/2015\/12\/LOGOSPt-624x351.jpg 624w, https:\/\/waterlat.org\/pt\/wp-content\/uploads\/sites\/3\/2015\/12\/LOGOSPt.jpg 960w\" sizes=\"auto, (max-width: 432px) 100vw, 432px\" \/><\/a><br \/>\n<a href=\"https:\/\/waterlat.org\/pt\/encontros\/encontros-abertos\/waterlat-gobacit-viii-san-jose-2017\/logo\/\">Leia aqui sobre a fonte de inspira\u00e7\u00e3o de nosso logo<\/a><\/p>\n<p>&nbsp;<\/p>\n<h2 style=\"text-align: center;\"><span style=\"color: #0000ff;\">\u00c1gua, poder e impunidade: resist\u00eancias sociais e alternativas emergentes na constru\u00e7\u00e3o de pol\u00edticas da \u00e1gua igualit\u00e1rias e inclusivas<\/span><\/h2>\n<p style=\"text-align: center;\"><a href=\"http:\/\/www.uned.ac.cr\/\">Universidade Estadual a Dist\u00e2ncia (UNED)<\/a><a href=\"&lt;a href=\">, San Jose, Costa Rica, 3-7 Abril 2017<\/a><\/p>\n<p>&nbsp;<\/p>\n<p style=\"text-align: center;\"><strong><em>O tema da VIII Reuni\u00e3o foi escolhida em mem\u00f3ria das v\u00edtimas da repress\u00e3o e assassinatos por defender o direito ao acesso igualit\u00e1rio a fontes de \u00e1gua, aos servi\u00e7os h\u00eddricos, e prote\u00e7\u00e3o contra impactos derivados dos riscos e amea\u00e7as s\u00f3cio-naturais relacionadas.<\/em><\/strong><\/p>\n<h3> Declara\u00e7\u00e3o do VIII Encontro Internacional<\/h3>\n<p>O documento inclui uma Declara\u00e7\u00e3o Geral, complementada por quatro Declara\u00e7\u00f5es espec\u00edficas para os casos de Costa Rica, Brasil, Col\u00f4mbia e M\u00e9xico.<\/p>\n<h3><a href=\"https:\/\/waterlat.org\/pt\/encontros\/encontros-abertos\/justificacao\/\">Veja aqui a Declara\u00e7\u00e3o completa do VIII Encontro Internacional<\/a><\/h3>\n<h3>V\u00eddeos de sess\u00f5es e entrevistas do VIII Encontro<\/h3>\n<p><iframe loading=\"lazy\" width=\"560\" height=\"315\" src=\"https:\/\/www.youtube.com\/embed\/videoseries?list=PLx6qphzdSP6vVxuxrOo11nRJxKf0s6KjV\" frameborder=\"0\" allowfullscreen><\/iframe><br \/>\n&nbsp;<\/p>\n<hr \/>\n<h3><a href=\"http:\/\/www.ondauned.com\/transmision.php?ou=1165\">Veja aqui os v\u00eddeos da transmiss\u00e3o em vivo das mesas plen\u00e1rias do VIII Encontro Internacional (em espanhol) pela Onda UNED<\/a><\/h3>\n<hr \/>\n<h3><a href=\"http:\/\/waterlat.org\/GeneralPDFs\/ProgramaVIIIReunion.pdf\">Baixe aqui o Programa do VIII Encontro Internacional (em espanhol)<\/a><\/h3>\n<p>&nbsp;<\/p>\n<hr \/>\n<p>O Encontro foi organizado conjuntamente pela Rede WATERLAT-GOBACIT e o Centro de Pesquisa sobre Cultura e Desenvolvimento (CICDE) da UNED, com o apoio da\u00a0Internacional de Servi\u00e7os P\u00fablicos (ISP), da Associa\u00e7\u00e3o Nacional de Funcion\u00e1rios P\u00fablicos e Privados de\u00a0Costa Rica (ANEP), a Comiss\u00e3o de \u00c1gua e Esgotamento Sanit\u00e1rio (CAS), Conselho Nacional de Reitores (CONARE) de Costa Rica, e o Instituto Costarricense de \u00c1gua e Esgotamento Sanit\u00e1rio (AyA).<\/p>\n<p><a href=\"https:\/\/waterlat.org\/pt\/wp-content\/uploads\/sites\/3\/2015\/12\/WATERLAT-DOS-LINEAS.jpg\"><img loading=\"lazy\" decoding=\"async\" class=\"alignnone wp-image-1693\" src=\"https:\/\/waterlat.org\/pt\/wp-content\/uploads\/sites\/3\/2015\/12\/WATERLAT-DOS-LINEAS-300x105.jpg\" alt=\"waterlat-dos-lineas\" width=\"160\" height=\"56\" srcset=\"https:\/\/waterlat.org\/pt\/wp-content\/uploads\/sites\/3\/2015\/12\/WATERLAT-DOS-LINEAS-300x105.jpg 300w, https:\/\/waterlat.org\/pt\/wp-content\/uploads\/sites\/3\/2015\/12\/WATERLAT-DOS-LINEAS-768x269.jpg 768w, https:\/\/waterlat.org\/pt\/wp-content\/uploads\/sites\/3\/2015\/12\/WATERLAT-DOS-LINEAS-1024x359.jpg 1024w, https:\/\/waterlat.org\/pt\/wp-content\/uploads\/sites\/3\/2015\/12\/WATERLAT-DOS-LINEAS-624x219.jpg 624w, https:\/\/waterlat.org\/pt\/wp-content\/uploads\/sites\/3\/2015\/12\/WATERLAT-DOS-LINEAS.jpg 1419w\" sizes=\"auto, (max-width: 160px) 100vw, 160px\" \/><\/a>\u00a0<a href=\"https:\/\/waterlat.org\/pt\/wp-content\/uploads\/sites\/3\/2015\/12\/Logo-Alpha-UNED.jpg\"><img loading=\"lazy\" decoding=\"async\" class=\"alignnone wp-image-1691\" src=\"https:\/\/waterlat.org\/pt\/wp-content\/uploads\/sites\/3\/2015\/12\/Logo-Alpha-UNED-300x300.jpg\" alt=\"logo-alpha-uned\" width=\"94\" height=\"94\" srcset=\"https:\/\/waterlat.org\/pt\/wp-content\/uploads\/sites\/3\/2015\/12\/Logo-Alpha-UNED-300x300.jpg 300w, https:\/\/waterlat.org\/pt\/wp-content\/uploads\/sites\/3\/2015\/12\/Logo-Alpha-UNED-150x150.jpg 150w, https:\/\/waterlat.org\/pt\/wp-content\/uploads\/sites\/3\/2015\/12\/Logo-Alpha-UNED.jpg 390w\" sizes=\"auto, (max-width: 94px) 100vw, 94px\" \/><\/a>\u00a0<a href=\"https:\/\/waterlat.org\/pt\/wp-content\/uploads\/sites\/3\/2015\/12\/logo_cicde.jpg\"><img loading=\"lazy\" decoding=\"async\" class=\"alignnone wp-image-1703\" src=\"https:\/\/waterlat.org\/pt\/wp-content\/uploads\/sites\/3\/2015\/12\/logo_cicde-270x300.jpg\" alt=\"logo_cicde\" width=\"84\" height=\"93\" srcset=\"https:\/\/waterlat.org\/pt\/wp-content\/uploads\/sites\/3\/2015\/12\/logo_cicde-270x300.jpg 270w, https:\/\/waterlat.org\/pt\/wp-content\/uploads\/sites\/3\/2015\/12\/logo_cicde-768x853.jpg 768w, https:\/\/waterlat.org\/pt\/wp-content\/uploads\/sites\/3\/2015\/12\/logo_cicde-922x1024.jpg 922w, https:\/\/waterlat.org\/pt\/wp-content\/uploads\/sites\/3\/2015\/12\/logo_cicde-624x693.jpg 624w, https:\/\/waterlat.org\/pt\/wp-content\/uploads\/sites\/3\/2015\/12\/logo_cicde.jpg 1614w\" sizes=\"auto, (max-width: 84px) 100vw, 84px\" \/><\/a><\/p>\n<p><a href=\"http:\/\/waterlat.org\/wp-content\/uploads\/2015\/09\/ISP-Logo.gif\"><img loading=\"lazy\" decoding=\"async\" class=\"alignnone wp-image-2032\" src=\"http:\/\/waterlat.org\/wp-content\/uploads\/2015\/09\/ISP-Logo.gif\" alt=\"ISP Logo\" width=\"105\" height=\"57\" \/><\/a>\u00a0<a href=\"http:\/\/waterlat.org\/wp-content\/uploads\/2015\/12\/ANEP.jpg\"><img loading=\"lazy\" decoding=\"async\" class=\"alignnone wp-image-3541\" src=\"http:\/\/waterlat.org\/wp-content\/uploads\/2015\/12\/ANEP-300x300.jpg\" alt=\"\" width=\"71\" height=\"71\" \/><\/a> <a href=\"http:\/\/waterlat.org\/wp-content\/uploads\/2017\/03\/conare1.png\"><img loading=\"lazy\" decoding=\"async\" class=\"alignnone wp-image-3439\" src=\"http:\/\/waterlat.org\/wp-content\/uploads\/2017\/03\/conare1.png\" alt=\"\" width=\"82\" height=\"69\" \/><\/a> <a href=\"http:\/\/waterlat.org\/wp-content\/uploads\/2015\/12\/Logo-AyA-of1.jpg\"><img loading=\"lazy\" decoding=\"async\" class=\"alignnone wp-image-3545\" src=\"http:\/\/waterlat.org\/wp-content\/uploads\/2015\/12\/Logo-AyA-of1-300x292.jpg\" alt=\"\" width=\"73\" height=\"71\" \/><\/a><\/p>\n<p>&nbsp;<\/p>\n<h3><a href=\"https:\/\/waterlat.org\/pt\/encontros\/encontros-abertos\/waterlat-gobacit-viii-san-jose-2017\/equipe\/\">Veja aqui os detalhes sobre a Coordena\u00e7\u00e3o Geral do VIII Encontro Internacional<\/a><\/h3>\n<hr \/>\n<p>&nbsp;<\/p>\n<p>Visite o album fotogr\u00e1fico do VIII Encontro Internacional:<\/p>\n<p><a data-flickr-embed=\"true\"  href=\"https:\/\/www.flickr.com\/photos\/125391306@N03\/albums\/72157659865473473\" title=\"VIII Reuni\u00f3n de la Red WATERLAT-GOBACIT\"><img loading=\"lazy\" decoding=\"async\" src=\"https:\/\/c1.staticflickr.com\/3\/2834\/33905585701_34257f9c02_k.jpg\" width=\"2048\" height=\"1365\" alt=\"VIII Reuni\u00f3n de la Red WATERLAT-GOBACIT\"><\/a><script async src=\"\/\/embedr.flickr.com\/assets\/client-code.js\" charset=\"utf-8\"><\/script><\/p>\n<p>&nbsp;<\/p>\n","protected":false},"excerpt":{"rendered":"<p>Leia aqui sobre a fonte de inspira\u00e7\u00e3o de nosso logo &nbsp; \u00c1gua, poder e impunidade: resist\u00eancias sociais e alternativas emergentes na constru\u00e7\u00e3o de pol\u00edticas da \u00e1gua igualit\u00e1rias e inclusivas Universidade Estadual a Dist\u00e2ncia (UNED), San Jose, Costa Rica, 3-7 Abril 2017 &nbsp; O tema da VIII Reuni\u00e3o foi escolhida em mem\u00f3ria das v\u00edtimas da repress\u00e3o [&hellip;]<\/p>\n","protected":false},"author":3,"featured_media":0,"parent":19,"menu_order":0,"comment_status":"closed","ping_status":"closed","template":"page-templates\/full-width.php","meta":{"_acf_changed":false,"footnotes":""},"class_list":["post-1410","page","type-page","status-publish","hentry","wpautop"],"acf":[],"_links":{"self":[{"href":"https:\/\/waterlat.org\/pt\/wp-json\/wp\/v2\/pages\/1410","targetHints":{"allow":["GET"]}}],"collection":[{"href":"https:\/\/waterlat.org\/pt\/wp-json\/wp\/v2\/pages"}],"about":[{"href":"https:\/\/waterlat.org\/pt\/wp-json\/wp\/v2\/types\/page"}],"author":[{"embeddable":true,"href":"https:\/\/waterlat.org\/pt\/wp-json\/wp\/v2\/users\/3"}],"replies":[{"embeddable":true,"href":"https:\/\/waterlat.org\/pt\/wp-json\/wp\/v2\/comments?post=1410"}],"version-history":[{"count":40,"href":"https:\/\/waterlat.org\/pt\/wp-json\/wp\/v2\/pages\/1410\/revisions"}],"predecessor-version":[{"id":2184,"href":"https:\/\/waterlat.org\/pt\/wp-json\/wp\/v2\/pages\/1410\/revisions\/2184"}],"up":[{"embeddable":true,"href":"https:\/\/waterlat.org\/pt\/wp-json\/wp\/v2\/pages\/19"}],"wp:attachment":[{"href":"https:\/\/waterlat.org\/pt\/wp-json\/wp\/v2\/media?parent=1410"}],"curies":[{"name":"wp","href":"https:\/\/api.w.org\/{rel}","templated":true}]}}