{"id":1482,"date":"2016-04-25T15:15:35","date_gmt":"2016-04-25T15:15:35","guid":{"rendered":"http:\/\/waterlat.org\/pt\/?page_id=1482"},"modified":"2023-05-26T19:32:56","modified_gmt":"2023-05-26T19:32:56","slug":"cadernos-de-trabalho-da-at6","status":"publish","type":"page","link":"https:\/\/waterlat.org\/pt\/areas-tematicas\/at6\/cadernos-de-trabalho-da-at6\/","title":{"rendered":"Cadernos de Trabalho da AT6"},"content":{"rendered":"A AT6 tem uma S\u00e9rie dentro dos Cadernos de Trabalho da Rede WATERLAT-GOBACIT: Serie \u00c1reas Tem\u00e1ticas, AT6 Bacias e Territ\u00f3rios Hidrosociais.A AT tamb\u00e9m  tem  publicado n\u00fameros dos Cadernos de Trabaho conjuntamente com outras \u00c1reas Tem\u00e1ticas sobre temas de interesse comum.\r\n\r\n\r\n<h2><\/h2>\r\n<a href=\"https:\/\/waterlat.org\/wp-content\/uploads\/2023\/05\/Tapa-SATCTH21.jpg\"><img loading=\"lazy\" decoding=\"async\" class=\"alignnone size-medium wp-image-2717\" src=\"https:\/\/waterlat.org\/wp-content\/uploads\/2023\/05\/Tapa-SATCTH21.jpg\" alt=\"Tapa WPSATAM22\" width=\"212\" height=\"300\" \/><\/a>.\r\n<h2><\/h2>\r\n<b>Imposici\u00f3n, resistencia, y alternativas ante una crisis inter-regional del agua en M\u00e9xico: proyecto El Zapotillo.<\/b>(em espa\u00f1ol). Editado  por H. Ochoa-Garcia, com artigos de   H. Ochoa-Garcia, Familia Ju\u00e1rez Garc\u00eda-Comit\u00e9 Salvemos Temacapul\u00edn, Acasico y Palmarejo, A. Copitzy G\u00f3mez Fuentes, C. G\u00f3mez Godoy, G. Espinoza Sauceda, A. Rodr\u00edguez S\u00e1nchez, A. R. Caldera Ortega, D. Tagle Zamora, A. Hern\u00e1ndez Garc\u00eda, A. Sandoval Moreno, A.Kachadourian Marras, J. J. Carrillo Rivera, M.Llano V\u00e1zquez Prada e R. Mart\u00ednez Velarde. \r\n\r\nVol. 2 No 1, julho de  2015. <a href=\"https:\/\/waterlat.org\/WPapers\/WPSATCTH21.pdf\">Baixar aqu\u00ed o n\u00famero<\/a>.\r\n<h2><\/h2>\r\n<a href=\"https:\/\/waterlat.org\/wp-content\/uploads\/2019\/12\/CoverVol6No1.jpg\"><img loading=\"lazy\" decoding=\"async\" class=\"alignnone size-medium wp-image-2717\" src=\"https:\/\/waterlat.org\/wp-content\/uploads\/2019\/12\/CoverVol6No1.jpg\" alt=\"Tapa WPSATAM22\" width=\"212\" height=\"300\" \/><\/a>.\r\n<h2><\/h2>\r\n<b>Pesca artesanal y patrimonio cultural: conflictos territoriales, resistencias y transformaci\u00f3n social en Colombia, Espa\u00f1a y M\u00e9xico<\/b>(em espa\u00f1ol). Editado por J.E. Castro, Organizado por A. Sandoval Moreno e A. Rodr\u00edguez S\u00e1nchez, com artigos de D. Moreno-Mu\u00f1oz, R. Garc\u00eda-Mar\u00edn, A. Sandoval Moreno, A. Hern\u00e1ndez Garc\u00eda, M. D\u00edaz-Cano e E. A. L\u00f3pez-Barrera. \r\n\r\nVol. 6 No 1, mar\u00e7o de 2019. <a href=\"https:\/\/waterlat.org\/working-papers-series\/volume-6-2019\/vol-6-no-1\/\">Baixar aqu\u00ed o n\u00famero<\/a>.\r\n<h2><\/h2>\r\n\r\n<a href=\"cover   http:\/\/waterlat.org\/wp-content\/uploads\/2023\/05\/Tapa-9.2.jpg\"><img loading=\"lazy\" decoding=\"async\" class=\"alignnone size-medium wp-image-2717\" src=\"http:\/\/waterlat.org\/wp-content\/uploads\/2023\/05\/Tapa-9.2.jpg\" alt=\"Tapa WPSATAM22\" width=\"212\" height=\"300\" \/><\/a>.\r\n<h2><\/h2>\r\n\r\n<h2><\/h2>\r\n<b>Transgress\u00f5es p\u00fablico-privadas em  pol\u00edticas p\u00fablicas relacionadas com a \u00e1gua  e seu impacto em  espa\u00e7os, territ\u00f3rios e bacias hidro sociais. Li\u00e7\u00f5es de Argentina, Brasil e M\u00e9xico<\/b>(em espa\u00f1ol e portugu\u00eas).\r\nN\u00famero conjunto con <a href=\"https:\/\/waterlat.org\/pt\/areas-tematicas\/at9-agua-e-producao\/\">\u00c1reaTem\u00e1tica 9 AT9 &#8211; \u00c1gua e  Produ\u00e7\u00e3o<\/a>. Editado por J.E. Castro, com artigos de L. Romero Navarrete, A. Rodr\u00edguez S\u00e1nchez, N. Dias Tadeu, A. C. Sanches Baptista, I. Penha de Oliveira Santos, e R. Larsimont. \r\n<h2><\/h2>\r\nVol. 9 No 2, junho de 2022. <a href=\"https:\/\/waterlat.org\/pt\/working-papers-series\/volume-9-2022\/vol9-no-2\/ \">Baixar aqu\u00ed o n\u00famero<\/a>.\r\n\r\n<a href=\"https:\/\/waterlat.org\/pt\/areas-tematicas\/at6\/\">Voltar \u00e0 Apresenta\u00e7\u00e3o da AT6<\/a>","protected":false},"excerpt":{"rendered":"A AT6 tem uma S\u00e9rie dentro dos Cadernos de Trabalho da Rede WATERLAT-GOBACIT: Serie \u00c1reas Tem\u00e1ticas, AT6 Bacias e Territ\u00f3rios Hidrosociais.A AT tamb\u00e9m tem publicado n\u00fameros dos Cadernos de Trabaho conjuntamente com outras \u00c1reas Tem\u00e1ticas sobre temas de interesse comum. . Imposici\u00f3n, resistencia, y alternativas ante una crisis inter-regional del agua en M\u00e9xico: proyecto El [&hellip;]","protected":false},"author":3,"featured_media":0,"parent":1478,"menu_order":0,"comment_status":"closed","ping_status":"closed","template":"page-templates\/full-width.php","meta":{"_acf_changed":false,"footnotes":""},"class_list":["post-1482","page","type-page","status-publish","hentry","no-wpautop"],"acf":[],"_links":{"self":[{"href":"https:\/\/waterlat.org\/pt\/wp-json\/wp\/v2\/pages\/1482","targetHints":{"allow":["GET"]}}],"collection":[{"href":"https:\/\/waterlat.org\/pt\/wp-json\/wp\/v2\/pages"}],"about":[{"href":"https:\/\/waterlat.org\/pt\/wp-json\/wp\/v2\/types\/page"}],"author":[{"embeddable":true,"href":"https:\/\/waterlat.org\/pt\/wp-json\/wp\/v2\/users\/3"}],"replies":[{"embeddable":true,"href":"https:\/\/waterlat.org\/pt\/wp-json\/wp\/v2\/comments?post=1482"}],"version-history":[{"count":9,"href":"https:\/\/waterlat.org\/pt\/wp-json\/wp\/v2\/pages\/1482\/revisions"}],"predecessor-version":[{"id":3836,"href":"https:\/\/waterlat.org\/pt\/wp-json\/wp\/v2\/pages\/1482\/revisions\/3836"}],"up":[{"embeddable":true,"href":"https:\/\/waterlat.org\/pt\/wp-json\/wp\/v2\/pages\/1478"}],"wp:attachment":[{"href":"https:\/\/waterlat.org\/pt\/wp-json\/wp\/v2\/media?parent=1482"}],"curies":[{"name":"wp","href":"https:\/\/api.w.org\/{rel}","templated":true}]}}