{"id":1616,"date":"2016-08-26T10:04:26","date_gmt":"2016-08-26T10:04:26","guid":{"rendered":"http:\/\/waterlat.org\/pt\/?page_id=1616"},"modified":"2023-05-22T18:51:56","modified_gmt":"2023-05-22T18:51:56","slug":"ta2-working-papers","status":"publish","type":"page","link":"https:\/\/waterlat.org\/pt\/areas-tematicas\/at2\/ta2-working-papers\/","title":{"rendered":"Cadernos de Trabalho da AT2"},"content":{"rendered":"A AT2 tem uma S\u00e9rie dentro dos <a href=\"http:\/\/waterlat.org\/publications\/working-papers-series\/\">Cadernos de Trabalho da Rede WATERLAT-GOBACIT<\/a>: Serie \u00c1reas Tem\u00e1ticas, AT2 \u00c1gua e Megaprojetos.\r\nA AT tamb\u00e9m  tem  publicado n\u00fameros dos Cadernos de Trabaho conjuntamente com outras \u00c1reas Tem\u00e1ticas sobre temas de interesse comum.\r\n<h2><\/h2>\r\n<a href=\"http:\/\/waterlat.org\/wp-content\/uploads\/2016\/07\/Tapa-WPSATAM22.jpg\"><img loading=\"lazy\" decoding=\"async\" class=\"alignnone size-medium wp-image-2717\" src=\"http:\/\/waterlat.org\/wp-content\/uploads\/2016\/07\/Tapa-WPSATAM22-212x300.jpg\" alt=\"Tapa WPSATAM22\" width=\"212\" height=\"300\" \/><\/a>\u00a0\r\n<h2><\/h2>\r\nVol 2 No 2, julho de 2015, Editado por  A. Latta y V. Ibarra, com  R. Larsimont, J. D. Ivars, A. Zhouri, G. A. Mu\u00f1oz Gaviria, e A.C. Gomez Fuentes.<a href=\"https:\/\/waterlat.org\/WPapers\/WPSATAM22.pdf\">Baixe aqui o n\u00famero<\/a>. \r\n<h2><\/h2>\r\n\r\n<a href=\"http:\/\/waterlat.org\/wp-content\/uploads\/2016\/07\/Tapa-WPSATAM218.jpg\"><img loading=\"lazy\" decoding=\"async\" class=\"alignnone size-medium wp-image-2718\" src=\"http:\/\/waterlat.org\/wp-content\/uploads\/2016\/07\/Tapa-WPSATAM218-212x300.jpg\" alt=\"Tapa WPSATAM218\" width=\"212\" height=\"300\" \/><\/a>\r\nVol 2 No 18, dezembro de  2015, Editado por  A. Poma e  T. Gravante, com  J. Regalado, L. Santana Belmont, A. G. H. Hern\u00e1ndez, S. Herrera Rivera, A. Ramos e J. Casillas.<a href=\"https:\/\/waterlat.org\/WPapers\/WPSATAM218.pdf\">Baixe aqui o n\u00famero<\/a>. \r\n\r\n<h2><\/h2>\r\n&nbsp;\r\n<a href=\"https:\/\/waterlat.org\/wp-content\/uploads\/2020\/07\/Tapa64.jpg\"><img loading=\"lazy\" decoding=\"async\" class=\"alignnone size-medium wp-image-2718\" src=\"http:\/\/waterlat.org\/wp-content\/uploads\/2016\/07\/Tapa-WPSATAM218-212x300.jpg\" alt=\"Tapa WPSATAM218\" width=\"212\" height=\"300\" \/><\/a>\r\n<h2><\/h2>\r\nVol 6 No 4, dezembro de 2019, Editadopor G. A. Rausch, E. Gomes de Souza Junior, e S.Texeira, com F. A. Pizarro, A. Garcia-Carmona, e J. Gonzaga Valencia Hern\u00e1ndez. <a href=\"https:\/\/waterlat.org\/working-papers-series\/volume-6-2019\/vol-6-no-4\/\">Baixe aqui o n\u00famero<\/a>. \r\n<h2><\/h2>\r\n<a href=\"https:\/\/waterlat.org\/wp-content\/uploads\/2022\/11\/Tapa-8.3.jpg\"><img loading=\"lazy\" decoding=\"async\" class=\"alignnone size-medium wp-image-2718\" src=\"http:\/\/waterlat.org\/wp-content\/uploads\/2016\/07\/Tapa-WPSATAM218-212x300.jpg\" alt=\"Tapa WPSATAM218\" width=\"212\" height=\"300\" \/><\/a>\r\nVol 8 No 3, setembro de 2021, Editado por  E. Gomes de Souza Junior, e S.Texeira, com  S. Rangel de Souza Miscali, R. Carvalho, I. R. Araujo, F. dos Santos Oliveira Souza, N. dos Santos Silveira, N. Araujo, L. F. Novoa Garzon, E. Mateus Moretto, A. F. Barbieri,  S. Sayuri Mandai, C. Rodrigues da Costa Doria,  I. Rechetnicow Alves Sant\u2019Anna, D. Maimoni de Figueiredo, D. Fernandes Calheiros, C. Vailant, I. Leite de Oliveira, S. de Oliveira Pains, L. Auxiliadora da Silva Dionel e S. Kimie Ikeda-Castrillon.  \r\n<a href=\"https:\/\/waterlat.org\/working-papers-series\/volume-8-2021\/vol-8-no3\/\">Baixe aqui o n\u00famero<\/a>. \r\n\r\n\r\n&nbsp;\r\n\r\n<a href=\"https:\/\/waterlat.org\/pt\/areas-tematicas\/at2\/\">Voltar \u00e0 Apresenta\u00e7\u00e3o da AT2<\/a>","protected":false},"excerpt":{"rendered":"A AT2 tem uma S\u00e9rie dentro dos Cadernos de Trabalho da Rede WATERLAT-GOBACIT: Serie \u00c1reas Tem\u00e1ticas, AT2 \u00c1gua e Megaprojetos. A AT tamb\u00e9m tem publicado n\u00fameros dos Cadernos de Trabaho conjuntamente com outras \u00c1reas Tem\u00e1ticas sobre temas de interesse comum. \u00a0 Vol 2 No 2, julho de 2015, Editado por A. Latta y V. Ibarra, [&hellip;]","protected":false},"author":3,"featured_media":0,"parent":1613,"menu_order":0,"comment_status":"closed","ping_status":"closed","template":"page-templates\/full-width.php","meta":{"_acf_changed":false,"footnotes":""},"class_list":["post-1616","page","type-page","status-publish","hentry","no-wpautop"],"acf":[],"_links":{"self":[{"href":"https:\/\/waterlat.org\/pt\/wp-json\/wp\/v2\/pages\/1616","targetHints":{"allow":["GET"]}}],"collection":[{"href":"https:\/\/waterlat.org\/pt\/wp-json\/wp\/v2\/pages"}],"about":[{"href":"https:\/\/waterlat.org\/pt\/wp-json\/wp\/v2\/types\/page"}],"author":[{"embeddable":true,"href":"https:\/\/waterlat.org\/pt\/wp-json\/wp\/v2\/users\/3"}],"replies":[{"embeddable":true,"href":"https:\/\/waterlat.org\/pt\/wp-json\/wp\/v2\/comments?post=1616"}],"version-history":[{"count":7,"href":"https:\/\/waterlat.org\/pt\/wp-json\/wp\/v2\/pages\/1616\/revisions"}],"predecessor-version":[{"id":3811,"href":"https:\/\/waterlat.org\/pt\/wp-json\/wp\/v2\/pages\/1616\/revisions\/3811"}],"up":[{"embeddable":true,"href":"https:\/\/waterlat.org\/pt\/wp-json\/wp\/v2\/pages\/1613"}],"wp:attachment":[{"href":"https:\/\/waterlat.org\/pt\/wp-json\/wp\/v2\/media?parent=1616"}],"curies":[{"name":"wp","href":"https:\/\/api.w.org\/{rel}","templated":true}]}}