{"id":1625,"date":"2016-07-27T13:55:26","date_gmt":"2016-07-27T13:55:26","guid":{"rendered":"http:\/\/waterlat.org\/pt\/?page_id=1625"},"modified":"2017-04-24T20:09:07","modified_gmt":"2017-04-24T20:09:07","slug":"equipe","status":"publish","type":"page","link":"https:\/\/waterlat.org\/pt\/encontros\/encontros-abertos\/waterlat-gobacit-viii-san-jose-2017\/equipe\/","title":{"rendered":"Coordena\u00e7\u00e3o e Organiza\u00e7\u00e3o do Programa"},"content":{"rendered":"<p>&nbsp;<\/p>\n<h3>Coordena\u00e7\u00e3o Local do Encontro<\/h3>\n<p><strong>Luis Paulino Vargas Sol\u00eds<\/strong>, Universidade Estadual a Distancia (UNED), San Jos\u00e9, Costa Rica<\/p>\n<p><strong>Rosibel V\u00edquez Abarca<\/strong>, Universidade Estadual a Distancia (UNED), San Jos\u00e9, Costa Rica<\/p>\n<p><strong>Orlando Amar\u00eds Cervantes<\/strong>, Universidade Estadual a Distancia (UNED), San Jos\u00e9, Costa Rica<\/p>\n<p><strong>Xinia Mar\u00eda Z\u00fa\u00f1iga Mu\u00f1oz<\/strong>, Universidade Estadual a Distancia (UNED), San Jos\u00e9, Costa Rica<\/p>\n<p><strong>Eva Carazo<\/strong>, Universidade Estadual a Distancia (UNED), San Jos\u00e9, Costa Rica<\/p>\n<p><strong>Andrey Pineda<\/strong>, Universidade Estadual a Distancia (UNED), San Jos\u00e9, Costa Rica<\/p>\n<p>&nbsp;<\/p>\n<h2>Grupo de Ap\u00f3io \u00e0 Coordena\u00e7\u00e3o Local do Encontro<\/h2>\n<p><strong>Mauricio Alvarez<\/strong>, Universidade de Costa Rica (UCR), San Jos\u00e9, Costa Rica<\/p>\n<p><strong>Felipe Alp\u00edzar<\/strong>, Universidade de Costa Rica (UCR), San Jos\u00e9, Costa Rica<\/p>\n<p><strong>Andr\u00e9s Araya<\/strong>, Universidade Tecnol\u00f3gica Nacional (UTN), San Jos\u00e9, Costa Rica<\/p>\n<p><strong>Alejandro Le\u00f3n<\/strong>, Universidade de Costa Rica (UCR), San Jos\u00e9, Costa Rica<\/p>\n<p><strong>Rolando Mar\u00edn<\/strong>, Universidade Tecnol\u00f3gica Nacional (UTN), San Jos\u00e9, Costa Rica<\/p>\n<p><strong>Sylvia Jim\u00e9nez<\/strong>, Universidade Nacional de Costa Rica (UNA), San Jos\u00e9, Costa Rica<\/p>\n<p><strong>Luis Bonilla Bonilla<\/strong>, Universidade Estadual a Distancia (UNED), San Jos\u00e9, Costa Rica<\/p>\n<p><strong>Wagner Pe\u00f1a Cordero<\/strong>, Universidad Estadual a Distancia (UNED), San Jos\u00e9, Costa Rica<\/p>\n<p><strong>Catalina Vargas Meneses<\/strong>, Universidad Estadual a Distancia (UNED), San Jos\u00e9, Costa Rica<\/p>\n<p><strong>Bayron Barillas<\/strong>, Universidad Estadual a Distancia (UNED), San Jos\u00e9, Costa Rica<\/p>\n<p><strong>Sandra Salazar<\/strong>, Acueductos y Alcantarillados (AyA), San Jos\u00e9, Costa Rica<\/p>\n<p>&nbsp;<\/p>\n<h3>Ap\u00f3io T\u00e9cnico \u00e0 Coordena\u00e7\u00e3o Local do Encontro<\/h3>\n<p><strong>Sebasti\u00e1n Fournier Artavia<\/strong>, Productor de Onda UNED, Encargado de Comunicaci\u00f3n, Universidad Estadual a Distancia (UNED), San Jos\u00e9, Costa Rica<\/p>\n<p><strong>Eugenio Guerrero<\/strong>, Comunicaci\u00f3n Period\u00edstica, Associa\u00e7\u00e3o Nacional de Funcion\u00e1rios P\u00fablicos e Privados de Costa Rica (ANEP) <\/p>\n<p><strong>Yariela Novo<\/strong>, Comunicaci\u00f3n Period\u00edstica, Associa\u00e7\u00e3o Nacional de Funcion\u00e1rios P\u00fablicos e Privados de Costa Rica (ANEP) <\/p>\n<p><strong>Damiano Tagliavini<\/strong>, Conselho Nacional de Pesquisas Cient\u00edficas e T\u00e9cnicas (CONICET), Argentina<\/p>\n<p>&nbsp;<\/p>\n<h3>Contrapartes Internacionais da Coordena\u00e7\u00e3o<\/h3>\n<p><strong>Oscar Rodr\u00edguez Le\u00f3n<\/strong>, Internacional de Servi\u00e7os P\u00fablicos (ISP), San Jos\u00e9, Costa Rica<\/p>\n<p><strong>Albino Vargas<\/strong>, Secret\u00e1rio Geral, Associa\u00e7\u00e3o Nacional de Funcion\u00e1rios P\u00fablicos e Privados de Costa Rica (ANEP) <\/p>\n<p><strong>Rebeca C\u00e9spedes<\/strong>, Associa\u00e7\u00e3o Nacional de Funcion\u00e1rios P\u00fablicos e Privados de Costa Rica (ANEP),<br \/>\n San Jos\u00e9, Costa Rica<\/p>\n<p><strong>Javier Bogantes<\/strong>, Tribunal Latinoamericano da \u00c1gua, Costa Rica <\/p>\n<p><strong>Jaime Antonio Preciado Coronado<\/strong>, Universidade de Guadalajara, M\u00e9xico. Coordenador da Rede de Pesquisas sobre a Integra\u00e7\u00e3o Latino-americana e Caribenha (REDIALC) <\/p>\n<p><strong>Mario Edgar L\u00f3pez Ram\u00edrez<\/strong>, Rede de Pesquisas sobre a Integra\u00e7\u00e3o Latino-americana e Caribenha (REDIALC), e ITESO, a Universidade Jesuita de Guadalajara, M\u00e9xico<\/p>\n<p>&nbsp;<\/p>\n<h4>Assessores da Coordena\u00e7\u00e3o<\/h4>\n<p><strong>Paul Cisneros<\/strong>, Instituto de Altos Estudos Nacionais (IAEN), Quito, Equador<\/p>\n<p><strong>Leandro del Moral<\/strong>, Universidade de Sevilha, Sevilha, Espanha<\/p>\n<p><strong>Javier Gonzaga Valencia Hern\u00e1ndez<\/strong>, Universidade de Caldas, Manizales, Col\u00f4mbia<\/p>\n<p><strong>Gustavo Kohan<\/strong>, Universidade Nacional de General Sarmiento (UNGS), Argentina<\/p>\n<p><strong>Mario Edgar L\u00f3pez Ram\u00edrez<\/strong>, ITESO, a Universidade Jesuita de Guadalajara, M\u00e9xico<\/p>\n<p><strong>Jes\u00fas Ra\u00fal Navarro Garc\u00eda<\/strong>, Escola de Estudos Hispano Americanos (EEHA), Conselho Superior de Pesquisas Cient\u00edficas (CSIC), Sevilha, Espanha<\/p>\n<p><strong>Wagner Costa Ribeiro<\/strong>, Universidade de S\u00e3o Paulo (USP), Brasil<\/p>\n<p><strong>David Saur\u00ed Pujol<\/strong>, Universidade Aut\u00f3noma de Barcelona (UAB), Espanha<\/p>\n<p><strong>Mar\u00eda Luisa Torregrossa<\/strong>, Faculdade Latino-americana de Ci\u00eancias Sociais (FLACSO), M\u00e9xico<\/p>\n<p>&nbsp;<\/p>\n<h3>Coordena\u00e7\u00e3o Geral<\/h3>\n<p><strong>Jos\u00e9 Esteban Castro<\/strong>, Conselho Superior de Pesquisas Cientificas e T\u00e9cnicas (CONICET), Argentina, Coordenador da Rede WATERLAT-GOBACIT<\/p>\n<p><strong>Ana Sof\u00eda Mac\u00edas Ascanio<\/strong>, ITESO, a Universidade Jesuita de Guadalajara, M\u00e9xico, Secretaria Geral. <a href=\"mailto:redwaterlat@gmail.com\">Envie aqui uma mensagem<\/a>\u00a0para maior informca\u00e7\u00e3o.<\/p>\n<hr \/>\n<p>&nbsp;<\/p>\n<h3>Comiss\u00e3o Internacional do Programa<\/h3>\n<p>A Comiss\u00e3o Internacional do Programa est\u00e1 constitu\u00edda pelos coordenadores das \u00c1reas Tem\u00e1ticas da Rede WATERLAT-GOBACIT e colegas convidados, em ordem alfab\u00e9tica.<\/p>\n<p><strong>Jos\u00e9 Esteban Castro<\/strong>, Conselho Superior de Pesquisas Cientificas e T\u00e9cnicas (CONICET), Argentina<\/p>\n<p><strong>Eliano de Souza Martins Freitas<\/strong>, Universidade Federal de Minas Gerais (UFMG), Brasil<\/p>\n<p><strong>Adriana Hern\u00e1ndez Garc\u00eda<\/strong>, Universidade de Guadalajara (UdG), M\u00e9xico<\/p>\n<p><strong>Karina Kloster<\/strong>, Universidade Aut\u00f3noma da Cidade do M\u00e9xico (UACM), Cidade do M\u00e9xico, M\u00e9xico<\/p>\n<p><strong>Alex Latta<\/strong>, Universidade Wilfrid Laurier, Canad\u00e1<\/p>\n<p><strong>Mario Edgar L\u00f3pez Ram\u00edrez<\/strong>, ITESO, a Universidade Jesuita de Guadalajara, M\u00e9xico<\/p>\n<p><strong>Fabi\u00e1n Mendez<\/strong>, Universidade do Vale (UNIVALLE), Col\u00f4mbia<\/p>\n<p><strong>Andr\u00e9 Monteiro<\/strong>, Funda\u00e7\u00e3o Oswaldo Cruz (Fiocruz), Brasil<\/p>\n<p><strong>Francisco Pe\u00f1a<\/strong>, El Colegio de San Luis Potos\u00ed, M\u00e9xico<\/p>\n<p><strong>Miguel Pe\u00f1a<\/strong>, Universidade do Valle (UNIVALLE), Col\u00f4mbia<\/p>\n<p><strong>S\u00e9rgio Portella<\/strong>, Funda\u00e7\u00e3o Oswaldo Cruz (Fiocruz), Brasil<\/p>\n<p><strong>Nidia Pi\u00f1eyro<\/strong>, Universidade Nacional do Nordeste (UNNE), Argentina<\/p>\n<p><strong>Wagner Costa Ribeiro<\/strong>, Universidade de S\u00e3o Paulo (USP), Brasil<\/p>\n<p><strong>Edgar Talledos S\u00e1nchez<\/strong>, El Colegio de San Luis (COLSAN), San Luis Potos\u00ed, M\u00e9xico<\/p>\n<p><strong>Alicia Torres<\/strong>, Universidade de Guadalajara (UdG), Guadalajara, Jalisco, M\u00e9xico<\/p>\n<p><strong>Alejandro Torres-Abreu<\/strong>, Universidade de Puerto Rico, Puerto Rico<\/p>\n<hr \/>\n<h3><a href=\"https:\/\/waterlat.org\/pt\/encontros\/encontros-abertos\/waterlat-gobacit-viii-san-jose-2017\/\">Retornar \u00e0 p\u00e1gina principal do VIII Encontro Internacional<\/a><\/h3>\n","protected":false},"excerpt":{"rendered":"<p>&nbsp; Coordena\u00e7\u00e3o Local do Encontro Luis Paulino Vargas Sol\u00eds, Universidade Estadual a Distancia (UNED), San Jos\u00e9, Costa Rica Rosibel V\u00edquez Abarca, Universidade Estadual a Distancia (UNED), San Jos\u00e9, Costa Rica Orlando Amar\u00eds Cervantes, Universidade Estadual a Distancia (UNED), San Jos\u00e9, Costa Rica Xinia Mar\u00eda Z\u00fa\u00f1iga Mu\u00f1oz, Universidade Estadual a Distancia (UNED), San Jos\u00e9, Costa Rica [&hellip;]<\/p>\n","protected":false},"author":3,"featured_media":0,"parent":1410,"menu_order":0,"comment_status":"closed","ping_status":"closed","template":"page-templates\/full-width.php","meta":{"_acf_changed":false,"footnotes":""},"class_list":["post-1625","page","type-page","status-publish","hentry","wpautop"],"acf":[],"_links":{"self":[{"href":"https:\/\/waterlat.org\/pt\/wp-json\/wp\/v2\/pages\/1625","targetHints":{"allow":["GET"]}}],"collection":[{"href":"https:\/\/waterlat.org\/pt\/wp-json\/wp\/v2\/pages"}],"about":[{"href":"https:\/\/waterlat.org\/pt\/wp-json\/wp\/v2\/types\/page"}],"author":[{"embeddable":true,"href":"https:\/\/waterlat.org\/pt\/wp-json\/wp\/v2\/users\/3"}],"replies":[{"embeddable":true,"href":"https:\/\/waterlat.org\/pt\/wp-json\/wp\/v2\/comments?post=1625"}],"version-history":[{"count":19,"href":"https:\/\/waterlat.org\/pt\/wp-json\/wp\/v2\/pages\/1625\/revisions"}],"predecessor-version":[{"id":2046,"href":"https:\/\/waterlat.org\/pt\/wp-json\/wp\/v2\/pages\/1625\/revisions\/2046"}],"up":[{"embeddable":true,"href":"https:\/\/waterlat.org\/pt\/wp-json\/wp\/v2\/pages\/1410"}],"wp:attachment":[{"href":"https:\/\/waterlat.org\/pt\/wp-json\/wp\/v2\/media?parent=1625"}],"curies":[{"name":"wp","href":"https:\/\/api.w.org\/{rel}","templated":true}]}}