{"id":1910,"date":"2017-03-09T14:30:31","date_gmt":"2017-03-09T14:30:31","guid":{"rendered":"http:\/\/waterlat.org\/pt\/?page_id=1910"},"modified":"2023-05-22T19:04:28","modified_gmt":"2023-05-22T19:04:28","slug":"cadernos-de-trabalho-da-at7","status":"publish","type":"page","link":"https:\/\/waterlat.org\/pt\/areas-tematicas\/at7\/cadernos-de-trabalho-da-at7\/","title":{"rendered":"Cadernos de Trabalho da AT7"},"content":{"rendered":"A AT7 tem uma S\u00e9rie dentro dos Cadernos de Trabalho da Rede WATERLAT-GOBACIT: Serie \u00c1reas Tem\u00e1ticas, AT7 Arte, Comunica\u00e7\u00e3o, Cultura e Educa\u00e7\u00e3o.\r\nA AT tamb\u00e9m  tem  publicado n\u00fameros dos Cadernos de Trabaho conjuntamente com outras \u00c1reas Tem\u00e1ticas sobre temas de interesse comum.\r\n\r\n<h2><\/h2>\r\n<h2><\/h2>\r\n<a href=\"http:\/\/waterlat.org\/wp-content\/uploads\/2017\/03\/Tapa-SATACCE-1.jpg\"><img loading=\"lazy\" decoding=\"async\" class=\"alignnone size-medium wp-image-2717\" src=\"http:\/\/waterlat.org\/wp-content\/uploads\/2017\/03\/Tapa-SATACCE-1.jpg\" alt=\"Tapa WPSATAM22\" width=\"212\" height=\"300\" \/><\/a>.\r\n<h2><\/h2>\r\n<b>Discursos e representa\u00e7\u00f5es da \u00e1gua: sua import\u00e2ncia e impacto nas pol\u00edticas p\u00fablicas e nas pr\u00e1ticas sociais<\/b> (em espanhol e portugu\u00eas). Editado por E. de Sousa Martins Freitas e J. E. Castro, com artigos de  M. Alves de Barros, J. A. Beltr\u00e3o Moura, J. I.Alves Oliveira Silva, H. Morais de Alc\u00e2ntara, G.Cintra Alves da Costa, R. Lacerda Ara\u00fajo, I. Matheus Castor Diniz Pinheiro, D. Silva Patr\u00edcio,I. Zamora Saenz, E. Cavalcanti e Silva Filho,A.de Azevedo Maia,L. Brant Pimenta de Faria, e E. de Sousa Martins Freitas. \r\n<h2><\/h2>\r\nVol. 3 No 10, dezembro  de  2016. <a href=\"https:\/\/waterlat.org\/WPapers\/WPSATACCE310.pdf\">Baixar o n\u00famero aqui<\/a>.\r\n<h2><\/h2>\r\n\r\n<a href=\"https:\/\/waterlat.org\/wp-content\/uploads\/2020\/04\/tapaAT763_Page_1.jpg\"><img loading=\"lazy\" decoding=\"async\" class=\"alignnone size-medium wp-image-2717\" src=\"https:\/\/waterlat.org\/wp-content\/uploads\/2020\/04\/tapaAT763_Page_1.jpg\" alt=\"Tapa WPSATAM22\" width=\"212\" height=\"300\" \/><\/a>.\r\n<h2><\/h2>\r\n<b>Arte e comunica\u00e7\u00e3o nas lutas contra a injusti\u00e7a e a desigualdade relacionadas com a \u00e1gua na Argentina, Brasil e M\u00e9xico (em espanhol)<\/b> (em espanhol). Editado por J. E. Castro, com artigos de  X. I. Cabral, Z. Luisa Lauda-Rodr\u00edguez,J. C. Dom\u00ednguez Virgen, R.E. Cabrera Amador and J. C. Lopez, e E. de Sousa Martins Freitas. \r\n<h2><\/h2>\r\nVol. 6 No 3, septiembre de  2019. <a href=\"https:\/\/waterlat.org\/working-papers-series\/volume-6-2019\/vol-6-no-3\/\">Baixar o n\u00famero aqui<\/a>.\r\n<h2><\/h2>\r\n<a href=\"https:\/\/waterlat.org\/wp-content\/uploads\/2023\/04\/CoverVol9No1.jpg\"><img loading=\"lazy\" decoding=\"async\" class=\"alignnone size-medium wp-image-2717\" src=\"https:\/\/waterlat.org\/wp-content\/uploads\/2023\/04\/CoverVol9No1.jpg\" alt=\"Tapa WPSATAM22\" width=\"212\" height=\"300\" \/><\/a>.\r\n<h2><\/h2>\r\n<b>Arte, Comunica\u00e7\u00e3o, Cultura e Educa\u00e7\u00e3o como ferramentas para democratizar a Pol\u00edtica e a gest\u00e3o da \u00e1gua em Am\u00e9rica Latina.<\/b> (em espanhol e portugu\u00eas). Editado por J. E. Castro, com  artigos de C. Mori, C. Reeves, Laura Prol, G. A. Rausch, F. Ruiz Ferretti, V. Perez Dictoro, F. Yuri Hanai e A. Monteiro Costa. \r\n<h2><\/h2>\r\nVol. 9 No 1, marzo de  2022. <a href=\"https:\/\/waterlat.org\/working-papers-series\/volume-9-2022\/vol9-no1\/\">Baixar o n\u00famero aqui<\/a>.\r\n<h2><\/h2>\r\n\r\n\r\n<a href=\"https:\/\/waterlat.org\/pt\/areas-tematicas\/at7\/\">Voltar \u00e0 Apresenta\u00e7\u00e3o da AT7<\/a>","protected":false},"excerpt":{"rendered":"A AT7 tem uma S\u00e9rie dentro dos Cadernos de Trabalho da Rede WATERLAT-GOBACIT: Serie \u00c1reas Tem\u00e1ticas, AT7 Arte, Comunica\u00e7\u00e3o, Cultura e Educa\u00e7\u00e3o. A AT tamb\u00e9m tem publicado n\u00fameros dos Cadernos de Trabaho conjuntamente com outras \u00c1reas Tem\u00e1ticas sobre temas de interesse comum. . Discursos e representa\u00e7\u00f5es da \u00e1gua: sua import\u00e2ncia e impacto nas pol\u00edticas p\u00fablicas [&hellip;]","protected":false},"author":3,"featured_media":0,"parent":1586,"menu_order":0,"comment_status":"closed","ping_status":"closed","template":"page-templates\/full-width.php","meta":{"_acf_changed":false,"footnotes":""},"class_list":["post-1910","page","type-page","status-publish","hentry","no-wpautop"],"acf":[],"_links":{"self":[{"href":"https:\/\/waterlat.org\/pt\/wp-json\/wp\/v2\/pages\/1910","targetHints":{"allow":["GET"]}}],"collection":[{"href":"https:\/\/waterlat.org\/pt\/wp-json\/wp\/v2\/pages"}],"about":[{"href":"https:\/\/waterlat.org\/pt\/wp-json\/wp\/v2\/types\/page"}],"author":[{"embeddable":true,"href":"https:\/\/waterlat.org\/pt\/wp-json\/wp\/v2\/users\/3"}],"replies":[{"embeddable":true,"href":"https:\/\/waterlat.org\/pt\/wp-json\/wp\/v2\/comments?post=1910"}],"version-history":[{"count":13,"href":"https:\/\/waterlat.org\/pt\/wp-json\/wp\/v2\/pages\/1910\/revisions"}],"predecessor-version":[{"id":3813,"href":"https:\/\/waterlat.org\/pt\/wp-json\/wp\/v2\/pages\/1910\/revisions\/3813"}],"up":[{"embeddable":true,"href":"https:\/\/waterlat.org\/pt\/wp-json\/wp\/v2\/pages\/1586"}],"wp:attachment":[{"href":"https:\/\/waterlat.org\/pt\/wp-json\/wp\/v2\/media?parent=1910"}],"curies":[{"name":"wp","href":"https:\/\/api.w.org\/{rel}","templated":true}]}}