{"id":1963,"date":"2017-03-24T19:12:48","date_gmt":"2017-03-24T19:12:48","guid":{"rendered":"http:\/\/waterlat.org\/pt\/?page_id=1963"},"modified":"2020-08-08T14:07:43","modified_gmt":"2020-08-08T14:07:43","slug":"declaracoes-publicas","status":"publish","type":"page","link":"https:\/\/waterlat.org\/pt\/declaracoes-publicas\/","title":{"rendered":"Declara\u00e7\u00f5es p\u00fablicas"},"content":{"rendered":"<style>\r\n.entry-content img, .comment-content img, .widget img, img.header-image, .author-avatar img, img.wp-post-image {<br \/>box-shadow: none;<br \/>}<br \/><\/style> <style>\r\n.entry-content p {<br \/>line-height: normal;<br \/>}<br \/><\/style>\r\n\r\n<!-- Declaracion DHAS2020!-->\r\n<div style=\"display: inline-block; border: 1px solid; border-color: lightgrey; padding: 15px; margin: 10px 50px 15px 50px;\">\r\n<div>\r\n<h2 style=\"text-align: center; margin-bottom: auto; margin-top: 0px; color: black;\"> Declara\u00e7\u00e3o P\u00fablica da Rede WATERLAT-GOBACIT no 10\u00ba anivers\u00e1rio da Resolu\u00e7\u00e3o 64\/292 da Assembleia Geral das Na\u00e7\u00f5es Unidas reconhecendo \u201cque o direito \u00e0 \u00e1gua pot\u00e1vel e o saneamento \u00e9 um direito humano essencial para o pleno gozo da vida e de todos os direitos humanos&#8221; <\/h2>\r\n\r\n<h4 style=\"text-align: center; margin-bottom: auto; margin-top: 0px; color: black;\">23 de julho de 2020<\/h4>\r\n<p style=\"margin-bottom: auto;\"> A Resolu\u00e7\u00e3o 64\/292 aprovada pela Assembleia Geral das Na\u00e7\u00f5es Unidas (AGNU), em 28 de julho 2010, foi precedida de in\u00fameras iniciativas que h\u00e1 d\u00e9cadas insistiam na necessidade do \u201creconhecimento formal do Direito Humano \u00e0 \u00c1gua e ao Saneamento (DHAS)\u201d. No est\u00e1gio anterior \u00e0 aprova\u00e7\u00e3o da Resolu\u00e7\u00e3o, principalmente a partir do in\u00edcio dos anos 2000, essas iniciativas receberam um impulso muito importante das intensas mobiliza\u00e7\u00f5es globais que foram parte das lutas sociais contra a expans\u00e3o das pol\u00edticas neoliberais &#8211; desde a d\u00e9cada de 1980 &#8211; como a desregulamenta\u00e7\u00e3o e privatiza\u00e7\u00e3o dos servi\u00e7os essenciais de \u00e1gua e esgotamento sanit\u00e1rio. \u2026\r\n<\/p>\r\n<a style=\"display: block; text-align: right;\" href=\"http:\/\/waterlat.org\/DHAS2020Pt.pdf\">Leia mais<\/a>\r\n\r\n<\/div>\r\n<\/div>\r\n<hr style=\"background-color: cornflowerblue;\" \/>\r\n\r\n\r\n<!-- Declaracion Osorno !-->\r\n<div style=\"display: inline-block; border: 1px solid; border-color: lightgrey; padding: 15px; margin: 10px 50px 15px 50px;\">\r\n<div>\r\n<h2 style=\"text-align: center; margin-bottom: auto; margin-top: 0px; color: black;\"> DECLARA\u00c7\u00c3O rejeitando o injusto reclamo da empresa multinacional Suez contra o Estado e o povo de Chile, no marco da Crise Sanit\u00e1ria causada na Cidade de Osorno em julho de 2019 (em espanhol) <\/h2>\r\n\r\n<h4 style=\"text-align: center; margin-bottom: auto; margin-top: 0px; color: black;\">7 de julio de 2020<\/h4>\r\n<p style=\"margin-bottom: auto;\"> Dando secuencia al posicionamiento y declaraciones previas de nuestra Red sobre las graves consecuencias que conlleva la privatizaci\u00f3n de las fuentes de agua y de los servicios p\u00fablicos esenciales de agua y saneamiento, y en conexi\u00f3n con los debates y posicionamientos p\u00fablicos que tuvieron lugar en la X Reuni\u00f3n Internacional realizada en Concepci\u00f3n, Chile, en octubre de 2019, con la participaci\u00f3n de organizaciones sindicales, movimientos sociales, comunidades ind\u00edgenas y otros actores relevantes, firmamos esta declaraci\u00f3n conjuntamente con la Federaci\u00f3n Nacional de Trabajadores de Obras Sanitarias (FENATRAOS), Chile, la Internacional de Servicios P\u00fablicos (ISP) y  la Confederaci\u00f3n de Trabajadoras y Trabajadores de Agua, Saneamiento y Ambiente de las Am\u00e9ricas (CONTAGUAS). \u2026\r\n<\/p>\r\n<a style=\"display: block; text-align: right;\" href=\"http:\/\/waterlat.org\/GeneralPDFs\/DeclaracionOsorno.pdf\">Leia mais<\/a>\r\n\r\n<\/div>\r\n<\/div>\r\n<hr style=\"background-color: cornflowerblue;\" \/>\r\n<!-- Declaracao Dia Mundial da \u00c1gua 2020 !-->\r\n<div style=\"display: inline-block; border: 1px solid; border-color: lightgrey; padding: 15px; margin: 10px 50px 15px 50px;\">\r\n<div>\r\n<h2 style=\"text-align: center; margin-bottom: auto; margin-top: 0px; color: black;\"> Declara\u00e7\u00e3o da Rede WATERLAT-GOBACIT no Dia Mundial da \u00c1gua 2020, \u201c\u00c1gua, Territ\u00f3rio e Democracia Substantiva: construindo projetos pol\u00edticos em defesa da vida\u201d (em espanhol) <\/h2>\r\n<h4 style=\"text-align: center; margin-bottom: auto; margin-top: 0px; color: black;\"> 22 de mar\u00e7o de 2020<\/h4>\r\n<p style=\"margin-bottom: auto;\"> Llegamos al D\u00eda Mundial del Agua del a\u00f1o 2020 en un contexto en el cual los niveles de gravedad y complejidad de los desaf\u00edos que confronta la vida en el planeta parecen haber alcanzado una escala que pone a prueba incluso la capacidad de los pa\u00edses m\u00e1s poderosos del planeta para encontrar soluciones viables y eficaces. \u2026\r\n<\/p>\r\n<a style=\"display: block; text-align: right;\" href=\"http:\/\/waterlat.org\/GeneralPDFs\/DMA2020Sp.pdf\"> Leia mais <\/a>\r\n\r\n\r\n<\/div>\r\n<\/div>\r\n<hr style=\"background-color: cornflowerblue;\" \/>\r\n\r\n<!-- Declaracion X Reuniao 2019 !-->\r\n<div style=\"display: inline-block; border: 1px solid; border-color: lightgrey; padding: 15px; margin: 10px 50px 15px 50px;\">\r\n<div>\r\n<h2 style=\"text-align: center; margin-bottom: auto; margin-top: 0px; color: black;\"> Declara\u00e7\u00e3o do Plen\u00e1rio da X Reuni\u00e3o Internacional da Rede WATERLAT-GOBACIT, \u201cLutas pela \u00c1gua: Interseccionalidades de Classe, G\u00eanero e Etnicidade\u201d (em espanhol) <\/h2>\r\n<h4 style=\"text-align: center; margin-bottom: auto; margin-top: 0px; color: black;\"> 11 de outubro de 2019<\/h4>\r\n<p style=\"margin-bottom: auto;\"> Las desigualdades cualitativas y estructurales constituyen uno de los mayores obst\u00e1culos al avance de los procesos de democratizaci\u00f3n, particularmente las desigualdades de clase, g\u00e9nero y etnicidad, entre otras. \u2026\r\n<\/p>\r\n<a style=\"display: block; text-align: right;\" href=\"http:\/\/waterlat.org\/GeneralPDFs\/DeclaracionPlenario.pdf\"> Leia mais <\/a>\r\n\r\n\r\n<\/div>\r\n<\/div>\r\n<hr style=\"background-color: cornflowerblue;\" \/>\r\n<!-- Declaracion DMA 2019 !-->\r\n<div style=\"display: inline-block; border: 1px solid; border-color: lightgrey; padding: 15px; margin: 10px 50px 15px 50px;\">\r\n<div>\r\n<h2 style=\"text-align: center; margin-bottom: auto; margin-top: 0px; color: black;\"> Declaraci\u00f3n de la Red WATERLAT-GOBACIT para el D\u00eda Mundial del Agua, \u201cAgua, derechos y utop\u00edas:\r\nprioridades en el proceso de democratizaci\u00f3n de la Pol\u00edtica del agua\u201d <\/h2>\r\n<h4 style=\"text-align: center; margin-bottom: auto; margin-top: 0px; color: black;\"> 22 de mar\u00e7o de 2019<\/h4>\r\n<p style=\"margin-bottom: auto;\"> El t\u00edtulo de nuestra Declaraci\u00f3n corresponde al tema central de la IX Reuni\u00f3n Internacional de nuestra Red, realizada el pasado mes de septiembre en la ciudad de Jo\u00e3o Pessoa, Estado de Para\u00edba, Brasil \u2026\r\n<\/p>\r\n<a style=\"display: block; text-align: right;\" href=\"http:\/\/waterlat.org\/GeneralPDFs\/Declaracion%20DMA%202019%20Sp.pdf\"> Leia mais <\/a>\r\n\r\n\r\n<\/div>\r\n<\/div>\r\n<hr style=\"background-color: cornflowerblue;\" \/>\r\n\r\n<!-- Declaracion Desigualdade !-->\r\n<div style=\"display: inline-block; border: 1px solid; border-color: lightgrey; padding: 15px; margin: 10px 50px 15px 50px;\">\r\n<div>\r\n<h2 style=\"text-align: center; margin-bottom: auto; margin-top: 0px; color: black;\"> Desigualdade, injusti\u00e7a e indefensabilidade na Am\u00e9rica Latina e Caribe: sobre a necessidade de construir alternativas de enfrentamento ao retorno do extremismo autorit\u00e1rio no Brasil e na regi\u00e3o <\/h2>\r\n<h4 style=\"text-align: center; margin-bottom: auto; margin-top: 0px; color: black;\"> 10 de Outubro de 2018<\/h4>\r\n<p style=\"margin-bottom: auto;\"> Nossa Rede Internacional teve, desde o in\u00edcio, um profundo compromisso com a pesquisa, o ensino e a interven\u00e7\u00e3o com rela\u00e7\u00e3o aos processos sociais, em sentido amplo, que produzem e reproduzem desigualdades, injusti\u00e7as e indefensabilidade nas sociedades humanas\u2026\r\n<\/p>\r\n<a style=\"display: block; text-align: right;\" href=\"http:\/\/waterlat.org\/GeneralPDFs\/Declaracion%20Brasil%20Pt.pdf\"> Leia mais <\/a>\r\n\r\n\r\n<\/div>\r\n<\/div>\r\n<hr style=\"background-color: cornflowerblue;\" \/>\r\n\r\n<!-- Declaracion FAMA !-->\r\n<div style=\"display: inline-block; border: 1px solid; border-color: lightgrey; padding: 15px; margin: 10px 50px 15px 50px;\">\r\n<div>\r\n<h2 style=\"text-align: center; margin-bottom: auto; margin-top: 0px; color: black;\"> Documento da Rede WATERLAT-GOBACIT\r\ncom motivo do F\u00f3rum Alternativo Mundial da \u00c1gua (FAMA): \u201c\u00c1gua \u00e9 um direito, n\u00e3o mercadoria\u201d <\/h2>\r\n<h4 style=\"text-align: center; margin-bottom: auto; margin-top: 0px; color: black;\">Bras\u00edlia, 17-22 de mar\u00e7o de 2018<\/h4>\r\n<p style=\"margin-bottom: auto;\"> Ap\u00f3s a realiza\u00e7\u00e3o de 8 edi\u00e7\u00f5es do F\u00f3rum Mundial da \u00c1gua, incluindo a vers\u00e3o 2018 que acontece na cidade de Bras\u00edlia de 18 a 23 de marco, \u00e9 poss\u00edvel ter certa clareza sobre alguns temas de fundamental import\u00e2ncia, por conta da perspectiva que permite o tempo transcorrido desde a primeira edi\u00e7\u00e3o que teve lugar em Marrocos em 1997. Aquela primeira edi\u00e7\u00e3o do F\u00f3rum Mundial da \u00c1gua aconteceu no momento de m\u00e1xima expans\u00e3o em n\u00edvel global das reformas neoliberais caracterizadas pela des- e re- regula\u00e7\u00e3o, liberaliza\u00e7\u00e3o e privatiza\u00e7\u00e3o, por distintos meios, de servi\u00e7os p\u00fablicos essenciais. \r\n<\/p>\r\n<a style=\"display: block; text-align: right;\" href=\"http:\/\/waterlat.org\/GeneralPDFs\/Declaracao%20FAMA%20marco%202018.pdf\"> Leia mais <\/a>\r\n\r\n\r\n<\/div>\r\n<\/div>\r\n<hr style=\"background-color: cornflowerblue;\" \/>\r\n\r\n\r\n\r\n<!-- Declaracion VIII Reunion !-->\r\n<div style=\"display: inline-block; border: 1px solid; border-color: lightgrey; padding: 15px; margin: 10px 50px 15px 50px;\">\r\n<div>\r\n<h2 style=\"text-align: center; margin-bottom: auto; margin-top: 0px; color: black;\"> Declara\u00e7\u00e3o do VIII Encontro Internacional <\/h2>\r\n<h3 style=\"text-align: center; margin-bottom: auto; margin-top: 0px; color: black;\">\u201c\u00c1gua, poder e impunidade: resist\u00eancias sociais e alternativas emergentes na constru\u00e7\u00e3o de pol\u00edticas da \u00e1gua igualit\u00e1rias e inclusivas\u201d<\/h3>\r\n<h4 style=\"text-align: center; margin-bottom: auto; margin-top: 0px; color: black;\">San Jos\u00e9, Costa Rica, 3-7 de abril de 2017<\/h4>\r\n<p style=\"margin-bottom: auto;\"> A rela\u00e7\u00e3o entre as desigualdades sociais estruturais, o controle de \u00e1gua e a acumula\u00e7\u00e3o de poder social em suas diversas manifesta\u00e7\u00f5es, poder cultural, econ\u00f4mico, epist\u00eamico, pol\u00edtico, etc., \u00e9 um fato firmemente estabelecido por uma longa tradi\u00e7\u00e3o nas ci\u00eancias sociais que remonta pelo menos at\u00e9 o s\u00e9culo XVIII. Infelizmente, o nosso amplo conhecimento sobre o assunto, e em particular sobre os mecanismos concretos que d\u00e3o contas dos processos de produ\u00e7\u00e3o da desigualdade e da injusti\u00e7a em rela\u00e7\u00e3o ao acesso e controle de \u00e1gua nos seus v\u00e1rios aspectos, n\u00e3o foi traduzido em um aumento da capacidade das sociedades humanas para reverter esses processos e instalar em seu lugar formas sociais mais igualit\u00e1rias, racionais e democr\u00e1ticas de relacionamento com \u00e1gua e atrav\u00e9s da \u00e1gua, com outras esp\u00e9cies e o resto da natureza.\r\n<\/p>\r\n<a style=\"display: block; text-align: right;\" href=\"https:\/\/waterlat.org\/pt\/encontros\/encontros-abertos\/waterlat-gobacit-viii-san-jose-2017\/declaracao\/\"> Leia mais <\/a>\r\n<p style=\"margin-bottom: auto;\">O plen\u00e1rio tamb\u00e9m produziu:<\/p>\r\n\r\n<ul>\r\n<ul>\r\n \t<li>Declaraci\u00f3n sobre la Situaci\u00f3n del Agua en Costa Rica<\/li>\r\n \t<li>A Prop\u00f3sito del Proceso de Paz en Colombia <\/li>\r\n<li>Manifesto pelo Direito Humano \u00e0 \u00c1gua no Brasil<\/li>\r\n<li>Declaraci\u00f3n sobre la Situaci\u00f3n de M\u00e9xico<\/li>\r\n<\/ul>\r\n<\/ul>\r\n\r\n<\/div>\r\n<\/div>\r\n<hr style=\"background-color: cornflowerblue;\" \/>\r\n\r\n<!-- STATMENT !-->\r\n<div style=\"display: inline-block; border: 1px solid; border-color: lightgrey; padding: 15px; margin: 10px 50px 15px 50px;\">\r\n<div>\r\n<h2 style=\"text-align: center; margin-bottom: auto; margin-top: 0px; color: black;\">Uma Reflex\u00e3o no Dia Mundial da \u00c1gua de 2017<\/h2>\r\n<p style=\"margin-bottom: auto;\"> No Dia Mundial da Agua 2017, aproveitamos as li\u00e7\u00f5es que continuam chegando do Norte Global para que evitemos seguir cometendo os mesmos erros na pol\u00edtica e na gest\u00e3o da \u00e1gua em n\u00edvel mundial. Hoje, o peri\u00f3dico brit\u00e2nico The Guardian publicou uma nota sobre una multa sem precedentes aplicada \u00e0 empresa privada de agua esgotamento sanit\u00e1rio de Londres por n\u00e3o cumprir com os standards ambientais. O artigo menciona \u201cenormes descargas de esgotos sem tratar [volcados] ao Rio Tamisa e seus afluentes e sobre o solo [\u2026 que] tiveram s\u00e9rios impactos sobre os residentes, os produtores rurais e a vida silvestre, matando aves e peixes\u201d. <\/p>\r\n<a style=\"display: block; text-align: right;\" href=\"https:\/\/waterlat.org\/pt\/dia-mundial-2017-pt\/\"> Leia mais <\/a>\r\n\r\n<\/div>\r\n<\/div>\r\n\r\n<hr style=\"background-color: cornflowerblue;\" \/>\r\n\r\n<!-- STATMENT 2014 !-->\r\n<div style=\"display: inline-block; border: 1px solid; border-color: lightgrey; padding: 15px; margin: 10px 50px 15px 50px;\">\r\n<div>\r\n<h2 style=\"text-align: center; margin-bottom: auto; margin-top: 0px; color: black;\">Declara\u00e7\u00e3o P\u00fablica do VI Encontro da Rede WATERLAT-GOBACIT<\/h2>\r\n<h3 style=\"text-align: center; margin-bottom: auto; margin-top: 0px; color: black;\">\u201c\u00c1gua, viol\u00eancia e utopias na Am\u00e9rica Latina e Caribe. Quais s\u00e3o as prioridades para construir uma pol\u00edtica h\u00eddrica igualit\u00e1ria?\u201d<\/h3>\r\n<h4 style=\"text-align: center; margin-bottom: auto; margin-top: 0px; color: black;\">Manizales, Col\u00f4mbia, 27-31 de outubro de 2014<\/h4>\r\n<p style=\"margin-bottom: auto;\">O plen\u00e1rio do Encontro produziu uma Declara\u00e7\u00e3o P\u00fablica em resposta a pergunta central do evento: Quais s\u00e3o as prioridades para construir uma pol\u00edtica h\u00eddrica igualit\u00e1ria? A Declara\u00e7\u00e3o inclui:\r\n\r\n\r\n\r\n\r\n\r\n\r\n<ul>\r\n \t<li>Declara\u00e7\u00e3o P\u00fablica (espanhol)<\/li>\r\n \t<li>Lista de prioridades identificadas no VI Encontro internacional para o desenvolvimento de pol\u00edticas h\u00eddricas igualit\u00e1rias (espanhol)<\/li>\r\n \t<li> Declara\u00e7\u00e3o em apoio a defensa da \u00e1gua como bem comum, como bem p\u00fablico e como direito humano em Col\u00f4mbia (espanhol)<\/li>\r\n \t<li> Declara\u00e7\u00e3o de solidariedade com o povo mexicano pela morte e desapari\u00e7\u00e3o de estudantes no munic\u00edpio de Iguala, Guerrero (espanhol)<\/li>\r\n \t<li> Pronunciamento Sobre a Problem\u00e1tica da \u00c1gua em Jalisco, M\u00e9xico: El Zapotillo. Vulnera\u00e7\u00e3o dos ciclos h\u00eddricos e viola\u00e7\u00e3o aos Direitos Humanos (espanhol). Este pronunciamento foi tamb\u00e9m publicado no jornal mexicano <a href=\"http:\/\/waterlat.org\/GeneralPDFs\/Desplegado%20Milenio.pdf\">Milenio do dia 12 de novembro de 2014<\/a>, com apoio de um n\u00famero importante de organiza\u00e7\u00f5es   mexicanas.<\/li>\r\n \t<li> Manifesta\u00e7\u00e3o sobre a crise h\u00eddrica que afeta a Regi\u00e3o Metropolitana de S\u00e3o Paulo, outras cidades atendidas pela Companhia de Saneamento B\u00e1sico do Estado de S\u00e3o Paulo (SABESP), e outras \u00e1reas que se abastecem das mesmas fontes de \u00e1gua, em Brasil.<a style=\"display: block; text-align: right;\" href=\"http:\/\/waterlat.org\/GeneralPDFs\/Declaracionfinal.pdf\">Leia mais<\/a><\/li>\r\n<\/ul> \r\n<\/div>\r\n<\/div>\r\n\r\n<hr style=\"background-color: cornflowerblue;\" \/>\r\n\r\n<!-- STATMENT 2013 I !-->\r\n<div style=\"display: inline-block; border: 1px solid; border-color: lightgrey; padding: 15px; margin: 10px 50px 15px 50px;\">\r\n<div>\r\n<h2 style=\"text-align: center; margin-bottom: auto; margin-top: 0px; color: black;\"> Declara\u00e7\u00e3o P\u00fablica do V Encontro Internacional da Rede WATERLAT-GOBACIT <\/h2>\r\n<h3 style=\"text-align: center; margin-bottom: auto; margin-top: 0px; color: black;\">\u201cSe dirige Am\u00e9rica Latina para uma gest\u00e3o p\u00f3s-neoliberal da \u00e1gua?\u201d<\/h3>\r\n<h4 style=\"text-align: center; margin-bottom: auto; margin-top: 0px; color: black;\">Quito, 14-18 de outubro de 2013<\/h4>\r\n<p style=\"margin-bottom: auto;\">A pergunta planteada como tema central do V Encontro da Rede se propunha provocar um debate focado nas continuidades e rupturas que experimenta a regi\u00e3o latino-americana  em rela\u00e7\u00e3o ao per\u00edodo geralmente denominado \u201cneoliberal\u201d, particularmente a d\u00e9cada de 1990. Em termos gen\u00e9ricos, entendemos \u201cneoliberalismo\u201d como a re-implanta\u00e7\u00e3o por diversos meios (democr\u00e1ticos, autorit\u00e1rios, ditatoriais, etc.) dos princ\u00edpios do libre mercado como mecanismo privilegiado do re-ordenamento social. Em particular nos referimos ao processo de mudan\u00e7a radical no papel do Estado, por meio das pol\u00edticas de des- e re- regula\u00e7\u00e3o, mercantiliza\u00e7\u00e3o e privatiza\u00e7\u00e3o de bens e servi\u00e7os, desmantelamento dos sistemas de seguridade social e prote\u00e7\u00e3o estatal, e limita\u00e7\u00e3o e incluso cancelamento de direitos de cidadania.<\/p>\r\n<a style=\"display: block; text-align: right;\" href=\"http:\/\/waterlat.org\/GeneralPDFs\/DeclaracionVReunionweb.pdf\"> Leia mais <\/a>\r\n<p style=\"margin-bottom: auto;\">O plen\u00e1rio tamb\u00e9m produziu duas declara\u00e7\u00f5es breves de apoio:<\/p>\r\n\r\n<ul>\r\n<ul>\r\n \t<li> Declara\u00e7\u00e3o em solidariedade e apoio com a 5ta Marcha organizada pela Assembleia Nacional Permanente do Uruguai em Defesa da Terra, a \u00c1gua e os Bens Naturais (espanhol)<\/li>\r\n \t<li> Declara\u00e7\u00e3o em solidariedade com a marcha organizada por organiza\u00e7\u00f5es sociais e ind\u00edgenas equatorianas em defesa de seus direitos e contra os impactos do extrativismo (espanhol)<\/li>\r\n<\/ul>\r\n<\/ul>\r\n<a style=\"display: block; text-align: right;\" href=\"http:\/\/www.waterlat.org\/GeneralPDFs\/Declaraciones%20de%20solidaridad%20con%20mobilizaciones%20en%20Ecuador%20y%20Uruguay.pdf\"> Leia mais <\/a>\r\n\r\n<\/div>\r\n<\/div>\r\n\r\n\r\n\r\n\r\n<hr style=\"background-color: cornflowerblue;\" \/>\r\n\r\n<!-- STATMENT 2009 prioridades !-->\r\n<div style=\"display: inline-block; border: 1px solid; border-color: lightgrey; padding: 15px; width: 85%; margin: 10px 50px 15px 50px;\">\r\n<h2 style=\"text-align: center; margin-bottom: auto; margin-top: 0px; color: black;\"> Declara\u00e7\u00e3o P\u00fablica do I Encontro da Rede WATERLAT-GOBACIT <\/h2>\r\n<h3 style=\"text-align: center; margin-bottom: auto; margin-top: 0px; color: black;\">\u201cA Ecologia Pol\u00edtica da \u00c1gua na Am\u00e9rica Latina: Definindo uma Estrat\u00e9gia de Investiga\u00e7\u00e3o\u201d<\/h3>\r\n<h4 style=\"text-align: center; margin-bottom: auto; margin-top: 0px; color: black;\">Barcelona, 14-16 October 2009<\/h4>\r\n<p style=\"margin-bottom: auto;\">O plen\u00e1rio do I Encontro Internacional aprovou os Objetivos e Prioridades de Pesquisa da Rede.<\/p>\r\n<b><a style=\"display: block; text-align: center;\" href=\"https:\/\/waterlat.org\/pt\/about\/objetivos\/\"> Objetivos <\/a>\r\n<a style=\"display: block; text-align: center;\" href=\"https:\/\/waterlat.org\/pt\/about\/prioridades\/\"> Prioridades de Pesquisa <\/a><\/b>\r\n\r\n<\/div>\r\n","protected":false},"excerpt":{"rendered":"Declara\u00e7\u00e3o P\u00fablica da Rede WATERLAT-GOBACIT no 10\u00ba anivers\u00e1rio da Resolu\u00e7\u00e3o 64\/292 da Assembleia Geral das Na\u00e7\u00f5es Unidas reconhecendo \u201cque o direito \u00e0 \u00e1gua pot\u00e1vel e o saneamento \u00e9 um direito humano essencial para o pleno gozo da vida e de todos os direitos humanos&#8221; 23 de julho de 2020 A Resolu\u00e7\u00e3o 64\/292 aprovada pela Assembleia [&hellip;]","protected":false},"author":78,"featured_media":0,"parent":0,"menu_order":0,"comment_status":"closed","ping_status":"closed","template":"page-templates\/full-width.php","meta":{"_acf_changed":false,"footnotes":""},"class_list":["post-1963","page","type-page","status-publish","hentry","no-wpautop"],"acf":[],"_links":{"self":[{"href":"https:\/\/waterlat.org\/pt\/wp-json\/wp\/v2\/pages\/1963","targetHints":{"allow":["GET"]}}],"collection":[{"href":"https:\/\/waterlat.org\/pt\/wp-json\/wp\/v2\/pages"}],"about":[{"href":"https:\/\/waterlat.org\/pt\/wp-json\/wp\/v2\/types\/page"}],"author":[{"embeddable":true,"href":"https:\/\/waterlat.org\/pt\/wp-json\/wp\/v2\/users\/78"}],"replies":[{"embeddable":true,"href":"https:\/\/waterlat.org\/pt\/wp-json\/wp\/v2\/comments?post=1963"}],"version-history":[{"count":21,"href":"https:\/\/waterlat.org\/pt\/wp-json\/wp\/v2\/pages\/1963\/revisions"}],"predecessor-version":[{"id":3234,"href":"https:\/\/waterlat.org\/pt\/wp-json\/wp\/v2\/pages\/1963\/revisions\/3234"}],"wp:attachment":[{"href":"https:\/\/waterlat.org\/pt\/wp-json\/wp\/v2\/media?parent=1963"}],"curies":[{"name":"wp","href":"https:\/\/api.w.org\/{rel}","templated":true}]}}