{"id":1984,"date":"2017-04-11T00:22:33","date_gmt":"2017-04-11T00:22:33","guid":{"rendered":"http:\/\/waterlat.org\/pt\/?page_id=1984"},"modified":"2020-07-20T20:53:06","modified_gmt":"2020-07-20T20:53:06","slug":"tensao","status":"publish","type":"page","link":"https:\/\/waterlat.org\/pt\/publicacoes\/livros\/tensao\/","title":{"rendered":"Tens\u00e3o entre Justi\u00e7a Ambiental e Justi\u00e7a Social na Am\u00e9rica Latina: o Caso da Gest\u00e3o da \u00c1gua (em espanhol e portugu\u00eas)"},"content":{"rendered":"<p><a href=\"http:\/\/waterlat.org\/wp-content\/uploads\/2017\/04\/Tapa-Tens\u00e3o.jpg\"><img loading=\"lazy\" decoding=\"async\" class=\"alignnone size-medium wp-image-3689\" src=\"http:\/\/waterlat.org\/wp-content\/uploads\/2017\/04\/Tapa-Tens\u00e3o-214x300.jpg\" alt=\"\" width=\"214\" height=\"300\" \/><\/a><\/p>\n<p><span style=\"line-height: 1.714285714; font-size: 1rem;\">Jos\u00e9 Esteban Castro, Luis Henrique Cunha, Marcionila Fernandes, e Cidoval Morais de Sousa (Eds.)\u00a0<\/span><span style=\"text-decoration: underline;\">A Tens\u00e3o entre Justi\u00e7a Ambiental e Justi\u00e7a Social na Am\u00e9rica Latina: o Caso da Gest\u00e3o da \u00c1gua, <\/span><span style=\"line-height: 1.714285714; font-size: 1rem;\">\u00a0(em espanhol e portugu\u00eas) (ISBN 978-85-7879-355-5, E-book), Campina Grande, Para\u00edba, e Rio de Janeiro, Brasil:\u00a0<\/span><a style=\"line-height: 1.714285714; font-size: 1rem;\" href=\"http:\/\/eduepb.uepb.edu.br\">Editora da Universidade Estadual da Para\u00edba (EDUEPB)<\/a><span style=\"line-height: 1.714285714; font-size: 1rem;\">\u00a0Garamond Universit\u00e1ria, e Rede WATERLAT-GOBACIT, 2017. DOI: 10.5281\/zenodo.3952929.<\/span><\/p>\n<p><a href=\"https:\/\/sandbox.zenodo.org\/record\/3952929#.WPI3YlKZMdU\">Baixe aqui a vers\u00e3o em pdf<\/a><br \/>\n<a href=\"http:\/\/waterlat.org\/GeneralPDFs\/LivroTensao.epub\">Baixe aqui a vers\u00e3o em ePub<\/a><\/p>\n","protected":false},"excerpt":{"rendered":"<p>Jos\u00e9 Esteban Castro, Luis Henrique Cunha, Marcionila Fernandes, e Cidoval Morais de Sousa (Eds.)\u00a0A Tens\u00e3o entre Justi\u00e7a Ambiental e Justi\u00e7a Social na Am\u00e9rica Latina: o Caso da Gest\u00e3o da \u00c1gua, \u00a0(em espanhol e portugu\u00eas) (ISBN 978-85-7879-355-5, E-book), Campina Grande, Para\u00edba, e Rio de Janeiro, Brasil:\u00a0Editora da Universidade Estadual da Para\u00edba (EDUEPB)\u00a0Garamond Universit\u00e1ria, e Rede WATERLAT-GOBACIT, [&hellip;]<\/p>\n","protected":false},"author":3,"featured_media":0,"parent":22,"menu_order":0,"comment_status":"closed","ping_status":"closed","template":"page-templates\/full-width.php","meta":{"_acf_changed":false,"footnotes":""},"class_list":["post-1984","page","type-page","status-publish","hentry","wpautop"],"acf":[],"_links":{"self":[{"href":"https:\/\/waterlat.org\/pt\/wp-json\/wp\/v2\/pages\/1984","targetHints":{"allow":["GET"]}}],"collection":[{"href":"https:\/\/waterlat.org\/pt\/wp-json\/wp\/v2\/pages"}],"about":[{"href":"https:\/\/waterlat.org\/pt\/wp-json\/wp\/v2\/types\/page"}],"author":[{"embeddable":true,"href":"https:\/\/waterlat.org\/pt\/wp-json\/wp\/v2\/users\/3"}],"replies":[{"embeddable":true,"href":"https:\/\/waterlat.org\/pt\/wp-json\/wp\/v2\/comments?post=1984"}],"version-history":[{"count":6,"href":"https:\/\/waterlat.org\/pt\/wp-json\/wp\/v2\/pages\/1984\/revisions"}],"predecessor-version":[{"id":3208,"href":"https:\/\/waterlat.org\/pt\/wp-json\/wp\/v2\/pages\/1984\/revisions\/3208"}],"up":[{"embeddable":true,"href":"https:\/\/waterlat.org\/pt\/wp-json\/wp\/v2\/pages\/22"}],"wp:attachment":[{"href":"https:\/\/waterlat.org\/pt\/wp-json\/wp\/v2\/media?parent=1984"}],"curies":[{"name":"wp","href":"https:\/\/api.w.org\/{rel}","templated":true}]}}