{"id":22,"date":"2013-11-27T20:58:46","date_gmt":"2013-11-27T20:58:46","guid":{"rendered":"http:\/\/waterlat.org\/pt\/?page_id=22"},"modified":"2025-01-25T20:40:48","modified_gmt":"2025-01-25T20:40:48","slug":"livros","status":"publish","type":"page","link":"https:\/\/waterlat.org\/pt\/publicacoes\/livros\/","title":{"rendered":"Livros"},"content":{"rendered":"&nbsp;\r\n<h2>Publicados<\/h2>\r\n\r\n\r\n<h2><\/h2>\r\n\r\n<a href=\"https:\/\/waterlat.org\/wp-content\/uploads\/2025\/01\/Cover-Castro-Palgrave-2024.jpg\"><img loading=\"lazy\" decoding=\"async\" class=\"alignnone size-medium wp-image-1938\" src=\"https:\/\/waterlat.org\/wp-content\/uploads\/2025\/01\/Cover-Castro-Palgrave-2024.jpg\" width=\"300\" height=\"138\" \/><\/a>\r\n\r\nJose Esteban Castro,<span style=\"text-decoration: underline;\"><a href=\"https:\/\/waterlat.org\/pt\/publicacoes\/livros\/democracia-e\/\">Democracia e Pol\u00edticas Globais da \u00c1gua em Perspectiva Hist\u00f3rica. Contra a privatiza\u00e7\u00e3o da \u00e1gua (em ingl\u00eas)<\/a><\/span>. Londres: Palgrave-Macmillan, 2024. Hardcover ISBN 978-0-230-21210-7. eBook ISBN 978-1-137-31788-9 DOI:https:\/\/doi.org\/10.1057\/978-1-137-31788-9.\r\n<h2><\/h2>\r\n\r\n<h2><\/h2>\r\n<a href=\"https:\/\/waterlat.org\/wp-content\/uploads\/2024\/09\/Tapa-Org-Social-del-agua.jpg\"><img loading=\"lazy\" decoding=\"async\" class=\"alignnone size-medium wp-image-1938\" src=\"https:\/\/waterlat.org\/wp-content\/uploads\/2024\/09\/Tapa-Org-Social-del-agua.jpg\" width=\"300\" height=\"138\" \/><\/a>\r\n\r\nAntonio Rodr\u00edguez S\u00e1nchez (Coord.), <span style=\"text-decoration: underline;\"><a href=\"https:\/\/waterlat.org\/pt\/publicacoes\/livros\/organizacao-agua-mexico\/\">Organiza\u00e7\u00e3o Social, Gest\u00e3o, e Defesa da \u00c1gua no M\u00e9xico<\/a><\/span>, Zacatecas, M\u00e9xico e Newcastle upon Tyne, Reino Unido:Editora da Universidad Aut\u00f3noma de Zacatecas (UAZ) e Rede WATERLAT-GOBACIT, 2024. ISBN: 978-607-555-206-4.DOI:10.5281\/zenodo.13750251.\r\nEste livro corresponde \u00e0 primeira fase do projeto de pesquisa sobre o Sistema Unificado de Informa\u00e7\u00e3o sobre \u00c1gua e Bacias do M\u00e9xico, realizada com participa\u00e7\u00e3o de membros mexicanos da Rede WATERLAT-GOBACIT e especialistas convidados. O livro \u00e9 um  produto da <a href=\"https:\/\/waterlat.org\/pt\/areas-tematicas\/at6\/\"><b> \u00c1rea Tem\u00e1tica 6 da Rede, Bacias, Territ\u00f3rios e Espa\u00e7os Hidrosociais<\/b><\/a>.\r\n\r\n \r\n\r\n<h2><\/h2>\r\n<a href=\"https:\/\/waterlat.org\/wp-content\/uploads\/2023\/12\/Cover-Ednilson-e-Simonne-scaled.jpg\"><img loading=\"lazy\" decoding=\"async\" class=\"alignnone size-medium wp-image-2744\" src=\"https:\/\/waterlat.org\/wp-content\/uploads\/2023\/12\/Cover-Ednilson-e-Simonne-scaled.jpg\" alt=\"\" width=\"207\" height=\"300\" \/><\/a>\r\nEdnilson Gomes e Simonne Texeira (Eds.),\r\n<span style=\"text-decoration: underline;\"><a href=\"https:\/\/waterlat.org\/pt\/publicacoes\/livros\/pequenas-centrais-hidreletricas-no-brasil\/\">Pequenas Centrais Hidrel\u00e9tricas no Brasil. Legisla\u00e7\u00e3o, conflitos e impactos.<\/a> ISBN: 978-65-87726-39-71, Campos dos Goytacazes, Rio de Janeiro e Newcastle upon Tyne, Reino Unido: Editora da Universidade Estadual do Norte Fluminense Darcy Ribeiro (UENF) e Rede WATERLAT-GOBACIT.<\/span>\r\n<h2><\/h2>\r\n<a href=\"https:\/\/waterlat.org\/wp-content\/uploads\/2023\/03\/Cover-El-Derecho-al-Agua_BOOK.jpg\"><img loading=\"lazy\" decoding=\"async\" class=\"alignnone size-medium wp-image-2744\" src=\"https:\/\/waterlat.org\/wp-content\/uploads\/2023\/03\/Cover-El-Derecho-al-Agua_BOOK.jpg\" alt=\"\" width=\"207\" height=\"300\" \/><\/a>\r\n<h2><\/h2>\r\n&nbsp;\r\n\r\nJose Esteban Castro, Leo Heller, Mar\u00eda da Piedade Morais e Alex R. Caldera (Eds.),\r\n<span style=\"text-decoration: underline;\"><a href=\"https:\/\/waterlat.org\/pt\/publicacoes\/livros\/o-direito-a-agua-como-politica-publica-na-america-latina-uma-exploracao-teorica-e-empirica-em-espanhol\/\"> O Direito \u00e0 \u00c1gua como Pol\u00edtica P\u00fablica na Am\u00e9rica Latina: uma Explora\u00e7\u00e3o Te\u00f3rica e Emp\u00edrica ( em espanhol).<\/a> ISBN: 978-65-5635-048-6, Brasilia, Newcastle upon Tyne, UK, e Le\u00f3n, Guanajuato, M\u00e9xico: Instituto de Pesquisa Econ\u00f3mica Aplicada (IPEA), Rede WATERLAT-GOBACIT e Universidade de Guanajuato, Le\u00f3n, Guanajuato, M\u00e9xico, 2023. O livro \u00e9 uma vers\u00e3o extendida, em espanhol, do original publicado em portugu\u00eas em em 2015.<\/span>\r\n<h2><\/h2>\r\n<a href=\"https:\/\/waterlat.org\/wp-content\/uploads\/2022\/06\/CoverPanez-scaled.jpg\"><img loading=\"lazy\" decoding=\"async\" class=\"alignnone size-medium wp-image-2744\" src=\"https:\/\/waterlat.org\/wp-content\/uploads\/2022\/06\/CoverPanez-scaled.jpg\" alt=\"\" width=\"207\" height=\"300\" \/><\/a>\r\n\r\nEste livro \u00e9 um produto da <a href=\"https:\/\/waterlat.org\/pt\/waterlat-student-prize\/waterlat-gobacit-2020\/\"> Edi\u00e7\u00e3o 2020 do Pr\u00eamio de Estudantes (Doutorado)<\/a> da Rede WATERLAT-GOBACIT.\r\n\r\nAlexander Panez Pinto, <a href=\"https:\/\/waterlat.org\/es\/publicaciones\/libros\/el-rio-recuperando-su-cauce-despojos-y-resistencias-en-los-conflictos-por-agua-tierra-territorio-bajo-el-neoliberalismo-en-chile\/\"> El R\u00edo Recuperando su Cauce. Despojos y resistencias en los conflictos por agua-tierra-territorio bajo el neoliberalismo en Chile. ISBN: 978-85-7879-690-7 (E-book). <\/a>DOI:10.5281\/zenodo.6647297.\r\nCo-publicado em Newcastle upon Tyne (UK), e Campina Grande, Para\u00edba, Brasil, pela Rede WATERLAT-GOBACIT y Editora da Universidade Estadual da Para\u00edba (EDUEPB),con participaci\u00f3n del Consejo Latinoamericano de Ciencias Sociales(CLACSO), 2022.\r\n<h2><\/h2>\r\n<a href=\"https:\/\/waterlat.org\/wp-content\/uploads\/2021\/11\/capa-Marcos.jpg\"><img loading=\"lazy\" decoding=\"async\" class=\"alignnone size-medium wp-image-2744\" src=\"https:\/\/waterlat.org\/wp-content\/uploads\/2021\/11\/capa-Marcos.jpg\" alt=\"\" width=\"207\" height=\"300\" \/><\/a>\r\n\r\nEste livro \u00e9 um produto da <a href=\"https:\/\/waterlat.org\/pt\/waterlat-student-prize\/waterlat-gobacit-2019\/\"> Edi\u00e7\u00e3o 2019 do Pr\u00eamio de Estudantes (Doutorado)<\/a> da Rede WATERLAT-GOBACIT.\r\n\r\nMarcos Cristiano Zucarelli, <a href=\"https:\/\/waterlat.org\/pt\/publicacoes\/livros\/alma-lameada\/\"> A Matem\u00e1tica da Gest\u00e3o e a Alma Lameada: cr\u00edtica \u00e0 media\u00e7\u00e3o em licenciamentos e desastres na minera\u00e7\u00e3o<\/a>. ISBN: 978-65-86221-49-7 (E-book). DOI:10.5281\/zenodo.5708641.\r\n\r\nCo-publicado em Newcastle upon Tyne, Reino Unido e Campina Grande, Para\u00edba, Brasil, pela Rede WATERLAT-GOBACIT,e a <a href=\"http:\/\/eduepb.uepb.edu.br\/\"> Editora da Universidade Estadual da Para\u00edba (EDUEPB)<\/a>, 2021.\r\n<h2><\/h2>\r\n&nbsp;\r\n\r\n<a href=\"https:\/\/waterlat.org\/wp-content\/uploads\/2020\/12\/CoverBarranco-scaled.jpg\"><img loading=\"lazy\" decoding=\"async\" class=\"alignnone size-medium wp-image-2744\" src=\"https:\/\/waterlat.org\/wp-content\/uploads\/2020\/12\/CoverBarranco-scaled.jpg\" alt=\"\" width=\"207\" height=\"300\" \/><\/a>\r\n\r\nEste livro \u00e9 um produto da <a href=\"http:\/\/waterlat.org\/es\/premio-waterlat-para-estudiantes\/premio-2018\/\"> Edi\u00e7\u00e3o 2018 do Pr\u00eamio de Estudantes (Mestrado)<\/a> da Rede WATERLAT-GOBACIT.\r\n\r\nAlma Rosa Barranco Salazar, <a href=\"https:\/\/waterlat.org\/pt\/publicacoes\/livros\/gestao-comunitaria\/\"> A Gest\u00e3o Comunit\u00e1ria da \u00c1gua. Um estudo atrav\u00e9s das mem\u00f3rias, a organiza\u00e7\u00e3o social e os valores (em espanhol). ISBN: 978-987-86-8052-1 (E-book). DOI: 10.5281\/zenodo.4408295 <\/a>\r\nCo-publicado em Newcastle upon Tyne, Reino Unido, Campina Grande, Para\u00edba, Brasil, Buenos Aires, Argentina, e Alcal\u00e1 de Henares, Espanha, pela Rede WATERLAT-GOBACIT, a<a href=\"http:\/\/eduepb.uepb.edu.br\/\"> Editora da Universidade Estadual da Para\u00edba (EDUEPB), <\/a><a href=\"http:\/\/www.ciccus.org.ar\/\">Ediciones CICCUS, e <\/a><a href=\"https:\/\/ielat.com\">Instituto Universitario de Investigaci\u00f3n en Estudios Latinoamericanos (IELAT), Universidade de Alcal\u00e1(IELAT), 2020.<\/a>\r\n\r\n<a href=\"http:\/\/waterlat.org\/wp-content\/uploads\/2020\/06\/TapaTerritorialidades.jpg\"><img loading=\"lazy\" decoding=\"async\" class=\"alignnone size-medium wp-image-2747\" src=\"http:\/\/waterlat.org\/wp-content\/uploads\/2020\/06\/TapaTerritorialidades.jpg\" alt=\"\" width=\"207\" height=\"300\" \/><\/a>\r\n\r\nJos\u00e9 Esteban Castro, Gustavo Kohan, Alice Poma, e Carlos Ruggerio (Eds.), <a href=\"https:\/\/waterlat.org\/pt\/publicacoes\/livros\/territorialidades-del-agua\/\"> Territorialidades da \u00c1gua. Conhecimento e a\u00e7\u00e3o para construir o futuro que queremos (em espanhol e portugu\u00eas)<\/a>. Co-publicado em Newcastle upon Tyne, Reino Unido, e Buenos Aires, Argentina, pela Rede WATERLAT-GOBACIT (DOI: 10.5281\/zenodo.3948431), e <a href=\"http:\/\/www.ciccus.org.ar\/\"> Ediciones CICCUS (ISBN de Argentina: 978-987-693-801-3 [E-book]<\/a>, <a href=\"https:\/\/www.iteso.mx\"> Instituto Tecnol\u00f3gico de Estudios Superiores de Occidente (ITESO)<\/a>, e <a href=\"https:\/\/ielat.com\">Instituto Universitario de Investigaci\u00f3n en Estudios Latinoamericanos (IELAT), Universidade de Alcal\u00e1<\/a>, [2019] 2a ed., 2020.\r\n\r\n&nbsp;\r\n\r\n<a href=\"http:\/\/waterlat.org\/wp-content\/uploads\/2020\/05\/Tapa-1.jpg\"><img loading=\"lazy\" decoding=\"async\" class=\"alignnone size-medium wp-image-2744\" src=\"http:\/\/waterlat.org\/wp-content\/uploads\/2020\/05\/Tapa-1.jpg\" alt=\"\" width=\"207\" height=\"300\" \/><\/a>\r\n\r\nEste livro \u00e9 um produto da <a href=\"http:\/\/waterlat.org\/es\/premio-waterlat-para-estudiantes\/premio-2018\/\"> Edi\u00e7\u00e3o 2018 do Pr\u00eamio de Estudantes (Doutorado)<\/a> da Rede WATERLAT-GOBACIT.\r\n\r\nCindy McCulligh, <a href=\"https:\/\/waterlat.org\/pt\/publicacoes\/livros\/esgoto-do-progresso\/\"> Esgoto do Progresso. Corpora\u00e7\u00f5es, corrup\u00e7\u00e3o institucionalizada e a luta pelo rio Santiago<\/a> (em espanhol) . ISBN: 978-987-864-564-3 (E-book). DOI: 10.5281\/zenodo.3948193.\r\n\r\nCo-publicado em Newcastle upon Tyne, Reino Unido, Campina Grande, Para\u00edba, Brasil, Buenos Aires, Argentina, e Alcal\u00e1 de Henares, Espanha, pela Rede WATERLAT-GOBACIT, <a href=\"http:\/\/eduepb.uepb.edu.br\/\"> Editora da Universidade Estadual da Para\u00edba (EDUEPB)<\/a>, <a href=\"http:\/\/www.ciccus.org.ar\/\"> Ediciones CICCUS<\/a>, e <a href=\"https:\/\/ielat.com\">Instituto Universitario de Investigaci\u00f3n en Estudios Latinoamericanos (IELAT), Universidade de Alcal\u00e1<\/a>, 2020.\r\n\r\n<a href=\" http:\/\/waterlat.org\/wp-content\/uploads\/2019\/09\/tapa.jpg \"><img loading=\"lazy\" decoding=\"async\" class=\"alignnone size-medium wp-image-2744\" src=\" http:\/\/waterlat.org\/wp-content\/uploads\/2019\/09\/tapa.jpg \" alt=\"\" width=\"207\" height=\"300\" \/><\/a>\r\n\r\nEste livro \u00e9 um produto da <a href=\"https:\/\/waterlat.org\/pt\/waterlat-student-prize\/premio2016\/\"> Edi\u00e7\u00e3o 2016 do Pr\u00eamio de Estudantes (Mestrado)<\/a> da Rede WATERLAT-GOBACIT.\r\n\r\nAline Silveira Viana, <a href=\"https:\/\/waterlat.org\/pt\/publicacoes\/livros\/o-desastre-e-o-caos-velado-o-enfrentamento-individual-interpessoal-e-coletivo-de-idosos-e-familiares\/\"> O desastre e o Caos Velado: O enfrentamento individual, interpessoal e coletivo de idosos e familiares <\/a> (ISBN: 978-987-86-3795-2 [E-book], (DOI:10.5281\/zenodo.3950539). Co-publicado em Newcastle upon Tyne, Reino Unido, Campina Grande, Para\u00edba, Brasil, Buenos Aires, Argentina, e Alcal\u00e1 de Henares, Espanha, pela Rede WATERLAT-GOBACIT, <a href=\"http:\/\/eduepb.uepb.edu.br\/e-books\/\"> Editora da Universidade Estadual da Para\u00edba (EDUEPB, e <\/a><a href=\"https:\/\/ielat.com\">Instituto Universitario de Investigaci\u00f3n en Estudios Latinoamericanos (IELAT), Universidade de Alcal\u00e1<\/a><a href=\"http:\/\/eduepb.uepb.edu.br\/e-books\/\">, 2020.<\/a>\r\n\r\n&nbsp;\r\n\r\n<a href=\"https:\/\/waterlat.org\/pt\/wp-content\/uploads\/sites\/3\/2019\/09\/Tapa-Ivars.jpg\"><img loading=\"lazy\" decoding=\"async\" class=\"alignnone size-medium wp-image-2744\" src=\"https:\/\/waterlat.org\/pt\/wp-content\/uploads\/sites\/3\/2019\/09\/Tapa-Ivars-207x300.jpg\" alt=\"\" width=\"207\" height=\"300\" srcset=\"https:\/\/waterlat.org\/pt\/wp-content\/uploads\/sites\/3\/2019\/09\/Tapa-Ivars-207x300.jpg 207w, https:\/\/waterlat.org\/pt\/wp-content\/uploads\/sites\/3\/2019\/09\/Tapa-Ivars-768x1114.jpg 768w, https:\/\/waterlat.org\/pt\/wp-content\/uploads\/sites\/3\/2019\/09\/Tapa-Ivars-706x1024.jpg 706w, https:\/\/waterlat.org\/pt\/wp-content\/uploads\/sites\/3\/2019\/09\/Tapa-Ivars-624x905.jpg 624w, https:\/\/waterlat.org\/pt\/wp-content\/uploads\/sites\/3\/2019\/09\/Tapa-Ivars.jpg 1831w\" sizes=\"auto, (max-width: 207px) 100vw, 207px\" \/><\/a>\r\n\r\nEste livro \u00e9 um produto da <a href=\"https:\/\/waterlat.org\/pt\/waterlat-student-prize\/premio-de-estudantes-waterlat-gobacit-2015\/\"> Edi\u00e7\u00e3o 2015 do Pr\u00eamio de Estudantes (Doutorado)<\/a> da Rede WATERLAT-GOBACIT.\r\n\r\nJorge Daniel Ivars, <a href=\"https:\/\/waterlat.org\/pt\/publicacoes\/livros\/agua-poder-e-racionalizacao\/\"> \u00c1gua, Poder, e Racionaliza\u00e7\u00e3o na Prov\u00edncia de Mendoza, Argentina (em espanhol) <\/a>. Co-publicado em Newcastle upon Tyne, Reino Unido, Campina Grande, Para\u00edba, Brasil, e Buenos Aires, Argentina, Guadalajara, M\u00e9xico, e Alcal\u00e1 de Henares, Espanha, pela Rede WATERLAT-GOBACIT (DOI: 10.5281\/zenodo.3956624), <a href=\"http:\/\/eduepb.uepb.edu.br\/e-books\/\"> Editora da Universidade Estadual da Para\u00edba (EDUEPB) (ISBN de Brasil: 978-85-7879-391-3 [impreso] e 978-85-7879-392-0 [E-book]<\/a>, <a href=\"http:\/\/www.ciccus.org.ar\/\"> Ediciones CICCUS (ISBN de Argentina: 978-987-693-785-6 [E-book]<\/a>, <a href=\"http:\/\/www.unq.edu.ar\/\"> Universidad Nacional de Quilmes (UNQ)<\/a>, <a href=\"https:\/\/www.iteso.mx\"> Instituto Tecnol\u00f3gico de Estudios Superiores de Occidente (ITESO)<\/a>, e <a href=\"https:\/\/ielat.com\">Instituto Universitario de Investigaci\u00f3n en Estudios Latinoamericanos (IELAT), Universidade de Alcal\u00e1<\/a>, [2019] 2a ed., 2020.\r\n\r\n&nbsp;\r\n\r\n<a href=\"http:\/\/waterlat.org\/wp-content\/uploads\/2018\/05\/TapaDiazSantos.jpg\"><img loading=\"lazy\" decoding=\"async\" class=\"alignnone size-medium wp-image-4846\" src=\"http:\/\/waterlat.org\/wp-content\/uploads\/2018\/05\/TapaDiazSantos-203x300.jpg\" alt=\"\" width=\"203\" height=\"300\" \/><\/a>\r\n\r\nEste livro \u00e9 um produto da <a href=\"https:\/\/waterlat.org\/pt\/waterlat-student-prize\/premio-de-estudantes-waterlat-gobacit-2015\/\">Edi\u00e7\u00e3o 2015 do Pr\u00eamio de Estudantes (Mestrado)<\/a> da Rede WATERLAT-GOBACIT.\r\n\r\nD\u00edaz Santos, Mar\u00eda Guadalupe, <span style=\"text-decoration: underline;\">Rela\u00e7\u00f5es de Poder na Gest\u00e3o Comunit\u00e1ria da \u00c1gua. O Territ\u00f3rio e o Social como For\u00e7as (em espanhol)<\/span>. ISBN (Impresso): 978-85-7879-390-6, ISBN (E-book): 978-85-7879-389-0. Campina Grande, Para\u00edba, Brasil: <a href=\"https:\/\/waterlat.org\/pt\/publicacoes\/livros\/relaciones-fuerzas\/\">Editora da Universidade Estadual da Para\u00edba (UEPB), e Rede WATERLAT-GOBACIT, 2018. DOI: 10.5281\/zenodo.3955038.<\/a>\r\n\r\n&nbsp;\r\n\r\n<a href=\"http:\/\/waterlat.org\/wp-content\/uploads\/2018\/05\/9789876302869-144x200.jpg\"><img loading=\"lazy\" decoding=\"async\" class=\"alignnone size-full wp-image-4797\" src=\"http:\/\/waterlat.org\/wp-content\/uploads\/2018\/05\/9789876302869-144x200.jpg\" alt=\"\" width=\"144\" height=\"200\" \/><\/a>\r\n\r\n<strong>Este livro \u00e9 um produto do <a href=\" https:\/\/waterlat.org\/pt\/projetos\/lanace\/\">Projeto LANACE<\/a> da Rede WATERLAT-GOBACIT.<\/strong>\r\n\r\n<span style=\"line-height: 1.714285714; font-size: 1rem;\">Lorena Bottaro e Marian Sol\u00e1 \u00c1ngeles (Eds.)<\/span> <span style=\"text-decoration: underline;\"> \u00c1gua e Megaprojetos de Minera\u00e7\u00e3o na Am\u00e9rica Latina<\/span><span style=\"line-height: 1.714285714; font-size: 1rem;\"> (em espanhol) (ISBN 978-987-630-286-9), Los Polvorines, Buenos Aires, Argentina: <\/span><a href=\" https:\/\/waterlat.org\/pt\/publicacoes\/livros\/agua-y-megaproyectos\/\">Ediciones UNGS, Universidad Nacional de General Sarmiento (UNGS) <\/a><span style=\"line-height: 1.714285714; font-size: 1rem;\"> e Rede WATERLAT-GOBACIT, 2018. DOI: 10.5072\/zenodo.217575.<\/span>\r\n\u200e\r\n\r\n&nbsp;\r\n\r\n<a href=\"https:\/\/waterlat.org\/pt\/wp-content\/uploads\/sites\/3\/2013\/11\/capa-from-Poma_Defendiendo-territorioNUEVO.jpg\"><img loading=\"lazy\" decoding=\"async\" class=\"alignnone size-medium wp-image-2535\" src=\"https:\/\/waterlat.org\/pt\/wp-content\/uploads\/sites\/3\/2013\/11\/capa-from-Poma_Defendiendo-territorioNUEVO-215x300.jpg\" alt=\"\" width=\"215\" height=\"300\" srcset=\"https:\/\/waterlat.org\/pt\/wp-content\/uploads\/sites\/3\/2013\/11\/capa-from-Poma_Defendiendo-territorioNUEVO-215x300.jpg 215w, https:\/\/waterlat.org\/pt\/wp-content\/uploads\/sites\/3\/2013\/11\/capa-from-Poma_Defendiendo-territorioNUEVO-768x1070.jpg 768w, https:\/\/waterlat.org\/pt\/wp-content\/uploads\/sites\/3\/2013\/11\/capa-from-Poma_Defendiendo-territorioNUEVO-735x1024.jpg 735w, https:\/\/waterlat.org\/pt\/wp-content\/uploads\/sites\/3\/2013\/11\/capa-from-Poma_Defendiendo-territorioNUEVO-624x869.jpg 624w, https:\/\/waterlat.org\/pt\/wp-content\/uploads\/sites\/3\/2013\/11\/capa-from-Poma_Defendiendo-territorioNUEVO.jpg 984w\" sizes=\"auto, (max-width: 215px) 100vw, 215px\" \/><\/a>\r\n\r\n<strong>Este livro corresponde ao <a href=\"https:\/\/waterlat.org\/pt\/waterlat-student-prize\/premio-waterlat-gobacit-2014\/\">Pr\u00eamio WATERLAT-GOBACIT para Estudantes 2014.<\/a><\/strong>\r\n\r\n<a href=\"https:\/\/waterlat.org\/pt\/publicacoes\/livros\/defendendo\/\">Alice Poma, <span style=\"text-decoration: underline;\"> Defendendo Territ\u00f3rio e Dignidade. Emo\u00e7\u00f5es e Mudan\u00e7a Cultural nas Lutas contra Barragens na Espanha e no M\u00e9xico [em espanhol]<\/span><\/a>, Campina Grande, Para\u00edba, Brasil: Editora da Universidade Estadual da Para\u00edba (EDUEPB), Rede WATERLAT-GOBACIT, Escuela de Estudios Hispano Americanos (EEHA), Escola de Estudos Hispano-Americanos (EEHA), Conselho Superior de Pesquisas Cient\u00edficas (CSIC), Espa\u00f1a, e Instituto Tecnol\u00f3gico y de Estudios Superiores de Occidente, Guadalajara, M\u00e9xico, 2017. DOI: 10.5281\/zenodo.3959169.\r\n\r\n&nbsp;\r\n\r\n<a href=\"http:\/\/waterlat.org\/wp-content\/uploads\/2017\/04\/Tapa-Tens\u00e3o.jpg\"><img loading=\"lazy\" decoding=\"async\" class=\"alignnone size-medium wp-image-3689\" src=\"http:\/\/waterlat.org\/wp-content\/uploads\/2017\/04\/Tapa-Tens\u00e3o-214x300.jpg\" alt=\"\" width=\"214\" height=\"300\" \/><\/a>\r\n\r\n<a href=\"https:\/\/waterlat.org\/pt\/publicacoes\/livros\/tensao\/\">Jos\u00e9 Esteban Castro, Luis Henrique Cunha, Marcionila Fernandes, e Cidoval Morais de Sousa (Eds.)\u00a0<span style=\"text-decoration: underline;\">A Tens\u00e3o entre Justi\u00e7a Ambiental e Justi\u00e7a Social na Am\u00e9rica Latina: o Caso da Gest\u00e3o da \u00c1gua<\/span><\/a>, Campina Grande, Para\u00edba, e Rio de Janeiro, Brasil:\u00a0Editora da Universidade Estadual da Para\u00edba (EDUEPB),\u00a0Garamond Universit\u00e1ria, e Rede WATERLAT-GOBACIT, 2017. DOI: 10.5281\/zenodo.3952929.\r\n\r\n&nbsp;\r\n\r\n<a href=\"https:\/\/waterlat.org\/pt\/wp-content\/uploads\/sites\/3\/2013\/11\/Pages-from-\u00c1gua-e-Democracia-na-Am\u00e9rica-Latina.jpg\"><img loading=\"lazy\" decoding=\"async\" class=\"alignnone wp-image-1716\" src=\"https:\/\/waterlat.org\/pt\/wp-content\/uploads\/sites\/3\/2013\/11\/Pages-from-\u00c1gua-e-Democracia-na-Am\u00e9rica-Latina-225x300.jpg\" alt=\"pages-from-agua-e-democracia-na-america-latina\" width=\"124\" height=\"166\" srcset=\"https:\/\/waterlat.org\/pt\/wp-content\/uploads\/sites\/3\/2013\/11\/Pages-from-\u00c1gua-e-Democracia-na-Am\u00e9rica-Latina-225x300.jpg 225w, https:\/\/waterlat.org\/pt\/wp-content\/uploads\/sites\/3\/2013\/11\/Pages-from-\u00c1gua-e-Democracia-na-Am\u00e9rica-Latina.jpg 589w\" sizes=\"auto, (max-width: 124px) 100vw, 124px\" \/><\/a>\r\n\r\n<a href=\"https:\/\/waterlat.org\/pt\/publicacoes\/livros\/agua-e-democracia\/\">Jos\u00e9 Esteban Castro, <span style=\"text-decoration: underline;\">\u00c1gua e Democracia na Am\u00e9rica Latina<\/span><\/a>, Campina Grande, Para\u00edba, Brasil: Editora da Universidade Estadual da Para\u00edba (UEPB), e Rede WATERLAT-GOBACIT. 2016. DOI: 10.5281\/zenodo.162107.\r\n\r\n&nbsp;\r\n\r\n<a href=\"https:\/\/waterlat.org\/pt\/wp-content\/uploads\/sites\/3\/2013\/11\/Capa-O-Direito-\u00e0-\u00e1gua.jpg\"><img loading=\"lazy\" decoding=\"async\" class=\"alignnone size-medium wp-image-1244\" src=\"https:\/\/waterlat.org\/pt\/wp-content\/uploads\/sites\/3\/2013\/11\/Capa-O-Direito-\u00e0-\u00e1gua-300x138.jpg\" alt=\"Capa - O Direito \u00e0 \u00e1gua\" width=\"300\" height=\"138\" srcset=\"https:\/\/waterlat.org\/pt\/wp-content\/uploads\/sites\/3\/2013\/11\/Capa-O-Direito-\u00e0-\u00e1gua-300x138.jpg 300w, https:\/\/waterlat.org\/pt\/wp-content\/uploads\/sites\/3\/2013\/11\/Capa-O-Direito-\u00e0-\u00e1gua-1024x471.jpg 1024w, https:\/\/waterlat.org\/pt\/wp-content\/uploads\/sites\/3\/2013\/11\/Capa-O-Direito-\u00e0-\u00e1gua-624x287.jpg 624w\" sizes=\"auto, (max-width: 300px) 100vw, 300px\" \/><\/a>\r\n\r\n<a href=\"https:\/\/waterlat.org\/pt\/publicacoes\/livros\/livro-o-direito-a-agua\/\">Jos\u00e9 Esteban Castro, L\u00e9o Heller, e Maria da Piedade Morais (Eds.),\u00a0O Direito \u00e0 \u00c1gua como Pol\u00edtica P\u00fablica na Am\u00e9rica Latina: uma Explora\u00e7\u00e3o Te\u00f3rica e Emp\u00edrica, Bras\u00edlia: Instituto de Pesquisa Econ\u00f4mica Aplicada (IPEA) &#8211; Rede WATERLAT-GOBACIT, 2015.<\/a> DOI: 10.5281\/zenodo.55852.\r\n\r\n<img loading=\"lazy\" decoding=\"async\" class=\"alignnone size-medium wp-image-149\" src=\"https:\/\/waterlat.org\/pt\/wp-content\/uploads\/sites\/3\/2013\/11\/CAPA_PoliticasPublicasSaneamento_2013-300x201.jpg\" alt=\"CAPA_PoliticasPublicasSaneamento_2013\" width=\"300\" height=\"201\" srcset=\"https:\/\/waterlat.org\/pt\/wp-content\/uploads\/sites\/3\/2013\/11\/CAPA_PoliticasPublicasSaneamento_2013-300x201.jpg 300w, https:\/\/waterlat.org\/pt\/wp-content\/uploads\/sites\/3\/2013\/11\/CAPA_PoliticasPublicasSaneamento_2013.jpg 497w\" sizes=\"auto, (max-width: 300px) 100vw, 300px\" \/>\r\n\r\n<a href=\"https:\/\/waterlat.org\/pt\/publicacoes\/livros\/livro-politicas-publicas-e-gestao-de-servicos-de-saneamento\/\">L\u00e9o Heller e Jos\u00e9 Esteban Castro (Eds.),\u00a0Pol\u00edticas P\u00fablicas e Gest\u00e3o de Servi\u00e7os de Saneamento, Belo Horizonte e Rio de Janeiro:\u00a0Editora da Universidade Federal de Minas Gerais (UFMG)\u00a0e\u00a0Editora Fiocruz.<\/a> DOI: 10.5281\/zenodo.55855.\r\n\r\n&nbsp;\r\n\r\n<img loading=\"lazy\" decoding=\"async\" class=\"alignnone size-medium wp-image-150\" src=\"https:\/\/waterlat.org\/pt\/wp-content\/uploads\/sites\/3\/2013\/11\/CastroHeller-300x201.jpg\" alt=\"Castro&amp;Heller\" width=\"300\" height=\"201\" srcset=\"https:\/\/waterlat.org\/pt\/wp-content\/uploads\/sites\/3\/2013\/11\/CastroHeller-300x201.jpg 300w, https:\/\/waterlat.org\/pt\/wp-content\/uploads\/sites\/3\/2013\/11\/CastroHeller-1024x689.jpg 1024w, https:\/\/waterlat.org\/pt\/wp-content\/uploads\/sites\/3\/2013\/11\/CastroHeller-624x419.jpg 624w, https:\/\/waterlat.org\/pt\/wp-content\/uploads\/sites\/3\/2013\/11\/CastroHeller.jpg 1615w\" sizes=\"auto, (max-width: 300px) 100vw, 300px\" \/>\r\n\r\n<a href=\"https:\/\/waterlat.org\/pt\/publicacoes\/livros\/livro-water-and-sanitation-services-public-policy-and-management\/\">Jos\u00e9 Esteban Castro e L\u00e9o Heller (eds.), ISBN: 978-1-84407-656-7,\u00a0Water and Sanitation Services: Public Policy and Management, London and Sterling, VA: Earthscan, 2009, Routledge, 2012.<\/a> DOI: 10.5281\/zenodo.55854.\r\n\r\n\u200e\r\n<h2>No prelo<\/h2>\r\nFabio Vladimir S\u00e1nchez Calder\u00f3n,\u00a0<span style=\"text-decoration: underline;\">Tunjuelo: un r\u00edo del sur: Desigualdad urbana en Bogot\u00e1 a mediados del siglo XX<\/span>, Bucaramanga, Col\u00f4mbia e Newcastle upon Tyne, Reino Unido: <a href=\"https:\/\/www.uis.edu.co\/webUIS\/es\/\">Universidad Industrial de Santander (UIS)<\/a> e Rede WATERLAT-GOBACIT. Esperado em\u00a02020.\r\n<h2>Em prepara\u00e7ao<\/h2>\r\nJos\u00e9 Esteban Castro, L\u00e9o Heller, Maria da Piedade Morais, e Alex Caldera (Eds.),\u00a0<span style=\"text-decoration: underline;\">O Direito \u00e0 \u00c1gua como Pol\u00edtica P\u00fablica na Am\u00e9rica Latina: uma Explora\u00e7\u00e3o Te\u00f3rica e Emp\u00edrica<\/span> [em espanhol], Bras\u00edlia: Instituto de Pesquisa Econ\u00f4mica Aplicada (IPEA) &#8211; Rede WATERLAT-GOBACIT, esperado em 2020. Esta \u00e9 a vers\u00e3o em espanhol do livro publicado em portugu\u00eas em 2015.\r\n\r\nMar\u00eda Virginia Grosso Cepparo,\u00a0<span style=\"text-decoration: underline;\">La Escasez H\u00eddrica en Tierras Secas. Un Estudio Territorial sobre la Apropiaci\u00f3n, Gesti\u00f3n y Uso del Agua en la Cuenca del R\u00edo Mendoza, Argentina<\/span>, Newcastle upon Tyne, Reino Unido: Red WATERLAT-GOBACIT e outros.\r\n\r\n&nbsp;","protected":false},"excerpt":{"rendered":"&nbsp; Publicados Jose Esteban Castro,Democracia e Pol\u00edticas Globais da \u00c1gua em Perspectiva Hist\u00f3rica. Contra a privatiza\u00e7\u00e3o da \u00e1gua (em ingl\u00eas). Londres: Palgrave-Macmillan, 2024. Hardcover ISBN 978-0-230-21210-7. eBook ISBN 978-1-137-31788-9 DOI:https:\/\/doi.org\/10.1057\/978-1-137-31788-9. Antonio Rodr\u00edguez S\u00e1nchez (Coord.), Organiza\u00e7\u00e3o Social, Gest\u00e3o, e Defesa da \u00c1gua no M\u00e9xico, Zacatecas, M\u00e9xico e Newcastle upon Tyne, Reino Unido:Editora da Universidad Aut\u00f3noma de [&hellip;]","protected":false},"author":1,"featured_media":0,"parent":7,"menu_order":0,"comment_status":"closed","ping_status":"open","template":"page-templates\/full-width.php","meta":{"_acf_changed":false,"footnotes":""},"class_list":["post-22","page","type-page","status-publish","hentry","no-wpautop"],"acf":[],"_links":{"self":[{"href":"https:\/\/waterlat.org\/pt\/wp-json\/wp\/v2\/pages\/22","targetHints":{"allow":["GET"]}}],"collection":[{"href":"https:\/\/waterlat.org\/pt\/wp-json\/wp\/v2\/pages"}],"about":[{"href":"https:\/\/waterlat.org\/pt\/wp-json\/wp\/v2\/types\/page"}],"author":[{"embeddable":true,"href":"https:\/\/waterlat.org\/pt\/wp-json\/wp\/v2\/users\/1"}],"replies":[{"embeddable":true,"href":"https:\/\/waterlat.org\/pt\/wp-json\/wp\/v2\/comments?post=22"}],"version-history":[{"count":92,"href":"https:\/\/waterlat.org\/pt\/wp-json\/wp\/v2\/pages\/22\/revisions"}],"predecessor-version":[{"id":3974,"href":"https:\/\/waterlat.org\/pt\/wp-json\/wp\/v2\/pages\/22\/revisions\/3974"}],"up":[{"embeddable":true,"href":"https:\/\/waterlat.org\/pt\/wp-json\/wp\/v2\/pages\/7"}],"wp:attachment":[{"href":"https:\/\/waterlat.org\/pt\/wp-json\/wp\/v2\/media?parent=22"}],"curies":[{"name":"wp","href":"https:\/\/api.w.org\/{rel}","templated":true}]}}