{"id":2205,"date":"2017-07-21T20:05:11","date_gmt":"2017-07-21T20:05:11","guid":{"rendered":"http:\/\/waterlat.org\/pt\/?page_id=2205"},"modified":"2019-03-30T14:50:52","modified_gmt":"2019-03-30T14:50:52","slug":"waterlat-gobacit-ix-2018","status":"publish","type":"page","link":"https:\/\/waterlat.org\/pt\/encontros\/encontros-abertos\/waterlat-gobacit-ix-2018\/","title":{"rendered":"WATERLAT-GOBACIT IX, Jo\u00e3o Pessoa, 2018"},"content":{"rendered":"<style>\r\n.entry-content img, .comment-content img, .widget img, img.header-image, .author-avatar img, img.wp-post-image {\r\nbox-shadow: none;\r\n}\r\n.m_date{text-align: center; margin: 30px; cursor: default;}\r\n.m_date p {font-size: 15px;border: 1px solid rgb(38, 38, 38); display: inline; padding: 10px 20px; font-weight: 200; border-radius: 3px; transition: 0.2s all;}\r\n.m_date p:hover{background-color: rgba(226, 226, 226, 0.63); transition: 0.2s all;}\r\n.m_place{text-align: center; line-height: normal !important; font-size: 14.5px;}\r\n\r\n.m_logos{display: inline-block; text-align: center; width: 100%;}\r\n.m_logos img{vertical-align: middle; margin: 0px 3px;}\r\n.m_flick{margin: 0 auto; display: block;}\r\n\r\n.event_logo{width:100%; text-align:center;}\r\n.event_logo img {width:200px;}\r\n.flickr {\r\ndisplay: inline-block; \r\nmargin-left: 15%;\r\n}\r\n.m_registration{text-align:center;}\r\n.m_registration p {\r\n    text-align: center;\r\n    font-size: 16px;\r\n    border: 1px solid rgb(60, 60, 60);\r\n    display: inline;\r\n    padding: 10px 20px;\r\n    font-weight: 500;\r\n    border-radius: 3px;\r\n    transition: 0.2s all;\r\n    color: white;\r\n    background-color: #4c9ada;\r\n}\r\n.m_registration p:hover{\r\ntransition: 0.2s all;\r\nbackground-color: #2d86d0;\r\n}\r\n.m_registration a {\r\ntext-decoration:none;\r\ndisplay:inline;\r\ncolor:inherit;\r\n}\r\n\r\n<\/style>\r\n\r\n<div class=\"event_logo\">\r\n<img decoding=\"async\" src=\"http:\/\/waterlat.org\/wp-content\/uploads\/2017\/08\/wtLogoEvent.png\">\r\n<\/div>\r\n\r\n<h2 style=\"text-align:center; margin-top: 60px; color:black;\">\u00c1gua, direitos, e utopias: prioridades no processo de democratiza\u00e7\u00e3o da pol\u00edtica das \u00e1guas<\/h2>\r\n\r\n<div class=\"m_registration\">\r\n<\/div>\r\n\r\n<div class=\"m_date\">\r\n  <p>3-7 de setembro de 2018<\/p>\r\n<\/div>\r\n\r\n<p class=\"m_place\">\r\n  Centro de Forma\u00e7\u00e3o de Educadores \u201cProfessora Elisa Bezerra Mineiros\u201d <br \/> <i>Rua Cel. Benevenuto Gon\u00e7alves da Costa, Mangabeira, CEP: 58056-230<\/i>\r\n<\/p>\r\n\r\n<br \/>\r\n\r\n\r\n\r\n<p><b><a href=\"http:\/\/waterlat.org\/GeneralPDFs\/Programa_IX Reunion2018.pdf\">Baixar aqui o Programa<\/a><\/b><\/p>\r\n\r\n\r\n\r\n<p><b>V\u00eddeos do evento:<\/b><\/p>\r\n<iframe loading=\"lazy\" width=\"560\" height=\"315\" src=\"https:\/\/www.youtube.com\/embed\/3Juqe99SAKE\" frameborder=\"0\" allow=\"autoplay; encrypted-media\" allowfullscreen><\/iframe>\r\n\r\n<hr \/>\r\n<p><b>Galeria fotogr\u00e1fica do IX Encontro Internacional<\/b><\/p>\r\n\r\n    <div class=\"flickr\">\r\n\r\n<a data-flickr-embed=\"true\"  href=\"https:\/\/www.flickr.com\/photos\/125391306@N03\/albums\/72157686409631986\" title=\"IX International Meeting of the Network \/ IX Reuni\u00f3n de la Red WATERLAT-GOBACIT\"><img loading=\"lazy\" decoding=\"async\" src=\"https:\/\/farm9.staticflickr.com\/8304\/29111393435_a60c950d84_z.jpg\" width=\"640\" height=\"427\" alt=\"IX International Meeting of the Network \/ IX Reuni\u00f3n de la Red WATERLAT-GOBACIT\"><\/a><script async src=\"\/\/embedr.flickr.com\/assets\/client-code.js\" charset=\"utf-8\"><\/script> \r\n\r\n    <\/div>\r\n\r\n<hr \/>\r\n\r\n<p><b>Organizadores:<\/b><br>\r\nO Encontro foi organizado conjuntamente pela Rede WATERLAT-GOBACIT e a Universidade\r\nEstadual da Para\u00edba (UEPB) <\/p>\r\n<div class=\"m_logos\">\r\n<img decoding=\"async\" width=\"120\" src=\"https:\/\/waterlat.org\/pt\/wp-content\/uploads\/sites\/3\/2015\/12\/WATERLAT-DOS-LINEAS-300x105.jpg\">\r\n<a target=\"_blank\" href=\"http:\/\/www.uepb.edu.br\/\"><img decoding=\"async\" width=\"100\" src=\"https:\/\/www.grancursosonline.com.br\/upload\/projeto\/uepb-universidade-estadual-da-paraiba.png\"><\/a>\r\n\r\n<\/div>\r\n<br \/><br \/>\r\n<p><b>Institui\u00e7\u00f5es de apoio:<\/b><br>\r\n<a href=\"https:\/\/portal.insa.gov.br\/\">Instituto Nacional do Semi\u00e1rido (INSA)<\/a>, <a href=\"http:\/\/fapesq.rpp.br\/\">Funda\u00e7\u00e3o de Apoio \u00e0 Pesquisa do Estado da Para\u00edba (FAPESQ)<\/a>, <a href=\"https:\/\/portal.fiocruz.br\/\">Funda\u00e7\u00e3o Oswaldo Cruz (FIOCRUZ)<\/a>, <a href=\"http:\/\/www.world-psi.org\/\">Internacional de Servi\u00e7os P\u00fablicos (ISP)<\/a>. \r\n\r\n\r\n<div class=\"m_logos\">\r\n<a target=\"_blank\" href=\"https:\/\/portal.insa.gov.br\/\"><img decoding=\"async\" width=\"100\" src=\"http:\/\/waterlat.org\/wp-content\/uploads\/2017\/07\/logo-insa2.png\"><\/a>\r\n<a target=\"_blank\" href=\"http:\/\/fapesq.rpp.br\/\"><img decoding=\"async\" width=\"100\" src=\"http:\/\/waterlat.org\/wp-content\/uploads\/2018\/09\/efab2653-a7f1-4cf8-9822-077570df8c3d.jpeg\"><\/a>\r\n<a target=\"_blank\" href=\"https:\/\/portal.fiocruz.br\/\"><img decoding=\"async\" width=\"130\" src=\"http:\/\/waterlat.org\/wp-content\/uploads\/2017\/07\/fiocruz-logo.png\"><\/a>\r\n<a target=\"_blank\" href=\"http:\/\/www.world-psi.org\/\"><img decoding=\"async\" width=\"130\" src=\"http:\/\/waterlat.org\/wp-content\/uploads\/2018\/09\/ES-2017-bgcolor-RGB.png\"><\/a>\r\n<\/div>\r\n\r\n\r\n<br \/><br \/><br \/>\r\n<h3><a href=\"https:\/\/waterlat.org\/pt\/encontros\/encontros-abertos\/waterlat-gobacit-ix-2018\/coordenacao-ix-encontro2018\/\">Veja aqui os detalhes da Coordena\u00e7\u00e3o Geral do IX Encontro<\/a><\/h3>\r\n<br \/><br \/>","protected":false},"excerpt":{"rendered":"\u00c1gua, direitos, e utopias: prioridades no processo de democratiza\u00e7\u00e3o da pol\u00edtica das \u00e1guas 3-7 de setembro de 2018 Centro de Forma\u00e7\u00e3o de Educadores \u201cProfessora Elisa Bezerra Mineiros\u201d Rua Cel. Benevenuto Gon\u00e7alves da Costa, Mangabeira, CEP: 58056-230 Baixar aqui o Programa V\u00eddeos do evento: Galeria fotogr\u00e1fica do IX Encontro Internacional Organizadores: O Encontro foi organizado conjuntamente [&hellip;]","protected":false},"author":3,"featured_media":0,"parent":19,"menu_order":0,"comment_status":"closed","ping_status":"closed","template":"page-templates\/full-width.php","meta":{"_acf_changed":false,"footnotes":""},"class_list":["post-2205","page","type-page","status-publish","hentry","no-wpautop"],"acf":[],"_links":{"self":[{"href":"https:\/\/waterlat.org\/pt\/wp-json\/wp\/v2\/pages\/2205","targetHints":{"allow":["GET"]}}],"collection":[{"href":"https:\/\/waterlat.org\/pt\/wp-json\/wp\/v2\/pages"}],"about":[{"href":"https:\/\/waterlat.org\/pt\/wp-json\/wp\/v2\/types\/page"}],"author":[{"embeddable":true,"href":"https:\/\/waterlat.org\/pt\/wp-json\/wp\/v2\/users\/3"}],"replies":[{"embeddable":true,"href":"https:\/\/waterlat.org\/pt\/wp-json\/wp\/v2\/comments?post=2205"}],"version-history":[{"count":24,"href":"https:\/\/waterlat.org\/pt\/wp-json\/wp\/v2\/pages\/2205\/revisions"}],"predecessor-version":[{"id":2699,"href":"https:\/\/waterlat.org\/pt\/wp-json\/wp\/v2\/pages\/2205\/revisions\/2699"}],"up":[{"embeddable":true,"href":"https:\/\/waterlat.org\/pt\/wp-json\/wp\/v2\/pages\/19"}],"wp:attachment":[{"href":"https:\/\/waterlat.org\/pt\/wp-json\/wp\/v2\/media?parent=2205"}],"curies":[{"name":"wp","href":"https:\/\/api.w.org\/{rel}","templated":true}]}}