{"id":2732,"date":"2019-09-30T19:51:15","date_gmt":"2019-09-30T19:51:15","guid":{"rendered":"http:\/\/waterlat.org\/pt\/?page_id=2732"},"modified":"2020-07-22T17:16:21","modified_gmt":"2020-07-22T17:16:21","slug":"agua-poder-e-racionalizacao","status":"publish","type":"page","link":"https:\/\/waterlat.org\/pt\/publicacoes\/livros\/agua-poder-e-racionalizacao\/","title":{"rendered":"\u00c1gua, Poder, e Racionaliza\u00e7\u00e3o na Prov\u00edncia de Mendoza, Argentina (em espanhol)"},"content":{"rendered":"<style>\r\n.dw_pdf-full {\r\n    background-color: rgba(251, 116, 116, 0);\r\n    padding: 8px 20px;\r\n    color: #b52335;\r\n    text-decoration: none;\r\n    border: 2px #b52335 solid;\r\n    transition: 0.2s all;\r\n    border-radius: 4px;\r\n    font-weight: 600;\r\nmargin:0px 5px;}\r\n.dw_pdf-full:hover{background-color: #b52335; color:white;}\r\n.dw_pdf-full i {font-size:25px; vertical-align: bottom; margin-right: 3px;}\r\n<\/style>\r\n\r\n<a href=\"https:\/\/waterlat.org\/pt\/wp-content\/uploads\/sites\/3\/2019\/09\/Tapa-Ivarsweb.jpg\"><img loading=\"lazy\" decoding=\"async\" src=\"https:\/\/waterlat.org\/pt\/wp-content\/uploads\/sites\/3\/2019\/09\/Tapa-Ivarsweb.jpg\" alt=\"\" width=\"207\" height=\"300\" class=\"alignnone size-medium wp-image-2744\" \/><\/a>\r\n\r\n<p> Jorge Daniel Ivars, <u> \u00c1gua, Poder, e Racionaliza\u00e7\u00e3o na Prov\u00edncia de Mendoza, Argentina (em espanhol) <\/u>. Co-publicado em Newcastle upon Tyne, Reino Unido, Campina Grande, Para\u00edba, Brasil, e Buenos Aires, Argentina, Guadalajara, M\u00e9xico, e Alcal\u00e1 de Henares, Espanha, pela Rede WATERLAT-GOBACIT (DOI: 10.5281\/zenodo.3956624), <a href=\"http:\/\/eduepb.uepb.edu.br\/e-books\/\"> Editora da Universidade Estadual da Para\u00edba (EDUEPB) (ISBN de Brasil: 978-85-7879-391-3 [impreso] e 978-85-7879-392-0  [E-book]<\/a>, <a href=\"http:\/\/www.ciccus.org.ar\/\"> Ediciones CICCUS (ISBN de Argentina: 978-987-693-785-6 [E-book]<\/a>, <a href=\"http:\/\/www.unq.edu.ar\/\"> Universidad Nacional de Quilmes (UNQ)<\/a>, <a href=\"https:\/\/www.iteso.mx\"> Instituto Tecnol\u00f3gico de Estudios Superiores de Occidente (ITESO)<\/a>, e <a href=\"https:\/\/ielat.com\">Instituto Universitario de Investigaci\u00f3n en Estudios Latinoamericanos (IELAT), Universidade de Alcal\u00e1<\/a>, [2019] 2a ed., 2020.<\/p>\r\n\r\n<p> Este livro \u00e9 um produto da <a href=\"https:\/\/waterlat.org\/pt\/waterlat-student-prize\/premio-de-estudantes-waterlat-gobacit-2015\/\"> Edi\u00e7\u00e3o 2015 do Pr\u00eamio de Estudantes (Doutorado)<\/a> da Rede WATERLAT-GOBACIT.<\/p>\r\n\r\n<i><a href=\"https:\/\/zenodo.org\/record\/3956624#invenio-csl\" class=\"desar\" style=\"color:#9ad3f9;\">Exportar Cita\u00e7\u00e3o<\/a><\/i>\r\n<\/br>\r\n\r\n\r\n<h3>Baixar<\/h3>\r\n\r\n<a href=\"https:\/\/zenodo.org\/record\/3956624#.XiXTby3MxQI\" class=\"dw_pdf-full\" target=\"_blank\" rel=\"noopener noreferrer\"><i class=\"fa fa-file-pdf-o\" aria-hidden=\"true\" fa-3x><\/i> PDF <\/a>\r\n\r\n<a href=\"https:\/\/www.amazon.com\/racionalizaci\u00f3n-provincia-Mendoza-Argentina-Spanish-ebook\/dp\/B08246H223\/ref=sr_1_1?s=digital-text&#038;ie=UTF8&#038;qid=1519056067&#038;sr=1-1\" class=\"dw_pdf-full\" target=\"_blank \" rel=\"noopener noreferrer\"><i class=\"fa fa-amazon\"><\/i>Amazon<\/a>\r\n\r\n<a href=\"https:\/\/books.apple.com\/us\/book\/agua-poder-y-racionalizaci\u00f3n-en-la-provincia-mendoza\/id1494373013?ls=1\" class=\"dw_pdf-full\" target=\"_blank\" rel=\"noopener noreferrer\"><i class=\"fa fa-music\"><\/i>iTunes<\/a>\r\n\r\n<a href=\"https:\/\/play.google.com\/store\/books\/details?id=F9rIDwAAQBAJ\" class=\"dw_pdf-full\" target=\"_blank\" rel=\"noopener noreferrer\"><i class=\"fa fa-google\"><\/i>Google Play<\/a>\r\n\r\n<a href=\"https:\/\/books.google.com.mx\/books\/about?id=F9rIDwAAQBAJ&#038;redir_esc=y\" class=\"dw_pdf-full\" target=\"_blank\" rel=\"noopener noreferrer\"><i class=\"fa fa-book\"><\/i>Google Books<\/a>\r\n\r\n<\/br>\r\n<h3>Apresenta\u00e7\u00f5es do livro<\/h3>\r\n\r\n<a href=\"https:\/\/waterlat.org\/pt\/comunicacao-publica\/podcasts\/\">\u00c1gua, Poder, e Racionaliza\u00e7\u00e3o, Podcast 2, S\u00e9rie Vozes pela \u00c1gua, Alex Caldera e Jos\u00e9 Esteban Castro, com Jorge Daniel Ivars, DOI: 10.5072\/zenodo.414115.<\/a>\r\n<\/br>\r\n\r\n","protected":false},"excerpt":{"rendered":"Jorge Daniel Ivars, \u00c1gua, Poder, e Racionaliza\u00e7\u00e3o na Prov\u00edncia de Mendoza, Argentina (em espanhol) . Co-publicado em Newcastle upon Tyne, Reino Unido, Campina Grande, Para\u00edba, Brasil, e Buenos Aires, Argentina, Guadalajara, M\u00e9xico, e Alcal\u00e1 de Henares, Espanha, pela Rede WATERLAT-GOBACIT (DOI: 10.5281\/zenodo.3956624), Editora da Universidade Estadual da Para\u00edba (EDUEPB) (ISBN de Brasil: 978-85-7879-391-3 [impreso] e [&hellip;]","protected":false},"author":3,"featured_media":0,"parent":22,"menu_order":0,"comment_status":"closed","ping_status":"closed","template":"page-templates\/full-width.php","meta":{"_acf_changed":false,"footnotes":""},"class_list":["post-2732","page","type-page","status-publish","hentry","no-wpautop"],"acf":[],"_links":{"self":[{"href":"https:\/\/waterlat.org\/pt\/wp-json\/wp\/v2\/pages\/2732","targetHints":{"allow":["GET"]}}],"collection":[{"href":"https:\/\/waterlat.org\/pt\/wp-json\/wp\/v2\/pages"}],"about":[{"href":"https:\/\/waterlat.org\/pt\/wp-json\/wp\/v2\/types\/page"}],"author":[{"embeddable":true,"href":"https:\/\/waterlat.org\/pt\/wp-json\/wp\/v2\/users\/3"}],"replies":[{"embeddable":true,"href":"https:\/\/waterlat.org\/pt\/wp-json\/wp\/v2\/comments?post=2732"}],"version-history":[{"count":20,"href":"https:\/\/waterlat.org\/pt\/wp-json\/wp\/v2\/pages\/2732\/revisions"}],"predecessor-version":[{"id":3214,"href":"https:\/\/waterlat.org\/pt\/wp-json\/wp\/v2\/pages\/2732\/revisions\/3214"}],"up":[{"embeddable":true,"href":"https:\/\/waterlat.org\/pt\/wp-json\/wp\/v2\/pages\/22"}],"wp:attachment":[{"href":"https:\/\/waterlat.org\/pt\/wp-json\/wp\/v2\/media?parent=2732"}],"curies":[{"name":"wp","href":"https:\/\/api.w.org\/{rel}","templated":true}]}}