{"id":2758,"date":"2019-10-18T16:13:25","date_gmt":"2019-10-18T16:13:25","guid":{"rendered":"http:\/\/waterlat.org\/pt\/?page_id=2758"},"modified":"2019-10-18T16:30:25","modified_gmt":"2019-10-18T16:30:25","slug":"competicao-de-curta-metragens-2019-comissao-de-avaliacao-e-regras-da-competicao","status":"publish","type":"page","link":"https:\/\/waterlat.org\/pt\/competicao-de-curta-metragens\/competicao-de-curta-metragens-2019\/competicao-de-curta-metragens-2019-comissao-de-avaliacao-e-regras-da-competicao\/","title":{"rendered":"Competi\u00e7\u00e3o de Curta-metragens 2019 &#8211; Comiss\u00e3o de Avalia\u00e7\u00e3o e Regras da Competi\u00e7\u00e3o"},"content":{"rendered":"<style>\n    .themes {\n        margin-left: 15px;\n    }<\/p>\n<p>    .lista {\n        list-style: lower-latin !important;\n    }<\/p>\n<p>    .imageslogo img {\n        height: 315px;\n        float: left;\n        margin-right: 6px;\n    }<\/p>\n<p>    .imageslogo {\n        display: inline-block;\n        width: 100%;\n    }\n<\/style>\n<h2> Comiss\u00e3o de Avalia\u00e7\u00e3o <\/h2>\n<p><span><b>Eliano de Souza Martins Freitas<\/b>, Universidade Federal de Minas Gerais (UFMG), Belo Horizonte, Brasil\u2028<\/span><br \/>\n<span><b>Rui Jacinto<\/b>, Universidade de Coimbra, Portugal<\/span><br \/>\n<span><b>Ximena Cabral<\/b>, Universidade Nacional de C\u00f3rdoba, Argentina<\/span><\/p>\n<h2> Assessoria \u00e0 Equipe do Concurso <\/h2>\n<p><span><b>Susana Herrera Lima<\/b>, ITESO, a Universidade Jesuita de Guadalajara, Guadalajara, M\u00e9xico\u2028<\/span><\/p>\n<h2>Regras da Competi\u00e7\u00e3o<\/h2>\n<p><strong>1. Participantes<\/strong> <\/p>\n<p>A participa\u00e7\u00e3o \u00e9 v\u00e1lida tanto para profissionais como para iniciantes\/amadores, sem limite de idade, nacionalidade e idioma.\n<\/p>\n<p><\/p>\n<p><strong>2. Idiomas<\/strong> <\/p>\n<p>Os idiomas oficiais da Rede WATERLAT-GOBACIT s\u00e3o o espanhol, o ingl\u00eas e o portugu\u00eas. Caso o v\u00eddeo seja em outro idioma, <strong>este dever\u00e1 incluir uma tradu\u00e7\u00e3o na legenda<\/strong>    para qualquer um dos tr\u00eas idiomas oficiais da Rede.\n<\/p>\n<p><\/p>\n<p><strong>3. Dura\u00e7\u00e3o<\/strong><\/p>\n<p>Os v\u00eddeos devem ter dura\u00e7\u00e3o m\u00e1xima de 15 minutos.\n<\/p>\n<p><\/p>\n<p><strong>4. Temas<\/strong><\/p>\n<p>S\u00e3o propostos <strong>quatro temas<\/strong> para o concurso. Os v\u00eddeos podem abordar simultaneamente mais de um tema, no entanto<br \/>\n    <strong>apenas um deles deve receber prioridade<\/strong>.\n<\/p>\n<div class=\"themes\">\n    <strong>Tema 1<\/strong><br \/> \u00c9 o tema geral do X Encontro da Rede: <strong> Lutas pela \u00c1gua: Interseccionalidades de Classe, G\u00eanero e Etnicidade <\/strong>.<\/p>\n<p>    <strong>Tema 2<\/strong><br \/> O segundo tema \u00e9 <strong>Os impactos socioecon\u00f3micos e ambientais que afetam as popula\u00e7\u00f5es e os territ\u00f3rios por tratar a \u00e1gua como uma mercadoria <\/strong> <\/a>.<\/p>\n<p>    <strong>Tema 3<\/strong>. O terceiro tema \u00e9 <strong> \u00c1guas &#8220;sujas\u201d: a gest\u00e3o de \u00e1guas residuais e seu impacto socioecon\u00f3mico e ambiental <\/strong><\/p>\n<p><strong>Tema 4<\/strong>. O quarto tema \u00e9 aberto, mas deve ter rela\u00e7\u00e3o com a \u00e1gua.\n<\/div>\n<p><strong>5. Categorias<\/strong><br \/> Os v\u00eddeos poder\u00e3o concorrer as seguintes categorias:<\/p>\n<ul class=\"lista\">\n<li> Anima\u00e7\u00e3o<\/li>\n<li> Documental<\/li>\n<li> Entrevista<\/li>\n<li> Fic\u00e7\u00e3o <\/li>\n<li> Categoria aberta (pode ser uma fus\u00e3o de categorias, e pode incluir materiais educativos, pesquisa peri\u00f3dica, etc.)\n    <\/li>\n<\/ul>\n<p><\/p>\n<p><strong>6. Crit\u00e9rios<\/strong> <\/p>\n<ul>\n<li>Contribui\u00e7\u00e3o aos <a href=\"https:\/\/waterlat.org\/pt\/about\/objetivos\/\">Objetivos<\/a> e <a href=\"https:\/\/waterlat.org\/pt\/about\/prioridades\/\">Prioridades de pesquisa<\/a>        da Rede.\n    <\/li>\n<li>Consist\u00eancia com o tema abordado (se\u00e7\u00e3o 4)\n<\/li>\n<li>Pertin\u00eancia com a categoria a que se refere (se\u00e7\u00e3o 5)\n<\/li>\n<li>Est\u00e9tica visual\n<\/li>\n<li>Qualidade e originalidade (da abordagem e da perspectiva narrativa).\n<\/li>\n<li> Consist\u00eancia conceitual e clareza da mensagem\n<\/li>\n<li>Foco e amplitude da mensagem (especifica\u00e7\u00e3o do p\u00fablico ou p\u00fablicos a que o v\u00eddeo \u00e9 dirigido, etc.)\n<\/ul>\n<p><strong>7. Formato<\/strong>. <\/p>\n<p>Meio digital em algum dos seguintes formatos: .MOV; .MPEG4; .AVI; .WMV; .MPEGPS; .FLV; .3GPP; .WebM<\/p>\n<p><strong>8. Apresenta\u00e7\u00e3o<\/strong><\/p>\n<p>As pessoas interessadas em participar da Competi\u00e7\u00e3o dever\u00e3o enviar uma mensagem eletr\u00f4nica para a <a href=\"mailto:redwaterlat@gmail.com\">Secretar\u00eda da Rede WATERLAT-GOBACIT<\/a>,<br \/>\n    informando os dados listados abaixo:\n<\/p>\n<ul class=\"lista\">\n<li> Nome completo da pessoa respons\u00e1vel\n    <\/li>\n<li> Nombre completo de la persona de contacto\n    <\/li>\n<li> Dados completos (endere\u00e7o, cidade, pais, telefone, e-mail) da pessoa respons\u00e1vel\n<\/li>\n<li> T\u00edtulo, categoria e data da produ\u00e7\u00e3o do v\u00eddeo submetido\n<\/li>\n<li> Indica\u00e7\u00e3o de se o v\u00eddeo tem sido apresentado para avalia\u00e7\u00e3o em outras competi\u00e7\u00f5es de curtas-metragens\n    <\/li>\n<li> Indica\u00e7\u00e3o de se o v\u00eddeo tem sido premiado em outras competi\u00e7\u00f5es.\n    <\/li>\n<li> Importante: em caso de o v\u00eddeo ter sido produzido em data anterior a 30 de setembro de 2018 e de v\u00eddeos que foram premiados<br \/>\n        anteriormente, os mesmos n\u00e3o poder\u00e3o participar da Competi\u00e7\u00e3o principal, no entanto, poder\u00e3o concorrer a uma Men\u00e7\u00e3o<br \/>\n        Honrosa. <\/li>\n<li> Breve resumo do assunto abordado pelo v\u00eddeo e uma ficha t\u00e9cnica incluindo o idioma, tema, categoria, dura\u00e7\u00e3o e formato.\n<\/li>\n<li> Declara\u00e7\u00e3o de autoria. Ao submeter o v\u00eddeo a Competi\u00e7\u00e3o, automaticamente declara-se que os direitos autorais do trabalho<br \/>\n        e que n\u00e3o h\u00e1 nenhum elemento sujeito a direitos de prioridade de terceiros. A Rede WATERLAT-GOBACIT se reserva ao<br \/>\n        direito de desclassificar aqueles v\u00eddeos que n\u00e3o estejam em conformidade com estes aspectos, a qualquer momento da<br \/>\n        competi\u00e7\u00e3o, inclusive ap\u00f3s a decis\u00e3o final, ante qualquer anomalia sobre direitos autorais. O autor(es) \u00e9(s\u00e3o) respons\u00e1vel(eis)<br \/>\n        por quaisquer problemas causados por viola\u00e7\u00f5es de direitos autorais aos v\u00eddeos submetidos a Competi\u00e7\u00e3o.<\/p>\n<\/li>\n<li> Ap\u00f3s o recebimento deste documento, ser\u00e1 acertado com o(s) autor(es) o m\u00e9todo mais adequado para realizar a transfer\u00eancia<br \/>\n        do v\u00eddeo online.<\/p>\n<\/ul>\n<p><\/p>\n<p><strong>9. Data de encerramento de submiss\u00f5es<\/strong> <\/p>\n<p> A recep\u00e7\u00e3o de submiss\u00f5es foi encerrada o dia 31 de maio de 2019. <\/p>\n<p><strong>10. Direitos de difus\u00e3o <\/strong><\/p>\n<p>A Rede WATERLAT-GOBACIT se reserva ao direito de utilizar os v\u00eddeos apresentados ao concurso em suas atividades educativas,<br \/>\n    de pesquisa e de debate p\u00fablico, bem como em outras atividades da Rede. As atividades da Rede n\u00e3o possuem fins lucrativos.<br \/>\n    Isto n\u00e3o infringe o direito do(s) autor(es) ao reconhecimento de seu(s) trabalho(s). A Rede WATERLAT-GOBACIT utiliza<br \/>\n    a licen\u00e7a de Creative Commons \u2013 Attribution e publica seus v\u00eddeos em seu <a href=\"https:\/\/www.youtube.com\/user\/Waterlat\/featured\">Canal de Youtube<\/a>.<br \/>\n    Igualmente, os materiais poder\u00e3o ser utilizados com fins de promo\u00e7\u00e3o exclusivamente para esta competi\u00e7\u00e3o.\n<\/p>\n<p><strong>11. Avalia\u00e7\u00e3o, premia\u00e7\u00e3o, e reconhecimentos<\/strong>. <\/p>\n<ul class=\"lista\">\n<li> A Comiss\u00e3o de Avalia\u00e7\u00e3o far\u00e1 uma pr\u00e9-sele\u00e7\u00e3o de todos os v\u00eddeos que cumpram com os crit\u00e9rios de avalia\u00e7\u00e3o enumerados nos pontos 1 a 8 e produzir\u00e1 uma lista indicando a ordem de m\u00e9rito de cada trabalho.\n  <\/li>\n<li>A lista ter\u00e1 duas categorias: a) curtas-metragens que participam na Competi\u00e7\u00e3o principal e b) curtas-metragens que concorrem pela Men\u00e7\u00e3o Honrosa Especial (ver \u201cApresenta\u00e7\u00e3o\u201d, ponto 8 acima).\n  <\/li>\n<li>Adicionalmente ao ganhador da Competi\u00e7\u00e3o, todos os v\u00eddeos que recebam uma avalia\u00e7\u00e3o de 80 por cento da nota total outorgada pela Comiss\u00e3o de Avalia\u00e7\u00e3o receber\u00e3o uma Men\u00e7\u00e3o Honrosa Especial. Todos estes v\u00eddeos ser\u00e3o tamb\u00e9m publicados na <a href=\" https:\/\/zenodo.org\/communities\/waterlat-gobacit\/\"> Comunidade WATERLAT-GOBACIT do Reposit\u00f3rio Zenodo da Uni\u00e3o Europeia<\/a>, que outorga um n\u00famero de Identifica\u00e7\u00e3o de Objeto Digital (DOI \u2013 Digital Object Identification) e dissemina\u00e7\u00e3o internacional ampliada.\n  <\/li>\n<li> Todos os v\u00eddeos pr\u00e9-selecionados ser\u00e3o premiados com uma difus\u00e3o a trav\u00e9s de diversos meios, incluindo sua difus\u00e3o permanente numa Lista de Reprodu\u00e7\u00e3o dedicada a Competi\u00e7\u00e3o no <a href=\"https:\/\/www.youtube.com\/user\/Waterlat\/featured\">Canal de Youtube<\/a> da Rede WATERLAT-GOBACIT.\n  <\/li>\n<li> Todos os participantes que tenham seus v\u00eddeos avaliados receber\u00e3o um certificado oficial.\n  <\/li>\n<li> Os v\u00eddeos ter\u00e3o difus\u00e3o adicional a trav\u00e9s das atividades das institui\u00e7\u00f5es dos membros da Rede, em suas atividades educativas e outras.\n  <\/li>\n<\/ul>\n<p><strong>11. Comunica\u00e7\u00e3o dos resultados <\/strong><\/p>\n<p>\nA comunica\u00e7\u00e3o oficial e p\u00fablica do resultado da competi\u00e7\u00e3o foi feita durante o <a href=\"https:\/\/waterlat.org\/pt\/encontros\/encontros-abertos\/waterlat-gobacit-x-concepcion-2019\/\">X Encontro Internacional da Rede<\/a>, que teve lugar de 7 a 11 de outubro de 2019 na cidade de Concepci\u00f3n, Chile.\n<\/p>\n<hr \/>\n<p>Para maiores informa\u00e7\u00f5es ou para esclarecer as d\u00favidas, envie uma mensagem eletr\u00f4nica para a <a href=\"mailto:redwaterlat@gmail.com\"> Secretaria da Rede WATERLAT-GOBACIT <\/a>.<\/p>\n","protected":false},"excerpt":{"rendered":"<p>Comiss\u00e3o de Avalia\u00e7\u00e3o Eliano de Souza Martins Freitas, Universidade Federal de Minas Gerais (UFMG), Belo Horizonte, Brasil\u2028 Rui Jacinto, Universidade de Coimbra, Portugal Ximena Cabral, Universidade Nacional de C\u00f3rdoba, Argentina Assessoria \u00e0 Equipe do Concurso Susana Herrera Lima, ITESO, a Universidade Jesuita de Guadalajara, Guadalajara, M\u00e9xico\u2028 Regras da Competi\u00e7\u00e3o 1. Participantes A participa\u00e7\u00e3o \u00e9 v\u00e1lida [&hellip;]<\/p>\n","protected":false},"author":3,"featured_media":0,"parent":2628,"menu_order":0,"comment_status":"closed","ping_status":"closed","template":"page-templates\/full-width.php","meta":{"_acf_changed":false,"footnotes":""},"class_list":["post-2758","page","type-page","status-publish","hentry","wpautop"],"acf":[],"_links":{"self":[{"href":"https:\/\/waterlat.org\/pt\/wp-json\/wp\/v2\/pages\/2758","targetHints":{"allow":["GET"]}}],"collection":[{"href":"https:\/\/waterlat.org\/pt\/wp-json\/wp\/v2\/pages"}],"about":[{"href":"https:\/\/waterlat.org\/pt\/wp-json\/wp\/v2\/types\/page"}],"author":[{"embeddable":true,"href":"https:\/\/waterlat.org\/pt\/wp-json\/wp\/v2\/users\/3"}],"replies":[{"embeddable":true,"href":"https:\/\/waterlat.org\/pt\/wp-json\/wp\/v2\/comments?post=2758"}],"version-history":[{"count":5,"href":"https:\/\/waterlat.org\/pt\/wp-json\/wp\/v2\/pages\/2758\/revisions"}],"predecessor-version":[{"id":2768,"href":"https:\/\/waterlat.org\/pt\/wp-json\/wp\/v2\/pages\/2758\/revisions\/2768"}],"up":[{"embeddable":true,"href":"https:\/\/waterlat.org\/pt\/wp-json\/wp\/v2\/pages\/2628"}],"wp:attachment":[{"href":"https:\/\/waterlat.org\/pt\/wp-json\/wp\/v2\/media?parent=2758"}],"curies":[{"name":"wp","href":"https:\/\/api.w.org\/{rel}","templated":true}]}}