{"id":2772,"date":"2019-10-26T23:46:34","date_gmt":"2019-10-26T23:46:34","guid":{"rendered":"http:\/\/waterlat.org\/pt\/?page_id=2772"},"modified":"2023-10-23T18:54:12","modified_gmt":"2023-10-23T18:54:12","slug":"podcasts","status":"publish","type":"page","link":"https:\/\/waterlat.org\/pt\/comunicacao-publica\/podcasts\/","title":{"rendered":"Podcasts"},"content":{"rendered":"<h2>S\u00e9rie Vozes pela \u00c1gua<\/h2>\n<h3 style=\"margin: 0;\">Podcast 1: <strong> Introdu\u00e7\u00e3o \u00e0 S\u00e9rie Vozes pela \u00c1gua <\/strong><\/h3>\n<p><i>Alex Caldera e Jose Esteban Castro (em espanhol)<\/i><\/p>\n<blockquote><p>Neste podcast introdut\u00f3rio explicamos os objetivos da S\u00e9rie &#8220;Vozes pela \u00c1gua&#8221; e apresentamos uma hist\u00f3ria sucinta da Rede WATERLAT-GOBACIT, suas atividades e temas relacionados.<\/p><\/blockquote>\n<p><b>Escute no Internet Archive<\/b><br \/>\n<iframe loading=\"lazy\" src=\"https:\/\/archive.org\/embed\/vocesporelagua1_201910\" width=\"500\" height=\"50\" frameborder=\"0\" allowfullscreen=\"allowfullscreen\"><\/iframe><\/p>\n<hr style=\"background-color: cornflowerblue;\" \/>\n<h2>A lista de podcasts est\u00e1 em ordem cronol\u00f3gica inversa<\/h2>\n<h3 style=\"margin: 0;\">Podcast 26: <strong> Principais desafios que enfrenta a democratiza\u00e7\u00e3o da pol\u00edtica da \u00e1gua em El Salvador, Am\u00e9rica Central e o Caribe (em espanhol) <\/strong><\/h3>\n<p><i> Alex Caldera e Jos\u00e9 Esteban Castro com Jos\u00e9 Armando Flores Alem\u00e1n <\/i><\/p>\n<blockquote><p>Conversaci\u00f3n con Alex Caldera, Universidad de Guanajuato, M\u00e9xico y Jos\u00e9 Esteban Castro, CONICET, Argentina y Newcastle University, Reino Unido. En esta edici\u00f3n presentamos a Jos\u00e9 Armando Flores Alem\u00e1n, Vicepresidente de la Fundaci\u00f3n de Estudios Para la Aplicaci\u00f3n del Derecho (FESPAD), ex Ministro de Econom\u00eda (abril de 2012-mayo de 2014), El Salvador, quien trata el tema de la situaci\u00f3n de los servicios b\u00e1sicos de agua y saneamiento y de las fuentes de agua en general, en El Salvador y otros pa\u00edses de Centroam\u00e9rica y Caribe. La conversaci\u00f3n tambi\u00e9n abord\u00f3 el tema de los obst\u00e1culos y oportunidades que enfrentan Am\u00e9rica Central y el Caribe  con relaci\u00f3n al cumplimiento con el Derecho Humano al Agua y al Saneamiento y al progreso logrado en alcanzar los Objetivos de Desarrollo Sostenible <\/p><\/blockquote>\n<p><b> Escute no Internet Archive <\/b><br \/>\n<iframe loading=\"lazy\" src=\"https:\/\/archive.org\/embed\/voces-por-el-agua-26\" width=\"500\" height=\"30\" frameborder=\"0\" allowfullscreen=\"allowfullscreen\"><\/iframe><\/p>\n<hr style=\"background-color: cornflowerblue;\" \/>\n<h3 style=\"margin: 0;\">Podcast 25: <strong> Obst\u00e1culos y oportunidades para la democratizaci\u00f3n de la pol\u00edtica y la gesti\u00f3n del agua en Puerto Rico <\/strong><\/h3>\n<p><i> Alex Caldera e Jos\u00e9 Esteban Castro com Alejandro Torres-Abreu y F\u00e9lix I. Aponte Ortiz <\/i><\/p>\n<blockquote><p>Conversaci\u00f3n con Alex Caldera, Universidad de Guanajuato, M\u00e9xico y Jos\u00e9 Esteban Castro, CONICET, Argentina y Newcastle University, Reino Unido. En esta edici\u00f3n presentamos a Alejandro Torres-Abreu, del Instituto Transdisciplinario de Investigaci\u00f3n y Acci\u00f3n Social, Universidad de Puerto Rico, campus Humacao, y F\u00e9lix I. Aponte Ortiz, Escuela Graduada de Planificaci\u00f3n, Universidad de Puerto Rico, campus R\u00edo de Piedras, Puerto Rico, quienes hablan acerca del contexto hist\u00f3rico de la gesti\u00f3n del agua en Puerto Rico, incluyendo el legado colonial espa\u00f1ol y los desarrollos subsecuentes a partir de la anexi\u00f3n del archipi\u00e9lago por parte de los Estados Unidos en 1898. La conversaci\u00f3n incluye una discusi\u00f3n sobre los principales obst\u00e1culos y oportunidades que enfrenta Puerto Rico en relaci\u00f3n a la implementaci\u00f3n del Derecho Humano al Agua y al Saneamiento y al logro de los Objetivos de Desarrollo Sostenible <\/p><\/blockquote>\n<p><b>Escute no Internet Archive<\/b><br \/>\n<iframe loading=\"lazy\" src=\"https:\/\/archive.org\/embed\/voces-por-el-agua-25\" width=\"500\" height=\"30\" frameborder=\"0\" allowfullscreen=\"allowfullscreen\"><\/iframe><\/p>\n<h3 style=\"margin: 0;\">Podcast 24: <strong> Luchas por el agua, los territorios y la democratizaci\u00f3n en Chile <\/strong><\/h3>\n<p><i> Alex Caldera e Jos\u00e9 Esteban Castro com Robinson Karol Torres Salinas <\/i><\/p>\n<blockquote><p>Conversaci\u00f3n con Alex Caldera, Universidad de Guanajuato, M\u00e9xico y Jos\u00e9 Esteban Castro, CONICET, Argentina y Newcastle University, Reino Unido. En esta edici\u00f3n presentamos a Robinson Karol Torres Salinas, Universidad de Concepci\u00f3n, Concepci\u00f3n, B\u00edo-B\u00edo, Chile, quien habla sobre las luchas sociales hist\u00f3ricas por la democratizaci\u00f3n de la sociedad chilena, incluyendo los reclamos de las comunidades ind\u00edgenas y los movimientos sociales por las violaciones sistem\u00e1ticas de los derechos humanos, as\u00ed como sobre las expectativas de cambio democr\u00e1tico que ha despertado el proceso de reforma Constitucional en marcha en el pa\u00eds. La conversaci\u00f3n tambi\u00e9n trata sobre los resultados de la <a href=\"https:\/\/waterlat.org\/pt\/encontros\/encontros-abertos\/waterlat-gobacit-x-concepcion-2019\/\"> X Reuni\u00f3n Internacional de la Red WATERLAT-GOBACIT, \u201cLuchas por el Agua: Interseccionalidades de Clase, G\u00e9nero y Etnicidad\u201d<\/a>, que tuvo lugar del 7 al 11 de octubre de 2019 en Concepci\u00f3n, Chile, en la cual Robinson Torres actu\u00f3 como Coordinador local.<\/p><\/blockquote>\n<p><b>Escute no Internet Archive<\/b><br \/>\n<iframe loading=\"lazy\" src=\"https:\/\/archive.org\/embed\/voves-por-el-agua-24\" width=\"500\" height=\"30\" frameborder=\"0\" allowfullscreen=\"allowfullscreen\"><\/iframe><\/p>\n<hr style=\"background-color: cornflowerblue;\" \/>\n<h3 style=\"margin: 0;\">Podcast 23: <strong> Un repaso de la pol\u00edtica de servicios de agua en Chile y sus perspectivas <\/strong><\/h3>\n<p><i> Alex Caldera e Jos\u00e9 Esteban Castro com Cristi\u00e1n Fern\u00e1ndez Flores <\/i><\/p>\n<blockquote><p>Conversaci\u00f3n con Alex Caldera, Universidad de Guanajuato, M\u00e9xico y Jos\u00e9 Esteban Castro, CONICET, Argentina y Newcastle University, Reino Unido. En esta edici\u00f3n presentamos a Cristi\u00e1n Fern\u00e1ndez Flores, Fundaci\u00f3n Newenko, Santiago, Chile y Universidad Libre de Berl\u00edn, Alemania, quien habla sobre el modelo de derechos y servicios de agua privatizados en Chile, el desastre sanitario causado en la ciudad de Osorno en 2019 y las perspectivas de cambio en el contexto del actual proceso de reforma Constitucional en el pa\u00eds. Algunos de estos temas est\u00e1n tratados en su texto <a href=\"https:\/\/cl.boell.org\/es\/2020\/06\/16\/servicios-sanitarios-urbanos-en-chile\">Servicios Sanitarios Urbanos en Chile. Revisi\u00f3n cr\u00edtica de su gesti\u00f3n privatizada a partir de la crisis sanitaria de Osorno<\/a>, publicado por Heinrich-B\u00f6ll-Stiftung en 2020 .<\/p><\/blockquote>\n<p><b>Escute no Internet Archive<\/b><br \/>\n<iframe loading=\"lazy\" src=\"https:\/\/archive.org\/embed\/voces-por-el-agua-23\" width=\"500\" height=\"30\" frameborder=\"0\" allowfullscreen=\"allowfullscreen\"><\/iframe><\/p>\n<hr style=\"background-color: cornflowerblue;\" \/>\n<h3 style=\"margin: 0;\">Podcast 22: <strong> La remunicipalizaci\u00f3n del agua en Terrassa, Catalu\u00f1a. La lucha de la Mesa del Agua (Taula de l\u2019Aigua) por un modelo de gesti\u00f3n del agua como com\u00fan (2014-2019) <\/strong><\/h3>\n<p><i> Alex Caldera e Jos\u00e9 Esteban Castro com Edurne Bagu\u00e9 Tova<\/i><br \/>\n<i>DOI: 10.5281\/zenodo.4271512<\/i><\/p>\n<blockquote><p>Conversaci\u00f3n con Alex Caldera, Universidad de Guanajuato, M\u00e9xico y Jos\u00e9 Esteban Castro, CONICET, Argentina y Newcastle University, Reino Unido. En esta edici\u00f3n presentamos a Edurne Bagu\u00e9 Tova, Universidad de Girona, Girona, Catalu\u00f1a, Espa\u00f1a, quien habla sobre el proceso de remunicipalizaci\u00f3n de los servicios de agua esenciales en Terrassa, Catalu\u00f1a, Espa\u00f1a. Este fue tambi\u00e9n el tema de su tesis de doctorado &#8220;La remunicipalizaci\u00f3n del agua en Terrassa, Catalu\u00f1a. La lucha de la Mesa del Agua (Taula de l\u2019Aigua) por un modelo de gesti\u00f3n del agua como com\u00fan (2014-2019)&#8221;, CIESAS, Ciudad de M\u00e9xico, 2020. Vea tambi\u00e9n el n\u00famero especial de los Cuadernos de Trabajo WATERLAT-GOBACIT <a href=\"https:\/\/waterlat.org\/pt\/working-papers-series\/vol5\/vol5no1\/\"> La lucha por la democracia en Espa\u00f1a: iniciativas desde abajo para defender los servicios de agua esenciales como un bien com\u00fan<\/a>, y la entrevista en video con Edurne Bagu\u00e9 y actores relevantes sobre <a href=\"https:\/\/youtu.be\/TA8CNSndAJM\"> Remunicipalizaci\u00f3n de los servicios de agua esenciales: Valladolid y Terrassa en Espa\u00f1a<\/a>.<\/p><\/blockquote>\n<p><b>Escute no Internet Archive<\/b><br \/>\n<iframe loading=\"lazy\" src=\"https:\/\/archive.org\/embed\/voces-por-el-agua-22\" width=\"500\" height=\"30\" frameborder=\"0\" allowfullscreen=\"allowfullscreen\"><\/iframe><\/p>\n<hr style=\"background-color: cornflowerblue;\" \/>\n<h3 style=\"margin: 0;\">Podcast 21: <strong> Confrontando as pol\u00edticas da desigualdade no Rio de Janeiro, Brasil <\/strong><\/h3>\n<p><i> Alex Caldera, Jos\u00e9 Esteban Castro e J\u00falia Borges, com Carmen Castro e Gizele Martins<\/i><br \/>\n<i>DOI: 10.5072\/zenodo.672066<\/i><\/p>\n<blockquote><p>Di\u00e1logo entre Alex Caldera, Universidade de Guanajuato, M\u00e9xico, Jos\u00e9 Esteban Castro, CONICET, Argentina e Newcastle University, Reino Unido, e J\u00falia Borges, Programa de P\u00f3s-gradua\u00e7\u00e3o em Pol\u00edticas Sociais, Universidade Estadual do Norte Fluminense Darcy Ribeiro (UENF), Campos dos Goytacazes, Rio de Janeiro, Brasil. Nesta edi\u00e7\u00e3o apresentamos a Carmen Castro, soci\u00f3loga, assessora da C\u00e2mara Municipal do Rio de Janeiro (CMRJ) e Gizele Martins, jornalista e mestre em educa\u00e7\u00e3o, cultura, e comunica\u00e7\u00e3o em periferias urbanas, Rio de Janeiro, Brasil. Esta edi\u00e7\u00e3o dos podcasts \u00e9 parte dos <a href=\"https:\/\/waterlat.org\/pt\/comunicacao-publica\/dialogos-rio-2020\/\">Di\u00e1logos sobre a Pol\u00edtica de Escassez H\u00eddrica no Rio de Janeiro<\/a>, uma iniciativa de membros da Rede WATERLAT-GOBACIT no Rio de Janeiro, com a coordena\u00e7\u00e3o de J\u00falia Borges e Simonne Texeira, Universidade Estadual do Norte Fluminense Darcy Ribeiro (UENF).<\/p><\/blockquote>\n<p><b>Escute no Internet Archive<\/b><br \/>\n<iframe loading=\"lazy\" src=\"https:\/\/archive.org\/embed\/voces-por-el-agua-21\" width=\"500\" height=\"30\" frameborder=\"0\" allowfullscreen=\"allowfullscreen\"><\/iframe><\/p>\n<hr style=\"background-color: cornflowerblue;\" \/>\n<h3 style=\"margin: 0;\">Podcast 20: <strong> Li\u00e7\u00f5es da Diretiva Quadro da \u00c1gua europeia: uma perspectiva desde Espanha <\/strong>(em espanhol)<\/h3>\n<p><i> Alex Caldera e Jos\u00e9 Esteban Castro, com Leandro del Moral Ituarte <\/i><br \/>\n<i>DOI: 10.5072\/zenodo.644387<\/i><\/p>\n<blockquote><p>Di\u00e1logo (em espanhol) entre Alex Caldera, Universidade de Guanajuato, M\u00e9xico e Jos\u00e9 Esteban Castro, CONICET, Argentina e Newcastle University, Reino Unido. Nesta edi\u00e7\u00e3o apresentamos a Leandro del Moral Ituarte, Departamento de Geografia, Universidade de Sevilha, e membro da Funda\u00e7\u00e3o Nova Cultura da \u00c1gua, Sevilha, Espanha, quem fala sobre o processo que levou \u00e0 aprova\u00e7\u00e3o da <a href=\"https:\/\/ec.europa.eu\/environment\/water\/water-framework\/index_en.html\"> Diretiva Quadro da \u00c1gua <\/a> europeia no ano 2000, algumas li\u00e7\u00f5es que podem ser extra\u00eddas desse processo, e os desafios e oportunidades que apresenta sua implementa\u00e7\u00e3o. A fala tamb\u00e9m enfatiza as campanhas de organiza\u00e7\u00f5es da sociedade civil, acad\u00eamicos comprometidos e outros atores em apoio da implementa\u00e7\u00e3o plena da Diretiva para proteger as fontes de \u00e1gua e contra as tentativas de alguns governos e lobbies empresariais para reduzir o alcance da Diretiva e flexibilizar os controles regulat\u00f3rios. Tamb\u00e9m se refere \u00e0 recente ratifica\u00e7\u00e3o da Diretiva por parte da Comiss\u00e3o Europeia.<\/p><\/blockquote>\n<p><b>Escute no Internet Archive<\/b><br \/>\n<iframe loading=\"lazy\" src=\"https:\/\/archive.org\/embed\/voces-por-el-agua-20\" width=\"500\" height=\"30\" frameborder=\"0\" allowfullscreen=\"allowfullscreen\"><\/iframe><\/p>\n<h3 style=\"margin: 0;\">Podcast 19: <strong> Os desafios pol\u00edticos e institucionais que enfrenta a crise dos recursos h\u00eddricos dos servi\u00e7os saneamento no Chile <\/strong>em espanhol)<\/h3>\n<p><i> Alex Caldera e Jose Esteban Castro, com Hugo Maturana Aguilar <\/i><br \/>\n<i>DOI: 10.5072\/zenodo.3922234<\/i><\/p>\n<blockquote><p>Di\u00e1logo (em espanhol) entre Alex Caldera, Universidade de Guanajuato, M\u00e9xico e Jos\u00e9 Esteban Castro, CONICET, Argentina e Newcastle University, Reino Unido. Nesta edi\u00e7\u00e3o apresentamos a Hugo Maturana Aguilar, Presidente do Sindicato da Empresa Obras Sanit\u00e1rias de Valparaiso (ESVAL S.A.) e Presidente do Diret\u00f3rio Executivo, Federa\u00e7\u00e3o Nacional de Trabalhadores de Obras Sanit\u00e1rias (FENATRAOS), Chile, quem fala dos desafios e oportunidades que enfrentam os recursos h\u00eddricos e os servi\u00e7os de saneamento no Chile. A entrevista tamb\u00e9m trata a crise gerada na cidade de Osorno em J\u00falio de 2019, quando a cidade ficou sem servi\u00e7o de \u00e1gua por mais de duas semanas por causa das falhas da Empresa de Servi\u00e7os Sanit\u00e1rios de Los Lagos (ESSAL S. A.), privatizada, de propriedade da multinacional francesa Suez. Este podcast \u00e9 parte das atividades desenvolvidas no marco do <a href=\" https:\/\/waterlat.org\/pt\/projetos\/acordo-de-cooperacao-com-a-isp\/ \"> Acordo de Coopera\u00e7\u00e3o em temas de interesse comum com a Internacional de Servi\u00e7os P\u00fablicos (ISP)<\/a>, e a colabora\u00e7\u00e3o com a <a href=\" http:\/\/www.contaguas.org\/\"> Confedera\u00e7\u00e3o de Trabalhadoras e Trabalhadores de \u00c1gua, Saneamento e Meio Ambiente das Am\u00e9ricas (CONTAGUAS)<\/a>.<\/p><\/blockquote>\n<p><b>Escute no Internet Archive<\/b><br \/>\n<iframe loading=\"lazy\" src=\"https:\/\/archive.org\/embed\/voces-por-el-agua-19\" width=\"500\" height=\"30\" frameborder=\"0\" allowfullscreen=\"allowfullscreen\"><\/iframe><\/p>\n<h3 style=\"margin: 0;\">Podcast 18: <strong> Esgoto do Progresso. Corpora\u00e7\u00f5es, corrup\u00e7\u00e3o institucionalizada e a luta pelo rio Santiago <\/strong> (em espanhol)<\/h3>\n<p><i> Alex Caldera e Jos\u00e9 Esteban Castro, com Cindy McCulligh<\/i><br \/>\n<i>DOI: 10.5072\/zenodo.639120<\/i><\/p>\n<blockquote><p>Di\u00e1logo (em espanhol) entre Alex Caldera, Universidade de Guanajuato, M\u00e9xico e Jos\u00e9 Esteban Castro, CONICET, Argentina e Newcastle University, Reino Unido. Nesta edi\u00e7\u00e3o apresentamos a Cindy McCulligh, do Centro de Investigaciones y Estudios Superiores en Antropolog\u00eda Social (CIESAS), Guadalajara, Jalisco, M\u00e9xico, quem fala sobre seu livro Esgoto do Progresso. Corpora\u00e7\u00f5es, corrup\u00e7\u00e3o institucionalizada e a luta pelo rio Santiago (em espanhol), publicado em 2020 como pare da S\u00e9rie de Publica\u00e7\u00f5es da Rede WATERLAT-GOBACIT. O livro \u00e9 produto do <a href=\" https:\/\/waterlat.org\/pt\/waterlat-student-prize\/premio-2018\/ \">Pr\u00eamio para Estudantes de Doutorado, Edi\u00e7\u00e3o 2018<\/a> e est\u00e1 <a href=\"https:\/\/waterlat.org\/pt\/publicacoes\/livros\/esgoto-do-progresso\/\"> dispon\u00edvel gratuitamente aqui<\/a>.<\/p><\/blockquote>\n<p><b>Escute no Internet Archive<\/b><br \/>\n<iframe loading=\"lazy\" src=\"https:\/\/archive.org\/embed\/voces-por-el-agua-18\" width=\"500\" height=\"30\" frameborder=\"0\" allowfullscreen=\"allowfullscreen\"><\/iframe><\/p>\n<h3 style=\"margin: 0;\">Podcast 17: <strong> Defendendo os servi\u00e7os p\u00fablicos essenciais contra a privatiza\u00e7\u00e3o no Rio de Janeiro, Brasil <\/strong><\/h3>\n<p><i> Alex Caldera, Jos\u00e9 Esteban Castro e J\u00falia Borges, com Ary Girota<\/i><br \/>\n<i>DOI: 10.5072\/zenodo.638920<\/i><\/p>\n<blockquote><p>Di\u00e1logo entre Alex Caldera, Universidade de Guanajuato, M\u00e9xico, Jos\u00e9 Esteban Castro, CONICET, Argentina e Newcastle University, Reino Unido, e J\u00falia Borges, Programa de P\u00f3s-gradua\u00e7\u00e3o em Pol\u00edticas Sociais, Universidade Estadual do Norte Fluminense Darcy Ribeiro (UENF), Campos dos Goytacazes, Rio de Janeiro, Brasil. Nesta edi\u00e7\u00e3o apresentamos a Ary Girota, da Companhia Estadual de \u00c1guas e Esgotos (CEDAE), Rio de Janeiro, Brasil. A entrevista se centra nas amea\u00e7as de privatiza\u00e7\u00e3o da CEDAE e nos impactos negativos da privatiza\u00e7\u00e3o destes servi\u00e7os na cidade de Niter\u00f3i e na Regi\u00e3o dos Lagos do Estado do Rio de Janeiro. Esta edi\u00e7\u00e3o dos podcasts \u00e9 parte dos <a href=\"https:\/\/waterlat.org\/pt\/comunicacao-publica\/dialogos-rio-2020\/\">Di\u00e1logos sobre a Pol\u00edtica de Escassez H\u00eddrica no Rio de Janeiro<\/a>, uma iniciativa de membros da Rede WATERLAT-GOBACIT no Rio de Janeiro, com a coordena\u00e7\u00e3o de J\u00falia Borges e Simonne Texeira, Universidade Estadual do Norte Fluminense Darcy Ribeiro (UENF).<\/p><\/blockquote>\n<p><b>Escute no Internet Archive<\/b><br \/>\n<iframe loading=\"lazy\" src=\"https:\/\/archive.org\/embed\/voces-por-el-agua-17\" width=\"500\" height=\"30\" frameborder=\"0\" allowfullscreen=\"allowfullscreen\"><\/iframe><\/p>\n<hr style=\"background-color: cornflowerblue;\" \/>\n<h3 style=\"margin: 0;\">Podcast 16: <strong> Os desafios da pol\u00edtica e a gest\u00e3o da \u00e1gua na Amaz\u00f4nia <\/strong><\/h3>\n<p><i> Alex Caldera e Jos\u00e9 Esteban Castro, com Edna Castro<\/i><br \/>\n<i>DOI: 10.5072\/zenodo.606657<\/i><\/p>\n<blockquote><p>Di\u00e1logo entre Alex Caldera, Universidade de Guanajuato, M\u00e9xico e Jos\u00e9 Esteban Castro, CONICET, Argentina e Newcastle University, Reino Unido. Nesta edi\u00e7\u00e3o apresentamos a Edna Maria Ramos de Castro (Edna Castro), N\u00facleo de Altos Estudos Amaz\u00f4nicos (NAEA), Universidade Federal de Par\u00e1, Bel\u00e9m, Par\u00e1, Brasil. A fala se centra nos desafios que confronta a regi\u00e3o amaz\u00f4nica com rela\u00e7\u00e3o as pol\u00edticas h\u00eddricas e de servi\u00e7os de saneamento, assim como tamb\u00e9m como consequ\u00eancia da promo\u00e7\u00e3o de atividades extrativistas (minera\u00e7\u00e3o, produ\u00e7\u00e3o de hidro energia etc.). Se faz \u00eanfase na situa\u00e7\u00e3o dos estados amaz\u00f4nicos do Brasil e do pais em geral.<\/p><\/blockquote>\n<p><b>Escute no Internet Archive<\/b><br \/>\n<iframe loading=\"lazy\" src=\"https:\/\/archive.org\/embed\/voces-por-el-agua-16\" width=\"500\" height=\"30\" frameborder=\"0\" allowfullscreen=\"allowfullscreen\"><\/iframe><\/p>\n<hr style=\"background-color: cornflowerblue;\" \/>\n<h3 style=\"margin: 0;\">Podcast 15: <strong> Desafios e perspectivas que enfrentam a pol\u00edtica e a gest\u00e3o da \u00e1gua e dos servi\u00e7os de \u00e1gua e esgotamento sanit\u00e1rio no Rio de Janeiro, Brasil <\/strong><\/h3>\n<p><i> Alex Caldera, Jos\u00e9 Esteban Castro e J\u00falia Borges, com Sergio Ricardo Verde e Marcos Helano Fernandes Montenegro<\/i><br \/>\n<i>DOI: 10.5072\/zenodo.537928<\/i><\/p>\n<blockquote><p>Di\u00e1logo entre Alex Caldera, Universidade de Guanajuato, M\u00e9xico, Jos\u00e9 Esteban Castro, CONICET, Argentina e Newcastle University, Reino Unido, e J\u00falia Borges, Programa de P\u00f3s-gradua\u00e7\u00e3o em Pol\u00edticas Sociais, Universidade Estadual do Norte Fluminense Darcy Ribeiro (UENF), Campos dos Goytacazes, Rio de Janeiro, Brasil. Nesta edi\u00e7\u00e3o apresentamos a Sergio Ricardo Verde, Coordenador do Movimento Ba\u00eda Viva, Rio de Janeiro e Marcos Helano Fernandes Montenegro, Coordenador do Observat\u00f3rio Nacional dos Direitos \u00e0 \u00c1gua e ao Saneamento (ONDAS). A entrevista se centra na pol\u00edtica de gest\u00e3o da \u00e1gua e dos servi\u00e7os de \u00e1gua e esgotamento sanit\u00e1rio, particularmente as amea\u00e7as de privatiza\u00e7\u00e3o da Companhia Estadual de \u00c1guas e Esgotos (CEDAE), os impactos negativos da privatiza\u00e7\u00e3o destes servi\u00e7os na cidade de Niter\u00f3i e na Regi\u00e3o dos Lagos, assim como tamb\u00e9m as pol\u00edticas atuais dos governos nacional e estadual que tem elevado a vulnerabilidade das popula\u00e7\u00f5es pobres no Brasil, enfocando particularmente o caso do Estado do Rio de Janeiro. Esta edi\u00e7\u00e3o dos podcasts \u00e9 parte dos <a href=\"https:\/\/waterlat.org\/pt\/comunicacao-publica\/dialogos-rio-2020\/\">Di\u00e1logos sobre a Pol\u00edtica de Escassez H\u00eddrica no Rio de Janeiro<\/a>, uma iniciativa de membros da Rede WATERLAT-GOBACIT no Rio de Janeiro, com a coordena\u00e7\u00e3o de J\u00falia Borges e Simonne Texeira, Universidade Estadual do Norte Fluminense Darcy Ribeiro (UENF).<\/p><\/blockquote>\n<p><b>Escute no Internet Archive<\/b><br \/>\n<iframe loading=\"lazy\" src=\"https:\/\/archive.org\/embed\/voces-por-el-agua-15\" width=\"500\" height=\"30\" frameborder=\"0\" allowfullscreen=\"allowfullscreen\"><\/iframe><\/p>\n<hr style=\"background-color: cornflowerblue;\" \/>\n<h3 style=\"margin: 0;\">Podcast 14: <strong> Desigualdade e injusti\u00e7a no Rio de Janeiro: os desafios que enfrentam a gest\u00e3o da \u00e1gua, a provis\u00e3o de servi\u00e7os essenciais de saneamento b\u00e1sico e a sa\u00fade p\u00fablica <\/strong><\/h3>\n<p><i> Alex Caldera, Jos\u00e9 Esteban Castro e J\u00falia Borges, com Alexandre Pessoa Dias <\/i><br \/>\n<i>DOI: 10.5072\/zenodo. 523121<\/i><\/p>\n<blockquote><p>Di\u00e1logo entre Alex Caldera, Universidade de Guanajuato, M\u00e9xico, Jos\u00e9 Esteban Castro, CONICET, Argentina e Newcastle University, Reino Unido, e J\u00falia Borges, Programa de P\u00f3s-gradua\u00e7\u00e3o em Pol\u00edticas Sociais, Universidade Estadual do Norte Fluminense Darcy Ribeiro (UENF), Campos dos Goytacazes, Rio de Janeiro, Brasil. Nesta edi\u00e7\u00e3o apresentamos a Alexandre Pessoa Dias, Coordenador do Laborat\u00f3rio de Educa\u00e7\u00e3o Profissional em Vigil\u00e2ncia em Sa\u00fade, Escola Polit\u00e9cnica de Sa\u00fade Joaquim Ven\u00e2ncio, Funda\u00e7\u00e3o Oswaldo Cruz (Fiocruz), Rio de Janeiro sobre as pol\u00edticas de gest\u00e3o da \u00e1gua, servi\u00e7os essenciais de saneamento b\u00e1sico e sa\u00fade p\u00fablica. A entrevista se centra nos desafios enfrentados pelo Brasil, particularmente o Estado do Rio de Janeiro, em rela\u00e7\u00e3o a grave situa\u00e7\u00e3o destes servi\u00e7os essenciais, incluindo a situa\u00e7\u00e3o extrema que apresenta a pandemia de COVID-19. Esta edi\u00e7\u00e3o dos podcasts \u00e9 parte dos <a href=\"https:\/\/waterlat.org\/pt\/comunicacao-publica\/dialogos-rio-2020\/\">Di\u00e1logos sobre a Pol\u00edtica de Escassez H\u00eddrica no Rio de Janeiro<\/a>, uma iniciativa de membros da Rede WATERLAT-GOBACIT no Rio de Janeiro, com a coordena\u00e7\u00e3o de J\u00falia Borges e Simonne Texeira, Universidade Estadual do Norte Fluminense Darcy Ribeiro (UENF).<\/p><\/blockquote>\n<p><b>Escute no Internet Archive<\/b><br \/>\n<iframe loading=\"lazy\" src=\"https:\/\/archive.org\/embed\/vocesporelagua14\" width=\"500\" height=\"140\" frameborder=\"0\" allowfullscreen=\"allowfullscreen\"><\/iframe><\/p>\n<hr style=\"background-color: cornflowerblue;\" \/>\n<h3 style=\"margin: 0;\">Podcast 13: <strong> Desafios que confronta a pol\u00edtica e a gest\u00e3o da \u00e1gua no Brasil <\/strong><\/h3>\n<p><i> Alex Caldera, Jos\u00e9 Esteban Castro e J\u00falia Borges, com Pedro Blois<\/i><br \/>\n<i>DOI: 10.5072\/zenodo. 519914<\/i><\/p>\n<blockquote><p>Conversa\u00e7\u00e3o com Alex Caldera, Universidade de Guanajuato, M\u00e9xico, Jos\u00e9 Esteban Castro, CONICET, Argentina e Newcastle University, Reino Unido, e J\u00falia Borges, Programa de P\u00f3s-gradua\u00e7\u00e3o em Pol\u00edticas Sociais, Universidade Estadual do Norte Fluminense Darcy Ribeiro (UENF), Campos dos Goytacazes, Rio de Janeiro, Brasil. Nesta edi\u00e7\u00e3o apresentamos a Pedro Blois, Presidente da Federa\u00e7\u00e3o Nacional dos Urbanit\u00e1rios (FNU), Brasil e Secret\u00e1rio de Promo\u00e7\u00e3o e Parcerias P\u00fablicas e Comunit\u00e1rias da Confedera\u00e7\u00e3o de Trabalhadores e Trabalhadoras de \u00c1gua, Esgotamento Sanit\u00e1rio e Ambiente das Am\u00e9ricas (CONTAGUAS), sobre os desafios que confronta a pol\u00edtica da \u00e1gua e dos servicos esenciais de saneamento b\u00e1sico, incluindo as amea\u00e7as de privatiza\u00e7\u00e3o de empresas p\u00fablicas de saneamento e a seguridade h\u00eddrica no Brasil. Esta edi\u00e7\u00e3o dos podcasts forma parte tamb\u00e9m dos <a href=\"https:\/\/waterlat.org\/pt\/comunicacao-publica\/dialogos-rio-2020\/\">Di\u00e1logos sobre a Pol\u00edtica de Escassez H\u00eddrica no Rio de Janeiro\u201d<\/a>, uma iniciativa de membros da Rede WATERLAT-GOBACIT no Rio de Janeiro, com a coordena\u00e7\u00e3o de J\u00falia Borges e Simonne Texeira, Universidade Estadual do Norte Fluminense Darcy Ribeiro (UENF).<\/p><\/blockquote>\n<p>.<br \/>\n<b>Escute no Internet Archive<\/b><br \/>\n<iframe loading=\"lazy\" src=\"https:\/\/archive.org\/embed\/vocesporelagua13\" width=\"500\" height=\"140\" frameborder=\"0\" allowfullscreen=\"allowfullscreen\"><\/iframe><\/p>\n<hr style=\"background-color: cornflowerblue;\" \/>\n<h3 style=\"margin: 0;\">Podcast 12: <strong> Viol\u00eancia, \u00e1gua, e os desafios da democratiza\u00e7\u00e3o na Col\u00f4mbia do post-conflito (em espanhol) <\/strong><\/h3>\n<p><i> Alex Caldera e Jos\u00e9 Esteban Castro, com Marlenny D\u00edaz Cano, Javier Gonzaga Valencia Hern\u00e1ndez e Miguel R. Pe\u00f1a Var\u00f3n &#8211; <\/i><br \/>\n<i>DOI: 10.5072\/zenodo. 516420<\/i><\/p>\n<blockquote><p>Conversaci\u00f3n con Alex Caldera, Universidad de Guanajuato, M\u00e9xico, y Jos\u00e9 Esteban Castro, CONICET, Argentina y Newcastle University, Reino Unido. En esta edici\u00f3n presentamos a Marlenny D\u00edaz Cano, Universidad Sergio Arboleda, Santa Marta, Javier Gonzaga Valencia Hern\u00e1ndez, Universidad de Caldas y Universidad de Manizales, Caldas, e Miguel R. Pe\u00f1a Var\u00f3n, Universidad del Valle (UNIVALLE), Cali, Colombia. La conversaci\u00f3n se centr\u00f3 en los desaf\u00edos que enfrenta Colombia en el per\u00edodo de posconflicto iniciado con los Acuerdos de Paz de 2016. El foco principal es sobre diferentes formas de violencia que ejercidas contra l\u00edderes sociales, comunidades rurales, y sectores urbanos de bajos recursos en relaci\u00f3n con desigualdades e injusticias relacionadas con el agua.<\/p><\/blockquote>\n<p>.<br \/>\n<b>Escute no Internet Archive<\/b><br \/>\n<iframe loading=\"lazy\" src=\"https:\/\/archive.org\/embed\/vocesporeagua12\" width=\"500\" height=\"140\" frameborder=\"0\" allowfullscreen=\"allowfullscreen\"><\/iframe><\/p>\n<hr style=\"background-color: cornflowerblue;\" \/>\n<h3 style=\"margin: 0;\">Podcast 11: <strong>\u00c1gua, Territ\u00f3rio e Democracia Substantiva: construindo projetos pol\u00edticos em defesa da vida (em espanhol) <\/strong><\/h3>\n<p><i> Alex Caldera e Jos\u00e9 Esteban Castro, com Carmen Sosa e Oscar Rodr\u00edguez Le\u00f3n- <\/i><br \/>\n<i>DOI: 10.5072\/zenodo.512406<\/i><\/p>\n<blockquote><p>Conversaci\u00f3n con Alex Caldera, Universidad de Guanajuato, M\u00e9xico, y Jos\u00e9 Esteban Castro, CONICET, Argentina y Newcastle University, Reino Unido. En esta edici\u00f3n presentamos a Carmen Sosa, Comisi\u00f3n Nacional en Defensa del Agua y de la Vida (CNDAV), Montevideo, Uruguay, y Oscar Rodr\u00edguez Le\u00f3n, Internacional de Servicios P\u00fablicos (ISP), Secretario Subregional de ISP para M\u00e9xico, Centro Am\u00e9rica, Panam\u00e1, Rep\u00fablica Dominicana y Cuba, Responsable Continental del Sector Agua, Saneamiento y Ambiente de ISP. La conversaci\u00f3n se centr\u00f3 en el D\u00eda Mundial del Agua, 22 de marzo de 2020. Ver tambi\u00e9n la <a href=\"http:\/\/waterlat.org\/GeneralPDFs\/DMA2020Sp.pdf\">Declaraci\u00f3n de la Red WATERLAT-GOBACIT para el D\u00eda Mundial del Agua 2020<\/a><\/p><\/blockquote>\n<p>.<\/p>\n<p><b>Escute no Internet Archive<\/b><\/p>\n<p><iframe loading=\"lazy\" src=\"https:\/\/archive.org\/embed\/vocesporelagua11\" width=\"500\" height=\"140\" frameborder=\"0\" allowfullscreen=\"allowfullscreen\"><\/iframe><\/p>\n<hr style=\"background-color: cornflowerblue;\" \/>\n<h3 style=\"margin: 0;\">Podcast 10: <strong>Arte, cultura, comunica\u00e7\u00e3o e educa\u00e7\u00e3o relacionadas com a \u00e1gua: coordena\u00e7\u00f5es inter- e transdisciplinares para a democratiza\u00e7\u00e3o da Pol\u00edtica e a gest\u00e3o da \u00e1gua (en espanhol) <\/strong><\/h3>\n<p><i> Alex Caldera e Jos\u00e9 Esteban Castro, com Claudia Elvira Romero Herrera e Ximena Irene Cabral- <\/i><br \/>\n<i>DOI: 10.5072\/zenodo.511271<\/i><\/p>\n<blockquote><p>Conversaci\u00f3n con Alex Caldera, Universidad de Guanajuato, M\u00e9xico, y Jos\u00e9 Esteban Castro, CONICET, Argentina y Newcastle University, Reino Unido. En esta edici\u00f3n presentamos a Claudia Elvira Romero Herrera, Universidad Aut\u00f3noma de Quer\u00e9taro (UAQ), M\u00e9xico, y Ximena Irene Cabral, Universidad Nacional de C\u00f3rdoba (UNC), Argentina. La conversaci\u00f3n se centr\u00f3 en las actividades del \u00c1rea Tem\u00e1tica 7 de la Red WATERLAT-GOBACIT (https:\/\/waterlat.org\/pt\/areas-tematicas\/at7\/), y discute iniciativas en marcha en Argentina y M\u00e9xico, como \u201cBajo Tierra Museo\u201d, Quer\u00e9taro, que integran la producci\u00f3n de conocimiento interdisciplinario, combinando a las ciencias sociales, el derecho, las tecnociencias, etc., con enfoques art\u00edsticos, culturales, comunicacionales y educativos para apoyar la democratizaci\u00f3n de la Pol\u00edtica y la gesti\u00f3n del agua. Tambi\u00e9n trata las actividades regulares del AT7, como el <a href=\"https:\/\/waterlat.org\/pt\/competicao-de-curta-metragens-2016-17\/\">Concurso de Cortometrajes<\/a><\/p><\/blockquote>\n<p>.<\/p>\n<p><b>Escute no Internet Archive<\/b><\/p>\n<p><iframe loading=\"lazy\" src=\"https:\/\/archive.org\/embed\/vocesporelagua10\" width=\"500\" height=\"140\" frameborder=\"0\" allowfullscreen=\"allowfullscreen\"><\/iframe><\/p>\n<hr style=\"background-color: cornflowerblue;\" \/>\n<h3 style=\"margin: 0;\">Podcast 9: <strong>Conflitos pela \u00e1gua, viol\u00eancia e territorializa\u00e7\u00e3o capitalista na Am\u00e9rica Latina (em espanhol) <\/strong><\/h3>\n<p><i> Alex Caldera e Jos\u00e9 Esteban Castro, com Karina Kloster, Beatriz Torres, Mar\u00eda Luisa Torregrosa, e Ana Pohlenz de Tavira &#8211; <\/i><br \/>\n<i>DOI: 10.5072\/zenodo.509164<\/i><\/p>\n<blockquote><p>Conversaci\u00f3n con Alex Caldera, Universidad de Guanajuato, M\u00e9xico, y Jos\u00e9 Esteban Castro, CONICET, Argentina y Newcastle University, Reino Unido. En esta edici\u00f3n presentamos a Karina Kloster, Universidad Aut\u00f3noma de la Ciudad de M\u00e9xico (UACM), Beatriz Torres, Universidad Veracruzana, Mar\u00eda Luisa Torregrosa, Facultad Latinoamericana de Ciencias Sociales (FLACSO), y Ana Pohlenz de Tavira, Universidad Nacional Aut\u00f3noma de M\u00e9xico (UNAM), M\u00e9xico. La conversaci\u00f3n se centr\u00f3 en la publicaci\u00f3n del n\u00famero especial &#8220;Conflictos por el agua, violencia y territorializaci\u00f3n capitalista en Am\u00e9rica Latina\u201d, Cuadernos de Trabajo de la Red WATERLAT-GOBACIT, Vol. 4, No 4, 2018, <a href=\"https:\/\/waterlat.org\/pt\/working-papers-series\/vol4\/vol4no4\/\">dispon\u00edvel aqui<\/a><\/p><\/blockquote>\n<p>.<\/p>\n<p><b>Escute no Internet Archive<\/b><\/p>\n<p><iframe loading=\"lazy\" src=\"https:\/\/archive.org\/embed\/vocesporelagua9\" width=\"500\" height=\"140\" frameborder=\"0\" allowfullscreen=\"allowfullscreen\"><\/iframe><\/p>\n<hr style=\"background-color: cornflowerblue;\" \/>\n<h3 style=\"margin: 0;\">Podcast 8: <strong>Os impactos dos desastres relacionados com a \u00e1gua sobre as pessoas idosas e suas fam\u00edlias: produ\u00e7\u00e3o de conhecimento interdisciplinar e desafios para as pol\u00edticas p\u00fablicas <\/strong><\/h3>\n<p><i>Alex Caldera e Jos\u00e9 Esteban Castro, com Aline Silveira Viana (em portugu\u00eas e espanhol) &#8211; <\/i><br \/>\n<i>DOI: 10.5072\/zenodo.504522<\/i><\/p>\n<blockquote><p>Conversa\u00e7\u00e3o com Alex Caldera, Universidade de Guanajuato, M\u00e9xico, e Jos\u00e9 Esteban Castro, CONICET, Argentina e Newcastle University, Reino Unido. Nesta edi\u00e7\u00e3o apresentamos a Aline Silveira Viana, membro da Rede WATERLAT-GOBACIT e da Associa\u00e7\u00e3o Brasileira de Gerontologia (ABG). A fala se centra no livro O Desastre e o Caos Velado: O enfrentamento individual, interpessoal e coletivo de idosos e familiares. O livro \u00e9 resultado da disserta\u00e7\u00e3o de mestrado da autora sobre os impactos do desastre relacionado com \u00e1gua que atingiu a comunidade de Teres\u00f3polis, Rio de Janeiro, em 2011, que ganhou a Edi\u00e7\u00e3o 2016 do Pr\u00eamio para Estudantes da Rede WATERLAT-GOBACIT e est\u00e1 <a href=\" https:\/\/waterlat.org\/pt\/publicacoes\/livros\/o-desastre-e-o-caos-velado-o-enfrentamento-individual-interpessoal-e-coletivo-de-idosos-e-familiares\/\"> dispon\u00edvel gratuitamente aqui<\/a><\/p><\/blockquote>\n<p>.<br \/>\n<b>Escute no Internet Archive<\/b><\/p>\n<p><iframe loading=\"lazy\" src=\"https:\/\/archive.org\/embed\/vocesporelagua8\" width=\"500\" height=\"140\" frameborder=\"0\" allowfullscreen=\"allowfullscreen\"><\/iframe><\/p>\n<hr style=\"background-color: cornflowerblue;\" \/>\n<h3 style=\"margin: 0;\">Podcast 7: <strong>Los desaf\u00edos de la gesti\u00f3n comunitaria del agua en Am\u00e9rica Latina (2)<\/strong><\/h3>\n<p><i>Alex Caldera y Jos\u00e9 Esteban Castro, con Citlalli Becerril Tinoco, Carolina Blanco Moreno, y \u00c9lida Villalba Vargas Ebert &#8211; <\/i><br \/>\n<i>DOI: 10.5072\/zenodo.496877<\/i><\/p>\n<blockquote><p>Conversaci\u00f3n con Alex Caldera, Universidad de Guanajuato, M\u00e9xico, y Jos\u00e9 Esteban Castro, CONICET, Argentina y Newcastle University, Reino Unido. En esta edici\u00f3n presentamos a Citlalli Becerril Tinoco, del Consejo Nacional de Ciencia y Tecnolog\u00eda (CONACyT) de M\u00e9xico, basada en el Centro de Investigaci\u00f3n en Ciencias de Informaci\u00f3n Geoespacial (CentroGeo), Quer\u00e9taro, M\u00e9xico, Carolina Blanco Moreno, de la Universidad del Valle (UNIVALLE), Cali, Colombia y \u00c9lida Villalba Vargas Ebert, de la universidad de St. Gallen, Suiza, para discutir los desaf\u00edos que enfrenta la gesti\u00f3n comunitaria del agua en Am\u00e9rica Latina. La conversaci\u00f3n se centra en los debates que tuvieron lugar durante el Taller \u201cGesti\u00f3n del agua, relaciones desiguales, vulnerabilidad y pobreza: resistencias y luchas sociales&#8221;, coordinado conjuntamente por Citlalli Becerril Tinoco y Carolina Blanco Moreno, que tuvo lugar durante la <a href=\"http:\/\/waterlat.org\/es\/encuentros\/public-meetings\/waterlat-gobacit-concepcion-2019\/\">X Reuni\u00f3n Internacional de la Red WATERLAT-GOBACIT<\/a><\/p><\/blockquote>\n<p>.<\/p>\n<p><b>Escute no Internet Archive<\/b><\/p>\n<p><iframe loading=\"lazy\" src=\"https:\/\/archive.org\/embed\/vocesporelagua7\" width=\"500\" height=\"140\" frameborder=\"0\" allowfullscreen=\"allowfullscreen\"><\/iframe><\/p>\n<hr style=\"background-color: cornflowerblue;\" \/>\n<h3 style=\"margin: 0;\">Podcast 6: <strong>Los desaf\u00edos de la gesti\u00f3n comunitaria del agua en Am\u00e9rica Latina<\/strong><\/h3>\n<p><i>Alex Caldera e Jose Esteban Castro, com Citlalli Becerril Tinoco (em espanhol) &#8211; <\/i><br \/>\n<i>DOI: 10.5072\/zenodo.463869<\/i><\/p>\n<blockquote><p>Conversaci\u00f3n con Alex Caldera, Universidad de Guanajuato, M\u00e9xico, y Jos\u00e9 Esteban Castro, CONICET, Argentina y Newcastle University, Reino Unido. En esta edici\u00f3n presentamos a Citlalli Becerril Tinoco, del Consejo Nacional de Ciencia y Tecnolog\u00eda (CONACyT) de M\u00e9xico, basada en el Centro de Investigaci\u00f3n en Ciencias de Informaci\u00f3n Geoespacial (CentroGeo), Quer\u00e9taro, M\u00e9xico, para discutir los desaf\u00edos que enfrenta la gesti\u00f3n comunitaria del agua en Am\u00e9rica Latina. La conversaci\u00f3n se centra en los debates que tuvieron lugar durante el Taller \u201cGesti\u00f3n del agua, relaciones desiguales, vulnerabilidad y pobreza: resistencias y luchas sociales&#8221;, &#8220;, coordinado conjuntamente por Citlalli Becerril Tinoco y Carolina Blanco Moreno, de la Universidad del Valle (UNIVALLE), Cali, Colombia que tuvo lugar durante la <a href=\"http:\/\/waterlat.org\/es\/encuentros\/public-meetings\/waterlat-gobacit-concepcion-2019\/\">X Reuni\u00f3n Internacional de la Red WATERLAT-GOBACIT<\/a><\/p><\/blockquote>\n<p>.<\/p>\n<p><b>Escute no Internet Archive<\/b><br \/>\n<iframe loading=\"lazy\" src=\"https:\/\/archive.org\/embed\/vovesporelagua6\" width=\"500\" height=\"140\" frameborder=\"0\" allowfullscreen=\"allowfullscreen\"><\/iframe><\/p>\n<h3 style=\"margin: 0;\">Podcast 5: <strong>Defendiendo Territorio y Dignidad<\/strong><\/h3>\n<p><i>Alex Caldera e Jos\u00e9 Esteban Castro, com Alice Poma (em espanhol) &#8211; <\/i><br \/>\n<i>DOI: 10.5072\/zenodo.428258<\/i><\/p>\n<blockquote><p>Conversaci\u00f3n con Jos\u00e9 Esteban Castro, Consejo Nacional de Investigaciones Cient\u00edficas y T\u00e9cnicas (CONICET), Argentina y Newcastle University, Reino Unido, y Alex Caldera, Universidad de Guanajuato, M\u00e9xico. En esta edici\u00f3n presentamos a Alice Poma, Instituto de Investigaciones Sociales (IIS), Universidad Nacional Aut\u00f3noma de M\u00e9xico (UNAM, Cidade do M\u00e9xico), quien habla sobre su libro Defendiendo Territorio y Dignidad. Emociones y cambio cultural en las luchas contra represas en Espa\u00f1a y M\u00e9xico, publicado en 2017 como parte de la serie de publicaciones de la Red WATERLAT-GOBACIT. El libro es producto del Premio para Estudiantes de Doctorado otorgado en 2014 (http:\/\/waterlat.org\/es\/premio-waterlat-para-estudiantes\/premio-waterlat-gobacit-2014\/). El libro fue publicado por la Red WATERLAT-GOBACIT, la Editora da Universidade Estadual da Para\u00edba (EDUEPB), Campina Grande, Para\u00edba, Brasil, la Escuela de Estudios Hispano Americanos (EEHA), Consejo Superior de Investigaciones Cient\u00edficas (CSIC), Espa\u00f1a, y la Editora de la Universidad ITESO, Guadalajara, M\u00e9xico. El libro es de acceso abierto y se encuentra disponible en: http:\/\/waterlat.org\/es\/publicaciones\/libros\/defendiendo\/<\/p><\/blockquote>\n<p>.<\/p>\n<p><b>Escute no Internet Archive<\/b><br \/>\n<iframe loading=\"lazy\" src=\"https:\/\/archive.org\/embed\/vocesporelagua5\" width=\"500\" height=\"50\" frameborder=\"0\" allowfullscreen=\"allowfullscreen\"><\/iframe><\/p>\n<hr style=\"background-color: cornflowerblue;\" \/>\n<h3 style=\"margin: 0;\">Podcast 4: <strong>Curso de Especializa\u00e7\u00e3o &#8220;Pol\u00edtica e Gest\u00e3o da \u00c1gua<\/strong><\/h3>\n<p><i>Alex Caldera e Jos\u00e9 Esteban Castro, com Oscar Rodriguez &#8211; <\/i><br \/>\n<i>DOI: 10.5072\/zenodo.417425<\/i><\/p>\n<blockquote><p>Conversa\u00e7\u00e3o sobre o Curso de Especializa\u00e7\u00e3o em &#8220;Pol\u00edtica e Gest\u00e3o da \u00c1gua e dos Servi\u00e7os B\u00e1sicos de \u00c1gua e Saneamento &#8220;, organizado conjuntamente pela Rede WATERLAT-GOBACIT e a Internacional de Servi\u00e7os P\u00fablicos (ISP), com apoio da Universidade Jesuita de Guadalajara (ITESO), Jalisco, M\u00e9xico, com a participa\u00e7\u00e3o de Jos\u00e9 Esteban Castro, Diretor Acad\u00e9mico do Curso e Oscar Rodr\u00edguez, Secretario Subregional da ISP para M\u00e9xico, Am\u00e9rica Central, Panam\u00e1, Rep\u00fablica Dominicana e Cuba. <a href=\"https:\/\/waterlat.org\/pt\/ensino\/curso-waterlat-gobacit-isp\/\">Visite a p\u00e1gina do Curso<\/a>.<\/p><\/blockquote>\n<p><b>Escute no Internet Archive<\/b><br \/>\n<iframe loading=\"lazy\" src=\"https:\/\/archive.org\/embed\/vocesporelagua4\" width=\"500\" height=\"50\" frameborder=\"0\" allowfullscreen=\"allowfullscreen\"><\/iframe><\/p>\n<p><b>Escute em nosso Canal de YouTube<\/b><br \/>\n<iframe loading=\"lazy\" src=\"https:\/\/www.youtube.com\/embed\/SUcBaJu1l3s\" width=\"950\" height=\"200\" frameborder=\"0\" allowfullscreen=\"allowfullscreen\"><\/iframe><\/p>\n<hr style=\"background-color: cornflowerblue;\" \/>\n<h3 style=\"margin: 0;\">Podcast 3: <strong>Territorialidades da \u00c1gua<\/strong><\/h3>\n<p><i>Alex Caldera e Jos\u00e9 Esteban Castro, com Anahit Aharonian, Claudia Piccini e Mario Edgar L\u00f3pez Ram\u00edrez &#8211; <\/i><br \/>\n<i>DOI: 10.5072\/zenodo.417413<\/i><\/p>\n<blockquote><p>Conversa\u00e7\u00e3o com o editor principal e varia\/os coautora\/es do livro Territorialidades da \u00c1gua. Conhecimento e a\u00e7\u00e3o para construir o futuro que queremos (em espanhol e portugu\u00eas), co-publicado em Newcastle upon Tyne, Reino Unido e Buenos Aires, Argentina pela Rede WATERLAT-GOBACIT (DOI: 10.5072\/zenodo.373411) e Ediciones CICCUS (ISBN: 978-987-693-801-3 [E-book]. O livro <a href=\"http:\/\/waterlat.org\/publications\/books\/water-territorialities\/\">est\u00e1 dispon\u00edvel gratuitamente aqui<\/a>.<\/p><\/blockquote>\n<p><b>Escute no Internet Archive<\/b><br \/>\n<iframe loading=\"lazy\" src=\"https:\/\/archive.org\/embed\/vocesporelagua3a\" width=\"500\" height=\"50\" frameborder=\"0\" allowfullscreen=\"allowfullscreen\"><\/iframe><\/p>\n<p><b>Escute em nosso Canal de YouTube<\/b><br \/>\n<iframe loading=\"lazy\" src=\"https:\/\/www.youtube.com\/embed\/eTB_xPqVDpc\" width=\"950\" height=\"200\" frameborder=\"0\" allowfullscreen=\"allowfullscreen\"><\/iframe><\/p>\n<hr style=\"background-color: cornflowerblue;\" \/>\n<h3 style=\"margin: 0;\">Podcast 2: <strong> \u00c1gua, Poder, e Racionaliza\u00e7\u00e3o (em espanhol) <\/strong><\/h3>\n<p><i>Alex Caldera e Jose Esteban Castro, com Jorge Daniel Ivars<\/i><br \/>\n<i>DOI: 10.5072\/zenodo.414115<\/i><\/p>\n<blockquote><p>Neste n\u00famero participa Jorge Daniel Ivars (CONICET, Mendoza, Argentina), quem apresenta seu libro \u00c1gua, Poder, e Racionaliza\u00e7\u00e3o (em espanhol), publicado em 2019 (1a ed.; 2a ed. 2020) como parte da S\u00e9rie de Publica\u00e7\u00f5es da Rede WATERLAT-GOBACIT. O livro \u00e9 um produto do <a href=\" https:\/\/waterlat.org\/pt\/waterlat-student-prize\/premio-de-estudantes-waterlat-gobacit-2015\/\">Pr\u00eamio de Estudantes de Doutorado 2015<\/a>. Foi co-publicado pela Rede WATERLAT-GOBACIT, a Editora da Universidade Estadual da Para\u00edba (EDUEPB), Brasil, Edi\u00e7\u00f5es CICCUS, Universidade Nacional de Quilmes, Argentina, Instituto Tecnol\u00f3gico de Estudios Superiores de Occidente (ITESO), Guadalajara, M\u00e9xico, e Instituto Universitario de Investigaci\u00f3n en Estudios Latinoamericanos (IELAT), Universidade de Alcal\u00e1, Espanha. O livro <a href=\"https:\/\/waterlat.org\/pt\/publicacoes\/livros\/agua-poder-e-racionalizacao\/\">est\u00e1 dispon\u00edvel gratuitamente aqui<\/a>.<\/p><\/blockquote>\n<p><b>Escute no Internet Archive<\/b><br \/>\n<iframe loading=\"lazy\" src=\"https:\/\/archive.org\/embed\/vocesporelagua2\" width=\"500\" height=\"50\" frameborder=\"0\" allowfullscreen=\"allowfullscreen\"><\/iframe><\/p>\n<p><b>Escute em nosso Canal de YouTube<\/b><br \/>\n<iframe loading=\"lazy\" src=\"https:\/\/www.youtube.com\/embed\/jrLqLH4r3bA\" width=\"950\" height=\"200\" frameborder=\"0\" allowfullscreen=\"allowfullscreen\"><\/iframe><\/p>\n","protected":false},"excerpt":{"rendered":"<p>S\u00e9rie Vozes pela \u00c1gua Podcast 1: Introdu\u00e7\u00e3o \u00e0 S\u00e9rie Vozes pela \u00c1gua Alex Caldera e Jose Esteban Castro (em espanhol) Neste podcast introdut\u00f3rio explicamos os objetivos da S\u00e9rie &#8220;Vozes pela \u00c1gua&#8221; e apresentamos uma hist\u00f3ria sucinta da Rede WATERLAT-GOBACIT, suas atividades e temas relacionados. Escute no Internet Archive A lista de podcasts est\u00e1 em ordem [&hellip;]<\/p>\n","protected":false},"author":3,"featured_media":0,"parent":2065,"menu_order":0,"comment_status":"closed","ping_status":"closed","template":"page-templates\/full-width.php","meta":{"_acf_changed":false,"footnotes":""},"class_list":["post-2772","page","type-page","status-publish","hentry","wpautop"],"acf":[],"_links":{"self":[{"href":"https:\/\/waterlat.org\/pt\/wp-json\/wp\/v2\/pages\/2772","targetHints":{"allow":["GET"]}}],"collection":[{"href":"https:\/\/waterlat.org\/pt\/wp-json\/wp\/v2\/pages"}],"about":[{"href":"https:\/\/waterlat.org\/pt\/wp-json\/wp\/v2\/types\/page"}],"author":[{"embeddable":true,"href":"https:\/\/waterlat.org\/pt\/wp-json\/wp\/v2\/users\/3"}],"replies":[{"embeddable":true,"href":"https:\/\/waterlat.org\/pt\/wp-json\/wp\/v2\/comments?post=2772"}],"version-history":[{"count":64,"href":"https:\/\/waterlat.org\/pt\/wp-json\/wp\/v2\/pages\/2772\/revisions"}],"predecessor-version":[{"id":3397,"href":"https:\/\/waterlat.org\/pt\/wp-json\/wp\/v2\/pages\/2772\/revisions\/3397"}],"up":[{"embeddable":true,"href":"https:\/\/waterlat.org\/pt\/wp-json\/wp\/v2\/pages\/2065"}],"wp:attachment":[{"href":"https:\/\/waterlat.org\/pt\/wp-json\/wp\/v2\/media?parent=2772"}],"curies":[{"name":"wp","href":"https:\/\/api.w.org\/{rel}","templated":true}]}}