{"id":2952,"date":"2020-03-11T19:18:42","date_gmt":"2020-03-11T19:18:42","guid":{"rendered":"http:\/\/waterlat.org\/pt\/?page_id=2952"},"modified":"2020-04-15T16:30:15","modified_gmt":"2020-04-15T16:30:15","slug":"dialogos-rio-2020","status":"publish","type":"page","link":"https:\/\/waterlat.org\/pt\/comunicacao-publica\/dialogos-rio-2020\/","title":{"rendered":"Pol\u00edtica de Escassez H\u00eddrica no Rio de Janeiro"},"content":{"rendered":"<style>\n.divvideo {\n  -webkit-box-shadow: 4px 3px 17px -6px rgba(0,0,0,0.42);\n  -moz-box-shadow: 4px 3px 17px -6px rgba(0,0,0,0.42);\n  box-shadow: 4px 3px 17px -6px rgba(0,0,0,0.42);\n  display: inline-block;\n  padding: 15px;\n  margin: 5px;\n  width:350px;\n  background-color: rgba(167, 157, 157, 0.08);\n}\n@media screen and (max-width: 945px) {\n.divvideo {width: 80%;}\n}\n.divvideo:hover{\ntransition-duration: 250ms;\n-webkit-box-shadow: 4px 3px 17px 1px rgba(0,0,0,0.42);\n-moz-box-shadow: 4px 3px 17px 1px rgba(0,0,0,0.42);\nbox-shadow: 4px 3px 17px 1px rgba(0,0,0,0.42);\n}\n.listarep{\n  padding: 5px;\n  background-color: #2f7aaf;\n  border: 1px solid;\n  display: block;\n  border-radius: 8px;\n  margin-top: -25px;\n  text-align: center;\n  width: 250px;\n  margin: 0 auto;\n}\n.listarep:hover{\ntransition-duration: 250ms;\n  background-color:#439ede;\n}\na.listarep {\n  text-decoration: none;\n  color: white;\n}\niframe {\n  margin-bottom: auto !important;\n  margin-top: 10px;\n}<\/p>\n<p>h2, h3 {\n text-align: center; \n margin: 0px !important; \n color: black;\n}\n<\/style>\n<p><a href=\"https:\/\/waterlat.org\/pt\/wp-content\/uploads\/sites\/3\/2020\/03\/escassez-de-\u00e1gua-no-rio-de-janeiro-4-2.jpg\"><img loading=\"lazy\" decoding=\"async\" class=\"aligncenter  wp-image-2953\" src=\"https:\/\/waterlat.org\/pt\/wp-content\/uploads\/sites\/3\/2020\/03\/escassez-de-\u00e1gua-no-rio-de-janeiro-4-2-1024x1024.jpg\" alt=\"\" width=\"426\" height=\"426\" srcset=\"https:\/\/waterlat.org\/pt\/wp-content\/uploads\/sites\/3\/2020\/03\/escassez-de-\u00e1gua-no-rio-de-janeiro-4-2-1024x1024.jpg 1024w, https:\/\/waterlat.org\/pt\/wp-content\/uploads\/sites\/3\/2020\/03\/escassez-de-\u00e1gua-no-rio-de-janeiro-4-2-150x150.jpg 150w, https:\/\/waterlat.org\/pt\/wp-content\/uploads\/sites\/3\/2020\/03\/escassez-de-\u00e1gua-no-rio-de-janeiro-4-2-300x300.jpg 300w, https:\/\/waterlat.org\/pt\/wp-content\/uploads\/sites\/3\/2020\/03\/escassez-de-\u00e1gua-no-rio-de-janeiro-4-2-768x768.jpg 768w, https:\/\/waterlat.org\/pt\/wp-content\/uploads\/sites\/3\/2020\/03\/escassez-de-\u00e1gua-no-rio-de-janeiro-4-2-624x624.jpg 624w, https:\/\/waterlat.org\/pt\/wp-content\/uploads\/sites\/3\/2020\/03\/escassez-de-\u00e1gua-no-rio-de-janeiro-4-2.jpg 1080w\" sizes=\"auto, (max-width: 426px) 100vw, 426px\" \/><\/a><\/p>\n<p><!-- BEGIN PODCAST BLOCK --><\/p>\n<h3 style=\"margin: 0;\"><strong>Introdu\u00e7\u00e3o<\/strong><\/h3>\n<p><i> <strong>Simonne Teixeira e J\u00falia Borges<\/strong>, Universidade Estadual do Norte Fluminense Darcy Ribeiro (UENF)<\/i><\/p>\n<blockquote><p>Desde o fim de 2019 a seguran\u00e7a h\u00eddrica na cidade e no Estado do Rio de Janeiro, no Brasil, est\u00e3o amea\u00e7adas. Falta de abastecimento, \u00e1gua fornecida com odor, sabor e cor levam a popula\u00e7\u00e3o a questionar a qualidade e o modelo de abastecimento empregado pelo Estado, que por sua vez responde com uma nova proposta de privatiza\u00e7\u00e3o da Companhia Estadual de \u00c1guas e Esgotos do Rio de Janeiro (CEDAE).<br \/>\nPara cooperar com a constru\u00e7\u00e3o de um modelo de abastecimento de \u00e1gua e esgotamento sanit\u00e1rio que garanta inclus\u00e3o social e seguran\u00e7a h\u00eddrica n\u00f3s, membros da Rede WATERLAT-GOBACIT, atrav\u00e9s da iniciativa do <a href=\"http:\/\/uenf.br\/posgraduacao\/politicas-sociais\/\">Programa de P\u00f3s-Gradua\u00e7\u00e3o de Pol\u00edticas Sociais da Universidade Estadual do Norte Fluminense Darcy Ribeiro (UENF)<\/a>, abrimos este di\u00e1logo para contribuir ao debate p\u00fablico necess\u00e1rio sobre este urgente problema. Iniciamos o Especial \u00c1gua no Rio de Janeiro com mat\u00e9rias, artigos, entrevistas, podcasts, e outras contribui\u00e7\u00f5es para ajudar na compreens\u00e3o de que a sa\u00edda para garantir \u00e1gua para todas e todos \u00e9 a gest\u00e3o p\u00fablica e democr\u00e1tica do saneamento b\u00e1sico, com recursos para investir no abastecimento de \u00e1gua com qualidade e servi\u00e7os de saneamento adequados e acess\u00edveis.<\/p>\n<h3 style=\"margin: 0;\"><strong>Chamada para enviar contribui\u00e7\u00f5es<\/strong><\/h3>\n<p>Convidamos pesquisadoras e pesquisadores, estudantes, profissionais do setor p\u00fablico, ONGs, sindicalistas, ativistas sociais, povos origin\u00e1rios e demais interessados em contribuir com estes Di\u00e1logos na defesa da gest\u00e3o democr\u00e1tica da \u00e1gua e do saneamento p\u00fablico a nos enviar suas contribui\u00e7\u00f5es para nossa S\u00e9rie \u201cNotas para os Di\u00e1logos\u201d. Envie sua mensagem a nosso <a href=\"dialogosrj.waterlat@gmail.com\">endere\u00e7o de E-mail<\/a> com sua contribui\u00e7\u00e3o, consultas ou para receber detalhes do formato requerido para enviar textos elaborados para sua publica\u00e7\u00e3o formal. <\/p><\/blockquote>\n<p><!-- END PODCAST BLOCK --><\/p>\n<hr style=\"background-color: cornflowerblue;\" \/>\n<div style=\"text-align:center;\">\n<p><!-- DIV Di\u00e1logos - Textos !--><br \/>\n<a href=\"https:\/\/waterlat.org\/pt\/comunicacao-publica\/dialogos-rio-2020\/dialogos-rio-textos\/\"><\/p>\n<div class=\"divvideo\">\n<h2>Di\u00e1logos &#8211; Textos<\/h2>\n<p>  <img style=\"padding: 78px 0px; box-shadow: none;\"src=\" https:\/\/live.staticflickr.com\/3882\/15235212192_3b4de69306_z.jpg\"><\/a>\n<\/div>\n<p><\/a><\/p>\n<p><!-- DIV Di\u00e1logos - Podcasts !--><br \/>\n<a href=\"https:\/\/waterlat.org\/pt\/comunicacao-publica\/dialogos-rio-2020\/dialogos-rio-podcasts\/\"><\/p>\n<div class=\"divvideo\">\n<h2>Di\u00e1logos &#8211; Podcasts<\/h2>\n<p><img style=\"padding: 78px 0px; box-shadow: none;\"src=\"https:\/\/live.staticflickr.com\/2915\/14373246749_dba4f6cc4d_z.jpg\"><\/a>\n<\/div>\n<p><\/a><\/p>\n<\/div>\n","protected":false},"excerpt":{"rendered":"<p>Introdu\u00e7\u00e3o Simonne Teixeira e J\u00falia Borges, Universidade Estadual do Norte Fluminense Darcy Ribeiro (UENF) Desde o fim de 2019 a seguran\u00e7a h\u00eddrica na cidade e no Estado do Rio de Janeiro, no Brasil, est\u00e3o amea\u00e7adas. Falta de abastecimento, \u00e1gua fornecida com odor, sabor e cor levam a popula\u00e7\u00e3o a questionar a qualidade e o modelo [&hellip;]<\/p>\n","protected":false},"author":3,"featured_media":0,"parent":2065,"menu_order":0,"comment_status":"closed","ping_status":"closed","template":"page-templates\/full-width.php","meta":{"_acf_changed":false,"footnotes":""},"class_list":["post-2952","page","type-page","status-publish","hentry","wpautop"],"acf":[],"_links":{"self":[{"href":"https:\/\/waterlat.org\/pt\/wp-json\/wp\/v2\/pages\/2952","targetHints":{"allow":["GET"]}}],"collection":[{"href":"https:\/\/waterlat.org\/pt\/wp-json\/wp\/v2\/pages"}],"about":[{"href":"https:\/\/waterlat.org\/pt\/wp-json\/wp\/v2\/types\/page"}],"author":[{"embeddable":true,"href":"https:\/\/waterlat.org\/pt\/wp-json\/wp\/v2\/users\/3"}],"replies":[{"embeddable":true,"href":"https:\/\/waterlat.org\/pt\/wp-json\/wp\/v2\/comments?post=2952"}],"version-history":[{"count":20,"href":"https:\/\/waterlat.org\/pt\/wp-json\/wp\/v2\/pages\/2952\/revisions"}],"predecessor-version":[{"id":2961,"href":"https:\/\/waterlat.org\/pt\/wp-json\/wp\/v2\/pages\/2952\/revisions\/2961"}],"up":[{"embeddable":true,"href":"https:\/\/waterlat.org\/pt\/wp-json\/wp\/v2\/pages\/2065"}],"wp:attachment":[{"href":"https:\/\/waterlat.org\/pt\/wp-json\/wp\/v2\/media?parent=2952"}],"curies":[{"name":"wp","href":"https:\/\/api.w.org\/{rel}","templated":true}]}}