{"id":3005,"date":"2020-04-14T15:12:32","date_gmt":"2020-04-14T15:12:32","guid":{"rendered":"http:\/\/waterlat.org\/pt\/?page_id=3005"},"modified":"2020-09-21T13:59:33","modified_gmt":"2020-09-21T13:59:33","slug":"dialogos-rio-podcasts","status":"publish","type":"page","link":"https:\/\/waterlat.org\/pt\/comunicacao-publica\/dialogos-rio-2020\/dialogos-rio-podcasts\/","title":{"rendered":"Dialogos Rio &#8211; Podcasts"},"content":{"rendered":"<p><a href=\"https:\/\/waterlat.org\/pt\/wp-content\/uploads\/sites\/3\/2020\/03\/escassez-de-\u00e1gua-no-rio-de-janeiro-4-2.jpg\"><img loading=\"lazy\" decoding=\"async\" class=\"aligncenter wp-image-2953\" src=\"https:\/\/waterlat.org\/pt\/wp-content\/uploads\/sites\/3\/2020\/03\/escassez-de-\u00e1gua-no-rio-de-janeiro-4-2-1024x1024.jpg\" alt=\"\" width=\"426\" height=\"426\" srcset=\"https:\/\/waterlat.org\/pt\/wp-content\/uploads\/sites\/3\/2020\/03\/escassez-de-\u00e1gua-no-rio-de-janeiro-4-2-1024x1024.jpg 1024w, https:\/\/waterlat.org\/pt\/wp-content\/uploads\/sites\/3\/2020\/03\/escassez-de-\u00e1gua-no-rio-de-janeiro-4-2-150x150.jpg 150w, https:\/\/waterlat.org\/pt\/wp-content\/uploads\/sites\/3\/2020\/03\/escassez-de-\u00e1gua-no-rio-de-janeiro-4-2-300x300.jpg 300w, https:\/\/waterlat.org\/pt\/wp-content\/uploads\/sites\/3\/2020\/03\/escassez-de-\u00e1gua-no-rio-de-janeiro-4-2-768x768.jpg 768w, https:\/\/waterlat.org\/pt\/wp-content\/uploads\/sites\/3\/2020\/03\/escassez-de-\u00e1gua-no-rio-de-janeiro-4-2-624x624.jpg 624w, https:\/\/waterlat.org\/pt\/wp-content\/uploads\/sites\/3\/2020\/03\/escassez-de-\u00e1gua-no-rio-de-janeiro-4-2.jpg 1080w\" sizes=\"auto, (max-width: 426px) 100vw, 426px\" \/><\/a><\/p>\n<h3><\/h3>\n<p><!-- BEGIN PODCAST BLOCK --><\/p>\n<h3 style=\"margin: 0;\"><strong><a href=\"https:\/\/waterlat.org\/pt\/comunicacao-publica\/podcasts\/\">Os podcasts s\u00e3o uma produ\u00e7\u00e3o conjunta com a S\u00e9rie Vozes pela \u00c1gua da Rede WATERLAT-GOBACIT<\/a><\/strong><\/h3>\n<p><i> <strong>Os Podcasts s\u00e3o organizados cronologicamente (em ordem inversa)<\/strong><\/i><\/p>\n<h3 style=\"margin: 0;\">Podcast 21: <strong> Confrontando as pol\u00edticas da desigualdade no Rio de Janeiro, Brasil <\/strong><\/h3>\n<p><i> Alex Caldera, Jos\u00e9 Esteban Castro e J\u00falia Borges, com Carmen Castro e Gizele Martins<\/i><br \/>\n<i>DOI: 10.5072\/zenodo.672066<\/i><\/p>\n<blockquote><p>Di\u00e1logo entre Alex Caldera, Universidade de Guanajuato, M\u00e9xico, Jos\u00e9 Esteban Castro, CONICET, Argentina e Newcastle University, Reino Unido, e J\u00falia Borges, Programa de P\u00f3s-gradua\u00e7\u00e3o em Pol\u00edticas Sociais, Universidade Estadual do Norte Fluminense Darcy Ribeiro (UENF), Campos dos Goytacazes, Rio de Janeiro, Brasil. Nesta edi\u00e7\u00e3o apresentamos a Carmen Castro, soci\u00f3loga, assessora da C\u00e2mara Municipal do Rio de Janeiro (CMRJ) e Gizele Martins, jornalista e mestre em educa\u00e7\u00e3o, cultura, e comunica\u00e7\u00e3o em periferias urbanas, Rio de Janeiro, Brasil. Esta edi\u00e7\u00e3o dos podcasts \u00e9 parte dos <a href=\"https:\/\/waterlat.org\/pt\/comunicacao-publica\/dialogos-rio-2020\/\">Di\u00e1logos sobre a Pol\u00edtica de Escassez H\u00eddrica no Rio de Janeiro<\/a>, uma iniciativa de membros da Rede WATERLAT-GOBACIT no Rio de Janeiro, com a coordena\u00e7\u00e3o de J\u00falia Borges e Simonne Texeira, Universidade Estadual do Norte Fluminense Darcy Ribeiro (UENF).<\/p><\/blockquote>\n<p><b>Escute no Internet Archive<\/b><br \/>\n<iframe loading=\"lazy\" src=\"https:\/\/archive.org\/embed\/voces-por-el-agua-21\" width=\"500\" height=\"30\" frameborder=\"0\" allowfullscreen=\"allowfullscreen\"><\/iframe><\/p>\n<hr style=\"background-color: cornflowerblue;\" \/>\n<h3 style=\"margin: 0;\">Podcast 17: <strong> Defendendo os servi\u00e7os p\u00fablicos essenciais contra a privatiza\u00e7\u00e3o no Rio de Janeiro, Brasil <\/strong><\/h3>\n<p><i> Alex Caldera, Jos\u00e9 Esteban Castro e J\u00falia Borges, com Ary Girota<\/i><br \/>\n<i>DOI: 10.5072\/zenodo.638920<\/i><\/p>\n<blockquote><p>Di\u00e1logo entre Alex Caldera, Universidade de Guanajuato, M\u00e9xico, Jos\u00e9 Esteban Castro, CONICET, Argentina e Newcastle University, Reino Unido, e J\u00falia Borges, Programa de P\u00f3s-gradua\u00e7\u00e3o em Pol\u00edticas Sociais, Universidade Estadual do Norte Fluminense Darcy Ribeiro (UENF), Campos dos Goytacazes, Rio de Janeiro, Brasil. Nesta edi\u00e7\u00e3o apresentamos a Ary Girota, da Companhia Estadual de \u00c1guas e Esgotos (CEDAE), Rio de Janeiro, Brasil. A entrevista se centra nas amea\u00e7as de privatiza\u00e7\u00e3o da CEDAE e nos impactos negativos da privatiza\u00e7\u00e3o destes servi\u00e7os na cidade de Niter\u00f3i e na Regi\u00e3o dos Lagos do Estado do Rio de Janeiro. Esta edi\u00e7\u00e3o dos podcasts \u00e9 parte dos <a href=\"https:\/\/waterlat.org\/pt\/comunicacao-publica\/dialogos-rio-2020\/\">Di\u00e1logos sobre a Pol\u00edtica de Escassez H\u00eddrica no Rio de Janeiro<\/a>, uma iniciativa de membros da Rede WATERLAT-GOBACIT no Rio de Janeiro, com a coordena\u00e7\u00e3o de J\u00falia Borges e Simonne Texeira, Universidade Estadual do Norte Fluminense Darcy Ribeiro (UENF).<\/p><\/blockquote>\n<p><b>Escute no Internet Archive<\/b><br \/>\n<iframe loading=\"lazy\" src=\"https:\/\/archive.org\/embed\/voces-por-el-agua-17\" width=\"500\" height=\"30\" frameborder=\"0\" allowfullscreen=\"allowfullscreen\"><\/iframe><\/p>\n<hr style=\"background-color: cornflowerblue;\" \/>\n<h3 style=\"margin: 0;\">Podcast 15: <strong>  Desafios e perspectivas que enfrentam a pol\u00edtica e a gest\u00e3o da \u00e1gua e dos servi\u00e7os de \u00e1gua e esgotamento sanit\u00e1rio no Rio de Janeiro, Brasil <\/strong><\/h3>\n<p><i> Alex Caldera, Jos\u00e9 Esteban Castro e J\u00falia Borges, com Sergio Ricardo Verde e Marcos Helano Fernandes Montenegro <\/i><br \/>\n<i>DOI: 10.5072\/zenodo.537928<\/i><\/p>\n<blockquote><p>Di\u00e1logo entre Alex Caldera, Universidade de Guanajuato, M\u00e9xico, Jos\u00e9 Esteban Castro, CONICET, Argentina e Newcastle University, Reino Unido, e J\u00falia Borges, Programa de P\u00f3s-gradua\u00e7\u00e3o em Pol\u00edticas Sociais, Universidade Estadual do Norte Fluminense Darcy Ribeiro (UENF), Campos dos Goytacazes, Rio de Janeiro, Brasil. Nesta edi\u00e7\u00e3o apresentamos a Sergio Ricardo Verde, Coordenador do Movimento Ba\u00eda Viva, Rio de Janeiro e Marcos Helano Fernandes Montenegro, Coordenador do Observat\u00f3rio Nacional dos Direitos \u00e0 \u00c1gua e ao Saneamento (ONDAS). A entrevista se centra na pol\u00edtica de gest\u00e3o da \u00e1gua e dos servi\u00e7os de \u00e1gua e esgotamento sanit\u00e1rio, particularmente as amea\u00e7as de privatiza\u00e7\u00e3o da Companhia Estadual de \u00c1guas e Esgotos (CEDAE), os impactos negativos da privatiza\u00e7\u00e3o destes servi\u00e7os na cidade de Niter\u00f3i e na Regi\u00e3o dos Lagos, assim como tamb\u00e9m as pol\u00edticas atuais dos governos nacional e estadual que tem elevado a vulnerabilidade das popula\u00e7\u00f5es pobres no Brasil, enfocando particularmente o caso do Estado do Rio de Janeiro.<\/p><\/blockquote>\n<p><b>Escute no Internet Archive<\/b><br \/>\n<iframe loading=\"lazy\" src=\"https:\/\/archive.org\/embed\/voces-por-el-agua-15\" width=\"500\" height=\"30\" frameborder=\"0\" webkitallowfullscreen=\"true\" mozallowfullscreen=\"true\" allowfullscreen><\/iframe><\/p>\n<hr style=\"background-color: cornflowerblue;\" \/>\n<h3 style=\"margin: 0;\">Podcast 14: <strong>  Desigualdade e injusti\u00e7a no Rio de Janeiro: os desafios que enfrentam a gest\u00e3o da \u00e1gua, a provis\u00e3o de servi\u00e7os essenciais de saneamento b\u00e1sico e a sa\u00fade p\u00fablica <\/strong><\/h3>\n<p><i> Alex Caldera, Jos\u00e9 Esteban Castro e J\u00falia Borges, com Alexandre Pessoa Dias <\/i><br \/>\n<i>DOI: 10.5072\/zenodo. 523121<\/i><\/p>\n<blockquote><p>Di\u00e1logo entre Alex Caldera, Universidade de Guanajuato, M\u00e9xico, Jos\u00e9 Esteban Castro, CONICET, Argentina e Newcastle University, Reino Unido, e J\u00falia Borges, Programa de P\u00f3s-gradua\u00e7\u00e3o em Pol\u00edticas Sociais, Universidade Estadual do Norte Fluminense Darcy Ribeiro (UENF), Campos dos Goytacazes, Rio de Janeiro, Brasil. Nesta edi\u00e7\u00e3o apresentamos a Alexandre Pessoa Dias, Coordenador do Laborat\u00f3rio de Educa\u00e7\u00e3o Profissional em Vigil\u00e2ncia em Sa\u00fade, Escola Polit\u00e9cnica de Sa\u00fade Joaquim Ven\u00e2ncio, Funda\u00e7\u00e3o Oswaldo Cruz (Fiocruz), Rio de Janeiro sobre as pol\u00edticas de gest\u00e3o da \u00e1gua, servi\u00e7os essenciais de saneamento b\u00e1sico e sa\u00fade p\u00fablica. A entrevista se centra nos desafios enfrentados pelo Brasil, particularmente o Estado do Rio de Janeiro, em rela\u00e7\u00e3o a grave situa\u00e7\u00e3o destes servi\u00e7os essenciais, incluindo a situa\u00e7\u00e3o extrema que apresenta a pandemia de COVID-19.<\/p><\/blockquote>\n<p><b>Escute no Internet Archive<\/b><br \/>\n<iframe loading=\"lazy\" src=\"https:\/\/archive.org\/embed\/vocesporelagua14\" width=\"500\" height=\"140\" frameborder=\"0\" webkitallowfullscreen=\"true\" mozallowfullscreen=\"true\" allowfullscreen><\/iframe><\/p>\n<hr style=\"background-color: cornflowerblue;\" \/>\n<h3 style=\"margin: 0;\">Podcast 13: <strong> Desafios que confronta a pol\u00edtica e a gestao da \u00e1gua no Brasil <\/strong><\/h3>\n<p><i> Alex Caldera, Jos\u00e9 Esteban Castro e J\u00falia Borges, com Pedro Blois<\/i><br \/>\n<i>DOI: 10.5072\/zenodo. 519914<\/i><\/p>\n<blockquote><p>Di\u00e1logo com Alex Caldera, Universidad de Guanajuato, M\u00e9xico, Jos\u00e9 Esteban Castro, CONICET, Argentina e Newcastle University, Reino Unido e J\u00falia Borges, Programa de P\u00f3s-gradua\u00e7\u00e3o em Pol\u00edticas Sociais, Universidade Estadual do Norte Fluminense Darcy Ribeiro (UENF), Campos dos Goytacazes, Rio de Janeiro, Brasil. Nesta edi\u00e7\u00e3o apresentamos a Pedro Blois, Presidente da Federa\u00e7\u00e3o Nacional dos Urbanit\u00e1rios (FNU), Brasil e Secret\u00e1rio de Promo\u00e7\u00e3o e Parcerias P\u00fablicas e Comunit\u00e1rias da Confedera\u00e7\u00e3o de Trabalhadores e Trabalhadoras de \u00c1gua, Esgotamento Sanit\u00e1rio e Ambiente das Am\u00e9ricas (CONTAGUAS), sobre os desafios que confronta a pol\u00edtica da \u00e1gua e dos servicos esenciais de saneamento b\u00e1sico, incluindo as amea\u00e7as de privatiza\u00e7\u00e3o de empresas p\u00fablicas de saneamento e a seguridade h\u00eddrica no Brasil.<\/p><\/blockquote>\n<p><b>Escute no Internet Archive<\/b><br \/>\n<iframe loading=\"lazy\" src=\"https:\/\/archive.org\/embed\/vocesporelagua13\" width=\"500\" height=\"140\" frameborder=\"0\" allowfullscreen=\"allowfullscreen\"><\/iframe><\/p>\n<hr style=\"background-color: cornflowerblue;\" \/>\n<!-- END PODCAST BLOCK --><\/p>\n<h3><a href=\"https:\/\/waterlat.org\/pt\/comunicacao-publica\/dialogos-rio-2020\/\">Voltar \u00e0 P\u00e1gina Inicial dos Di\u00e1logos<\/a><\/h3>\n","protected":false},"excerpt":{"rendered":"<p>Os podcasts s\u00e3o uma produ\u00e7\u00e3o conjunta com a S\u00e9rie Vozes pela \u00c1gua da Rede WATERLAT-GOBACIT Os Podcasts s\u00e3o organizados cronologicamente (em ordem inversa) Podcast 21: Confrontando as pol\u00edticas da desigualdade no Rio de Janeiro, Brasil Alex Caldera, Jos\u00e9 Esteban Castro e J\u00falia Borges, com Carmen Castro e Gizele Martins DOI: 10.5072\/zenodo.672066 Di\u00e1logo entre Alex Caldera, [&hellip;]<\/p>\n","protected":false},"author":3,"featured_media":0,"parent":2952,"menu_order":0,"comment_status":"closed","ping_status":"closed","template":"page-templates\/full-width.php","meta":{"_acf_changed":false,"footnotes":""},"class_list":["post-3005","page","type-page","status-publish","hentry","wpautop"],"acf":[],"_links":{"self":[{"href":"https:\/\/waterlat.org\/pt\/wp-json\/wp\/v2\/pages\/3005","targetHints":{"allow":["GET"]}}],"collection":[{"href":"https:\/\/waterlat.org\/pt\/wp-json\/wp\/v2\/pages"}],"about":[{"href":"https:\/\/waterlat.org\/pt\/wp-json\/wp\/v2\/types\/page"}],"author":[{"embeddable":true,"href":"https:\/\/waterlat.org\/pt\/wp-json\/wp\/v2\/users\/3"}],"replies":[{"embeddable":true,"href":"https:\/\/waterlat.org\/pt\/wp-json\/wp\/v2\/comments?post=3005"}],"version-history":[{"count":17,"href":"https:\/\/waterlat.org\/pt\/wp-json\/wp\/v2\/pages\/3005\/revisions"}],"predecessor-version":[{"id":3276,"href":"https:\/\/waterlat.org\/pt\/wp-json\/wp\/v2\/pages\/3005\/revisions\/3276"}],"up":[{"embeddable":true,"href":"https:\/\/waterlat.org\/pt\/wp-json\/wp\/v2\/pages\/2952"}],"wp:attachment":[{"href":"https:\/\/waterlat.org\/pt\/wp-json\/wp\/v2\/media?parent=3005"}],"curies":[{"name":"wp","href":"https:\/\/api.w.org\/{rel}","templated":true}]}}