{"id":3287,"date":"2020-10-03T22:33:54","date_gmt":"2020-10-03T22:33:54","guid":{"rendered":"https:\/\/waterlat.org\/pt\/?page_id=3287"},"modified":"2020-11-12T12:52:23","modified_gmt":"2020-11-12T12:52:23","slug":"escridhas","status":"publish","type":"page","link":"https:\/\/waterlat.org\/pt\/projetos\/escridhas\/","title":{"rendered":"ESCRIDHAS"},"content":{"rendered":"<h2>Estado de situa\u00e7\u00e3o e exame cr\u00edtico da implementa\u00e7\u00e3o do Direito Humano \u00e0 \u00c1gua e ao Esgotamento Sanit\u00e1rio na Am\u00e9rica Latina e a Pen\u00ednsula Ib\u00e9rica (2020-2021)<\/h2>\n<p>ESCRIDHAS \u00e9 um projeto da \u00c1rea Tem\u00e1tica 3 da Rede WATERLAT-GOBACIT, <a href=\"https:\/\/waterlat.org\/pt\/areas-tematicas\/at3\/\"> O Ciclo Urbano da \u00c1gua e os Servi\u00e7os P\u00fablicos Essenciais<\/a>. Forma parte das atividades previstas no <a href=\"https:\/\/waterlat.org\/pt\/projetos\/acordo-de-cooperacao-com-a-isp\/\">Acordo de Coopera\u00e7\u00e3o em temas de interesse comum com a Internacional de Servi\u00e7os P\u00fablicos (ISP)<\/a>.<\/p>\n<h3>Contexto<\/h3>\n<p>O estudo dos processos de democratiza\u00e7\u00e3o substantiva da Pol\u00edtica e a gest\u00e3o da \u00e1gua e dos servi\u00e7os de \u00e1gua essenciais \u00e9 um componente chave do <a href=\"https:\/\/waterlat.org\/pt\/about\/enfoque\/ \">enfoque<\/a>, os <a href=\"https:\/\/waterlat.org\/pt\/about\/objetivos\/\">objetivos<\/a> e as <a href=\" https:\/\/waterlat.org\/pt\/about\/prioridades\/\">prioridades de pesquisa<\/a> da Rede WATERLAT-GOBACIT. Entre outros temas, isto inclui estudos das inter-rela\u00e7\u00f5es entre os processos de democratiza\u00e7\u00e3o e desenvolvimento dos direitos de cidadania em rela\u00e7\u00e3o com a \u00e1gua, que desde metade do S\u00e9culo Vinte tem experimentado avan\u00e7os expressivos na esfera formal- legal. Estes avan\u00e7os levaram ao reconhecimento do Direito Humano \u00e0 \u00c1gua e ao Esgotamento Sanit\u00e1rio (DHAS) por parte da Assembleia Geral das Na\u00e7\u00f5es Unidas em julho de 2010. Em conex\u00e3o com isto, o debate sobre o conceito e as implica\u00e7\u00f5es pr\u00e1ticas do DHAS tem sido objeto de pesquisas, ensino e interven\u00e7\u00f5es pr\u00e1ticas em nossa Rede, particularmente no contexto de nossa \u00c1rea Tem\u00e1tica 3 <a href=\" https:\/\/waterlat.org\/pt\/areas-tematicas\/at3\/\">O Ciclo Urbano da \u00c1gua e os Servi\u00e7os P\u00fablicos Essenciais <\/a>. Al\u00e9m de <a href=\"https:\/\/waterlat.org\/pt\/publicacoes\/livros\/\">publica\u00e7\u00f5es<\/a> e <a href=\"https:\/\/www.youtube.com\/playlist?list=PLx6qphzdSP6uAuLJj_flQkH0ZWI2WFHAO\">atividades de dissemina\u00e7\u00e3o<\/a>, a Rede tamb\u00e9m faz Declara\u00e7\u00f5es P\u00fablicas regulares, incluindo a <a href=\"http:\/\/waterlat.org\/DHAS2020Pt.pdf\">Declara\u00e7\u00e3o pelo D\u00e9cimo Anivers\u00e1rio do DHAS\u201d<\/a> em julho de 2020. ESCRIDHAS \u00e9 um produto deste compromisso de longo prazo da Rede WATERLAT-GOBACIT com os processos de democratiza\u00e7\u00e3o substantiva da Pol\u00edtica e a gest\u00e3o da \u00e1gua.<\/p>\n<h3>Objetivos do Projeto<\/h3>\n<p><span style=\"text-decoration: underline;\">Objetivo Geral<\/span><\/p>\n<p>Revisar criticamente o conceito de &#8220;Direito Humano \u00e0 \u00c1gua e ao Esgotamento Sanit\u00e1rio&#8221; e atualizar a informa\u00e7\u00e3o sobre seu estado de implementa\u00e7\u00e3o na Am\u00e9rica Latina e a Pen\u00ednsula Ib\u00e9rica.<\/p>\n<p><span style=\"text-decoration: underline;\">Objetivos Espec\u00edficos<\/span><\/p>\n<ul>\n<li>Examinar as contradi\u00e7\u00f5es e conflitos relacionados com a no\u00e7\u00e3o de &#8220;Direito Humano \u00e0 \u00c1gua&#8221;.<\/li>\n<li>Identificar as reformas de pol\u00edticas p\u00fablicas, institucionais e legal-administrativas introduzidas para apoiar a implementa\u00e7\u00e3o do DHAS.<\/li>\n<li>Explorar e analisar a evidencia emp\u00edrica dispon\u00edvel para avaliar o n\u00edvel de cumprimento com o DHAS por parte dos provedores de servi\u00e7os de \u00e1gua e esgotamento sanit\u00e1rio.<\/li>\n<li>Considerar os conflitos e lutas s\u00f3cio-pol\u00edticos que involucram comunidades, movimentos sociais e ouros atores em rela\u00e7\u00e3o com o fracasso no cumprimento com o DHAS por parte de governos, provedores de servi\u00e7os e outros atores respons\u00e1veis pela sua implementa\u00e7\u00e3o.<\/li>\n<\/ul>\n<h3>Equipe de Pesquisa<\/h3>\n<p><span style=\"text-decoration: underline;\"><strong>Coordena\u00e7\u00e3o<\/strong><\/span><\/p>\n<p><strong>Jos\u00e9 Esteban Castro<\/strong>, Consejo Nacional de Investigaciones Cient\u00edficas y T\u00e9cnicas (CONICET), Universidad Nacional de General Sarmiento (UNGS), Buenos Aires, Argentina e Newcastle University, Reino Unido, e <strong>Jos\u00e9 Armando Flores Alem\u00e1n<\/strong>, Fundaci\u00f3n de Estudios Para la Aplicaci\u00f3n del Derecho (FESPAD), El Salvador.<\/p>\n<p><span style=\"text-decoration: underline;\">Membros (em ordem alfab\u00e9tica por sobrenome)<\/span><\/p>\n<p><strong>Carlos Alexandre Le\u00e3o Bordalo<\/strong>, Universidade Federal do Par\u00e1 (UFPA), Par\u00e1, Brasil.<br \/>\n<strong>J\u00falia Borges<\/strong>, Universidade Estadual do Norte Fluminense Darcy Ribeiro (UENF), Rio de Janeiro, Brasil.<br \/>\n<strong>Thelmo de Carvalho Teixeira Branco Filho<\/strong>, Universidade de S\u00e3o Paulo (USP), Brasil.<br \/>\n<strong>Carlos Crespo Flores<\/strong>, Universidad Mayor de San Sim\u00f3n, Cochabamba, Bol\u00edvia.<br \/>\n<strong>Ulises Joaqu\u00edn De\u00f3n<\/strong>, Universidad Nacional de C\u00f3rdoba (UNC), C\u00f3rdoba, Argentina.<br \/>\n<strong>Cristi\u00e1n Flores Fern\u00e1ndez<\/strong>, Fundaci\u00f3n Newenko, Santiago, Chile.<br \/>\n<strong>Daniel D\u00edaz Fuentes<\/strong>, Universidade de Cantabria, Santander, Espanha.<br \/>\n<strong>Alejandra Dulcey Garrido<\/strong>, Centro Interdisciplinario sobre Medio Ambiente (CIMA), Bogot\u00e1, Col\u00f4mbia.<br \/>\n<strong>Carolina Escobar<\/strong>, Instituto Mexicano de Tecnolog\u00eda del Agua (IMTA), Jiutepec, Morelos, M\u00e9xico.<br \/>\n<strong>Javier Gonzaga Valencia Hern\u00e1ndez<\/strong>, Universidad de Caldas, Manizales, Caldas, Col\u00f4mbia.<br \/>\n<strong>Ana Elizabeth Godoy Ara\u00f1a, Universidad Nacional de Asunci\u00f3n, Capiat\u00e1, Provincia Central, Paraguai.<br \/>\n<strong>Ariel Octavio Ocantos<\/strong>, Consejo Nacional de Investigaciones Cient\u00edficas y T\u00e9cnicas (CONICET), Universidad Nacional de Buenos (UBA), Buenos Aires, Argentina.<br \/>\n<strong>Cuauht\u00e9moc Osorno Cordova<\/strong>, Sede M\u00e9xico, Parlamento da Juventude pela \u00c1gua (WYPW), Quer\u00e9taro, M\u00e9xico.<br \/>\n<strong>Alejandra Pe\u00f1a Garcia<\/strong>, Instituto Mexicano de Tecnolog\u00eda del Agua (IMTA), Jiutepec, Morelos, M\u00e9xico.<br \/>\n<strong>Carlos Armando Peralta Varela<\/strong>, ITESO, La Universidad Jesuita de Guadalajara, Jalisco, M\u00e9xico.<br \/>\n<strong>Hugo Juli\u00e1n P\u00e9rez Barriga<\/strong>, Universidad Mayor de San Sim\u00f3n, Cochabamba, Bol\u00edvia.<br \/>\n<strong>Hermelinda Rocha<\/strong>, Proyecto DESDEMO, Pernambuco, Brasil.<br \/>\n<strong>Denise Soares Moraes<\/strong>, Instituto Mexicano de Tecnolog\u00eda del Agua (IMTA), Jiutepec, Morelos, M\u00e9xico.<br \/>\n<strong>Damiano Tagliavini<\/strong>, Consejo Nacional de Investigaciones Cient\u00edficas y T\u00e9cnicas (CONICET), Universidad Nacional de Buenos Aires (UBA), Buenos Aires, Argentina.<br \/>\n<strong>Federico Vargas<\/strong>, Universidad Nacional de Asunci\u00f3n, Lambar\u00e9, Provincia Central, Paraguai.<br \/>\n<strong>Elida Villalba Vargas<\/strong>, Universidad de St. Gallen, Zurich, Suiza.<br \/>\n<strong>Diego Viola<\/strong>, Confederaci\u00f3n de Trabajadoras y Trabajadores de Agua, Saneamiento y Ambiente de las Am\u00e9ricas (CONTAGUAS), Buenos Aires, Argentina.<\/strong><\/p>\n<hr \/>\n<p>Para informa\u00e7\u00e3o adicional sobre ESCRIDHAS, contate a <a href=\"mailto:redwaterlat@gmail.com\">Coordena\u00e7\u00e3o do Projeto<\/a>.<\/p>\n","protected":false},"excerpt":{"rendered":"<p>Estado de situa\u00e7\u00e3o e exame cr\u00edtico da implementa\u00e7\u00e3o do Direito Humano \u00e0 \u00c1gua e ao Esgotamento Sanit\u00e1rio na Am\u00e9rica Latina e a Pen\u00ednsula Ib\u00e9rica (2020-2021) ESCRIDHAS \u00e9 um projeto da \u00c1rea Tem\u00e1tica 3 da Rede WATERLAT-GOBACIT, O Ciclo Urbano da \u00c1gua e os Servi\u00e7os P\u00fablicos Essenciais. Forma parte das atividades previstas no Acordo de Coopera\u00e7\u00e3o [&hellip;]<\/p>\n","protected":false},"author":3,"featured_media":0,"parent":6,"menu_order":0,"comment_status":"closed","ping_status":"closed","template":"page-templates\/full-width.php","meta":{"_acf_changed":false,"footnotes":""},"class_list":["post-3287","page","type-page","status-publish","hentry","wpautop"],"acf":[],"_links":{"self":[{"href":"https:\/\/waterlat.org\/pt\/wp-json\/wp\/v2\/pages\/3287","targetHints":{"allow":["GET"]}}],"collection":[{"href":"https:\/\/waterlat.org\/pt\/wp-json\/wp\/v2\/pages"}],"about":[{"href":"https:\/\/waterlat.org\/pt\/wp-json\/wp\/v2\/types\/page"}],"author":[{"embeddable":true,"href":"https:\/\/waterlat.org\/pt\/wp-json\/wp\/v2\/users\/3"}],"replies":[{"embeddable":true,"href":"https:\/\/waterlat.org\/pt\/wp-json\/wp\/v2\/comments?post=3287"}],"version-history":[{"count":17,"href":"https:\/\/waterlat.org\/pt\/wp-json\/wp\/v2\/pages\/3287\/revisions"}],"predecessor-version":[{"id":3360,"href":"https:\/\/waterlat.org\/pt\/wp-json\/wp\/v2\/pages\/3287\/revisions\/3360"}],"up":[{"embeddable":true,"href":"https:\/\/waterlat.org\/pt\/wp-json\/wp\/v2\/pages\/6"}],"wp:attachment":[{"href":"https:\/\/waterlat.org\/pt\/wp-json\/wp\/v2\/media?parent=3287"}],"curies":[{"name":"wp","href":"https:\/\/api.w.org\/{rel}","templated":true}]}}