{"id":3320,"date":"2020-10-13T13:22:33","date_gmt":"2020-10-13T13:22:33","guid":{"rendered":"https:\/\/waterlat.org\/pt\/?page_id=3320"},"modified":"2024-10-30T14:18:25","modified_gmt":"2024-10-30T14:18:25","slug":"competicao-2020","status":"publish","type":"page","link":"https:\/\/waterlat.org\/pt\/competicao-de-curta-metragens\/competicao-2020\/","title":{"rendered":"Competi\u00e7\u00e3o de Curta-metragens 2020"},"content":{"rendered":"<style>\r\n    a.desar {\r\n        text-decoration: none;\r\n        display: inline-block;\r\n        margin-right: 20px;\r\n    }\r\n<\/style>\r\n\r\n<h2>Competi\u00e7\u00e3o pelo Pr\u00eamio<\/h2>\r\n\r\n<h3>Ganhador<\/h3>\r\n<iframe loading=\"lazy\" width=\"560\" height=\"315\" src=\"https:\/\/www.youtube.com\/embed\/pRKrybuQpLM\" frameborder=\"0\" allow=\"accelerometer; autoplay; encrypted-media; gyroscope; picture-in-picture\" allowfullscreen><\/iframe>\r\n<br>\r\n<span>Manuel Alejandro Cavallini Barahona, Miraflores, Lima, Peru<br>\r\n<i>DOI: 10.5281\/zenodo.4079136<\/i>\r\n<a class=\"desar\" href=\"https:\/\/zenodo.org\/record\/4079136#invenio-csl\"><p style=\"color:#9ad3f9;\">Exportar Cita\u00e7\u00e3o<\/p><\/a>\r\n<br>\r\n\r\n<h3>Men\u00e7\u00e3o<\/h3>\r\n<iframe loading=\"lazy\" width=\"560\" height=\"315\" src=\"https:\/\/www.youtube.com\/embed\/fm0uY5Ho_o4\" frameborder=\"0\" allow=\"accelerometer; autoplay; encrypted-media; gyroscope; picture-in-picture\" allowfullscreen><\/iframe>\r\n<br>\r\n<span>Mariano Garc\u00eda, Colectivo Audiovisual \u201cRaymundo Gleyzer\u201d, Soledad Gallo, Juan Francisco Bezich e Ferm\u00edn Abasolo, Teatro Revolucionario, Mar del Plata, Buenos Aires, Argentina<\/span><br>\r\n<i>DOI: 10.5281\/zenodo.4081926<\/i><br>\r\n<a class=\"desar\" href=\"https:\/\/zenodo.org\/record\/4081926#invenio-csl\"><p style=\"color:#9ad3f9;\">Exportar Cita\u00e7\u00e3o<\/p><\/a>\r\n<br>\r\n\r\n<h3>Men\u00e7\u00e3o<\/h3>\r\n<iframe loading=\"lazy\" width=\"560\" height=\"315\" src=\"https:\/\/www.youtube.com\/embed\/eACq8nXTbaE\" frameborder=\"0\" allow=\"accelerometer; autoplay; encrypted-media; gyroscope; picture-in-picture\" allowfullscreen><\/iframe>\r\n<br>\r\n<span>Esteban Boj Garc\u00eda, Rodrigo Ayala Bluske, Jaime Paneque-G\u00e1lvez, Mariela S\u00e1nchez Martiarena, Kirite Rugani e Jon\u00e1s Michel, Morelia, Michoac\u00e1n, M\u00e9xico<\/span>\r\n<br>\r\n<i>DOI: 10.5281\/zenodo.4081947<\/i><br>\r\n<a class=\"desar\" href=\"https:\/\/zenodo.org\/record\/4081947#invenio-csl\"><p style=\"color:#9ad3f9;\">Exportar Cita\u00e7\u00e3o<\/p><\/a>\r\n\r\n<br>\r\n\r\n&nbsp;\r\n<h2>Competi\u00e7\u00e3o por Men\u00e7\u00f5es<\/h2>\r\n<span><i>De acordo com o Apartado 8 (Apresenta\u00e7\u00e3o) das <a href=\"https:\/\/waterlat.org\/pt\/competicao-de-curta-metragens-2016-17-3\/competicao-de-curta-metragens-2020-2\/competicao-regras\/\">Regras da Competi\u00e7\u00e3o<\/a> este v\u00eddeo somente poder competir por men\u00e7\u00f5es devido a que foi produzido antes do 30 de setembro de 2019.<\/i><\/span>\r\n\r\n<h3>Men\u00e7\u00e3o Especial <\/h3>\r\n<iframe loading=\"lazy\" width=\"560\" height=\"315\" src=\"https:\/\/www.youtube.com\/embed\/opCLZ8pSbug\" frameborder=\"0\" allow=\"accelerometer; autoplay; encrypted-media; gyroscope; picture-in-picture\" allowfullscreen><\/iframe>\r\n<br>\r\n<span>Agust\u00edn Reano, Mar\u00eda Ailin Peirone, Ulises Giambroni e Victoria Batiston, Villa Mar\u00eda, C\u00f3rdoba, Argentina<\/span>\r\n<br>\r\n<i>DOI: 10.5072\/zenodo.412424<\/i>\r\n<a class=\"desar\" href=\"https:\/\/sandbox.zenodo.org\/record\/412424#invenio-csl\"><p style=\"color:#9ad3f9;\">Exportar Cita\u00e7\u00e3o<\/p><\/a>\r\n\r\n<br>\r\n","protected":false},"excerpt":{"rendered":"Competi\u00e7\u00e3o pelo Pr\u00eamio Ganhador Manuel Alejandro Cavallini Barahona, Miraflores, Lima, Peru DOI: 10.5281\/zenodo.4079136 Exportar Cita\u00e7\u00e3o Men\u00e7\u00e3o Mariano Garc\u00eda, Colectivo Audiovisual \u201cRaymundo Gleyzer\u201d, Soledad Gallo, Juan Francisco Bezich e Ferm\u00edn Abasolo, Teatro Revolucionario, Mar del Plata, Buenos Aires, Argentina DOI: 10.5281\/zenodo.4081926 Exportar Cita\u00e7\u00e3o Men\u00e7\u00e3o Esteban Boj Garc\u00eda, Rodrigo Ayala Bluske, Jaime Paneque-G\u00e1lvez, Mariela S\u00e1nchez Martiarena, Kirite [&hellip;]","protected":false},"author":3,"featured_media":0,"parent":2019,"menu_order":0,"comment_status":"closed","ping_status":"closed","template":"page-templates\/full-width.php","meta":{"_acf_changed":false,"footnotes":""},"class_list":["post-3320","page","type-page","status-publish","hentry","no-wpautop"],"acf":[],"_links":{"self":[{"href":"https:\/\/waterlat.org\/pt\/wp-json\/wp\/v2\/pages\/3320","targetHints":{"allow":["GET"]}}],"collection":[{"href":"https:\/\/waterlat.org\/pt\/wp-json\/wp\/v2\/pages"}],"about":[{"href":"https:\/\/waterlat.org\/pt\/wp-json\/wp\/v2\/types\/page"}],"author":[{"embeddable":true,"href":"https:\/\/waterlat.org\/pt\/wp-json\/wp\/v2\/users\/3"}],"replies":[{"embeddable":true,"href":"https:\/\/waterlat.org\/pt\/wp-json\/wp\/v2\/comments?post=3320"}],"version-history":[{"count":11,"href":"https:\/\/waterlat.org\/pt\/wp-json\/wp\/v2\/pages\/3320\/revisions"}],"predecessor-version":[{"id":3337,"href":"https:\/\/waterlat.org\/pt\/wp-json\/wp\/v2\/pages\/3320\/revisions\/3337"}],"up":[{"embeddable":true,"href":"https:\/\/waterlat.org\/pt\/wp-json\/wp\/v2\/pages\/2019"}],"wp:attachment":[{"href":"https:\/\/waterlat.org\/pt\/wp-json\/wp\/v2\/media?parent=3320"}],"curies":[{"name":"wp","href":"https:\/\/api.w.org\/{rel}","templated":true}]}}