{"id":3707,"date":"2023-05-20T19:51:25","date_gmt":"2023-05-20T19:51:25","guid":{"rendered":"https:\/\/waterlat.org\/pt\/?page_id=3707"},"modified":"2023-05-20T19:51:25","modified_gmt":"2023-05-20T19:51:25","slug":"cadernos-de-trabalho-daat3-desde-2017","status":"publish","type":"page","link":"https:\/\/waterlat.org\/pt\/areas-tematicas\/at3\/cadernos-de-trabalho-da-at3\/cadernos-de-trabalho-daat3-desde-2017\/","title":{"rendered":"Cadernos de Trabalho da  AT3 (desde 2017)"},"content":{"rendered":"<a href=\"https:\/\/waterlat.org\/wp-content\/uploads\/2023\/05\/tapa-y-contratapa-V4n2-01.jpg\"><img loading=\"lazy\" decoding=\"async\" class=\"alignnone size-medium wp-image-2717\" src=\"https:\/\/waterlat.org\/wp-content\/uploads\/2023\/05\/tapa-y-contratapa-V4n2-01.jpg\" alt=\"Tapa WPSATAM22\" width=\"212\" height=\"300\" \/><\/a>.\r\n<h2><\/h2>\r\n<b>Pol\u00edtica e gest\u00e3o da \u00e1gua: resultados de pesquisa da \u00c1frica, \u00c1sia, Europa e Am\u00e9rica Latina<\/b> (artigos em espanhol, ingl\u00eas e portugu\u00eas). Editado por J.E. Castro, com artigos de M. Drakeford, R. Beveridge, E. M. Akpabio, E. S. Udofia, K. Takara, M. Tobias, D. Tagliavini, M., B. Casciarri, M. Van Aken, L. Arango, J. Rowlands, L. Dowbor, e A. M. Esteves Rodrigues. \r\nVol. 4 No 2, junho de 2017. <a href=\"https:\/\/waterlat.org\/working-papers-series\/vol4\/vol4no2\/\">Baixar o n\u00famero aqui<\/a>.\r\n<h2><\/h2>\r\n<a href=\"https:\/\/waterlat.org\/wp-content\/uploads\/2018\/03\/tapa-V5n1.jpg\"><img loading=\"lazy\" decoding=\"async\" class=\"alignnone size-medium wp-image-2717\" src=\"https:\/\/waterlat.org\/wp-content\/uploads\/2018\/03\/tapa-V5n1.jpg\" alt=\"Tapa WPSATAM22\" width=\"212\" height=\"300\" \/><\/a>.\r\n<h2><\/h2>\r\n<b>A luta pela democracia em Espanha: iniciativas desde abaixo para defender os servi\u00e7os de saneamento essenciais como um bem comum <\/b>(em espanhol). Editado por J.E. Castro y E. Bagu\u00e9 (Org.), com artigos de A. Varo Barranco, O. Flores Baquero, V. Cabello Villarejo, A. Lara Garcia, N. Hern\u00e1ndez-Mora, L. del Moral Ituarte, J. M. Mart\u00ednez Fern\u00e1ndez, T. Redondo Arranz, Plataforma contra la Privatizaci\u00f3n del Canal de Isabel II, e M. Cadevall Artigues.\r\nVol. 5 No 1, mar\u00e7o de 2018. <a href=\"https:\/\/waterlat.org\/working-papers-series\/vol5\/vol5no1\/\">Baixar o n\u00famero aqui<\/a>.\r\n<h2><\/h2>\r\n<a href=\"https:\/\/waterlat.org\/pt\/wp-content\/uploads\/sites\/3\/2019\/03\/tapavol5no3.jpg\"><img loading=\"lazy\" decoding=\"async\" class=\"alignnone size-medium wp-image-2717\" src=\"https:\/\/waterlat.org\/pt\/wp-content\/uploads\/sites\/3\/2019\/03\/tapavol5no3.jpg\" alt=\"Tapa WPSATAM22\" width=\"212\" height=\"300\" \/><\/a>.\r\n<h2><\/h2>\r\n<b>Pol\u00edticas de desigualdade no ciclo urbano da \u00e1gua: experi\u00eancias de Argentina e Brasil<\/b> (em portugu\u00eas e espanhol). Editado por J.E. Castro, cm artigos de S. Quintslr, A. Maiello, A. L. Britto, M. Aversa, V. Lucena Empinotti, J. Johannes Klink, A. P. Fracalanza, M. Gutierres Arteiro da Paz, e A.Nunez.\r\nVol. 5 No 3, setembro de 2018. <a href=\"https:\/\/waterlat.org\/working-papers-series\/vol5\/vol-5-no-3\/\">Baixar o n\u00famero aqui<\/a>.\r\n<h2><\/h2>\r\n<a href=\"https:\/\/waterlat.org\/wp-content\/uploads\/2019\/11\/Cover54.jpg\"><img loading=\"lazy\" decoding=\"async\" class=\"alignnone size-medium wp-image-2717\" src=\"https:\/\/waterlat.org\/wp-content\/uploads\/2019\/11\/Cover54.jpg\" alt=\"Tapa WPSATAM22\" width=\"212\" height=\"300\" \/><\/a>.\r\n<h2><\/h2>\r\n<b>Desaf\u00edos e oportunidades que enfrentan as cooperativas de  saneamiento b\u00e1sico: experi\u00eancias de Argentina e Finl\u00e2ndia<\/b> (em ingl\u00eas e espanhol). Editado por J.E. Castro e T. Katko, com artigos de  P. E. Pietila, J. Vihanta, P. S. Juuti, R. P. Rajala, M. Orta, M. Portapila, A. Munoz, I. Perez, e J. U. Deon.\r\nVol. 5 No 4, dezembro de 2018. <a href=\"https:\/\/waterlat.org\/working-papers-series\/vol5\/vol-5-no-4\/\">Baixar o n\u00famero aqui<\/a>.\r\n<h2><\/h2>\r\n<a href=\"https:\/\/waterlat.org\/wp-content\/uploads\/2020\/12\/tapa72.jpg\"><img loading=\"lazy\" decoding=\"async\" class=\"alignnone size-medium wp-image-2717\" src=\"https:\/\/waterlat.org\/wp-content\/uploads\/2020\/12\/tapa72.jpg\" alt=\"Tapa WPSATAM22\" width=\"212\" height=\"300\" \/><\/a>.\r\n<h2><\/h2>\r\n<b>Experi\u00eancias comunit\u00e1rias na gest\u00e3o da \u00e1gua: aportes desde a inova\u00e7\u00e3o social, a ci\u00eancia participativa e o di\u00e1logo de saberes II<\/b> (em espanhol e portugu\u00eas). Editado por  M. Morales-Maga\u00f1a, J. Paneque-Galvez, y A. Torres-Abreu, com artigos de A. Torres-Abreu, R. Mori-Gonz\u00e1lez, A. M. Reyes D\u00edaz, J. C. Rivera Ramos, R. Molina Carrasquillo, S. C. Molina Parrilla, Y. Hillon, C. Puggian, A.Augusto Rossotto Ioris, M. A. Maciel Costa, S.Fernandes Raulino, e C. A. Becerril-Tinoco.\r\nVol. 7 No 2, junho de 2020. <a href=\"https:\/\/waterlat.org\/working-papers-series\/volume-7-2020\/vol-7-no-2\/\">Baixar o n\u00famero aqui<\/a>.\r\n<h2><\/h2>\r\n<a href=\"https:\/\/waterlat.org\/wp-content\/uploads\/2021\/01\/Tapa73.jpg\"><img loading=\"lazy\" decoding=\"async\" class=\"alignnone size-medium wp-image-2717\" src=\"https:\/\/waterlat.org\/wp-content\/uploads\/2021\/01\/Tapa73.jpg\" alt=\"Tapa WPSATAM22\" width=\"212\" height=\"300\" \/><\/a>.\r\n<h2><\/h2>\r\n<b>Examinando as pol\u00edticas da \u00e1gua: li\u00e7\u00f5es de Bol\u00edvia, Chile, Franca e Espanha <\/b>(em espanhol e ingl\u00eas). Editado por J.E.Castro, com artigos de C. Pezon, C. Flores Fernandez, M. Bayer, F.Minelli, e N. Rodriguez Prieto.\r\nVol. 7 No 3, setembro de 2020. <a href=\"https:\/\/waterlat.org\/working-papers-series\/volume-7-2020\/vol-7-no-3\/\">Baixar o n\u00famero aqui<\/a>.\r\n<h2><\/h2>\r\n<a href=\"https:\/\/waterlat.org\/wp-content\/uploads\/2022\/07\/7-No4Cover.jpg\"><img loading=\"lazy\" decoding=\"async\" class=\"alignnone size-medium wp-image-2717\" src=\"https:\/\/waterlat.org\/wp-content\/uploads\/2022\/07\/7-No4Cover.jpg\" alt=\"Tapa WPSATAM22\" width=\"212\" height=\"300\" \/><\/a>.\r\n<h2><\/h2>\r\n<b>Coleta e gest\u00e3o da \u00e1gua de chuva Em \u00e1reas urbanas e rurais: Introdu\u00e7\u00e3o geral e experi\u00eancias de Argentina, Brasil, Chile, M\u00e9xico e Paraguai <\/b>(em espanhol e portugu\u00eas). Editado por  J.E.Castro, com artigos de D. Saur\u00ed Pujol, M. Sanzana Calvet, D. Tagle-Zamora, R. de Sousa Miranda,L. T\u00e1ssila Ferreira, A. M. Att\u00edas Sol\u00e9, e R. D. Lombardo L\u00f3pez.\r\nVol. 7 No 4, dezembro de 2020. <a href=\"https:\/\/waterlat.org\/working-papers-series\/volume-7-2020\/vol-7-no-4\/\">Baixar o n\u00famero aqui<\/a>.\r\n<h2><\/h2>\r\n\r\n\r\n\r\n\r\n\r\n\r\n\r\n<h2><\/h2>\r\n\r\n\r\n\r\n<a href=\"https:\/\/waterlat.org\/pt\/areas-tematicas\/at3\/\">Voltar \u00e0 Apresenta\u00e7\u00e3o da AT3<\/a>","protected":false},"excerpt":{"rendered":". Pol\u00edtica e gest\u00e3o da \u00e1gua: resultados de pesquisa da \u00c1frica, \u00c1sia, Europa e Am\u00e9rica Latina (artigos em espanhol, ingl\u00eas e portugu\u00eas). Editado por J.E. Castro, com artigos de M. Drakeford, R. Beveridge, E. M. Akpabio, E. S. Udofia, K. Takara, M. Tobias, D. Tagliavini, M., B. Casciarri, M. Van Aken, L. Arango, J. Rowlands, [&hellip;]","protected":false},"author":3,"featured_media":0,"parent":1460,"menu_order":0,"comment_status":"closed","ping_status":"closed","template":"page-templates\/full-width.php","meta":{"_acf_changed":false,"footnotes":""},"class_list":["post-3707","page","type-page","status-publish","hentry","no-wpautop"],"acf":[],"_links":{"self":[{"href":"https:\/\/waterlat.org\/pt\/wp-json\/wp\/v2\/pages\/3707","targetHints":{"allow":["GET"]}}],"collection":[{"href":"https:\/\/waterlat.org\/pt\/wp-json\/wp\/v2\/pages"}],"about":[{"href":"https:\/\/waterlat.org\/pt\/wp-json\/wp\/v2\/types\/page"}],"author":[{"embeddable":true,"href":"https:\/\/waterlat.org\/pt\/wp-json\/wp\/v2\/users\/3"}],"replies":[{"embeddable":true,"href":"https:\/\/waterlat.org\/pt\/wp-json\/wp\/v2\/comments?post=3707"}],"version-history":[{"count":8,"href":"https:\/\/waterlat.org\/pt\/wp-json\/wp\/v2\/pages\/3707\/revisions"}],"predecessor-version":[{"id":3751,"href":"https:\/\/waterlat.org\/pt\/wp-json\/wp\/v2\/pages\/3707\/revisions\/3751"}],"up":[{"embeddable":true,"href":"https:\/\/waterlat.org\/pt\/wp-json\/wp\/v2\/pages\/1460"}],"wp:attachment":[{"href":"https:\/\/waterlat.org\/pt\/wp-json\/wp\/v2\/media?parent=3707"}],"curies":[{"name":"wp","href":"https:\/\/api.w.org\/{rel}","templated":true}]}}