{"id":3708,"date":"2023-05-20T20:20:26","date_gmt":"2023-05-20T20:20:26","guid":{"rendered":"https:\/\/waterlat.org\/pt\/?page_id=3708"},"modified":"2023-05-20T20:20:26","modified_gmt":"2023-05-20T20:20:26","slug":"serie-de-cadernos-de-trabalho-do-projeto-prinwass","status":"publish","type":"page","link":"https:\/\/waterlat.org\/pt\/areas-tematicas\/at3\/serie-de-cadernos-de-trabalho-do-projeto-prinwass\/","title":{"rendered":"S\u00e9rie de Cadernos de Trabalho do Projeto PRINWASS da AT3"},"content":{"rendered":"<h2><\/h2>\r\n<a href=\"https:\/\/waterlat.org\/wp-content\/uploads\/2023\/05\/WPSPRW13.jpg\"><img loading=\"lazy\" decoding=\"async\" class=\"alignnone size-medium wp-image-2717\" src=\"https:\/\/waterlat.org\/wp-content\/uploads\/2023\/05\/WPSPRW13.jpg\" alt=\"Tapa WPSATAM22\" width=\"212\" height=\"300\" \/><\/a>.\r\n<h2><\/h2>\r\n<b>Um exame da pol\u00edtica de privatiza\u00e7\u00e3o dos servi\u00e7os de saneamento na Am\u00e9rica Latina. A experi\u00eancia de Argentina<\/b>(em espanhol). Editado por J.E. Castro, con art\u00edculos  de D. Azpiazu, K.Forcinito, J. C. Mar\u00edn, G. Forte, A. C. Catenazzi, N. da Representacao, E. A. Crenzel, J. P. Roze, y M. Ceballos Acasuso. \r\nVol. 1 No 3, dezembro de 2014. <a href=\"https:\/\/waterlat.org\/WPapers\/WPSPIPRWNo3.pdf\">Baixar o n\u00famero aqu\u00ed<\/a>.\r\n<h2><\/h2>\r\n<a href=\"https:\/\/waterlat.org\/wp-content\/uploads\/2023\/05\/WPSPRW14.jpg\"><img loading=\"lazy\" decoding=\"async\" class=\"alignnone size-medium wp-image-2717\" src=\"https:\/\/waterlat.org\/wp-content\/uploads\/2023\/05\/WPSPRW14.jpg\" alt=\"Tapa WPSATAM22\" width=\"212\" height=\"300\" \/><\/a>.\r\n<h2><\/h2>\r\n<b>Um exame da pol\u00edtica de privatiza\u00e7\u00e3o dos servi\u00e7os de saneamento na Am\u00e9rica Latina. A experi\u00eancia de Brasil<\/b>. Editado por  J.E. Castro, Organizador M. Coutinho Vargas. \r\nVol. 1 No 4, dezembro 2014. <a href=\"https:\/\/waterlat.org\/WPapers\/WPSPIPRWNo4.pdf\">Baixar o n\u00famero aqu\u00ed<\/a>.\r\n<h2><\/h2>\r\n<a href=\"https:\/\/waterlat.org\/wp-content\/uploads\/2023\/05\/WPSPRW32.jpg\"><img loading=\"lazy\" decoding=\"async\" class=\"alignnone size-medium wp-image-2717\" src=\"https:\/\/waterlat.org\/wp-content\/uploads\/2023\/05\/WPSPRW32.jpg\" alt=\"Tapa WPSATAM22\" width=\"212\" height=\"300\" \/><\/a>.\r\n<h2><\/h2>\r\n<b>Um exame da pol\u00edtica de privatiza\u00e7\u00e3o dos servi\u00e7os de saneamento na Am\u00e9rica Latina. O caso de Aguascalientes, M\u00e9xico<\/b> (em espanhol). Editado por J.E. Castro, Organizado por M.L. Torregrosa. com contribui\u00e7\u00f5es de  F. Saavedra, E. Padilla, A. Quinones, K. Kloster, G. Cosio, e C. Lenin. \r\nVol. 3 No 2, junho de 2016. <a href=\"https:\/\/waterlat.org\/WPapers\/WPSPIPRW32.pdf\">Baixar o n\u00famero aqu\u00ed<\/a>.\r\n<h2><\/h2>\r\n<a href=\"https:\/\/waterlat.org\/wp-content\/uploads\/2023\/05\/Tapa-prueba-33.jpg\"><img loading=\"lazy\" decoding=\"async\" class=\"alignnone size-medium wp-image-2717\" src=\"https:\/\/waterlat.org\/wp-content\/uploads\/2023\/05\/Tapa-prueba-33.jpg\" alt=\"Tapa WPSATAM22\" width=\"212\" height=\"300\" \/><\/a>.\r\n<h2><\/h2>\r\n<b>Um exame da pol\u00edtica de privatiza\u00e7\u00e3o dos servi\u00e7os de saneamento na \u00c1frica, Europa, e Am\u00e9rica Latina (1990-2004).S\u00edntese.<\/b> (em ingl\u00eas). J.E. Castro.\r\nVol. 3 No 3, junho de 2016. <a href=\"https:\/\/waterlat.org\/WPapers\/WPSPIPRW33.pdf\">Baixar o n\u00famero aqu\u00ed<\/a>.\r\n<h2><\/h2>\r\n<a href=\"https:\/\/waterlat.org\/wp-content\/uploads\/2023\/05\/WPSPRW38.jpg\"><img loading=\"lazy\" decoding=\"async\" class=\"alignnone size-medium wp-image-2717\" src=\"https:\/\/waterlat.org\/wp-content\/uploads\/2023\/05\/WPSPRW38.jpg\" alt=\"Tapa WPSATAM22\" width=\"212\" height=\"300\" \/><\/a>.\r\n<h2><\/h2>\r\n<b>Un examen de las pol\u00edticas de  privatizaci\u00f3n de los servicios de agua y saneamiento en Am\u00e9rica Latina (1990-2004). An\u00e1lises Comparativos.<\/b>(em ingl\u00eas). Editado por J.E. Castro com contribui\u00e7\u00f5es de  T. Katko. G. Kallis, O. Seppala, J.C. Marin, D. Azpiazu, M. Schorr, E.A. Crenzel, G. Forte,  M. Coutinho Vargas, e M.L. Torregrosa.\r\nVol. 3 No 8, dezembro de 2016. <a href=\"https:\/\/waterlat.org\/WPapers\/WPSPIPRW38.pdf\">Baixar o n\u00famero aqu\u00ed<\/a>.\r\n<h2><\/h2>\r\n<a href=\"https:\/\/waterlat.org\/wp-content\/uploads\/2017\/08\/CoverVol4N1.jpg\"><img loading=\"lazy\" decoding=\"async\" class=\"alignnone size-medium wp-image-2717\" src=\"https:\/\/waterlat.org\/wp-content\/uploads\/2017\/08\/CoverVol4N1.jpg\" alt=\"Tapa WPSATAM22\" width=\"212\" height=\"300\" \/><\/a>.\r\n<h2><\/h2>\r\n<b>Um exame das pol\u00edticas de privatiza\u00e7\u00e3o de servi\u00e7os de saneamento em \u00c1frica, Europa, e Am\u00e9rica Latina (1990-2004) \u2013 Casos de Finl\u00e2ndia e de Gr\u00e9cia<\/b> (em ingl\u00eas). Editado  por J.E. Castro com  artigos de  T. Katko, O. Seppala, P. Pietila, G. Kallis y H. Coccossis.\r\nVol. 4 No 1, mar\u00e7o de 2017. <a href=\"https:\/\/waterlat.org\/working-papers-series\/vol4\/vol4no1\/\">Baixar o n\u00famero aqu\u00ed<\/a>.\r\n<h2><\/h2>\r\n\r\n<a href=\"https:\/\/waterlat.org\/wp-content\/uploads\/2019\/03\/Cover-Vol5No2.jpg\"><img loading=\"lazy\" decoding=\"async\" class=\"alignnone size-medium wp-image-2717\" src=\"https:\/\/waterlat.org\/wp-content\/uploads\/2019\/03\/Cover-Vol5No2.jpg\" alt=\"Tapa WPSATAM22\" width=\"212\" height=\"300\" \/><\/a>.\r\n<h2><\/h2>\r\n<b>Um exame das pol\u00edticas de privatiza\u00e7\u00e3o de servi\u00e7os de saneamento em \u00c1frica, Europa, e Am\u00e9rica Latina (1990-2004) \u2013 Casos de Qu\u00eania e Tanz\u00e2nia <\/b>(em ingl\u00eas). Editado por  J.E. Castro com artigos de  E. Nyangeri Nyanchaga e D.A. Mashauri.\r\nVol. 5 No 2, junho de  2018. <a href=\"https:\/\/waterlat.org\/working-papers-series\/vol5\/vol-5-no-2\/\">Baixar o n\u00famero aqu\u00ed<\/a>.\r\n<h2><\/h2>\r\n\r\n\r\n\r\n\r\n\r\n\r\n\r\n\r\n&nbsp;\r\n\r\n\r\n\r\n<a href=\"https:\/\/waterlat.org\/pt\/areas-tematicas\/at3\/\">Voltar \u00e0 Apresenta\u00e7\u00e3o da AT3<\/a>","protected":false},"excerpt":{"rendered":". Um exame da pol\u00edtica de privatiza\u00e7\u00e3o dos servi\u00e7os de saneamento na Am\u00e9rica Latina. A experi\u00eancia de Argentina(em espanhol). Editado por J.E. Castro, con art\u00edculos de D. Azpiazu, K.Forcinito, J. C. Mar\u00edn, G. Forte, A. C. Catenazzi, N. da Representacao, E. A. Crenzel, J. P. Roze, y M. Ceballos Acasuso. Vol. 1 No 3, dezembro [&hellip;]","protected":false},"author":3,"featured_media":0,"parent":1437,"menu_order":0,"comment_status":"closed","ping_status":"closed","template":"page-templates\/full-width.php","meta":{"_acf_changed":false,"footnotes":""},"class_list":["post-3708","page","type-page","status-publish","hentry","no-wpautop"],"acf":[],"_links":{"self":[{"href":"https:\/\/waterlat.org\/pt\/wp-json\/wp\/v2\/pages\/3708","targetHints":{"allow":["GET"]}}],"collection":[{"href":"https:\/\/waterlat.org\/pt\/wp-json\/wp\/v2\/pages"}],"about":[{"href":"https:\/\/waterlat.org\/pt\/wp-json\/wp\/v2\/types\/page"}],"author":[{"embeddable":true,"href":"https:\/\/waterlat.org\/pt\/wp-json\/wp\/v2\/users\/3"}],"replies":[{"embeddable":true,"href":"https:\/\/waterlat.org\/pt\/wp-json\/wp\/v2\/comments?post=3708"}],"version-history":[{"count":4,"href":"https:\/\/waterlat.org\/pt\/wp-json\/wp\/v2\/pages\/3708\/revisions"}],"predecessor-version":[{"id":3755,"href":"https:\/\/waterlat.org\/pt\/wp-json\/wp\/v2\/pages\/3708\/revisions\/3755"}],"up":[{"embeddable":true,"href":"https:\/\/waterlat.org\/pt\/wp-json\/wp\/v2\/pages\/1437"}],"wp:attachment":[{"href":"https:\/\/waterlat.org\/pt\/wp-json\/wp\/v2\/media?parent=3708"}],"curies":[{"name":"wp","href":"https:\/\/api.w.org\/{rel}","templated":true}]}}